{"id":5953,"date":"2022-04-21T20:45:21","date_gmt":"2022-04-21T18:45:21","guid":{"rendered":"https:\/\/affordablehousingactivation.org\/event\/life-reusing-posidonia-14-social-dwellings-in-sant-ferran-formentera\/"},"modified":"2022-04-25T17:11:57","modified_gmt":"2022-04-25T15:11:57","slug":"life-reusing-posidonia-14-social-dwellings-in-sant-ferran-formentera","status":"publish","type":"exemplary_case","link":"https:\/\/affordablehousingactivation.org\/es\/casos-de-exito\/life-reusing-posidonia-14-social-dwellings-in-sant-ferran-formentera\/","title":{"rendered":"LIFE REUSING POSIDONIA\/ 14 social dwellings in Sant Ferran, Formentera"},"content":{"rendered":"<p><span data-contrast=\"auto\">The project links Heritage, Architecture and Climate Change with the aim to recover the local resources as a cultural approach in the contemporary research for sustainable solutions.<\/span><\/p>\n<p><span data-contrast=\"auto\">Traditional architecture has been a constant reference, not for its forms, but as a way of working. By doing so, we look for the available local resources: the juniper trees are now fortunately protected and the sandstone quarries (mar\u00e8s) have been depleted. Therefore, we only have what arrives by sea: Posidonia. So we propose a shift in approach which has been applied to every single part of the building:<\/span><\/p>\n<p><span data-contrast=\"auto\">\u201cInstead of investing in a chemical plant located 1,500 km away, we could invest the same amount in local labor, who should lay out the Posidonia to dry under the sun and compact it by hand. Sea salt acts as natural biocide and is completely environmentally friendly.\u201d<\/span><\/p>\n<p><span data-contrast=\"auto\">The use of dry Posidonia as thermal insulation reminds us that we do not live in a house but an ecosystem.<\/span><span data-ccp-props=\"{&quot;201341983&quot;:0,&quot;335559739&quot;:160,&quot;335559740&quot;:259}\">\u00a0<\/span><\/p>\n<p>&nbsp;<\/p>\n<p><img loading=\"lazy\" class=\"alignnone size-medium wp-image-6232\" src=\"https:\/\/affordablehousingactivation.org\/web\/app\/uploads\/2022\/04\/ee39ad6c8c5e4200d2de986520fee051ef2c458c-300x161.jpeg\" alt=\"\" width=\"300\" height=\"161\" srcset=\"https:\/\/affordablehousingactivation.org\/\/web\/app\/uploads\/2022\/04\/ee39ad6c8c5e4200d2de986520fee051ef2c458c-300x161.jpeg 300w, https:\/\/affordablehousingactivation.org\/\/web\/app\/uploads\/2022\/04\/ee39ad6c8c5e4200d2de986520fee051ef2c458c.jpeg 400w\" sizes=\"(max-width: 300px) 100vw, 300px\" title=\"\"> <img loading=\"lazy\" class=\"alignnone wp-image-6236\" src=\"https:\/\/affordablehousingactivation.org\/web\/app\/uploads\/2022\/04\/882d48b6964a0cdb699aaec24d15963133b9a709-300x152.jpeg\" alt=\"\" width=\"320\" height=\"162\" srcset=\"https:\/\/affordablehousingactivation.org\/\/web\/app\/uploads\/2022\/04\/882d48b6964a0cdb699aaec24d15963133b9a709-300x152.jpeg 300w, https:\/\/affordablehousingactivation.org\/\/web\/app\/uploads\/2022\/04\/882d48b6964a0cdb699aaec24d15963133b9a709.jpeg 400w\" sizes=\"(max-width: 320px) 100vw, 320px\" title=\"\"><\/p>\n<h2><\/h2>\n<h2><span data-contrast=\"auto\">MAIN OBJECTIVES<\/span><\/h2>\n<p><strong>1. TO DEMONSTRATE:<\/strong><\/p>\n<p><span data-contrast=\"auto\">The viability of constructing the prototype with an additional cost of 5% over the usual price of the IBAVI social housing buildings.<\/span><\/p>\n<p><strong>2. TO REDUCE:<\/strong><\/p>\n<ul>\n<li><span data-contrast=\"auto\">63% of CO2 emissions during the construction of the building.<\/span><br \/>\n<span data-contrast=\"auto\">775,354.6 kg\/CO2 have been saved. Calculation performed through the TCQ program of ITEC.<\/span><\/li>\n<li><span data-contrast=\"auto\">75% of useful energy during the lifetime of the building.<\/span><br \/>\n<span data-contrast=\"auto\">Nearly Zero Energy Building (nZEB), with maximum consumption of 15 kWh\/m\u00b2\/year (17,226.30 kWh\/year).<\/span><\/li>\n<li><span data-contrast=\"auto\">The average thermal comfort measured in situ is 21\u00baC in winter and 26\u00baC in summer.<\/span><\/li>\n<li><span data-contrast=\"auto\">60% water consumption.<\/span><br \/>\n<span data-contrast=\"auto\">Maximum limit 88 l\/person and day. Average consumption based on the tenants\u2019 bills.<\/span><\/li>\n<li><span data-contrast=\"auto\">50% waste production during the construction phase<\/span><br \/>\n<span data-contrast=\"auto\">36.98 tones have been saved due to in-site reusing measures.<\/span><\/li>\n<\/ul>\n<p><strong>3. ORGANIZATION &amp; PROGRAM<\/strong><\/p>\n<p><span data-contrast=\"auto\">The two street facades facing main sea breezes (North &amp; East) to cool in summer allow dividing the volume into two separate blocks with different orientations.<\/span><br \/>\n<span data-contrast=\"auto\">The entrance to all homes is directly on to the street.<\/span><br \/>\n<span data-contrast=\"auto\">All the dwellings face two directions and cross ventilation thanks to the layout of the living room in a Z shape and a bedroom at each corner.<\/span><span data-ccp-props=\"{&quot;201341983&quot;:0,&quot;335559739&quot;:160,&quot;335559740&quot;:259}\">\u00a0<\/span><\/p>\n<p><span data-contrast=\"auto\">All the materials have been selected through a market study based on their embodied energy and the transport cost to Formentera.<\/span><\/p>\n<p><span data-contrast=\"auto\">We tested solutions based on the recovery of eco-friendly local artisan industries with KM 0 raw materials, which are in danger of extinction. Usually these are small family companies that do not have eco-labels, but they can easily be inspected in person. The combined use of these available local materials with those imported that do have environmental labels is a replicable model that makes it possible to reduce more than 60% of CO2 emissions during the works. For instance, load-bearing walls with non-reinforced lime foundations, laminated wood slabs, white lime plaster on facades, sandstone cistern vaults, handmade glazed tiles, bricks baked in biomass mortar kilns, etc.<\/span><\/p>\n<p><span data-contrast=\"auto\">All indoor carpentry and the shutters on the ground floor were made of reused second hand doors and wood from the \u2018Deixalles\u2019 waste-management plant in Mallorca.<\/span><\/p>\n<p><span data-contrast=\"auto\">The organization of spaces and formal decisions have been the result of knowing the advantages and limitations of natural materials, which are more fragile. This fragility has become a design opportunity.<\/span><span data-ccp-props=\"{&quot;201341983&quot;:0,&quot;335559739&quot;:160,&quot;335559740&quot;:259}\">\u00a0<\/span><\/p>\n<p><span data-ccp-props=\"{&quot;201341983&quot;:0,&quot;335559739&quot;:160,&quot;335559740&quot;:259}\"> <img loading=\"lazy\" class=\"alignnone size-full wp-image-6234\" src=\"https:\/\/affordablehousingactivation.org\/web\/app\/uploads\/2022\/04\/ec9b62be000bb34f840ca2eed64535f4c73fd1a3.jpeg\" alt=\"\" width=\"191\" height=\"270\" title=\"\"> <img loading=\"lazy\" class=\"size-medium wp-image-6238 alignright\" src=\"https:\/\/affordablehousingactivation.org\/web\/app\/uploads\/2022\/04\/785189ffb614eda6ad5bb1c407ed1cc42728f30d-300x212.jpeg\" alt=\"\" width=\"300\" height=\"212\" srcset=\"https:\/\/affordablehousingactivation.org\/\/web\/app\/uploads\/2022\/04\/785189ffb614eda6ad5bb1c407ed1cc42728f30d-300x212.jpeg 300w, https:\/\/affordablehousingactivation.org\/\/web\/app\/uploads\/2022\/04\/785189ffb614eda6ad5bb1c407ed1cc42728f30d.jpeg 382w\" sizes=\"(max-width: 300px) 100vw, 300px\" title=\"\"><\/span><\/p>\n<p aria-level=\"3\"><b><span data-contrast=\"none\">Name of work in English<\/span><\/b><span data-ccp-props=\"{&quot;134233117&quot;:true,&quot;134233118&quot;:true,&quot;201341983&quot;:0,&quot;335559738&quot;:75,&quot;335559740&quot;:240}\">\u00a0<\/span><\/p>\n<p><span data-contrast=\"none\">LIFE REUSING POSIDONIA\/ 14 social dwellings in Sant Ferran, Formentera<\/span><span data-ccp-props=\"{&quot;134233117&quot;:true,&quot;134233118&quot;:true,&quot;201341983&quot;:0,&quot;335559739&quot;:150,&quot;335559740&quot;:240}\">\u00a0<\/span><\/p>\n<p aria-level=\"3\"><b><span data-contrast=\"none\">Name of work in original language<\/span><\/b><span data-ccp-props=\"{&quot;134233117&quot;:true,&quot;134233118&quot;:true,&quot;201341983&quot;:0,&quot;335559738&quot;:75,&quot;335559740&quot;:240}\">\u00a0<\/span><\/p>\n<p><span data-contrast=\"none\">LIFE REUSING POSIDONIA\/ 14 VPO a Sant Ferran, Formentera<\/span><span data-ccp-props=\"{&quot;134233117&quot;:true,&quot;134233118&quot;:true,&quot;201341983&quot;:0,&quot;335559739&quot;:150,&quot;335559740&quot;:240}\">\u00a0<\/span><\/p>\n<p aria-level=\"3\"><b><span data-contrast=\"none\">Placement<\/span><\/b><span data-ccp-props=\"{&quot;134233117&quot;:true,&quot;134233118&quot;:true,&quot;201341983&quot;:0,&quot;335559738&quot;:75,&quot;335559740&quot;:240}\">\u00a0<\/span><\/p>\n<p><span data-contrast=\"none\">Shortlisted<\/span><span data-ccp-props=\"{&quot;134233117&quot;:true,&quot;134233118&quot;:true,&quot;201341983&quot;:0,&quot;335559739&quot;:150,&quot;335559740&quot;:240}\">\u00a0<\/span><\/p>\n<p aria-level=\"3\"><b><span data-contrast=\"none\">Prize year<\/span><\/b><span data-ccp-props=\"{&quot;134233117&quot;:true,&quot;134233118&quot;:true,&quot;201341983&quot;:0,&quot;335559738&quot;:75,&quot;335559740&quot;:240}\">\u00a0<\/span><\/p>\n<p><span data-contrast=\"none\">2019<\/span><span data-ccp-props=\"{&quot;134233117&quot;:true,&quot;134233118&quot;:true,&quot;201341983&quot;:0,&quot;335559739&quot;:150,&quot;335559740&quot;:240}\">\u00a0<\/span><\/p>\n<p aria-level=\"3\"><b><span data-contrast=\"none\">Location<\/span><\/b><span data-ccp-props=\"{&quot;134233117&quot;:true,&quot;134233118&quot;:true,&quot;201341983&quot;:0,&quot;335559738&quot;:75,&quot;335559740&quot;:240}\">\u00a0<\/span><\/p>\n<p><span data-contrast=\"none\">Sant Ferran de ses Roques, Spain<\/span><span data-ccp-props=\"{&quot;134233117&quot;:true,&quot;134233118&quot;:true,&quot;201341983&quot;:0,&quot;335559739&quot;:150,&quot;335559740&quot;:240}\">\u00a0<\/span><\/p>\n<p aria-level=\"3\"><b><span data-contrast=\"none\">Year completed<\/span><\/b><span data-ccp-props=\"{&quot;134233117&quot;:true,&quot;134233118&quot;:true,&quot;201341983&quot;:0,&quot;335559738&quot;:75,&quot;335559740&quot;:240}\">\u00a0<\/span><\/p>\n<p><span data-contrast=\"none\">2017 (Year began 2014)<\/span><span data-ccp-props=\"{&quot;134233117&quot;:true,&quot;134233118&quot;:true,&quot;201341983&quot;:0,&quot;335559739&quot;:150,&quot;335559740&quot;:240}\">\u00a0<\/span><\/p>\n<p aria-level=\"3\"><b><span data-contrast=\"none\">Studios<\/span><\/b><span data-ccp-props=\"{&quot;134233117&quot;:true,&quot;134233118&quot;:true,&quot;201341983&quot;:0,&quot;335559738&quot;:75,&quot;335559740&quot;:240}\">\u00a0<\/span><\/p>\n<p><a href=\"http:\/\/www.reusingposidonia.com\/\" target=\"_blank\" rel=\"noopener\"><span data-contrast=\"none\">Institut Balear de l&#8217;Habitatge (IBAVI)<\/span><\/a><span data-ccp-props=\"{&quot;134233117&quot;:true,&quot;134233118&quot;:true,&quot;201341983&quot;:0,&quot;335559739&quot;:150,&quot;335559740&quot;:240}\">\u00a0<\/span><\/p>\n<p aria-level=\"3\"><b><span data-contrast=\"none\">Authors<\/span><\/b><span data-ccp-props=\"{&quot;134233117&quot;:true,&quot;134233118&quot;:true,&quot;201341983&quot;:0,&quot;335559738&quot;:75,&quot;335559740&quot;:240}\">\u00a0<\/span><\/p>\n<ul>\n<li><span data-contrast=\"none\">Carles Oliver Barcel\u00f3 (1979 Spain); Antonio Mart\u00edn Procopio (1953 Spain); Xim Moy\u00e1 Costa (1958 Spain); Alfonso Reina Ferragut (1974 Spain); Maria Ant\u00f2nia Garc\u00edas Roig (1973 Spain)<\/span><span data-ccp-props=\"{&quot;134233117&quot;:true,&quot;134233118&quot;:true,&quot;201341983&quot;:0,&quot;335559739&quot;:150,&quot;335559740&quot;:240}\">\u00a0<\/span><\/li>\n<li><b><span data-contrast=\"none\">Technical architect:<\/span><\/b><span data-contrast=\"none\">\u202fAlberto Rubido Pi\u00f1\u00f3n, Joaqu\u00edn Torrebella Nadal<\/span><\/li>\n<\/ul>\n<p><b><span data-contrast=\"none\">Quantity surveyor:<\/span><\/b><span data-contrast=\"none\">\u202f<\/span><\/p>\n<ul>\n<li><span data-contrast=\"none\">Jos\u00e9 Lu\u00eds Velilla Lon\u202f<\/span><b><span data-contrast=\"none\">mn@enmadera.info<\/span><\/b><\/li>\n<li><span data-contrast=\"none\">Miguel Rodr\u00edguez Nevado\u202f<\/span><b><span data-contrast=\"none\">mroliver@eei-ingenieria.com<\/span><\/b><\/li>\n<li><span data-contrast=\"none\">Miquel Ramon Oliver Cardell\u202f<\/span><b><span data-contrast=\"none\">eei@eei-ingenieria.com<\/span><\/b><\/li>\n<li><span data-contrast=\"none\">Esteve Font Hocke\u202f<\/span><b><span data-contrast=\"none\">http:\/\/societatorganica.com\/ca\/:<\/span><\/b><span data-contrast=\"none\">\u202fSocietat Org\u00e0nica +10 SCCL<\/span><\/li>\n<li><b><span data-contrast=\"none\">Universitat Illes Balears (UIB):<\/span><\/b><span data-contrast=\"none\">\u202fJoan Mu\u00f1oz Gomila, Bartomeu Alorda Ladaria, Cristian Carmona G\u00f3mez<\/span><\/li>\n<li><b><span data-contrast=\"none\">CO2 calculation:<\/span><\/b><span data-contrast=\"none\">\u202fJoana Aina Reus Perell\u00f3, Maria Ant\u00f2nia Sim\u00f3 Ferrer\u202f<\/span><\/li>\n<\/ul>\n<p><b><span data-contrast=\"none\">Collaborator (office):<\/span><\/b><\/p>\n<ul>\n<li><span data-contrast=\"none\">Maria del Mar Amengual Sans<\/span><\/li>\n<li><span data-contrast=\"none\">Miquel Ramon Ribas\u202f<\/span><b><span data-contrast=\"none\">https:\/\/esfantastic.com\/<\/span><\/b><\/li>\n<li><span data-contrast=\"none\">Joan Amer Coll\u202f<\/span><b><span data-contrast=\"none\">https:\/\/www.lara-nus.com\/<\/span><\/b><\/li>\n<li><span data-contrast=\"none\">Nus\u202f<\/span><b><span data-contrast=\"none\">First floor axonometric view<\/span><\/b><\/li>\n<li><span data-contrast=\"none\">Ismael Amarouch, Manuel Montoro<\/span><\/li>\n<\/ul>\n<p><b><span data-contrast=\"none\">Arquitecta i directora projecte LIFE 2013-15:<\/span><\/b><span data-contrast=\"none\">\u202fSandra Villamar\u00edn Rodr\u00edguez<\/span><span data-ccp-props=\"{&quot;201341983&quot;:0,&quot;335559739&quot;:160,&quot;335559740&quot;:259}\">\u00a0<\/span><\/p>\n<p aria-level=\"3\"><b><span data-contrast=\"none\">Program<\/span><\/b><span data-ccp-props=\"{&quot;134233117&quot;:true,&quot;134233118&quot;:true,&quot;201341983&quot;:0,&quot;335559738&quot;:75,&quot;335559740&quot;:240}\">\u00a0<\/span><\/p>\n<p><span data-contrast=\"none\">Collective housing<\/span><span data-ccp-props=\"{&quot;201341983&quot;:0,&quot;335559739&quot;:160,&quot;335559740&quot;:259}\">\u00a0<\/span><\/p>\n<p aria-level=\"3\"><b><span data-contrast=\"none\">Labels<\/span><\/b><span data-ccp-props=\"{&quot;134233117&quot;:true,&quot;134233118&quot;:true,&quot;201341983&quot;:0,&quot;335559738&quot;:75,&quot;335559740&quot;:240}\">\u00a0<\/span><\/p>\n<p><span data-contrast=\"none\">Complex, Infill, Social<\/span><span data-ccp-props=\"{&quot;134233117&quot;:true,&quot;134233118&quot;:true,&quot;201341983&quot;:0,&quot;335559739&quot;:150,&quot;335559740&quot;:240}\">\u00a0<\/span><\/p>\n<p aria-level=\"3\"><b><span data-contrast=\"none\">Total area<\/span><\/b><span data-ccp-props=\"{&quot;134233117&quot;:true,&quot;134233118&quot;:true,&quot;201341983&quot;:0,&quot;335559738&quot;:75,&quot;335559740&quot;:240}\">\u00a0<\/span><\/p>\n<p><span data-contrast=\"none\">880,80 m2<\/span><span data-ccp-props=\"{&quot;134233117&quot;:true,&quot;134233118&quot;:true,&quot;201341983&quot;:0,&quot;335559739&quot;:150,&quot;335559740&quot;:240}\">\u00a0<\/span><\/p>\n<p aria-level=\"3\"><b><span data-contrast=\"none\">Usable floor area<\/span><\/b><span data-ccp-props=\"{&quot;134233117&quot;:true,&quot;134233118&quot;:true,&quot;201341983&quot;:0,&quot;335559738&quot;:75,&quot;335559740&quot;:240}\">\u00a0<\/span><\/p>\n<p><span data-contrast=\"none\">1.089,00 m2<\/span><span data-ccp-props=\"{&quot;134233117&quot;:true,&quot;134233118&quot;:true,&quot;201341983&quot;:0,&quot;335559739&quot;:150,&quot;335559740&quot;:240}\">\u00a0<\/span><\/p>\n<p aria-level=\"3\"><b><span data-contrast=\"none\">Cost<\/span><\/b><span data-ccp-props=\"{&quot;134233117&quot;:true,&quot;134233118&quot;:true,&quot;201341983&quot;:0,&quot;335559738&quot;:75,&quot;335559740&quot;:240}\">\u00a0<\/span><\/p>\n<p><span data-contrast=\"none\">1.261,12\u20ac (Including 20% of extra cost for the double insularity of Formentera) \u20ac\/m2<\/span><span data-ccp-props=\"{&quot;134233117&quot;:true,&quot;134233118&quot;:true,&quot;201341983&quot;:0,&quot;335559739&quot;:150,&quot;335559740&quot;:240}\">\u00a0<\/span><\/p>\n<p aria-level=\"3\"><b><span data-contrast=\"none\">Client<\/span><\/b><span data-ccp-props=\"{&quot;134233117&quot;:true,&quot;134233118&quot;:true,&quot;201341983&quot;:0,&quot;335559738&quot;:75,&quot;335559740&quot;:240}\">\u00a0<\/span><\/p>\n<p><span data-contrast=\"none\">IBAVI (Balearic Social Housing Institute)<\/span><span data-ccp-props=\"{&quot;134233117&quot;:true,&quot;134233118&quot;:true,&quot;201341983&quot;:0,&quot;335559739&quot;:150,&quot;335559740&quot;:240}\">\u00a0<\/span><\/p>\n<p aria-level=\"3\"><b><span data-contrast=\"none\">Client Type<\/span><\/b><span data-ccp-props=\"{&quot;134233117&quot;:true,&quot;134233118&quot;:true,&quot;201341983&quot;:0,&quot;335559738&quot;:75,&quot;335559740&quot;:240}\">\u00a0<\/span><\/p>\n<p><span data-contrast=\"none\">Public<\/span><span data-ccp-props=\"{&quot;134233117&quot;:true,&quot;134233118&quot;:true,&quot;201341983&quot;:0,&quot;335559739&quot;:150,&quot;335559740&quot;:240}\">\u00a0<\/span><\/p>\n<p aria-level=\"3\"><b><span data-contrast=\"none\">Map<\/span><\/b><span data-ccp-props=\"{&quot;134233117&quot;:true,&quot;134233118&quot;:true,&quot;201341983&quot;:0,&quot;335559738&quot;:75,&quot;335559740&quot;:240}\">\u00a0<\/span><\/p>\n<p><span data-contrast=\"none\">LatLng: (38.7065548, 1.4582977000000028)<\/span><span data-ccp-props=\"{&quot;134233117&quot;:true,&quot;134233118&quot;:true,&quot;201341983&quot;:0,&quot;335559739&quot;:150,&quot;335559740&quot;:240}\">\u00a0<\/span><\/p>\n<p>&nbsp;<\/p>\n<p><img loading=\"lazy\" class=\"alignnone size-medium wp-image-6219\" src=\"https:\/\/affordablehousingactivation.org\/web\/app\/uploads\/2022\/04\/NOU-LOGO-FMVRB_vector-300x151.jpg\" alt=\"\" width=\"300\" height=\"151\" srcset=\"https:\/\/affordablehousingactivation.org\/\/web\/app\/uploads\/2022\/04\/NOU-LOGO-FMVRB_vector-300x151.jpg 300w, https:\/\/affordablehousingactivation.org\/\/web\/app\/uploads\/2022\/04\/NOU-LOGO-FMVRB_vector-1024x514.jpg 1024w, https:\/\/affordablehousingactivation.org\/\/web\/app\/uploads\/2022\/04\/NOU-LOGO-FMVRB_vector-768x386.jpg 768w, https:\/\/affordablehousingactivation.org\/\/web\/app\/uploads\/2022\/04\/NOU-LOGO-FMVRB_vector-900x452.jpg 900w, https:\/\/affordablehousingactivation.org\/\/web\/app\/uploads\/2022\/04\/NOU-LOGO-FMVRB_vector-600x301.jpg 600w, https:\/\/affordablehousingactivation.org\/\/web\/app\/uploads\/2022\/04\/NOU-LOGO-FMVRB_vector.jpg 1171w\" sizes=\"(max-width: 300px) 100vw, 300px\" title=\"\"><\/p>\n","protected":false},"excerpt":{"rendered":"<p>Life Reusing Posidonia is a Climate Change Adaptation Project financed by the European LIFE + program for nature conservation projects. <\/p>\n","protected":false},"featured_media":5948,"parent":0,"template":"","meta":{"_price":"","_stock":"","_tribe_ticket_header":"","_tribe_default_ticket_provider":"Tribe__Tickets_Plus__Commerce__WooCommerce__Main","_tribe_ticket_capacity":"0","_ticket_start_date":"","_ticket_end_date":"","_tribe_ticket_show_description":"","_tribe_ticket_show_not_going":false,"_tribe_ticket_use_global_stock":"","_tribe_ticket_global_stock_level":"","_global_stock_mode":"","_global_stock_cap":"","_tribe_rsvp_for_event":"","_tribe_ticket_going_count":"","_tribe_ticket_not_going_count":"","_tribe_tickets_list":[],"_tribe_ticket_has_attendee_info_fields":false},"barrera":[121],"acf":[],"_links":{"self":[{"href":"https:\/\/affordablehousingactivation.org\/es\/wp-json\/wp\/v2\/exemplary_case\/5953"}],"collection":[{"href":"https:\/\/affordablehousingactivation.org\/es\/wp-json\/wp\/v2\/exemplary_case"}],"about":[{"href":"https:\/\/affordablehousingactivation.org\/es\/wp-json\/wp\/v2\/types\/exemplary_case"}],"wp:featuredmedia":[{"embeddable":true,"href":"https:\/\/affordablehousingactivation.org\/es\/wp-json\/wp\/v2\/media\/5948"}],"wp:attachment":[{"href":"https:\/\/affordablehousingactivation.org\/es\/wp-json\/wp\/v2\/media?parent=5953"}],"wp:term":[{"taxonomy":"barrera","embeddable":true,"href":"https:\/\/affordablehousingactivation.org\/es\/wp-json\/wp\/v2\/barrera?post=5953"}],"curies":[{"name":"wp","href":"https:\/\/api.w.org\/{rel}","templated":true}]}}