{"id":6401,"date":"2022-04-25T18:34:29","date_gmt":"2022-04-25T16:34:29","guid":{"rendered":"https:\/\/affordablehousingactivation.org\/event\/collective-housing-for-elderly-people-and-civic-and-health-centre\/"},"modified":"2022-04-25T18:34:29","modified_gmt":"2022-04-25T16:34:29","slug":"collective-housing-for-elderly-people-and-civic-and-health-centre","status":"publish","type":"exemplary_case","link":"https:\/\/affordablehousingactivation.org\/es\/casos-de-exito\/collective-housing-for-elderly-people-and-civic-and-health-centre\/","title":{"rendered":"Collective housing for elderly people and civic and health centre"},"content":{"rendered":"<p><span data-contrast=\"auto\">The project is located near Glories\u2019 square. This plot is within the Eixample\u2019s urban fabric. At the same time, is part of a city block trimmed by Diagonal\u2019s Street trace.<\/span><span data-ccp-props=\"{&quot;201341983&quot;:0,&quot;335559739&quot;:160,&quot;335559740&quot;:240}\">\u00a0<\/span><\/p>\n<p><span data-contrast=\"auto\">One of the main challenges the project had to face was the mixed-use program with different real estate developments: 105 housing for Barcelona\u2019s council, a Health Centre for regional government, a Senior Community Centre for the district and a vehicle impoundment parking for BSM. We opted for a unitary building in order to organise and to encourage different uses but also to accommodate the whole program: a group of three volumes of housing on top of one double-height plinth containing the facilities.<\/span><span data-ccp-props=\"{&quot;201341983&quot;:0,&quot;335559739&quot;:160,&quot;335559740&quot;:240}\">\u00a0<\/span><\/p>\n<p><span data-contrast=\"auto\">By overlapping two different urban strategies, the project is capable of giving response to the surroundings\u2019 complexity. On one hand, the continuous base of the building recognises the grid of the Eixample, by leaning on its alignments. On the other, the housing volumes give continuity to the sequence of nearby isolated blocks in respond to Diagonal Street. The void between these blocks is necessary to filter the public space through and to maintain the global unit. The result is an architectural ensemble that despite its domestic height is able to dialogue with the unique geometry of the high and sharped nearby buildings, joining into a greater scale urban piece of strong identity.<\/span><span data-ccp-props=\"{&quot;201341983&quot;:0,&quot;335559739&quot;:160,&quot;335559740&quot;:240}\">\u00a0<\/span><\/p>\n<p><span data-contrast=\"auto\">Depending on the block, each building has seven or eight dwellings by floor with a central corridor. This walkway enlarges at both ends where it receives daylight.<\/span><span data-ccp-props=\"{&quot;201341983&quot;:0,&quot;335559739&quot;:160,&quot;335559740&quot;:240}\">\u00a0<\/span><\/p>\n<p><span data-contrast=\"auto\">At the top floor of each building there are a communal laundry, a covered porch with clothes lines and a patio-solarium with foreseen urban-garden.<\/span><span data-ccp-props=\"{&quot;201341983&quot;:0,&quot;335559739&quot;:160,&quot;335559740&quot;:240}\">\u00a0<\/span><\/p>\n<p><span data-contrast=\"auto\">At the plinth\u2019s roof level, each building has a multi-use room connected directly with the outside terrace enabling the social services managing the building to organise workshops or activities.<\/span><\/p>\n<p><span data-contrast=\"auto\">This communal terrace, located at the treetops\u2019 height and endowed with benches, is opened to the surrounding views. It integrates the three blocks into a larger community of neighbours.<\/span><span data-ccp-props=\"{&quot;201341983&quot;:0,&quot;335559739&quot;:160,&quot;335559740&quot;:240}\">\u00a0<\/span><\/p>\n<p><span data-contrast=\"auto\">Considering these are dwellings for elderly, users are meant to spend long periods of time at home and at the building. Thus, communal spaces enhance and enrich the experience of living.<\/span><span data-ccp-props=\"{&quot;201341983&quot;:0,&quot;335559739&quot;:160,&quot;335559740&quot;:240}\">\u00a0<\/span><\/p>\n<p><img loading=\"lazy\" class=\"alignnone size-full wp-image-6389\" src=\"https:\/\/affordablehousingactivation.org\/web\/app\/uploads\/2022\/04\/94286aa92bd99206f3bcc70a4c6d8c1497cc0abf.jpeg\" alt=\"\" width=\"198\" height=\"270\" title=\"\"> <img loading=\"lazy\" class=\"alignnone size-full wp-image-6397\" src=\"https:\/\/affordablehousingactivation.org\/web\/app\/uploads\/2022\/04\/6e8fc2e2604e31246ff8993f59394c5f4128944b.jpeg\" alt=\"\" width=\"177\" height=\"270\" title=\"\"><\/p>\n<p><span data-contrast=\"auto\">This dwelling\u2019s typology is organised around a central core of serving spaces, which is surrounded by the bedroom and the living room, both understood as a continuous and flexible space articulated by the terrace. This layout enables to perceive space as limitless, not enclosed but interconnected. The bathroom segregates into two pieces: a more private area and an open space.<\/span><span data-ccp-props=\"{&quot;201341983&quot;:0,&quot;335559739&quot;:160,&quot;335559740&quot;:240}\">\u00a0<\/span><\/p>\n<p><span data-contrast=\"auto\">Spaces connect or segregate through large sliding doors, like movable walls. If they are all open, space flows around the core. Depending on whether doors either open or close, space is transformed so it can be differently used.<\/span><span data-ccp-props=\"{&quot;201341983&quot;:0,&quot;335559739&quot;:160,&quot;335559740&quot;:240}\">\u00a0<\/span><\/p>\n<p><span data-contrast=\"auto\">The corner\u2019s typology repeats the same scheme of serving spaces. The entrance threshold is enlarged to host the dinning room, linked by a window to the kitchen. The sights connect with the exterior through a large series of frames. The enfilade of doors and windows increase the porosity of space; and as a result, space seems larger than it is.<\/span><span data-ccp-props=\"{&quot;201341983&quot;:0,&quot;335559739&quot;:160,&quot;335559740&quot;:240}\">\u00a0<\/span><\/p>\n<p><span data-contrast=\"auto\">Rooms are never enclosed, they always vanish into neighbouring spaces slightly introduced for the occupant to imagine. Tangent views flow around the core, linking contiguous spaces.<\/span><span data-ccp-props=\"{&quot;201341983&quot;:0,&quot;335559739&quot;:160,&quot;335559740&quot;:240}\">\u00a0<\/span><\/p>\n<p><span data-contrast=\"auto\">The dwellings\u2019s structure consists on perimeter walls and pillars always located on the in-between apartments walls so that a free plant is guaranteed. It is at the ground floor level and by using cross-beams where the structure turns into an orthogonal grid of pillars of 7,5&#215;7,5m for the parking located at the lower floors.<\/span><span data-ccp-props=\"{&quot;201341983&quot;:0,&quot;335559739&quot;:160,&quot;335559740&quot;:240}\">\u00a0<\/span><\/p>\n<p><span data-contrast=\"auto\">The construction system of the housing fa\u00e7ade is different than the one for the plinth. The one of the dwellings consists in External Thermal Insulation Composite System (ETICS) improving the thermal inertia of the building, whereas in the lower floors Glass Reinforced Concrete (GRC) is used. Both systems guarantee a thermal break, providing maximum comfort.<\/span><span data-ccp-props=\"{&quot;201341983&quot;:0,&quot;335559739&quot;:160,&quot;335559740&quot;:240}\">\u00a0<\/span><\/p>\n<p><span data-contrast=\"auto\">The building is connected to a district heating system, providing sanitary hot water and central heating. Inside the houses, we opted for a low-temperature underfloor-heating system in order to obtain greater comfort with less consumption. Due to all these resources, the building is qualified with an A for European energy labeling.<\/span><span data-ccp-props=\"{&quot;201341983&quot;:0,&quot;335559739&quot;:160,&quot;335559740&quot;:240}\">\u00a0<\/span><\/p>\n<p><span data-ccp-props=\"{&quot;201341983&quot;:0,&quot;335559739&quot;:160,&quot;335559740&quot;:240}\"> <img loading=\"lazy\" class=\"alignnone size-medium wp-image-6391\" src=\"https:\/\/affordablehousingactivation.org\/web\/app\/uploads\/2022\/04\/15e61c2249c16a17c2d4ed2bee4146d580c7a9d8-300x154.jpeg\" alt=\"\" width=\"300\" height=\"154\" srcset=\"https:\/\/affordablehousingactivation.org\/\/web\/app\/uploads\/2022\/04\/15e61c2249c16a17c2d4ed2bee4146d580c7a9d8-300x154.jpeg 300w, https:\/\/affordablehousingactivation.org\/\/web\/app\/uploads\/2022\/04\/15e61c2249c16a17c2d4ed2bee4146d580c7a9d8.jpeg 400w\" sizes=\"(max-width: 300px) 100vw, 300px\" title=\"\"> <img loading=\"lazy\" class=\"alignnone size-medium wp-image-6393\" src=\"https:\/\/affordablehousingactivation.org\/web\/app\/uploads\/2022\/04\/11e52fa2e8926f8755142007a1193dd50d3ca17e-300x212.jpeg\" alt=\"\" width=\"300\" height=\"212\" srcset=\"https:\/\/affordablehousingactivation.org\/\/web\/app\/uploads\/2022\/04\/11e52fa2e8926f8755142007a1193dd50d3ca17e-300x212.jpeg 300w, https:\/\/affordablehousingactivation.org\/\/web\/app\/uploads\/2022\/04\/11e52fa2e8926f8755142007a1193dd50d3ca17e.jpeg 382w\" sizes=\"(max-width: 300px) 100vw, 300px\" title=\"\"><\/span><\/p>\n<p aria-level=\"3\"><b><span data-contrast=\"none\">Name of work in English<\/span><\/b><span data-ccp-props=\"{&quot;134233117&quot;:true,&quot;134233118&quot;:true,&quot;201341983&quot;:0,&quot;335559738&quot;:75,&quot;335559740&quot;:240}\">\u00a0<\/span><\/p>\n<p><span data-contrast=\"none\">Collective housing for elderly people and civic and health centre<\/span><span data-ccp-props=\"{&quot;134233117&quot;:true,&quot;134233118&quot;:true,&quot;201341983&quot;:0,&quot;335559739&quot;:150,&quot;335559740&quot;:240}\">\u00a0<\/span><\/p>\n<p aria-level=\"3\"><b><span data-contrast=\"none\">Name of work in original language<\/span><\/b><span data-ccp-props=\"{&quot;134233117&quot;:true,&quot;134233118&quot;:true,&quot;201341983&quot;:0,&quot;335559738&quot;:75,&quot;335559740&quot;:240}\">\u00a0<\/span><\/p>\n<p><span data-contrast=\"none\">Habitatge col\u00b7lectiu per a gent gran, casal i CAP<\/span><span data-ccp-props=\"{&quot;134233117&quot;:true,&quot;134233118&quot;:true,&quot;201341983&quot;:0,&quot;335559739&quot;:150,&quot;335559740&quot;:240}\">\u00a0<\/span><\/p>\n<p aria-level=\"3\"><b><span data-contrast=\"none\">Placement<\/span><\/b><span data-ccp-props=\"{&quot;134233117&quot;:true,&quot;134233118&quot;:true,&quot;201341983&quot;:0,&quot;335559738&quot;:75,&quot;335559740&quot;:240}\">\u00a0<\/span><\/p>\n<p><span data-contrast=\"none\">Shortlisted<\/span><span data-ccp-props=\"{&quot;134233117&quot;:true,&quot;134233118&quot;:true,&quot;201341983&quot;:0,&quot;335559739&quot;:150,&quot;335559740&quot;:240}\">\u00a0<\/span><\/p>\n<p aria-level=\"3\"><b><span data-contrast=\"none\">Prize year<\/span><\/b><span data-ccp-props=\"{&quot;134233117&quot;:true,&quot;134233118&quot;:true,&quot;201341983&quot;:0,&quot;335559738&quot;:75,&quot;335559740&quot;:240}\">\u00a0<\/span><\/p>\n<p><span data-contrast=\"none\">2017<\/span><span data-ccp-props=\"{&quot;134233117&quot;:true,&quot;134233118&quot;:true,&quot;201341983&quot;:0,&quot;335559739&quot;:150,&quot;335559740&quot;:240}\">\u00a0<\/span><\/p>\n<p aria-level=\"3\"><b><span data-contrast=\"none\">Location<\/span><\/b><span data-ccp-props=\"{&quot;134233117&quot;:true,&quot;134233118&quot;:true,&quot;201341983&quot;:0,&quot;335559738&quot;:75,&quot;335559740&quot;:240}\">\u00a0<\/span><\/p>\n<p><span data-contrast=\"none\">Barcelona, Spain<\/span><span data-ccp-props=\"{&quot;134233117&quot;:true,&quot;134233118&quot;:true,&quot;201341983&quot;:0,&quot;335559739&quot;:150,&quot;335559740&quot;:240}\">\u00a0<\/span><\/p>\n<p aria-level=\"3\"><b><span data-contrast=\"none\">Year completed<\/span><\/b><span data-ccp-props=\"{&quot;134233117&quot;:true,&quot;134233118&quot;:true,&quot;201341983&quot;:0,&quot;335559738&quot;:75,&quot;335559740&quot;:240}\">\u00a0<\/span><\/p>\n<p><span data-contrast=\"none\">2016 (Year began 2015)<\/span><span data-ccp-props=\"{&quot;134233117&quot;:true,&quot;134233118&quot;:true,&quot;201341983&quot;:0,&quot;335559739&quot;:150,&quot;335559740&quot;:240}\">\u00a0<\/span><\/p>\n<p aria-level=\"3\"><b><span data-contrast=\"none\">Studios<\/span><\/b><span data-ccp-props=\"{&quot;134233117&quot;:true,&quot;134233118&quot;:true,&quot;201341983&quot;:0,&quot;335559738&quot;:75,&quot;335559740&quot;:240}\">\u00a0<\/span><\/p>\n<p><a href=\"http:\/\/www.peristoral.com\/\" target=\"_blank\" rel=\"noopener\"><span data-contrast=\"none\">peris+toral.arquitectes<\/span><\/a><span data-contrast=\"none\">;\u202f<\/span><a href=\"http:\/\/%22%20\/t%20%22_blank\" target=\"_blank\"><span data-contrast=\"none\">Bonell i Gil<\/span><\/a><span data-ccp-props=\"{&quot;134233117&quot;:true,&quot;134233118&quot;:true,&quot;201341983&quot;:0,&quot;335559739&quot;:150,&quot;335559740&quot;:240}\">\u00a0<\/span><\/p>\n<p aria-level=\"3\"><b><span data-contrast=\"none\">Authors<\/span><\/b><span data-ccp-props=\"{&quot;134233117&quot;:true,&quot;134233118&quot;:true,&quot;201341983&quot;:0,&quot;335559738&quot;:75,&quot;335559740&quot;:240}\">\u00a0<\/span><\/p>\n<ul>\n<li><span data-contrast=\"none\">Esteve Bonell (1942 Spain); Josep Maria Gil (1950 Spain); Marta Peris (1972 Spain); Jos\u00e9 Manuel Toral (1978 Spain)<\/span><span data-ccp-props=\"{&quot;134233117&quot;:true,&quot;134233118&quot;:true,&quot;201341983&quot;:0,&quot;335559739&quot;:150,&quot;335559740&quot;:240}\">\u00a0<\/span><\/li>\n<\/ul>\n<p aria-level=\"3\"><b><span data-contrast=\"none\">Collaborators<\/span><\/b><span data-ccp-props=\"{&quot;134233117&quot;:true,&quot;134233118&quot;:true,&quot;201341983&quot;:0,&quot;335559738&quot;:75,&quot;335559740&quot;:240}\">\u00a0<\/span><\/p>\n<ul>\n<li><b><span data-contrast=\"none\">Engineering:<\/span><\/b><span data-contrast=\"none\">\u202fJaume Pastor, AIA instal\u00b7lacions arquitectoniques\u202f<\/span><\/li>\n<li><b><span data-contrast=\"none\">Technical architect:<\/span><\/b><span data-contrast=\"none\">\u202fJoan March i Raurell, Enrique Rego\u202f<\/span><\/li>\n<li><b><span data-contrast=\"none\">Construction company:<\/span><\/b><span data-contrast=\"none\">\u202fUTE Scrinser &amp; Prinur\u202f<\/span><\/li>\n<li><b><span data-contrast=\"none\">Collaborator (office):<\/span><\/b><span data-contrast=\"none\">\u202fElisabet Aguilar, Ana Espinosa, Gen\u00eds Fern\u00e1ndez, Izaskun Gonz\u00e1lez, Miguel Angel Gorrachategui, Roger Parareda, David P\u00e9rez, Cristina Porta, Albert Rubio, Cecilia Rodr\u00edguez, Maria Ubach\u202f<\/span><\/li>\n<li><b><span data-contrast=\"none\">Structural engineering:<\/span><\/b><span data-contrast=\"none\">\u202fManel Fern\u00e1ndez<\/span><span data-ccp-props=\"{&quot;201341983&quot;:0,&quot;335559739&quot;:160,&quot;335559740&quot;:259}\">\u00a0<\/span><\/li>\n<\/ul>\n<p aria-level=\"3\"><b><span data-contrast=\"none\">Program<\/span><\/b><span data-ccp-props=\"{&quot;134233117&quot;:true,&quot;134233118&quot;:true,&quot;201341983&quot;:0,&quot;335559738&quot;:75,&quot;335559740&quot;:240}\">\u00a0<\/span><\/p>\n<p><span data-contrast=\"none\">Collective housing<\/span><span data-ccp-props=\"{&quot;201341983&quot;:0,&quot;335559739&quot;:160,&quot;335559740&quot;:259}\">\u00a0<\/span><\/p>\n<p aria-level=\"3\"><b><span data-contrast=\"none\">Labels<\/span><\/b><span data-ccp-props=\"{&quot;134233117&quot;:true,&quot;134233118&quot;:true,&quot;201341983&quot;:0,&quot;335559738&quot;:75,&quot;335559740&quot;:240}\">\u00a0<\/span><\/p>\n<p><span data-contrast=\"none\">Complex, Facilities, Elderly<\/span><span data-ccp-props=\"{&quot;134233117&quot;:true,&quot;134233118&quot;:true,&quot;201341983&quot;:0,&quot;335559739&quot;:150,&quot;335559740&quot;:240}\">\u00a0<\/span><\/p>\n<p aria-level=\"3\"><b><span data-contrast=\"none\">Total area<\/span><\/b><span data-ccp-props=\"{&quot;134233117&quot;:true,&quot;134233118&quot;:true,&quot;201341983&quot;:0,&quot;335559738&quot;:75,&quot;335559740&quot;:240}\">\u00a0<\/span><\/p>\n<p><span data-contrast=\"none\">2000 m2<\/span><span data-ccp-props=\"{&quot;134233117&quot;:true,&quot;134233118&quot;:true,&quot;201341983&quot;:0,&quot;335559739&quot;:150,&quot;335559740&quot;:240}\">\u00a0<\/span><\/p>\n<p aria-level=\"3\"><b><span data-contrast=\"none\">Usable floor area<\/span><\/b><span data-ccp-props=\"{&quot;134233117&quot;:true,&quot;134233118&quot;:true,&quot;201341983&quot;:0,&quot;335559738&quot;:75,&quot;335559740&quot;:240}\">\u00a0<\/span><\/p>\n<p><span data-contrast=\"none\">27.400 m2<\/span><span data-ccp-props=\"{&quot;134233117&quot;:true,&quot;134233118&quot;:true,&quot;201341983&quot;:0,&quot;335559739&quot;:150,&quot;335559740&quot;:240}\">\u00a0<\/span><\/p>\n<p aria-level=\"3\"><b><span data-contrast=\"none\">Client<\/span><\/b><span data-ccp-props=\"{&quot;134233117&quot;:true,&quot;134233118&quot;:true,&quot;201341983&quot;:0,&quot;335559738&quot;:75,&quot;335559740&quot;:240}\">\u00a0<\/span><\/p>\n<p><span data-contrast=\"none\">Patronat Municipal de l&#8217;Habitatge de Barcelona<\/span><span data-ccp-props=\"{&quot;134233117&quot;:true,&quot;134233118&quot;:true,&quot;201341983&quot;:0,&quot;335559739&quot;:150,&quot;335559740&quot;:240}\">\u00a0<\/span><\/p>\n<p aria-level=\"3\"><b><span data-contrast=\"none\">Client Type<\/span><\/b><span data-ccp-props=\"{&quot;134233117&quot;:true,&quot;134233118&quot;:true,&quot;201341983&quot;:0,&quot;335559738&quot;:75,&quot;335559740&quot;:240}\">\u00a0<\/span><\/p>\n<p><span data-contrast=\"none\">public<\/span><span data-ccp-props=\"{&quot;134233117&quot;:true,&quot;134233118&quot;:true,&quot;201341983&quot;:0,&quot;335559739&quot;:150,&quot;335559740&quot;:240}\">\u00a0<\/span><\/p>\n<p aria-level=\"3\"><b><span data-contrast=\"none\">Map<\/span><\/b><span data-ccp-props=\"{&quot;134233117&quot;:true,&quot;134233118&quot;:true,&quot;201341983&quot;:0,&quot;335559738&quot;:75,&quot;335559740&quot;:240}\">\u00a0<\/span><\/p>\n<p><span data-contrast=\"none\">LatLng: (41.40293049020661, 2.1910004319943255)<\/span><span data-ccp-props=\"{&quot;134233117&quot;:true,&quot;134233118&quot;:true,&quot;201341983&quot;:0,&quot;335559739&quot;:150,&quot;335559740&quot;:240}\">\u00a0<\/span><\/p>\n<p>&nbsp;<\/p>\n<p><img loading=\"lazy\" class=\"alignnone size-medium wp-image-6219\" src=\"https:\/\/affordablehousingactivation.org\/web\/app\/uploads\/2022\/04\/NOU-LOGO-FMVRB_vector-300x151.jpg\" alt=\"\" width=\"300\" height=\"151\" srcset=\"https:\/\/affordablehousingactivation.org\/\/web\/app\/uploads\/2022\/04\/NOU-LOGO-FMVRB_vector-300x151.jpg 300w, https:\/\/affordablehousingactivation.org\/\/web\/app\/uploads\/2022\/04\/NOU-LOGO-FMVRB_vector-1024x514.jpg 1024w, https:\/\/affordablehousingactivation.org\/\/web\/app\/uploads\/2022\/04\/NOU-LOGO-FMVRB_vector-768x386.jpg 768w, https:\/\/affordablehousingactivation.org\/\/web\/app\/uploads\/2022\/04\/NOU-LOGO-FMVRB_vector-900x452.jpg 900w, https:\/\/affordablehousingactivation.org\/\/web\/app\/uploads\/2022\/04\/NOU-LOGO-FMVRB_vector-600x301.jpg 600w, https:\/\/affordablehousingactivation.org\/\/web\/app\/uploads\/2022\/04\/NOU-LOGO-FMVRB_vector.jpg 1171w\" sizes=\"(max-width: 300px) 100vw, 300px\" title=\"\"><\/p>\n","protected":false},"excerpt":{"rendered":"<p>The project organises 105 senior citizens housing into three volumes spread out, on top of a double-height plinth containing a Health Centre and a Senior Community Centre.<br \/>\nThe building\u2019s common spaces help to create a dynamic community.<br \/>\nThe mixed-use of the program enable to preserve the existing social network of the neighbourhood. <\/p>\n","protected":false},"featured_media":6388,"parent":0,"template":"","meta":{"_price":"","_stock":"","_tribe_ticket_header":"","_tribe_default_ticket_provider":"Tribe__Tickets_Plus__Commerce__WooCommerce__Main","_tribe_ticket_capacity":"0","_ticket_start_date":"","_ticket_end_date":"","_tribe_ticket_show_description":"","_tribe_ticket_show_not_going":false,"_tribe_ticket_use_global_stock":"","_tribe_ticket_global_stock_level":"","_global_stock_mode":"","_global_stock_cap":"","_tribe_rsvp_for_event":"","_tribe_ticket_going_count":"","_tribe_ticket_not_going_count":"","_tribe_tickets_list":[],"_tribe_ticket_has_attendee_info_fields":false},"barrera":[117],"acf":[],"_links":{"self":[{"href":"https:\/\/affordablehousingactivation.org\/es\/wp-json\/wp\/v2\/exemplary_case\/6401"}],"collection":[{"href":"https:\/\/affordablehousingactivation.org\/es\/wp-json\/wp\/v2\/exemplary_case"}],"about":[{"href":"https:\/\/affordablehousingactivation.org\/es\/wp-json\/wp\/v2\/types\/exemplary_case"}],"wp:featuredmedia":[{"embeddable":true,"href":"https:\/\/affordablehousingactivation.org\/es\/wp-json\/wp\/v2\/media\/6388"}],"wp:attachment":[{"href":"https:\/\/affordablehousingactivation.org\/es\/wp-json\/wp\/v2\/media?parent=6401"}],"wp:term":[{"taxonomy":"barrera","embeddable":true,"href":"https:\/\/affordablehousingactivation.org\/es\/wp-json\/wp\/v2\/barrera?post=6401"}],"curies":[{"name":"wp","href":"https:\/\/api.w.org\/{rel}","templated":true}]}}