{"id":6504,"date":"2022-04-26T18:16:57","date_gmt":"2022-04-26T16:16:57","guid":{"rendered":"https:\/\/affordablehousingactivation.org\/?post_type=tribe_events&#038;p=6504"},"modified":"2022-04-26T18:16:57","modified_gmt":"2022-04-26T16:16:57","slug":"urban-spaces-1-dogarilor-apartment-building","status":"publish","type":"exemplary_case","link":"https:\/\/affordablehousingactivation.org\/es\/casos-de-exito\/urban-spaces-1-dogarilor-apartment-building\/","title":{"rendered":"Urban Spaces 1 \/ Dogarilor Apartment Building"},"content":{"rendered":"<p><span data-contrast=\"auto\">One of the most important and problematic aspects of nowadays Bucharest is the fast densification of the central area. While we believe that density can, and many times must be seen as a form of sustainability, we also admit that the often fragile relationship between habitation within an old neighborhood and the increase of density could many times alter the place and reduce its existing qualities.<\/span><span data-ccp-props=\"{&quot;201341983&quot;:0,&quot;335551550&quot;:6,&quot;335551620&quot;:6,&quot;335559739&quot;:160,&quot;335559740&quot;:259}\">\u00a0<\/span><\/p>\n<p><span data-contrast=\"auto\">Our project is looking for an appropriate answer to this problem. It tries to mediate between different sizes and densities, in a quite central neighborhood characterized by small streets, long, narrow plots and a puzzle of old and new buildings of all types and scales. The building searches to preserve, at its own scale, the porosity and \u00abprofoundness\u00bb of the deep, narrow plots, while also trying to capture part of the \u00abcollage\u00bb-like appearance of the surroundings. The volumetric proposal seeks to partially open the building to the street, in the depth of the plot. Because of this, the volume facing the street is less compact and the ground floor is more transparent, in order to allow a better visual connection at eye s level. In this way, we have also tried to mediate between the continuous alignment required by the urban regulation and the specific of the street and of the surrounding urban fabric, characterized by fragmentation. At the same time, the project proposes a type of habitation which we consider suitable for the center of the contemporary city: a place where the relatively small spaces and the density are complemented by diversity and wider common spaces.<\/span><span data-ccp-props=\"{&quot;201341983&quot;:0,&quot;335551550&quot;:6,&quot;335551620&quot;:6,&quot;335559739&quot;:160,&quot;335559740&quot;:259}\">\u00a0<\/span><\/p>\n<p><img loading=\"lazy\" class=\"alignnone size-medium wp-image-6511\" src=\"https:\/\/affordablehousingactivation.org\/web\/app\/uploads\/2022\/04\/3447-23127-300x225.jpg\" alt=\"\" width=\"300\" height=\"225\" srcset=\"https:\/\/affordablehousingactivation.org\/\/web\/app\/uploads\/2022\/04\/3447-23127-300x225.jpg 300w, https:\/\/affordablehousingactivation.org\/\/web\/app\/uploads\/2022\/04\/3447-23127.jpg 360w\" sizes=\"(max-width: 300px) 100vw, 300px\" title=\"\"> <img loading=\"lazy\" class=\"alignnone size-medium wp-image-6509\" src=\"https:\/\/affordablehousingactivation.org\/web\/app\/uploads\/2022\/04\/3447-23130-300x225.jpg\" alt=\"\" width=\"300\" height=\"225\" srcset=\"https:\/\/affordablehousingactivation.org\/\/web\/app\/uploads\/2022\/04\/3447-23130-300x225.jpg 300w, https:\/\/affordablehousingactivation.org\/\/web\/app\/uploads\/2022\/04\/3447-23130.jpg 360w\" sizes=\"(max-width: 300px) 100vw, 300px\" title=\"\"><\/p>\n<p><span data-contrast=\"auto\">Most of the apartments are different from one another, not only in size, but especially in typology: they range from studios to four-bedroom apartments &#8211; each one of them laying on one, two or even three floors and having private courtyards, balconies or terraces of different sizes. They all are complemented by several indoor and outdoor common spaces (terraces, party room, large halls etc.), while the ground floor offers several commercial spaces and ateliers to rent, towards the street and the inner courtyard. The apartments are conceived in such way as to allow a great deal of flexibility, making it possible to connect (horizontally or vertically) two or more small units into a larger one, leading, in the end, at a building consisting of 77 residential units offering approx. 50 types of apartments. Size of the site: 2082 m2; Size of the building: 8931 m2<\/span><span data-ccp-props=\"{&quot;201341983&quot;:0,&quot;335551550&quot;:6,&quot;335551620&quot;:6,&quot;335559739&quot;:160,&quot;335559740&quot;:259}\">\u00a0<\/span><\/p>\n<p><span data-ccp-props=\"{&quot;201341983&quot;:0,&quot;335559739&quot;:160,&quot;335559740&quot;:259}\"> <img loading=\"lazy\" class=\"alignnone size-medium wp-image-6507\" src=\"https:\/\/affordablehousingactivation.org\/web\/app\/uploads\/2022\/04\/3447-23131-300x225.jpg\" alt=\"\" width=\"300\" height=\"225\" srcset=\"https:\/\/affordablehousingactivation.org\/\/web\/app\/uploads\/2022\/04\/3447-23131-300x225.jpg 300w, https:\/\/affordablehousingactivation.org\/\/web\/app\/uploads\/2022\/04\/3447-23131.jpg 360w\" sizes=\"(max-width: 300px) 100vw, 300px\" title=\"\"> <img loading=\"lazy\" class=\"alignnone size-medium wp-image-6505\" src=\"https:\/\/affordablehousingactivation.org\/web\/app\/uploads\/2022\/04\/3447-23132-300x225.jpg\" alt=\"\" width=\"300\" height=\"225\" srcset=\"https:\/\/affordablehousingactivation.org\/\/web\/app\/uploads\/2022\/04\/3447-23132-300x225.jpg 300w, https:\/\/affordablehousingactivation.org\/\/web\/app\/uploads\/2022\/04\/3447-23132.jpg 360w\" sizes=\"(max-width: 300px) 100vw, 300px\" title=\"\"><\/span><\/p>\n<p aria-level=\"3\"><b><span data-contrast=\"none\">Name of work in English<\/span><\/b><span data-ccp-props=\"{&quot;134233117&quot;:true,&quot;134233118&quot;:true,&quot;201341983&quot;:0,&quot;335559738&quot;:75,&quot;335559740&quot;:240}\">\u00a0<\/span><\/p>\n<p><span data-contrast=\"none\">Urban Spaces 1 \/ Dogarilor Apartment Building<\/span><span data-ccp-props=\"{&quot;134233117&quot;:true,&quot;134233118&quot;:true,&quot;201341983&quot;:0,&quot;335559739&quot;:150,&quot;335559740&quot;:240}\">\u00a0<\/span><\/p>\n<p aria-level=\"3\"><b><span data-contrast=\"none\">Name of work in original language<\/span><\/b><span data-ccp-props=\"{&quot;134233117&quot;:true,&quot;134233118&quot;:true,&quot;201341983&quot;:0,&quot;335559738&quot;:75,&quot;335559740&quot;:240}\">\u00a0<\/span><\/p>\n<p><span data-contrast=\"none\">Complex de locuinte pe Strada Dogarilor<\/span><span data-ccp-props=\"{&quot;134233117&quot;:true,&quot;134233118&quot;:true,&quot;201341983&quot;:0,&quot;335559739&quot;:150,&quot;335559740&quot;:240}\">\u00a0<\/span><\/p>\n<p aria-level=\"3\"><b><span data-contrast=\"none\">Placement<\/span><\/b><span data-ccp-props=\"{&quot;134233117&quot;:true,&quot;134233118&quot;:true,&quot;201341983&quot;:0,&quot;335559738&quot;:75,&quot;335559740&quot;:240}\">\u00a0<\/span><\/p>\n<p><span data-contrast=\"none\">Shortlisted<\/span><span data-ccp-props=\"{&quot;134233117&quot;:true,&quot;134233118&quot;:true,&quot;201341983&quot;:0,&quot;335559739&quot;:150,&quot;335559740&quot;:240}\">\u00a0<\/span><\/p>\n<p aria-level=\"3\"><b><span data-contrast=\"none\">Prize year<\/span><\/b><span data-ccp-props=\"{&quot;134233117&quot;:true,&quot;134233118&quot;:true,&quot;201341983&quot;:0,&quot;335559738&quot;:75,&quot;335559740&quot;:240}\">\u00a0<\/span><\/p>\n<p><span data-contrast=\"none\">2015<\/span><span data-ccp-props=\"{&quot;134233117&quot;:true,&quot;134233118&quot;:true,&quot;201341983&quot;:0,&quot;335559739&quot;:150,&quot;335559740&quot;:240}\">\u00a0<\/span><\/p>\n<p aria-level=\"3\"><b><span data-contrast=\"none\">Location<\/span><\/b><span data-ccp-props=\"{&quot;134233117&quot;:true,&quot;134233118&quot;:true,&quot;201341983&quot;:0,&quot;335559738&quot;:75,&quot;335559740&quot;:240}\">\u00a0<\/span><\/p>\n<p><span data-contrast=\"none\">Bucharest, Romania<\/span><span data-ccp-props=\"{&quot;134233117&quot;:true,&quot;134233118&quot;:true,&quot;201341983&quot;:0,&quot;335559739&quot;:150,&quot;335559740&quot;:240}\">\u00a0<\/span><\/p>\n<p aria-level=\"3\"><b><span data-contrast=\"none\">Year completed<\/span><\/b><span data-ccp-props=\"{&quot;134233117&quot;:true,&quot;134233118&quot;:true,&quot;201341983&quot;:0,&quot;335559738&quot;:75,&quot;335559740&quot;:240}\">\u00a0<\/span><\/p>\n<p><span data-contrast=\"none\">2014 (Year began 2011)<\/span><span data-ccp-props=\"{&quot;134233117&quot;:true,&quot;134233118&quot;:true,&quot;201341983&quot;:0,&quot;335559739&quot;:150,&quot;335559740&quot;:240}\">\u00a0<\/span><\/p>\n<p aria-level=\"3\"><b><span data-contrast=\"none\">Studios<\/span><\/b><span data-ccp-props=\"{&quot;134233117&quot;:true,&quot;134233118&quot;:true,&quot;201341983&quot;:0,&quot;335559738&quot;:75,&quot;335559740&quot;:240}\">\u00a0<\/span><\/p>\n<p><a href=\"http:\/\/www.adnba.ro\/\" target=\"_blank\" rel=\"noopener\"><span data-contrast=\"none\">ADN Birou de Arhitectura<\/span><\/a><span data-ccp-props=\"{&quot;134233117&quot;:true,&quot;134233118&quot;:true,&quot;201341983&quot;:0,&quot;335559739&quot;:150,&quot;335559740&quot;:240}\">\u00a0<\/span><\/p>\n<p aria-level=\"3\"><b><span data-contrast=\"none\">Authors<\/span><\/b><span data-ccp-props=\"{&quot;134233117&quot;:true,&quot;134233118&quot;:true,&quot;201341983&quot;:0,&quot;335559738&quot;:75,&quot;335559740&quot;:240}\">\u00a0<\/span><\/p>\n<ul>\n<li><span data-contrast=\"none\">Andrei \u0218erbescu (1977 Romania); Adrian Untaru (1977 Romania); Claudiu Forgaci (1986 Romania); Valentina \u021aig\u00e2r\u0103 (1981 Romania); Bogdan Br\u0103d\u0103\u021beanu (1980 Romania); Simina Ignat (1985 Romania)<\/span><span data-ccp-props=\"{&quot;134233117&quot;:true,&quot;134233118&quot;:true,&quot;201341983&quot;:0,&quot;335559739&quot;:150,&quot;335559740&quot;:240}\">\u00a0<\/span><\/li>\n<\/ul>\n<p aria-level=\"3\"><b><span data-contrast=\"none\">Collaborators<\/span><\/b><span data-ccp-props=\"{&quot;134233117&quot;:true,&quot;134233118&quot;:true,&quot;201341983&quot;:0,&quot;335559738&quot;:75,&quot;335559740&quot;:240}\">\u00a0<\/span><\/p>\n<ul>\n<li><b><span data-contrast=\"none\">Structural engineering:<\/span><\/b><span data-contrast=\"none\">\u202fPopp si Asociatii<\/span><\/li>\n<li><b><span data-contrast=\"none\">Engineering:<\/span><\/b><span data-contrast=\"none\">\u202fSolid Proiect<\/span><\/li>\n<li><b><span data-contrast=\"none\">Project management:<\/span><\/b><span data-contrast=\"none\">\u202fSalzburg Investment Group SA , Vision Property Partner<\/span><span data-ccp-props=\"{&quot;201341983&quot;:0,&quot;335559739&quot;:160,&quot;335559740&quot;:259}\">\u00a0<\/span><\/li>\n<\/ul>\n<p aria-level=\"3\"><b><span data-contrast=\"none\">Program<\/span><\/b><span data-ccp-props=\"{&quot;134233117&quot;:true,&quot;134233118&quot;:true,&quot;201341983&quot;:0,&quot;335559738&quot;:75,&quot;335559740&quot;:240}\">\u00a0<\/span><\/p>\n<p><span data-contrast=\"none\">Collective housing<\/span><span data-ccp-props=\"{&quot;201341983&quot;:0,&quot;335559739&quot;:160,&quot;335559740&quot;:259}\">\u00a0<\/span><\/p>\n<p aria-level=\"3\"><b><span data-contrast=\"none\">Usable floor area<\/span><\/b><span data-ccp-props=\"{&quot;134233117&quot;:true,&quot;134233118&quot;:true,&quot;201341983&quot;:0,&quot;335559738&quot;:75,&quot;335559740&quot;:240}\">\u00a0<\/span><\/p>\n<p><span data-contrast=\"none\">8.931 m\u00b2 m2<\/span><span data-ccp-props=\"{&quot;134233117&quot;:true,&quot;134233118&quot;:true,&quot;201341983&quot;:0,&quot;335559739&quot;:150,&quot;335559740&quot;:240}\">\u00a0<\/span><\/p>\n<p aria-level=\"3\"><b><span data-contrast=\"none\">Cost<\/span><\/b><span data-ccp-props=\"{&quot;134233117&quot;:true,&quot;134233118&quot;:true,&quot;201341983&quot;:0,&quot;335559738&quot;:75,&quot;335559740&quot;:240}\">\u00a0<\/span><\/p>\n<p><span data-contrast=\"none\">500 <\/span><span data-contrast=\"none\">\u0080<\/span><span data-contrast=\"none\">\u20ac\/m\u00b2 \u20ac\/m2<\/span><span data-ccp-props=\"{&quot;134233117&quot;:true,&quot;134233118&quot;:true,&quot;201341983&quot;:0,&quot;335559739&quot;:150,&quot;335559740&quot;:240}\">\u00a0<\/span><\/p>\n<p aria-level=\"3\"><b><span data-contrast=\"none\">Map<\/span><\/b><span data-ccp-props=\"{&quot;134233117&quot;:true,&quot;134233118&quot;:true,&quot;201341983&quot;:0,&quot;335559738&quot;:75,&quot;335559740&quot;:240}\">\u00a0<\/span><\/p>\n<p><span data-contrast=\"none\">LatLng: (44.44955000, 26.10880000)<\/span><span data-ccp-props=\"{&quot;134233117&quot;:true,&quot;134233118&quot;:true,&quot;201341983&quot;:0,&quot;335559739&quot;:150,&quot;335559740&quot;:240}\">\u00a0<\/span><\/p>\n<p>&nbsp;<\/p>\n<p><img loading=\"lazy\" class=\"alignnone size-medium wp-image-6220\" src=\"https:\/\/affordablehousingactivation.org\/web\/app\/uploads\/2022\/04\/NOU-LOGO-FMVRB_vector-300x151.jpg\" alt=\"\" width=\"300\" height=\"151\" srcset=\"https:\/\/affordablehousingactivation.org\/\/web\/app\/uploads\/2022\/04\/NOU-LOGO-FMVRB_vector-300x151.jpg 300w, https:\/\/affordablehousingactivation.org\/\/web\/app\/uploads\/2022\/04\/NOU-LOGO-FMVRB_vector-1024x514.jpg 1024w, https:\/\/affordablehousingactivation.org\/\/web\/app\/uploads\/2022\/04\/NOU-LOGO-FMVRB_vector-768x386.jpg 768w, https:\/\/affordablehousingactivation.org\/\/web\/app\/uploads\/2022\/04\/NOU-LOGO-FMVRB_vector-900x452.jpg 900w, https:\/\/affordablehousingactivation.org\/\/web\/app\/uploads\/2022\/04\/NOU-LOGO-FMVRB_vector-600x301.jpg 600w, https:\/\/affordablehousingactivation.org\/\/web\/app\/uploads\/2022\/04\/NOU-LOGO-FMVRB_vector.jpg 1171w\" sizes=\"(max-width: 300px) 100vw, 300px\" title=\"\"><\/p>\n","protected":false},"excerpt":{"rendered":"<p>The project is located in Mulhouse in a popular district close to the city center, currently under renovation. It includes 59 social rental dwellings developed by SOMCO, operator on public social housing. A few years after the Cit\u00e9 Manifeste experience, our common goal was to pursue the same aims: generous dwellings without increasing the rent. <\/p>\n","protected":false},"featured_media":6513,"parent":0,"template":"","meta":{"_price":"","_stock":"","_tribe_ticket_header":"","_tribe_default_ticket_provider":"Tribe__Tickets_Plus__Commerce__WooCommerce__Main","_tribe_ticket_capacity":"0","_ticket_start_date":"","_ticket_end_date":"","_tribe_ticket_show_description":"","_tribe_ticket_show_not_going":false,"_tribe_ticket_use_global_stock":"","_tribe_ticket_global_stock_level":"","_global_stock_mode":"","_global_stock_cap":"","_tribe_rsvp_for_event":"","_tribe_ticket_going_count":"","_tribe_ticket_not_going_count":"","_tribe_tickets_list":[],"_tribe_ticket_has_attendee_info_fields":false},"barrera":[117],"acf":[],"_links":{"self":[{"href":"https:\/\/affordablehousingactivation.org\/es\/wp-json\/wp\/v2\/exemplary_case\/6504"}],"collection":[{"href":"https:\/\/affordablehousingactivation.org\/es\/wp-json\/wp\/v2\/exemplary_case"}],"about":[{"href":"https:\/\/affordablehousingactivation.org\/es\/wp-json\/wp\/v2\/types\/exemplary_case"}],"wp:featuredmedia":[{"embeddable":true,"href":"https:\/\/affordablehousingactivation.org\/es\/wp-json\/wp\/v2\/media\/6513"}],"wp:attachment":[{"href":"https:\/\/affordablehousingactivation.org\/es\/wp-json\/wp\/v2\/media?parent=6504"}],"wp:term":[{"taxonomy":"barrera","embeddable":true,"href":"https:\/\/affordablehousingactivation.org\/es\/wp-json\/wp\/v2\/barrera?post=6504"}],"curies":[{"name":"wp","href":"https:\/\/api.w.org\/{rel}","templated":true}]}}