{"id":7526,"date":"2022-05-02T20:59:24","date_gmt":"2022-05-02T18:59:24","guid":{"rendered":"https:\/\/affordablehousingactivation.org\/event\/fabra-coats-social-housing\/"},"modified":"2022-05-06T18:14:56","modified_gmt":"2022-05-06T16:14:56","slug":"fabra-coats-social-housing","status":"publish","type":"exemplary_case","link":"https:\/\/affordablehousingactivation.org\/es\/casos-de-exito\/fabra-coats-social-housing\/","title":{"rendered":"Fabra &#038; Coats &#038; Social Housing"},"content":{"rendered":"<h2><span data-contrast=\"auto\">SOCIAL HOUSING<\/span><span data-ccp-props=\"{&quot;134233117&quot;:true,&quot;134233118&quot;:true,&quot;201341983&quot;:0,&quot;335559740&quot;:240}\">\u00a0<\/span><\/h2>\n<p><span data-contrast=\"auto\">The intervention in the building activates all the elements of the original building creating the new program, and reuses its physical, spatial and historical qualities to make the new construction more efficient and to reinforce the character of the original building.<\/span><span data-ccp-props=\"{&quot;134233117&quot;:true,&quot;134233118&quot;:true,&quot;201341983&quot;:0,&quot;335559740&quot;:240}\">\u00a0<\/span><\/p>\n<ol>\n<li><span data-contrast=\"auto\"> The original building is 100m long, where the first decision was to bring the value of its maximum dimension, which is the length. We access through the center creating an interior square where the promenade of the interior stairs begins in diagonal double ascending. The original building is communicated physically and visually from the ground level until the roof structure. This vestibule also connects the building to Parellada Street and the Fabra &amp; Coats complex square. This new communal space is the new structural contribution to the original building.<\/span><\/li>\n<\/ol>\n<ol start=\"2\">\n<li><span data-contrast=\"auto\"> The new construction is by assemblage, it is a dry construction with just few materials, as in the original industrial building. Wood is used in all its forms: solid, agglomerated, cross laminated&#8230; Materials are joined as if it was a textile. To sew and un-sew, the new construction by its character and assemblage, can be assembled and disassembled, so it is \u00abreversible\u00bb. The building, in the future, as a heritage element, can return to its original form of 1905, and the material used in its construction can be recycled.<\/span><\/li>\n<\/ol>\n<p><span data-contrast=\"auto\">Structural reuse of the two inner floors of the building, using them without any reinforcement (load capacity of 1,100kg\/m2) to support on both floors the two new levels of housing. We convert two floors into four, to reach this we use a wooden structure, because it is 5 times lighter than a steel structure. The wooden frame structure is a translation of the old steel structures used as shelves for the storage of the threads.<\/span><span data-ccp-props=\"{&quot;134233117&quot;:true,&quot;134233118&quot;:true,&quot;201341983&quot;:0,&quot;335559740&quot;:240}\">\u00a0<\/span><\/p>\n<ol start=\"3\">\n<li><span data-contrast=\"auto\"> Fa\u00e7ade and roof of the building as a thermic buffer for the housing units. The new housing units are placed separated from the fa\u00e7ade and the original roof of the building, with a new wooden fa\u00e7ade.<\/span><\/li>\n<\/ol>\n<p><span data-contrast=\"auto\">The in-between space is created to circulate the air; therefore, the housing units do not require the air conditioning the most part of the year. The 45cm brick wall and the ceramic tile roof of the original building provide its thermal and shading properties to the new interior building, while maintaining its presence as an interior fa\u00e7ade of the communal spaces. In this in-between space are the inner streets to access to the houses, identifying the old path of the thread packages through the crane bridge and the conveyor belts.<\/span><span data-ccp-props=\"{&quot;134233117&quot;:true,&quot;134233118&quot;:true,&quot;201341983&quot;:0,&quot;335559740&quot;:240}\">\u00a0<\/span><\/p>\n<p><img loading=\"lazy\" class=\"alignnone size-medium wp-image-7522\" src=\"https:\/\/affordablehousingactivation.org\/web\/app\/uploads\/2022\/05\/4f8a32cbcb989e0c02605991f614d2b8bdd400dc-300x212.jpeg\" alt=\"\" width=\"300\" height=\"212\" srcset=\"https:\/\/affordablehousingactivation.org\/\/web\/app\/uploads\/2022\/05\/4f8a32cbcb989e0c02605991f614d2b8bdd400dc-300x212.jpeg 300w, https:\/\/affordablehousingactivation.org\/\/web\/app\/uploads\/2022\/05\/4f8a32cbcb989e0c02605991f614d2b8bdd400dc.jpeg 382w\" sizes=\"(max-width: 300px) 100vw, 300px\" title=\"\"> <img loading=\"lazy\" class=\"alignnone size-medium wp-image-7518\" src=\"https:\/\/affordablehousingactivation.org\/web\/app\/uploads\/2022\/05\/d73625749be8fc4fc04e14d9ac48f5e627ae0f90-300x212.jpeg\" alt=\"\" width=\"300\" height=\"212\" srcset=\"https:\/\/affordablehousingactivation.org\/\/web\/app\/uploads\/2022\/05\/d73625749be8fc4fc04e14d9ac48f5e627ae0f90-300x212.jpeg 300w, https:\/\/affordablehousingactivation.org\/\/web\/app\/uploads\/2022\/05\/d73625749be8fc4fc04e14d9ac48f5e627ae0f90.jpeg 382w\" sizes=\"(max-width: 300px) 100vw, 300px\" title=\"\"><\/p>\n<h2><span data-contrast=\"auto\">CASTELLERS<\/span><span data-ccp-props=\"{&quot;134233117&quot;:true,&quot;134233118&quot;:true,&quot;201341983&quot;:0,&quot;335559740&quot;:240}\">\u00a0<\/span><\/h2>\n<p><span data-contrast=\"auto\">The former textile complex of Fabra &amp; Coats in Barcelona, built between the 19th and 20th centuries, is being gradually recovered to incorporate it into the \u201cBCN creation factories\u201d network. More than 28,000m2 in public buildings and social housing will be added to the Sant Andreu neighborhood.<\/span><span data-ccp-props=\"{&quot;134233117&quot;:true,&quot;134233118&quot;:true,&quot;201341983&quot;:0,&quot;335559740&quot;:240}\">\u00a0<\/span><\/p>\n<p><span data-contrast=\"auto\">One side of the building, the result of an extension on 1950, has been destined for the headquarters of the \u201cColla Castellera Jove\u201d in Barcelona. The adjacent building, 100 m long, has been transformed into a complex of 46 social housing units.<\/span><span data-ccp-props=\"{&quot;134233117&quot;:true,&quot;134233118&quot;:true,&quot;201341983&quot;:0,&quot;335559740&quot;:240}\">\u00a0<\/span><\/p>\n<p><span data-contrast=\"auto\">To configure the main space, the training room for human towers (10x10x10 m), is based on the analysis of human towers: pyramidal structures that work, ideally, with pure compression. Due to their operation, they fill the space, creating an empty space around them.<\/span><span data-ccp-props=\"{&quot;134233117&quot;:true,&quot;134233118&quot;:true,&quot;201341983&quot;:0,&quot;335559740&quot;:240}\">\u00a0<\/span><\/p>\n<p><span data-contrast=\"auto\">The new structure is conceived in a complementary way to a human tower: it works like a shell, creating an empty space inside. The upper floor under roof is a three-dimensional suspended structure that does not make its operation evident<\/span><span data-ccp-props=\"{&quot;134233117&quot;:true,&quot;134233118&quot;:true,&quot;201341983&quot;:0,&quot;335559740&quot;:240}\">\u00a0<\/span><\/p>\n<h2><span data-contrast=\"auto\">LIGHTWEIGHT, DRY AND REVERSIBLE CONSTRUCTION FOR HERITAGE REHABILITATION<\/span><span data-ccp-props=\"{&quot;134233117&quot;:true,&quot;134233118&quot;:true,&quot;201341983&quot;:0,&quot;335559740&quot;:240}\">\u00a0<\/span><\/h2>\n<p><span data-contrast=\"auto\">The project combines for the first time the rehabilitation of industrial heritage, the creation of social housing and wood construction. The elastic joints of the new elements resolve the compatibility between the two constructions and achieve acoustic comfort in homes that is higher than the standard.<\/span><span data-ccp-props=\"{&quot;134233117&quot;:true,&quot;134233118&quot;:true,&quot;201341983&quot;:0,&quot;335559740&quot;:240}\">\u00a0<\/span><\/p>\n<ol>\n<li><span data-contrast=\"auto\"> Conditions<\/span><\/li>\n<li><span data-contrast=\"auto\"> Minimum dimensions in construction solutions<\/span><\/li>\n<li><span data-contrast=\"auto\"> Economic limit: PEM \u20ac 1,021 \/ m2<\/span><\/li>\n<li><span data-contrast=\"auto\"> Reversible construction in response to equity<\/span><\/li>\n<\/ol>\n<ol>\n<li><span data-contrast=\"auto\"> Implemented solutions<\/span><\/li>\n<li><span data-contrast=\"auto\"> Light construction<\/span><\/li>\n<li><span data-contrast=\"auto\"> Activate the building<\/span><\/li>\n<li><span data-contrast=\"auto\"> Elastic joints in new construction<\/span><\/li>\n<\/ol>\n<ol>\n<li><span data-contrast=\"auto\"> Achievements:<\/span><\/li>\n<li><span data-contrast=\"auto\"> Rehabilitation in place of new construction:<\/span><\/li>\n<li><span data-contrast=\"auto\"> Reduction of consumption in construction<\/span><\/li>\n<li><span data-contrast=\"auto\"> Reduced demand in operation<\/span><\/li>\n<\/ol>\n<p><span data-ccp-props=\"{&quot;201341983&quot;:0,&quot;335559739&quot;:160,&quot;335559740&quot;:259}\"> <img loading=\"lazy\" class=\"alignnone size-medium wp-image-7516\" src=\"https:\/\/affordablehousingactivation.org\/web\/app\/uploads\/2022\/05\/dc9b1b3fdacb39285a7c7603f710fa54501b07fe-300x212.jpeg\" alt=\"\" width=\"300\" height=\"212\" srcset=\"https:\/\/affordablehousingactivation.org\/\/web\/app\/uploads\/2022\/05\/dc9b1b3fdacb39285a7c7603f710fa54501b07fe-300x212.jpeg 300w, https:\/\/affordablehousingactivation.org\/\/web\/app\/uploads\/2022\/05\/dc9b1b3fdacb39285a7c7603f710fa54501b07fe.jpeg 382w\" sizes=\"(max-width: 300px) 100vw, 300px\" title=\"\"> <img loading=\"lazy\" class=\"alignnone size-medium wp-image-7520\" src=\"https:\/\/affordablehousingactivation.org\/web\/app\/uploads\/2022\/05\/4227f889c96162fb59ae26b1e78080f2ccc28e57-300x212.jpeg\" alt=\"\" width=\"300\" height=\"212\" srcset=\"https:\/\/affordablehousingactivation.org\/\/web\/app\/uploads\/2022\/05\/4227f889c96162fb59ae26b1e78080f2ccc28e57-300x212.jpeg 300w, https:\/\/affordablehousingactivation.org\/\/web\/app\/uploads\/2022\/05\/4227f889c96162fb59ae26b1e78080f2ccc28e57.jpeg 382w\" sizes=\"(max-width: 300px) 100vw, 300px\" title=\"\"><\/span><\/p>\n<p aria-level=\"3\"><b><span data-contrast=\"none\">Name of work in English<\/span><\/b><span data-ccp-props=\"{&quot;134233117&quot;:true,&quot;134233118&quot;:true,&quot;201341983&quot;:0,&quot;335559738&quot;:75,&quot;335559740&quot;:240}\">\u00a0<\/span><\/p>\n<p><span data-contrast=\"none\">Fabra &amp; Coats &amp; Social Housing<\/span><span data-ccp-props=\"{&quot;134233117&quot;:true,&quot;134233118&quot;:true,&quot;201341983&quot;:0,&quot;335559739&quot;:150,&quot;335559740&quot;:240}\">\u00a0<\/span><\/p>\n<p aria-level=\"3\"><b><span data-contrast=\"none\">Name of work in original language<\/span><\/b><span data-ccp-props=\"{&quot;134233117&quot;:true,&quot;134233118&quot;:true,&quot;201341983&quot;:0,&quot;335559738&quot;:75,&quot;335559740&quot;:240}\">\u00a0<\/span><\/p>\n<p><span data-contrast=\"none\">Fabra &amp; Coats &amp; Habitatge Social<\/span><span data-ccp-props=\"{&quot;134233117&quot;:true,&quot;134233118&quot;:true,&quot;201341983&quot;:0,&quot;335559739&quot;:150,&quot;335559740&quot;:240}\">\u00a0<\/span><\/p>\n<p aria-level=\"3\"><b><span data-contrast=\"none\">Placement<\/span><\/b><span data-ccp-props=\"{&quot;134233117&quot;:true,&quot;134233118&quot;:true,&quot;201341983&quot;:0,&quot;335559738&quot;:75,&quot;335559740&quot;:240}\">\u00a0<\/span><\/p>\n<p><span data-contrast=\"none\">Shortlisted<\/span><span data-ccp-props=\"{&quot;134233117&quot;:true,&quot;134233118&quot;:true,&quot;201341983&quot;:0,&quot;335559739&quot;:150,&quot;335559740&quot;:240}\">\u00a0<\/span><\/p>\n<p aria-level=\"3\"><b><span data-contrast=\"none\">Prize year<\/span><\/b><span data-ccp-props=\"{&quot;134233117&quot;:true,&quot;134233118&quot;:true,&quot;201341983&quot;:0,&quot;335559738&quot;:75,&quot;335559740&quot;:240}\">\u00a0<\/span><\/p>\n<p><span data-contrast=\"none\">2022<\/span><span data-ccp-props=\"{&quot;134233117&quot;:true,&quot;134233118&quot;:true,&quot;201341983&quot;:0,&quot;335559739&quot;:150,&quot;335559740&quot;:240}\">\u00a0<\/span><\/p>\n<p aria-level=\"3\"><b><span data-contrast=\"none\">Location<\/span><\/b><span data-ccp-props=\"{&quot;134233117&quot;:true,&quot;134233118&quot;:true,&quot;201341983&quot;:0,&quot;335559738&quot;:75,&quot;335559740&quot;:240}\">\u00a0<\/span><\/p>\n<p><span data-contrast=\"none\">Barcelona, Spain<\/span><span data-ccp-props=\"{&quot;134233117&quot;:true,&quot;134233118&quot;:true,&quot;201341983&quot;:0,&quot;335559739&quot;:150,&quot;335559740&quot;:240}\">\u00a0<\/span><\/p>\n<p aria-level=\"3\"><b><span data-contrast=\"none\">Year completed<\/span><\/b><span data-ccp-props=\"{&quot;134233117&quot;:true,&quot;134233118&quot;:true,&quot;201341983&quot;:0,&quot;335559738&quot;:75,&quot;335559740&quot;:240}\">\u00a0<\/span><\/p>\n<p><span data-contrast=\"none\">2019 (Year began 2017)<\/span><span data-ccp-props=\"{&quot;134233117&quot;:true,&quot;134233118&quot;:true,&quot;201341983&quot;:0,&quot;335559739&quot;:150,&quot;335559740&quot;:240}\">\u00a0<\/span><\/p>\n<p aria-level=\"3\"><b><span data-contrast=\"none\">Studios<\/span><\/b><span data-ccp-props=\"{&quot;134233117&quot;:true,&quot;134233118&quot;:true,&quot;201341983&quot;:0,&quot;335559738&quot;:75,&quot;335559740&quot;:240}\">\u00a0<\/span><\/p>\n<p><a href=\"http:\/\/www.roldanberengue.com\/\" target=\"_blank\" rel=\"noopener\"><span data-contrast=\"none\">Rold\u00e1n+Berengu\u00e9, arqts.<\/span><\/a><span data-ccp-props=\"{&quot;134233117&quot;:true,&quot;134233118&quot;:true,&quot;201341983&quot;:0,&quot;335559739&quot;:150,&quot;335559740&quot;:240}\">\u00a0<\/span><\/p>\n<p aria-level=\"3\"><b><span data-contrast=\"none\">Authors<\/span><\/b><span data-ccp-props=\"{&quot;134233117&quot;:true,&quot;134233118&quot;:true,&quot;201341983&quot;:0,&quot;335559738&quot;:75,&quot;335559740&quot;:240}\">\u00a0<\/span><\/p>\n<ul>\n<li><span data-contrast=\"none\">Merc\u00e8 Berengu\u00e9 (1962 Spain); Jos\u00e9 Miguel Rold\u00e1n (1961 Spain)<\/span><span data-ccp-props=\"{&quot;134233117&quot;:true,&quot;134233118&quot;:true,&quot;201341983&quot;:0,&quot;335559739&quot;:150,&quot;335559740&quot;:240}\">\u00a0<\/span><\/li>\n<\/ul>\n<p aria-level=\"3\"><b><span data-contrast=\"none\">Collaborators<\/span><\/b><span data-ccp-props=\"{&quot;134233117&quot;:true,&quot;134233118&quot;:true,&quot;201341983&quot;:0,&quot;335559738&quot;:75,&quot;335559740&quot;:240}\">\u00a0<\/span><\/p>\n<ul>\n<li><b><span data-contrast=\"none\">Design:<\/span><\/b><span data-contrast=\"none\">\u202fRold\u00e1n Berengu\u00e9 arqts. Vicen\u00e7 Sanz, Zana Bosnic, David Espu\u00f1a\u202f<\/span><\/li>\n<li><b><span data-contrast=\"none\">Bernuz &#8211; Fern\u00e1ndez arquitectes:<\/span><\/b><span data-contrast=\"none\">\u202fJordi Bernuz\u202f<\/span><\/li>\n<li><b><span data-contrast=\"none\">Caba:<\/span><\/b><span data-contrast=\"none\">\u202fJosep Dalmau\u202f<\/span><\/li>\n<li><b><span data-contrast=\"none\">Building advising:<\/span><\/b><span data-contrast=\"none\">\u202fSalvador Arisa<\/span><span data-ccp-props=\"{&quot;201341983&quot;:0,&quot;335559739&quot;:160,&quot;335559740&quot;:259}\">\u00a0<\/span><\/li>\n<\/ul>\n<p aria-level=\"3\"><b><span data-contrast=\"none\">Program<\/span><\/b><span data-ccp-props=\"{&quot;134233117&quot;:true,&quot;134233118&quot;:true,&quot;201341983&quot;:0,&quot;335559738&quot;:75,&quot;335559740&quot;:240}\">\u00a0<\/span><\/p>\n<p><span data-contrast=\"none\">Collective housing<\/span><span data-ccp-props=\"{&quot;201341983&quot;:0,&quot;335559739&quot;:160,&quot;335559740&quot;:259}\">\u00a0<\/span><\/p>\n<p aria-level=\"3\"><b><span data-contrast=\"none\">Labels<\/span><\/b><span data-ccp-props=\"{&quot;134233117&quot;:true,&quot;134233118&quot;:true,&quot;201341983&quot;:0,&quot;335559738&quot;:75,&quot;335559740&quot;:240}\">\u00a0<\/span><\/p>\n<p><span data-contrast=\"none\">Compact, Facilities, Linear block, Social<\/span><span data-ccp-props=\"{&quot;134233117&quot;:true,&quot;134233118&quot;:true,&quot;201341983&quot;:0,&quot;335559739&quot;:150,&quot;335559740&quot;:240}\">\u00a0<\/span><\/p>\n<p aria-level=\"3\"><b><span data-contrast=\"none\">Total area<\/span><\/b><span data-ccp-props=\"{&quot;134233117&quot;:true,&quot;134233118&quot;:true,&quot;201341983&quot;:0,&quot;335559738&quot;:75,&quot;335559740&quot;:240}\">\u00a0<\/span><\/p>\n<p><span data-contrast=\"none\">1628 m2<\/span><span data-ccp-props=\"{&quot;134233117&quot;:true,&quot;134233118&quot;:true,&quot;201341983&quot;:0,&quot;335559739&quot;:150,&quot;335559740&quot;:240}\">\u00a0<\/span><\/p>\n<p aria-level=\"3\"><b><span data-contrast=\"none\">Usable floor area<\/span><\/b><span data-ccp-props=\"{&quot;134233117&quot;:true,&quot;134233118&quot;:true,&quot;201341983&quot;:0,&quot;335559738&quot;:75,&quot;335559740&quot;:240}\">\u00a0<\/span><\/p>\n<p><span data-contrast=\"none\">5392 m2<\/span><span data-ccp-props=\"{&quot;134233117&quot;:true,&quot;134233118&quot;:true,&quot;201341983&quot;:0,&quot;335559739&quot;:150,&quot;335559740&quot;:240}\">\u00a0<\/span><\/p>\n<p aria-level=\"3\"><b><span data-contrast=\"none\">Cost<\/span><\/b><span data-ccp-props=\"{&quot;134233117&quot;:true,&quot;134233118&quot;:true,&quot;201341983&quot;:0,&quot;335559738&quot;:75,&quot;335559740&quot;:240}\">\u00a0<\/span><\/p>\n<p><span data-contrast=\"none\">1024 \u20ac\/m2<\/span><span data-ccp-props=\"{&quot;134233117&quot;:true,&quot;134233118&quot;:true,&quot;201341983&quot;:0,&quot;335559739&quot;:150,&quot;335559740&quot;:240}\">\u00a0<\/span><\/p>\n<p aria-level=\"3\"><b><span data-contrast=\"none\">Client<\/span><\/b><span data-ccp-props=\"{&quot;134233117&quot;:true,&quot;134233118&quot;:true,&quot;201341983&quot;:0,&quot;335559738&quot;:75,&quot;335559740&quot;:240}\">\u00a0<\/span><\/p>\n<p><span data-contrast=\"none\">Barcelona City Council &#8211; Institut Municiapal de l&#8217;Habitatge<\/span><span data-ccp-props=\"{&quot;134233117&quot;:true,&quot;134233118&quot;:true,&quot;201341983&quot;:0,&quot;335559739&quot;:150,&quot;335559740&quot;:240}\">\u00a0<\/span><\/p>\n<p aria-level=\"3\"><b><span data-contrast=\"none\">Client Type<\/span><\/b><span data-ccp-props=\"{&quot;134233117&quot;:true,&quot;134233118&quot;:true,&quot;201341983&quot;:0,&quot;335559738&quot;:75,&quot;335559740&quot;:240}\">\u00a0<\/span><\/p>\n<p><span data-contrast=\"none\">public<\/span><span data-ccp-props=\"{&quot;134233117&quot;:true,&quot;134233118&quot;:true,&quot;201341983&quot;:0,&quot;335559739&quot;:150,&quot;335559740&quot;:240}\">\u00a0<\/span><\/p>\n<p aria-level=\"3\"><b><span data-contrast=\"none\">Map<\/span><\/b><span data-ccp-props=\"{&quot;134233117&quot;:true,&quot;134233118&quot;:true,&quot;201341983&quot;:0,&quot;335559738&quot;:75,&quot;335559740&quot;:240}\">\u00a0<\/span><\/p>\n<p><span data-contrast=\"none\">LatLng: (41.432354, 2.1907401)<\/span><span data-ccp-props=\"{&quot;134233117&quot;:true,&quot;134233118&quot;:true,&quot;201341983&quot;:0,&quot;335559739&quot;:150,&quot;335559740&quot;:240}\">\u00a0<\/span><\/p>\n<p>&nbsp;<\/p>\n<p><img loading=\"lazy\" class=\"alignnone size-medium wp-image-7228\" src=\"https:\/\/affordablehousingactivation.org\/web\/app\/uploads\/2022\/05\/NOU-LOGO-FMVRB_vector-300x151.jpg\" alt=\"\" width=\"300\" height=\"151\" srcset=\"https:\/\/affordablehousingactivation.org\/\/web\/app\/uploads\/2022\/05\/NOU-LOGO-FMVRB_vector-300x151.jpg 300w, https:\/\/affordablehousingactivation.org\/\/web\/app\/uploads\/2022\/05\/NOU-LOGO-FMVRB_vector-1024x514.jpg 1024w, https:\/\/affordablehousingactivation.org\/\/web\/app\/uploads\/2022\/05\/NOU-LOGO-FMVRB_vector-768x386.jpg 768w, https:\/\/affordablehousingactivation.org\/\/web\/app\/uploads\/2022\/05\/NOU-LOGO-FMVRB_vector-900x452.jpg 900w, https:\/\/affordablehousingactivation.org\/\/web\/app\/uploads\/2022\/05\/NOU-LOGO-FMVRB_vector-600x301.jpg 600w, https:\/\/affordablehousingactivation.org\/\/web\/app\/uploads\/2022\/05\/NOU-LOGO-FMVRB_vector.jpg 1171w\" sizes=\"(max-width: 300px) 100vw, 300px\" title=\"\"><\/p>\n","protected":false},"excerpt":{"rendered":"<p>The transformation project of the warehouse building of the old industrial complex of Fabra &#038; Coats in Barcelona is included in the process of reconversion of this textile complex of the XIX and XX centuries to incorporate it to the \u00abBCN creation factories\u00bb network. <\/p>\n","protected":false},"featured_media":7519,"parent":0,"template":"","meta":{"_price":"","_stock":"","_tribe_ticket_header":"","_tribe_default_ticket_provider":"Tribe__Tickets_Plus__Commerce__WooCommerce__Main","_tribe_ticket_capacity":"0","_ticket_start_date":"","_ticket_end_date":"","_tribe_ticket_show_description":"","_tribe_ticket_show_not_going":false,"_tribe_ticket_use_global_stock":"","_tribe_ticket_global_stock_level":"","_global_stock_mode":"","_global_stock_cap":"","_tribe_rsvp_for_event":"","_tribe_ticket_going_count":"","_tribe_ticket_not_going_count":"","_tribe_tickets_list":[],"_tribe_ticket_has_attendee_info_fields":false},"barrera":[117],"acf":[],"_links":{"self":[{"href":"https:\/\/affordablehousingactivation.org\/es\/wp-json\/wp\/v2\/exemplary_case\/7526"}],"collection":[{"href":"https:\/\/affordablehousingactivation.org\/es\/wp-json\/wp\/v2\/exemplary_case"}],"about":[{"href":"https:\/\/affordablehousingactivation.org\/es\/wp-json\/wp\/v2\/types\/exemplary_case"}],"wp:featuredmedia":[{"embeddable":true,"href":"https:\/\/affordablehousingactivation.org\/es\/wp-json\/wp\/v2\/media\/7519"}],"wp:attachment":[{"href":"https:\/\/affordablehousingactivation.org\/es\/wp-json\/wp\/v2\/media?parent=7526"}],"wp:term":[{"taxonomy":"barrera","embeddable":true,"href":"https:\/\/affordablehousingactivation.org\/es\/wp-json\/wp\/v2\/barrera?post=7526"}],"curies":[{"name":"wp","href":"https:\/\/api.w.org\/{rel}","templated":true}]}}