{"id":7799,"date":"2022-05-03T13:20:38","date_gmt":"2022-05-03T11:20:38","guid":{"rendered":"https:\/\/affordablehousingactivation.org\/?post_type=tribe_events&#038;p=7799"},"modified":"2022-05-09T19:22:46","modified_gmt":"2022-05-09T17:22:46","slug":"cambios-demograficos-y-su-impacto-en-la-vivienda","status":"publish","type":"exemplary_case","link":"https:\/\/affordablehousingactivation.org\/es\/casos-de-exito\/cambios-demograficos-y-su-impacto-en-la-vivienda\/","title":{"rendered":"Cambios demogr\u00e1ficos y su impacto en la vivienda"},"content":{"rendered":"<p><span data-contrast=\"auto\">Malta ha adoptado recientemente una nueva visi\u00f3n para el desarrollo de la pol\u00edtica de vivienda. Para ello ha sido fundamental adoptar un enfoque culturalmente sensible, que refleje las nuevas realidades que han tra\u00eddo el progreso econ\u00f3mico, la migraci\u00f3n y las nuevas tendencias de formaci\u00f3n de hogares. Esta perspectiva subraya el valor de las relaciones sociales en los hogares y los barrios, as\u00ed como la importancia de la gobernanza participativa para dar cabida a una poblaci\u00f3n multi\u00e9tnica y heterog\u00e9nea.\u202f<\/span><span data-ccp-props=\"{&quot;134233117&quot;:true,&quot;134233118&quot;:true,&quot;335551550&quot;:6,&quot;335551620&quot;:6}\">\u00a0<\/span><\/p>\n<p><span data-contrast=\"auto\">En agosto de 2020, el Ministerio para el Alojamiento Social lanz\u00f3 su primera estrategia del Sistema Nacional de Vivienda. Esto sigui\u00f3 al trabajo de 2018 de la Secretar\u00eda Parlamentaria para el Alojamiento Social, que buscaba diversificar el mercado de la vivienda utilizando objetivos a corto, medio y largo plazo. Estos inclu\u00edan la regulaci\u00f3n del sector privado de alquiler, el desarrollo de viviendas asequibles y los programas de vivienda especializados que regeneran las propiedades abandonadas o en mal estado. La estrategia se aleja de un enfoque fragmentado y burocr\u00e1tico y sit\u00faa el bienestar humano en el centro de la pol\u00edtica de vivienda y del entorno construido. Esto se lograr\u00e1 a trav\u00e9s de m\u00faltiples v\u00edas para la vivienda, incluyendo iniciativas financieras innovadoras, la reestructuraci\u00f3n de las prestaciones de vivienda y mejoras en la seguridad de la tenencia.\u202f<\/span><span data-ccp-props=\"{&quot;134233117&quot;:true,&quot;134233118&quot;:true,&quot;335551550&quot;:6,&quot;335551620&quot;:6}\">\u00a0<\/span><\/p>\n<p><span data-contrast=\"auto\">Resulta interesante que se haya desarrollado un enfoque \u00abbasado en proyectos\u00bb para dar cabida a las diferentes estructuras dom\u00e9sticas y familiares creadas por los r\u00e1pidos cambios sociales y econ\u00f3micos. En este proceso, los concursos de dise\u00f1o conectan e integran el entorno social y construido y los elementos de prestaci\u00f3n de servicios de la estrategia a trav\u00e9s de un proceso en dos fases: (a) Se hace una convocatoria abierta a organizaciones no gubernamentales (ONG), proyectos dirigidos por la comunidad, organizaciones religiosas, fideicomisos de tierras comunitarias y cooperativas de vivienda para que presenten propuestas; (b) Se hace una convocatoria abierta a todos los arquitectos y estudios de arquitectura independientes para que participen en un concurso internacional de dise\u00f1o que responda a propuestas basadas en la comunidad.\u202f<\/span><span data-ccp-props=\"{&quot;134233117&quot;:true,&quot;134233118&quot;:true,&quot;335551550&quot;:6,&quot;335551620&quot;:6}\">\u00a0<\/span><\/p>\n<p><span data-contrast=\"auto\">En el caso de los proyectos que implican talleres entre las ONG, los arquitectos y la comunidad, la dimensi\u00f3n social se incorpora en la fase de investigaci\u00f3n. En este proceso tambi\u00e9n se han establecido nuevas colaboraciones entre la C\u00e1mara de Arquitectos e Ingenieros Civiles, la Autoridad de la Vivienda y el Ministerio de Alojamiento Social. La evaluaci\u00f3n posterior a la implementaci\u00f3n garantiza el cumplimiento de un requisito de \u00abvalor social\u00bb, y el seguimiento continuo asegura el mantenimiento de los objetivos sociales. La evaluaci\u00f3n tambi\u00e9n sirve de base para futuros programas y proyectos.\u202f<\/span><span data-ccp-props=\"{&quot;134233117&quot;:true,&quot;134233118&quot;:true,&quot;335551550&quot;:6,&quot;335551620&quot;:6}\">\u00a0<\/span><\/p>\n<h2>Compartir la ciudad de Se\u00fal: Conexiones intergeneracionales para una vivienda asequible<\/h2>\n<p><span data-contrast=\"auto\">En este proyecto se ha puesto en marcha una pol\u00edtica de vivienda intergeneracional que no solo busca ampliar el acceso a la vivienda temporal, sino que tambi\u00e9n responde a problemas t\u00edpicos en los mayores como la soledad y el aislamiento. A trav\u00e9s de una aplicaci\u00f3n de tel\u00e9fono m\u00f3vil, el programa pone en contacto a j\u00f3venes adultos que necesitan temporalmente una habitaci\u00f3n con personas mayores que a\u00fan viven en sus casas familiares de origen con habitaciones libres. Este proyecto muestra el potencial de los usos alternativos de las tecnolog\u00edas de la informaci\u00f3n para generar conexiones intergeneracionales en materia de vivienda asequible.\u202f<\/span><span data-ccp-props=\"{&quot;134233117&quot;:true,&quot;134233118&quot;:true,&quot;335551550&quot;:6,&quot;335551620&quot;:6}\">\u00a0<\/span><\/p>\n<h2><span data-contrast=\"auto\">M\u00e1s informaci\u00f3n:<\/span><span data-ccp-props=\"{&quot;134233117&quot;:true,&quot;134233118&quot;:true,&quot;335551550&quot;:6,&quot;335551620&quot;:6}\">\u00a0<\/span><\/h2>\n<ul>\n<li><span data-contrast=\"auto\">Housing 2030 de la CEPE. Fuente: <\/span><a href=\"https:\/\/unece.org\/sites\/default\/files\/2021-10\/Housing2030%20study_E_web.pdf\" target=\"_blank\" rel=\"noopener\"><span data-contrast=\"none\">https:\/\/unece.org\/sites\/default\/files\/2021-10\/Housing2030%20study_E_web.pdf<\/span><\/a><span data-ccp-props=\"{&quot;134233117&quot;:true,&quot;134233118&quot;:true,&quot;335551550&quot;:6,&quot;335551620&quot;:6}\">\u00a0<\/span><\/li>\n<li><span data-contrast=\"auto\">BID Vivienda \u00bfQu\u00e9 viene?: de pensar la unidad a construir la ciudad. Fuente: <\/span><a href=\"https:\/\/publications.iadb.org\/publications\/spanish\/document\/Vivienda_Qu%C3%A9_viene_de_pensar_la_unidad_a_construir_la_ciudad.pdf\" target=\"_blank\" rel=\"noopener\"><span data-contrast=\"none\">https:\/\/publications.iadb.org\/publications\/spanish\/document\/Vivienda_Qu%C3%A9_viene_de_pensar_la_unidad_a_construir_la_ciudad.pdf<\/span><\/a><span data-ccp-props=\"{&quot;134233117&quot;:true,&quot;134233118&quot;:true,&quot;335551550&quot;:6,&quot;335551620&quot;:6}\">\u00a0<\/span><\/li>\n<\/ul>\n","protected":false},"excerpt":{"rendered":"<p>De los silos a la reforma sist\u00e9mica: la estrategia del Sistema Nacional de Vivienda de Malta.<\/p>\n","protected":false},"featured_media":6657,"parent":0,"template":"","meta":{"_price":"","_stock":"","_tribe_ticket_header":"","_tribe_default_ticket_provider":"Tribe__Tickets_Plus__Commerce__WooCommerce__Main","_tribe_ticket_capacity":"0","_ticket_start_date":"","_ticket_end_date":"","_tribe_ticket_show_description":"","_tribe_ticket_show_not_going":false,"_tribe_ticket_use_global_stock":"","_tribe_ticket_global_stock_level":"","_global_stock_mode":"","_global_stock_cap":"","_tribe_rsvp_for_event":"","_tribe_ticket_going_count":"","_tribe_ticket_not_going_count":"","_tribe_tickets_list":[],"_tribe_ticket_has_attendee_info_fields":false},"barrera":[113],"acf":[],"_links":{"self":[{"href":"https:\/\/affordablehousingactivation.org\/es\/wp-json\/wp\/v2\/exemplary_case\/7799"}],"collection":[{"href":"https:\/\/affordablehousingactivation.org\/es\/wp-json\/wp\/v2\/exemplary_case"}],"about":[{"href":"https:\/\/affordablehousingactivation.org\/es\/wp-json\/wp\/v2\/types\/exemplary_case"}],"wp:featuredmedia":[{"embeddable":true,"href":"https:\/\/affordablehousingactivation.org\/es\/wp-json\/wp\/v2\/media\/6657"}],"wp:attachment":[{"href":"https:\/\/affordablehousingactivation.org\/es\/wp-json\/wp\/v2\/media?parent=7799"}],"wp:term":[{"taxonomy":"barrera","embeddable":true,"href":"https:\/\/affordablehousingactivation.org\/es\/wp-json\/wp\/v2\/barrera?post=7799"}],"curies":[{"name":"wp","href":"https:\/\/api.w.org\/{rel}","templated":true}]}}