{"id":8229,"date":"2022-05-05T14:06:04","date_gmt":"2022-05-05T12:06:04","guid":{"rendered":"https:\/\/affordablehousingactivation.org\/?post_type=tribe_events&#038;p=8229"},"modified":"2022-05-09T19:26:43","modified_gmt":"2022-05-09T17:26:43","slug":"oportunidades-de-financiacion-indirecta","status":"publish","type":"exemplary_case","link":"https:\/\/affordablehousingactivation.org\/es\/casos-de-exito\/oportunidades-de-financiacion-indirecta\/","title":{"rendered":"Oportunidades de financiaci\u00f3n indirecta"},"content":{"rendered":"<h2><b><span data-contrast=\"auto\">Fundaci\u00f3n Nacional Danesa de la Construcci\u00f3n<\/span><\/b><span data-ccp-props=\"{&quot;134233117&quot;:true,&quot;134233118&quot;:true,&quot;335551550&quot;:6,&quot;335551620&quot;:6}\">\u00a0<\/span><\/h2>\n<p><span data-contrast=\"auto\">El Gobierno dan\u00e9s gastar\u00e1 30.000 millones de coronas danesas (4.000 millones de euros) en renovaciones ecol\u00f3gicas en el sector de la vivienda social como primer paso hacia la recuperaci\u00f3n ecol\u00f3gica. El programa pretende elevar el nivel de las viviendas m\u00e1s antiguas para que alcancen los est\u00e1ndares energ\u00e9ticos contempor\u00e1neos, aislando las paredes exteriores, los tejados y los techos, y sustituyendo las viejas ventanas por otras energ\u00e9ticamente eficientes, para conseguir un importante ahorro de calor (entre el 30% y el 40%).\u202f<\/span><span data-ccp-props=\"{&quot;134233117&quot;:true,&quot;134233118&quot;:true,&quot;335551550&quot;:6,&quot;335551620&quot;:6}\">\u00a0<\/span><\/p>\n<p><span data-contrast=\"auto\">En t\u00e9rminos pr\u00e1cticos, el plan dan\u00e9s reducir\u00e1 50.000 toneladas de CO2 y el consumo de energ\u00eda en aproximadamente 500 gigavatios hora, lo que corresponde al consumo de calor de\u202f<\/span><span data-ccp-props=\"{&quot;134233117&quot;:true,&quot;134233118&quot;:true,&quot;335551550&quot;:6,&quot;335551620&quot;:6}\">\u00a0<\/span><\/p>\n<p><span data-contrast=\"auto\">40.000 apartamentos t\u00edpicos. El plan tambi\u00e9n tiene implicaciones sociales positivas. Por ejemplo, debido al n\u00famero de unidades que se est\u00e1n renovando, contribuir\u00e1 a entregar viviendas \u00abaccesibles\u00bb (por ejemplo, aptas para personas mayores) a un tercio del precio habitual. Adem\u00e1s, permitir\u00e1 reincorporar al mercado laboral a miles de trabajadores y aprendices del sector de la construcci\u00f3n.\u202f<\/span><span data-ccp-props=\"{&quot;134233117&quot;:true,&quot;134233118&quot;:true,&quot;335551550&quot;:6,&quot;335551620&quot;:6}\">\u00a0<\/span><\/p>\n<h2><b><span data-contrast=\"auto\">La Fundaci\u00f3n para la Promoci\u00f3n de la Vivienda de Bajo Coste: Costa Rica<\/span><\/b><span data-ccp-props=\"{&quot;134233117&quot;:true,&quot;134233118&quot;:true,&quot;335551550&quot;:6,&quot;335551620&quot;:6}\">\u00a0<\/span><\/h2>\n<p><span data-contrast=\"auto\">La Fundaci\u00f3n para la Promoci\u00f3n de la Vivienda de Bajo Costo (FUPROVI) fue creada como resultado de los esfuerzos del gobierno costarricense y de la Agencia Sueca de Desarrollo Internacional (ASDI) para llevar nuevas herramientas de vivienda a las poblaciones de bajos ingresos.\u202f<\/span><span data-ccp-props=\"{&quot;134233117&quot;:true,&quot;134233118&quot;:true,&quot;335551550&quot;:6,&quot;335551620&quot;:6}\">\u00a0<\/span><\/p>\n<p><span data-contrast=\"auto\">FUPROVI represent\u00f3 un nuevo modelo de ONG que desempe\u00f1ar\u00eda un papel novedoso en los esfuerzos de mejora de la vivienda de los hogares de bajos ingresos, sirviendo de enlace tanto con los grupos de bajos ingresos como con las agencias gubernamentales de vivienda. La agencia sirvi\u00f3 como una de las \u00abEntidades Autorizadas\u00bb que administran el subsidio nacional de vivienda, combinando las funciones de asegurador ad-hoc para los pr\u00e9stamos, intermediario financiero para el subsidio, y facilitador y asesor t\u00e9cnico en el proceso de construcci\u00f3n de viviendas.\u202f<\/span><span data-ccp-props=\"{&quot;134233117&quot;:true,&quot;134233118&quot;:true,&quot;335551550&quot;:6,&quot;335551620&quot;:6}\">\u00a0<\/span><\/p>\n<h2><b><span data-contrast=\"auto\">Programa espa\u00f1ol de Rehabilitaci\u00f3n Energ\u00e9tica de Edificios (PREE)<\/span><\/b><span data-ccp-props=\"{&quot;134233117&quot;:true,&quot;134233118&quot;:true,&quot;335551550&quot;:6,&quot;335551620&quot;:6}\">\u00a0<\/span><\/h2>\n<p><span data-contrast=\"auto\">Un complemento interesante es el programa nacional espa\u00f1ol de rehabilitaci\u00f3n energ\u00e9tica de edificios -Programa de Rehabilitaci\u00f3n Energ\u00e9tica de Edificios (PREE)-, con un presupuesto de 300 millones de euros, que destina fondos a viviendas p\u00fablicas y comunidades de energ\u00eda. Un aspecto importante del PREE, adem\u00e1s de sus efectos positivos en la mejora de la eficiencia energ\u00e9tica y el medio ambiente, es su alcance social: se presta especial atenci\u00f3n a la rehabilitaci\u00f3n en edificios que acogen a colectivos vulnerables afectados por la pobreza energ\u00e9tica. En l\u00ednea con la Estrategia Nacional contra la Pobreza Energ\u00e9tica 2019-2024, se conceden ayudas adicionales para la rehabilitaci\u00f3n en edificios de viviendas cuyos propietarios hayan obtenido el bono social -el \u00abbono social el\u00e9ctrico\u00bb es un mecanismo p\u00fablico para hacer frente a la pobreza energ\u00e9tica-, seg\u00fan se determine en el proceso de selecci\u00f3n llevado a cab por las regiones.\u202f<\/span><span data-ccp-props=\"{&quot;134233117&quot;:true,&quot;134233118&quot;:true,&quot;335551550&quot;:6,&quot;335551620&quot;:6}\">\u00a0<\/span><\/p>\n<p><span data-contrast=\"auto\">La ciudad de Barcelona ofrece subvenciones de hasta el 55% del coste de las renovaciones para la generaci\u00f3n de energ\u00eda solar (tanto para las solicitudes individuales como las presentadas por una comunidad de propietarios), y de hasta el 50% del coste para las mejoras energ\u00e9ticas integrales. El Gobierno espa\u00f1ol ha aprobado un plan de subvenciones de 20 millones de euros (22,5 millones de d\u00f3lares) para apoyar la instalaci\u00f3n de capacidad solar fotovoltaica en las Islas Canarias (Solares en Canaria &#8211; SolCan). El programa SolCan para 2020 prev\u00e9 repartir los fondos p\u00fablicos entre proyectos que pueden aportar 150 MW de energ\u00eda fotovoltaica al archipi\u00e9lago, seg\u00fan el Ministerio para la Transici\u00f3n Ecol\u00f3gica y el Reto Demogr\u00e1fico.\u202f<\/span><span data-ccp-props=\"{&quot;134233117&quot;:true,&quot;134233118&quot;:true,&quot;335551550&quot;:6,&quot;335551620&quot;:6}\">\u00a0<\/span><\/p>\n<h2><span data-contrast=\"auto\">M\u00e1s informaci\u00f3n:<\/span><span data-ccp-props=\"{&quot;134233117&quot;:true,&quot;134233118&quot;:true,&quot;335551550&quot;:6,&quot;335551620&quot;:6}\">\u00a0<\/span><\/h2>\n<ul>\n<li><span data-contrast=\"auto\">Housing 2030 de la CEPE. Fuente: <\/span><a href=\"https:\/\/unece.org\/sites\/default\/files\/2021-10\/Housing2030%20study_E_web.pdf\" target=\"_blank\" rel=\"noopener\"><span data-contrast=\"none\">https:\/\/unece.org\/sites\/default\/files\/2021-10\/Housing2030%20study_E_web.pdf<\/span><\/a><span data-ccp-props=\"{}\">\u00a0<\/span><\/li>\n<li><span data-contrast=\"auto\">ONU-H\u00e1bitat sobre Tierra y Vivienda Asequible en Am\u00e9rica Latina y el Caribe. Fuente: (Grundstr\u00f6m, 2005, Linden, 2005); <\/span><a href=\"https:\/\/unhabitat.org\/sites\/default\/files\/download-manager-files\/Affordable%20land%20and%20housing%20in%20Latin%20America%20and%20the%20Caribbean.pdf\" target=\"_blank\" rel=\"noopener\"><span data-contrast=\"none\">https:\/\/unhabitat.org\/sites\/default\/files\/download-manager-files\/Affordable%20land%20and%20housing%20in%20Latin%20America%20and%20the%20Caribbean.pdf<\/span><\/a><span data-ccp-props=\"{}\">\u00a0<\/span><\/li>\n<li><span data-contrast=\"auto\">Housing 2030 de la CEPE. Fuente: <\/span><a href=\"https:\/\/unece.org\/sites\/default\/files\/2021-10\/Housing2030%20study_E_web.pdf\" target=\"_blank\" rel=\"noopener\"><span data-contrast=\"none\">https:\/\/unece.org\/sites\/default\/files\/2021-10\/Housing2030%20study_E_web.pdf<\/span><\/a><span data-ccp-props=\"{}\">\u00a0<\/span><\/li>\n<\/ul>\n<p><span data-ccp-props=\"{}\">\u00a0<\/span><\/p>\n","protected":false},"excerpt":{"rendered":"<p>\u3164<\/p>\n","protected":false},"featured_media":6657,"parent":0,"template":"","meta":{"_price":"","_stock":"","_tribe_ticket_header":"","_tribe_default_ticket_provider":"Tribe__Tickets_Plus__Commerce__WooCommerce__Main","_tribe_ticket_capacity":"0","_ticket_start_date":"","_ticket_end_date":"","_tribe_ticket_show_description":"","_tribe_ticket_show_not_going":false,"_tribe_ticket_use_global_stock":"","_tribe_ticket_global_stock_level":"","_global_stock_mode":"","_global_stock_cap":"","_tribe_rsvp_for_event":"","_tribe_ticket_going_count":"","_tribe_ticket_not_going_count":"","_tribe_tickets_list":[],"_tribe_ticket_has_attendee_info_fields":false},"barrera":[114],"acf":[],"_links":{"self":[{"href":"https:\/\/affordablehousingactivation.org\/es\/wp-json\/wp\/v2\/exemplary_case\/8229"}],"collection":[{"href":"https:\/\/affordablehousingactivation.org\/es\/wp-json\/wp\/v2\/exemplary_case"}],"about":[{"href":"https:\/\/affordablehousingactivation.org\/es\/wp-json\/wp\/v2\/types\/exemplary_case"}],"wp:featuredmedia":[{"embeddable":true,"href":"https:\/\/affordablehousingactivation.org\/es\/wp-json\/wp\/v2\/media\/6657"}],"wp:attachment":[{"href":"https:\/\/affordablehousingactivation.org\/es\/wp-json\/wp\/v2\/media?parent=8229"}],"wp:term":[{"taxonomy":"barrera","embeddable":true,"href":"https:\/\/affordablehousingactivation.org\/es\/wp-json\/wp\/v2\/barrera?post=8229"}],"curies":[{"name":"wp","href":"https:\/\/api.w.org\/{rel}","templated":true}]}}