{"id":8283,"date":"2022-05-05T20:16:58","date_gmt":"2022-05-05T18:16:58","guid":{"rendered":"https:\/\/affordablehousingactivation.org\/?post_type=tribe_events&#038;p=8283"},"modified":"2022-05-09T19:28:48","modified_gmt":"2022-05-09T17:28:48","slug":"gobernanza","status":"publish","type":"exemplary_case","link":"https:\/\/affordablehousingactivation.org\/es\/casos-de-exito\/gobernanza\/","title":{"rendered":"Gobernanza"},"content":{"rendered":"<h2><b><span data-contrast=\"auto\">Autogesti\u00f3n apoyada &#8211; Asociaciones de apartamentos cooperativos de Estonia<\/span><\/b><span data-ccp-props=\"{&quot;134233117&quot;:true,&quot;134233118&quot;:true,&quot;335551550&quot;:6,&quot;335551620&quot;:6}\">\u00a0<\/span><\/h2>\n<p><span data-contrast=\"auto\">En Estonia, como resultado de las privatizaciones masivas del parque de viviendas p\u00fablicas a principios de los a\u00f1os 90, el 97% de las personas son propietarias de su vivienda. La mayor\u00eda vive en edificios de apartamentos de varias viviendas, gestionados por asociaciones de apartamentos de tipo cooperativo. Los miembros de las asociaciones de apartamentos son responsables de la gesti\u00f3n de sus edificios bajo marcos legales definidos que apoyan su toma de decisiones. Por ejemplo, m\u00e1s del 50% de los propietarios de cada edificio deben estar de acuerdo con el alcance y el presupuesto de cualquier obra de reforma.\u202f<\/span><span data-ccp-props=\"{&quot;134233117&quot;:true,&quot;134233118&quot;:true,&quot;335551550&quot;:6,&quot;335551620&quot;:6}\">\u00a0<\/span><\/p>\n<p><span data-contrast=\"auto\">Este enfoque ha tenido mucho \u00e9xito; las cifras de Eurostat muestran que el porcentaje de hogares con bajos ingresos en Estonia que viven en viviendas deficientes ha ido disminuyendo de forma constante: de cerca del 40% en 2004, a aproximadamente la mitad en los \u00faltimos a\u00f1os. La Uni\u00f3n Estonia de Asociaciones Cooperativas de Vivienda y sus miembros han desempe\u00f1ado un papel importante en este sentido, mejorando las viviendas de baja calidad, impulsadas por la toma de decisiones colectiva y permitiendo la gesti\u00f3n de los edificios por parte de los residentes.\u202f<\/span><span data-ccp-props=\"{&quot;134233117&quot;:true,&quot;134233118&quot;:true,&quot;335551550&quot;:6,&quot;335551620&quot;:6}\">\u00a0<\/span><\/p>\n<h2><b><span data-contrast=\"auto\">Proyecto de Vivienda Social Florestan Fernandes y Jos\u00e9 Mar\u00eda Amaral en Sao Pablo (Brasil)<\/span><\/b><span data-ccp-props=\"{&quot;134233117&quot;:true,&quot;134233118&quot;:true,&quot;335551550&quot;:6,&quot;335551620&quot;:6}\">\u00a0<\/span><\/h2>\n<p><img loading=\"lazy\" class=\"alignnone size-medium wp-image-8286\" src=\"https:\/\/affordablehousingactivation.org\/web\/app\/uploads\/2022\/05\/3.4a-300x164.png\" alt=\"\" width=\"300\" height=\"164\" srcset=\"https:\/\/affordablehousingactivation.org\/\/web\/app\/uploads\/2022\/05\/3.4a-300x164.png 300w, https:\/\/affordablehousingactivation.org\/\/web\/app\/uploads\/2022\/05\/3.4a.png 313w\" sizes=\"(max-width: 300px) 100vw, 300px\" title=\"\"><\/p>\n<ul>\n<li><span data-contrast=\"auto\">Figura a: Proyecto de viviendas Florestan Fernandes y Jos\u00e9 Mar\u00eda Amaral. Fotograf\u00eda: fablablivresp. Fuente:<\/span><a href=\"https:\/\/publications.iadb.org\/publications\/spanish\/document\/Vivienda_Qu%C3%A9_viene_de_pensar_la_unidad_a_construir_la_ciudad.pdf\" target=\"_blank\" rel=\"noopener\"><span data-contrast=\"none\">https:\/\/publications.iadb.org\/publications\/spanish\/document\/Vivienda_Qu%C3%A9_viene_de_pensar_la_unidad_a_construir_la_ciudad.pdf<\/span><\/a><span data-contrast=\"auto\">\u202f\u202f<\/span><span data-ccp-props=\"{&quot;134233117&quot;:true,&quot;134233118&quot;:true,&quot;335551550&quot;:6,&quot;335551620&quot;:6}\">\u00a0<\/span><\/li>\n<\/ul>\n<p><span data-contrast=\"auto\">Proyecto de Vivienda Social Florestan Fernandes y Jos\u00e9 Mar\u00eda Amaral es un ejemplo de autogesti\u00f3n con fuerte liderazgo femenino. Parte de un programa de vivienda social llamado Mi Casa, Mi Vida \u2013 Entidades (MCMV-E), fue lanzado por el Gobierno brasile\u00f1o en 2009. Esta modalidad del programa permite a las organizaciones comunitarias gestionar todo el proceso de desarrollo de vivienda social, desde su dise\u00f1o hasta la construcci\u00f3n. En el caso del proyecto Florestan Fernandes y Jos\u00e9 Mar\u00eda Amaral, una organizaci\u00f3n comunitaria <\/span><i><span data-contrast=\"auto\">llamada Movimento dos Trabalhadores sem Terra Leste 1<\/span><\/i><span data-contrast=\"auto\"> se encarg\u00f3 de administrar los recursos y supervisar los trabajos de construcci\u00f3n. Esto incluy\u00f3 la compra y la regularizaci\u00f3n del terreno y la posibilidad de involucrar a los futuros residentes en el dise\u00f1o de los apartamentos junto al equipo de asistencia t\u00e9cnica. Adem\u00e1s de participar activamente en el dise\u00f1o y la construcci\u00f3n del proyecto y seg\u00fan las reglas del programa, las jefas de hogar pueden firmar el contrato de pr\u00e9stamo independientemente de la aceptaci\u00f3n de su c\u00f3nyuge, y los t\u00edtulos de propiedad ser\u00e1n registrados a nombre de las mujeres en el caso de las familias nucleares. Adem\u00e1s, los derechos de propiedad de las mujeres est\u00e1n garantizados incluso en caso de divorcio.\u202f<\/span><span data-ccp-props=\"{&quot;134233117&quot;:true,&quot;134233118&quot;:true,&quot;335551550&quot;:6,&quot;335551620&quot;:6}\">\u00a0<\/span><\/p>\n<h2><b><span data-contrast=\"auto\">Plan de Mejoramiento Integral de Barrios y Recuperaci\u00f3n Ambiental de la Quebrada Juan Bobo, Empresa de Desarrollo Urbano de Medell\u00edn (Colombia)<\/span><\/b><span data-ccp-props=\"{&quot;134233117&quot;:true,&quot;134233118&quot;:true,&quot;335551550&quot;:6,&quot;335551620&quot;:6}\">\u00a0<\/span><\/h2>\n<p><span data-contrast=\"auto\">\u202f<img loading=\"lazy\" class=\"alignnone size-full wp-image-8284\" src=\"https:\/\/affordablehousingactivation.org\/web\/app\/uploads\/2022\/05\/3.4b.png\" alt=\"\" width=\"217\" height=\"246\" title=\"\"><\/span><\/p>\n<ul>\n<li><span data-contrast=\"auto\">Figura b: Espacios p\u00fablicos adecuados a la topograf\u00eda. Fotograf\u00eda: cortes\u00eda Empresa de Desarrollo Urbano de Medell\u00edn. Fuente: <\/span><a href=\"https:\/\/publications.iadb.org\/publications\/spanish\/document\/Vivienda_Qu%C3%A9_viene_de_pensar_la_unidad_a_construir_la_ciudad.pdf\" target=\"_blank\" rel=\"noopener\"><span data-contrast=\"none\">https:\/\/publications.iadb.org\/publications\/spanish\/document\/Vivienda_Qu%C3%A9_viene_de_pensar_la_unidad_a_construir_la_ciudad.pdf<\/span><\/a><span data-contrast=\"auto\">\u202f\u202f<\/span><span data-ccp-props=\"{&quot;134233117&quot;:true,&quot;134233118&quot;:true}\">\u00a0<\/span><\/li>\n<\/ul>\n<p><span data-contrast=\"auto\">El Plan se hizo cargo del riesgo natural que implicaba la proliferaci\u00f3n de vivienda informal en la ciudad de Medell\u00edn. Lo hizo mediante la reubicaci\u00f3n de m\u00e1s de 1260 habitantes de sitios de vivienda de alto riesgo y la recuperaci\u00f3n de \u00e1reas de reserva ambiental y retiros a quebradas. El \u00e9xito del proyecto radica en haber actuado de manera integral incentivando la participaci\u00f3n, lo que garantiz\u00f3 soluciones afines a las necesidades locales.\u202f<\/span><span data-ccp-props=\"{&quot;134233117&quot;:true,&quot;134233118&quot;:true,&quot;335551550&quot;:6,&quot;335551620&quot;:6}\">\u00a0<\/span><\/p>\n<h2><span data-contrast=\"auto\">M\u00e1s informaci\u00f3n:<\/span><span data-ccp-props=\"{&quot;134233117&quot;:true,&quot;134233118&quot;:true,&quot;335551550&quot;:6,&quot;335551620&quot;:6}\">\u00a0<\/span><\/h2>\n<ul>\n<li><span data-contrast=\"auto\">Housing 2030 de la CEPE. Fuente: <\/span><a href=\"https:\/\/unece.org\/sites\/default\/files\/2021-10\/Housing2030%20study_E_web.pdf\" target=\"_blank\" rel=\"noopener\"><span data-contrast=\"none\">https:\/\/unece.org\/sites\/default\/files\/2021-10\/Housing2030%20study_E_web.pdf<\/span><\/a><span data-ccp-props=\"{&quot;134233117&quot;:true,&quot;134233118&quot;:true,&quot;335551550&quot;:6,&quot;335551620&quot;:6}\">\u00a0<\/span><\/li>\n<li><span data-contrast=\"auto\">\u202f<\/span><span data-contrast=\"auto\">BID Vivienda \u00bfQu\u00e9 viene?: de pensar la unidad a construir la ciudad. Fuente: <\/span><a href=\"https:\/\/publications.iadb.org\/publications\/spanish\/document\/Vivienda_Qu%C3%A9_viene_de_pensar_la_unidad_a_construir_la_ciudad.pdf\" target=\"_blank\" rel=\"noopener\"><span data-contrast=\"none\">https:\/\/publications.iadb.org\/publications\/spanish\/document\/Vivienda_Qu%C3%A9_viene_de_pensar_la_unidad_a_construir_la_ciudad.pdf<\/span><\/a><span data-ccp-props=\"{&quot;134233117&quot;:true,&quot;134233118&quot;:true,&quot;335551550&quot;:6,&quot;335551620&quot;:6}\">\u00a0<\/span><\/li>\n<\/ul>\n<p><span data-ccp-props=\"{&quot;134233117&quot;:true,&quot;134233118&quot;:true,&quot;335551550&quot;:6,&quot;335551620&quot;:6}\">\u00a0<\/span><\/p>\n","protected":false},"excerpt":{"rendered":"<p>\u3164<\/p>\n","protected":false},"featured_media":6657,"parent":0,"template":"","meta":{"_price":"","_stock":"","_tribe_ticket_header":"","_tribe_default_ticket_provider":"Tribe__Tickets_Plus__Commerce__WooCommerce__Main","_tribe_ticket_capacity":"0","_ticket_start_date":"","_ticket_end_date":"","_tribe_ticket_show_description":"","_tribe_ticket_show_not_going":false,"_tribe_ticket_use_global_stock":"","_tribe_ticket_global_stock_level":"","_global_stock_mode":"","_global_stock_cap":"","_tribe_rsvp_for_event":"","_tribe_ticket_going_count":"","_tribe_ticket_not_going_count":"","_tribe_tickets_list":[],"_tribe_ticket_has_attendee_info_fields":false},"barrera":[116],"acf":[],"_links":{"self":[{"href":"https:\/\/affordablehousingactivation.org\/es\/wp-json\/wp\/v2\/exemplary_case\/8283"}],"collection":[{"href":"https:\/\/affordablehousingactivation.org\/es\/wp-json\/wp\/v2\/exemplary_case"}],"about":[{"href":"https:\/\/affordablehousingactivation.org\/es\/wp-json\/wp\/v2\/types\/exemplary_case"}],"wp:featuredmedia":[{"embeddable":true,"href":"https:\/\/affordablehousingactivation.org\/es\/wp-json\/wp\/v2\/media\/6657"}],"wp:attachment":[{"href":"https:\/\/affordablehousingactivation.org\/es\/wp-json\/wp\/v2\/media?parent=8283"}],"wp:term":[{"taxonomy":"barrera","embeddable":true,"href":"https:\/\/affordablehousingactivation.org\/es\/wp-json\/wp\/v2\/barrera?post=8283"}],"curies":[{"name":"wp","href":"https:\/\/api.w.org\/{rel}","templated":true}]}}