{"id":8463,"date":"2022-05-06T18:21:06","date_gmt":"2022-05-06T16:21:06","guid":{"rendered":"https:\/\/affordablehousingactivation.org\/?post_type=exemplary_case&#038;p=8463"},"modified":"2022-05-06T18:21:06","modified_gmt":"2022-05-06T16:21:06","slug":"regeneracion-urbana-de-un-barrio-completo-de-madrid","status":"publish","type":"exemplary_case","link":"https:\/\/affordablehousingactivation.org\/es\/casos-de-exito\/regeneracion-urbana-de-un-barrio-completo-de-madrid\/","title":{"rendered":"REGENERACI\u00d3N URBANA DE UN BARRIO COMPLETO DE MADRID"},"content":{"rendered":"<p><span data-contrast=\"auto\">El barrio del Aeropuerto, en el Distrito de Barajas, se trata de un barrio donde conviven diferentes usos, predominando en un 60% del residencial, con manzanas ocupadas por edificios de tipolog\u00eda de bloque abierto, de tres o cinco alturas con amplias zonas ajardinadas; mientras que para el sector terciario existen superficies destinadas a equipamientos y al sector servicios modernos edificios destinados a uso de oficinas o el sector hotelero, adem\u00e1s de naves industriales.<\/span><span data-ccp-props=\"{&quot;201341983&quot;:0,&quot;335559739&quot;:160,&quot;335559740&quot;:259}\">\u00a0<\/span><\/p>\n<p><span data-contrast=\"auto\">Se construye en los a\u00f1os 60, en base a un anteproyecto redactado en 1958 por el arquitecto D. Luis Mart\u00ednez Lebrato y amparado por el Plan de Urgencia Social de Madrid en el a\u00f1o 1957 que permit\u00eda la construcci\u00f3n en todo el \u00e1mbito del Plan General con la condici\u00f3n de efectuar una cesi\u00f3n del 35% del suelo. El \u00e1rea ocupa una superficie de 5,7 Ha., tiene una poblaci\u00f3n aproximada de 1.500 habitantes (con una densidad media de 263 hab\/ha.) y se caracteriza por ser un \u00e1rea homog\u00e9nea en cuanto a tipolog\u00edas edificatorias y sistemas constructivos. El conjunto est\u00e1 integrado por 34 bloques, con 567 viviendas.\u00a0<\/span><span data-ccp-props=\"{&quot;201341983&quot;:0,&quot;335559739&quot;:160,&quot;335559740&quot;:259}\">\u00a0<\/span><\/p>\n<p><span data-contrast=\"auto\">En origen, era una barriada alejada del centro de Madrid donde el alcantarillado estaba incompleto en la mayor\u00eda de las calles y los residentes ten\u00edan que utilizar el arroyo de Rejas, que circulaba al descubierto, hasta que el Ayuntamiento lo enterr\u00f3 como consecuencia de unas riadas. El alumbrado p\u00fablico se instal\u00f3 en 1969; las goteras y las grietas eran causa de desalojos de urgencia.<\/span><span data-ccp-props=\"{&quot;201341983&quot;:0,&quot;335559739&quot;:160,&quot;335559740&quot;:259}\">\u00a0<\/span><\/p>\n<p><img loading=\"lazy\" class=\"alignnone size-medium wp-image-8482\" src=\"https:\/\/affordablehousingactivation.org\/web\/app\/uploads\/2022\/05\/CALLE-GARCANCHON-2019-300x145.png\" alt=\"\" width=\"300\" height=\"145\" srcset=\"https:\/\/affordablehousingactivation.org\/\/web\/app\/uploads\/2022\/05\/CALLE-GARCANCHON-2019-300x145.png 300w, https:\/\/affordablehousingactivation.org\/\/web\/app\/uploads\/2022\/05\/CALLE-GARCANCHON-2019-1024x494.png 1024w, https:\/\/affordablehousingactivation.org\/\/web\/app\/uploads\/2022\/05\/CALLE-GARCANCHON-2019-768x371.png 768w, https:\/\/affordablehousingactivation.org\/\/web\/app\/uploads\/2022\/05\/CALLE-GARCANCHON-2019-900x434.png 900w, https:\/\/affordablehousingactivation.org\/\/web\/app\/uploads\/2022\/05\/CALLE-GARCANCHON-2019-600x290.png 600w, https:\/\/affordablehousingactivation.org\/\/web\/app\/uploads\/2022\/05\/CALLE-GARCANCHON-2019.png 1299w\" sizes=\"(max-width: 300px) 100vw, 300px\" title=\"\"> <img loading=\"lazy\" class=\"alignnone size-medium wp-image-8480\" src=\"https:\/\/affordablehousingactivation.org\/web\/app\/uploads\/2022\/05\/CALLE-GARCANCHON-2022-300x145.png\" alt=\"\" width=\"300\" height=\"145\" srcset=\"https:\/\/affordablehousingactivation.org\/\/web\/app\/uploads\/2022\/05\/CALLE-GARCANCHON-2022-300x145.png 300w, https:\/\/affordablehousingactivation.org\/\/web\/app\/uploads\/2022\/05\/CALLE-GARCANCHON-2022-1024x494.png 1024w, https:\/\/affordablehousingactivation.org\/\/web\/app\/uploads\/2022\/05\/CALLE-GARCANCHON-2022-768x371.png 768w, https:\/\/affordablehousingactivation.org\/\/web\/app\/uploads\/2022\/05\/CALLE-GARCANCHON-2022-900x434.png 900w, https:\/\/affordablehousingactivation.org\/\/web\/app\/uploads\/2022\/05\/CALLE-GARCANCHON-2022-600x290.png 600w, https:\/\/affordablehousingactivation.org\/\/web\/app\/uploads\/2022\/05\/CALLE-GARCANCHON-2022.png 1299w\" sizes=\"(max-width: 300px) 100vw, 300px\" title=\"\"><\/p>\n<p><span data-contrast=\"auto\">Los principales problemas detectados en los espacios libres son deficiencias en el saneamiento y drenaje lo que provocan inundaciones, y terrenos sin urbanizar ocupados por coches de pol\u00edgonos cercanos.\u00a0<\/span><span data-ccp-props=\"{&quot;201341983&quot;:0,&quot;335559739&quot;:160,&quot;335559740&quot;:259}\">\u00a0<\/span><\/p>\n<p><span data-contrast=\"auto\">Las edificaciones del \u00e1mbito se encuentran en deterioro, y pr\u00e1cticamente todas ellas carecen de ascensor. Desde su construcci\u00f3n de origen, las instalaciones no han sido reemplazadas y la mayor\u00eda de ellas se encuentran obsoletas. Tambi\u00e9n carecen de aislamiento t\u00e9rmico, no est\u00e1n adaptadas a la normativa contra incendios y existen carencias y disfunciones en las redes de las diversas instalaciones existentes.\u00a0<\/span><span data-ccp-props=\"{&quot;201341983&quot;:0,&quot;335559739&quot;:160,&quot;335559740&quot;:259}\">\u00a0<\/span><\/p>\n<p><span data-contrast=\"auto\">El barrio cuenta con diferentes problemas en cuanto al uso y aprovechamiento del espacio p\u00fablico, como son:\u00a0<\/span><span data-ccp-props=\"{&quot;201341983&quot;:0,&quot;335559739&quot;:160,&quot;335559740&quot;:259}\">\u00a0<\/span><\/p>\n<ul>\n<li><span data-contrast=\"auto\">La falta de aparcamiento en todo el \u00e1mbito de actuaci\u00f3n, agravado tanto por la densidad de viviendas como por la gran cantidad de oficinas y edificios destinados al sector terciario en las proximidades. De hecho, un gran descampado, conocido como el Barrizal, es utilizado como aparcamiento provisional por los vecinos y trabajadores de la zona.<\/span><span data-ccp-props=\"{&quot;201341983&quot;:0,&quot;335559739&quot;:160,&quot;335559740&quot;:259}\">\u00a0<\/span><\/li>\n<li><span data-contrast=\"auto\">La inexistencia de grandes espacios verdes que sirvan como pulm\u00f3n para el barrio adem\u00e1s de punto de encuentro entre vecinos. <\/span><span data-ccp-props=\"{&quot;201341983&quot;:0,&quot;335559739&quot;:160,&quot;335559740&quot;:259}\">\u00a0<\/span><\/li>\n<li><span data-contrast=\"auto\">La falta de recorridos accesibles continuos que conecten distintas partes del barrio.<\/span><span data-ccp-props=\"{&quot;201341983&quot;:0,&quot;335559739&quot;:160,&quot;335559740&quot;:259}\">\u00a0<\/span><\/li>\n<li><span data-contrast=\"auto\">Problemas en el drenaje y saneamiento general del barrio donde se originan episodios recurrentes de inundaci\u00f3n durante lluvias intensas. <\/span><span data-ccp-props=\"{&quot;201341983&quot;:0,&quot;335559739&quot;:160,&quot;335559740&quot;:259}\">\u00a0<\/span><\/li>\n<\/ul>\n<p><span data-contrast=\"auto\">En 2015 fue declarada \u00c1rea de Rehabilitaci\u00f3n por la Comunidad de Madrid, cuya gesti\u00f3n ha correspondido al Ayuntamiento. La pol\u00edtica de impulso a la rehabilitaci\u00f3n a trav\u00e9s de las ayudas p\u00fablicas en Madrid ha sido un claro ejemplo de los beneficios que puede proporcionar a la ciudad y a los vecinos. La intervenci\u00f3n a trav\u00e9s de las \u00e1reas de rehabilitaci\u00f3n, desde 1994 hasta el d\u00eda de la fecha, ha conseguido preservar y restaurar el patrimonio hist\u00f3rico, garantizar la adecuaci\u00f3n estructural y funcional de los inmuebles, mejorar las condiciones de habitabilidad de las viviendas, mejorar la accesibilidad de los edificios y viviendas, renovar y mejorar las infraestructuras generales y la red de espacios p\u00fablicos e impulsar la revitalizaci\u00f3n social y potenciar la actividad comercial. Estas actuaciones han sido objeto de reconocimiento general por instituciones y organismos nacionales e internacionales<\/span><span data-ccp-props=\"{&quot;201341983&quot;:0,&quot;335559739&quot;:160,&quot;335559740&quot;:259}\">\u00a0<\/span><\/p>\n<p><span data-contrast=\"auto\">Junto a estos planes el Ayuntamiento de Madrid impulso en el 2016 el PLAN Mad-Re y en el 2018 las ayudas espec\u00edficas al Barrio del Aeropuerto, que han sido implementadas y mejoradas desde el 2020 en sucesivas convocatorias de ayudas denominadas plan REHABILITA MADRID y plan TRANSFORMA TU BARRIO.\u00a0\u00a0<\/span><span data-ccp-props=\"{&quot;201341983&quot;:0,&quot;335559739&quot;:160,&quot;335559740&quot;:259}\">\u00a0<\/span><\/p>\n<p><span data-contrast=\"auto\">Las subvenciones concedidas para la rehabilitaci\u00f3n a trav\u00e9s del Plan estatal y los planes Mad-Re Rehabilita y Transforma tu Barrio est\u00e1 compuesto por aportaciones municipales y estatales en forma de subvenciones que sufragan el 88% de la actuaci\u00f3n siendo el presupuesto medio por edificio de 475.000 euros y por vivienda de 27.600 euros. En concreto se han aportado:<\/span><span data-ccp-props=\"{&quot;201341983&quot;:0,&quot;335559739&quot;:160,&quot;335559740&quot;:259}\">\u00a0<\/span><\/p>\n<ul>\n<li><span data-contrast=\"auto\"> 604.087,86\u20ac en el Plan Estatal 2013-2016. (el Plan Estatal est\u00e1 compuesto por aportaciones municipales y estatales en forma de subvenciones)<\/span><\/li>\n<li><span data-contrast=\"auto\"> 2.282.037,40\u20ac en el Plan Estatal 2018-2021. (el Plan Estatal est\u00e1 compuesto por aportaciones municipales y estatales en forma de subvenciones)<\/span><\/li>\n<li><span data-contrast=\"auto\"> 11,8 millones de euros en aportaciones del Ayuntamiento de Madrid en sucesivas convocatorias desde 2016 hasta 2021\u00a0<\/span><\/li>\n<\/ul>\n<p><span data-contrast=\"auto\">En total hay <strong>32 fincas rehabilitada<\/strong>s, todas con ayudas p\u00fablicas, de 34 bloques que tiene el Barrio.<\/span><span data-ccp-props=\"{&quot;201341983&quot;:0,&quot;335559739&quot;:160,&quot;335559740&quot;:259}\">\u00a0<\/span><\/p>\n<p><span data-contrast=\"auto\">Al mismo tiempo que se acometi\u00f3 el proceso de rehabilitaci\u00f3n, se comenzaron procesos participativos para configurar la regeneraci\u00f3n del \u00e1mbito a trav\u00e9s de planificaci\u00f3n urban\u00edstica que buscaba regularizar la situaci\u00f3n de titularidad de los suelos y solventar los problemas detectados durante los a\u00f1os y que ha culminado en varios proyectos de urbanizaci\u00f3n del \u00e1mbito, algunos de ellos ya ejecutados.<\/span><span data-ccp-props=\"{&quot;201341983&quot;:0,&quot;335559739&quot;:160,&quot;335559740&quot;:259}\">\u00a0<\/span><\/p>\n<p><span data-contrast=\"auto\">El presupuesto de las actuaciones de regeneraci\u00f3n en el marco del Plan 2013-2016, ascienden a 600.000\u20ac aportaci\u00f3n estatal y 1.114.285,71\u20ac aportaci\u00f3n del Ayto. de Madrid.<\/span><span data-ccp-props=\"{&quot;201341983&quot;:0,&quot;335559739&quot;:160,&quot;335559740&quot;:259}\">\u00a0<\/span><\/p>\n<p><span data-contrast=\"auto\">El presupuesto de las actuaciones de regeneraci\u00f3n en el marco del Plan 2018-2021, ascienden a 596.000\u20ac aportaci\u00f3n estatal y 3.294.000\u20ac aportaci\u00f3n del Ayto de Madrid.<\/span><span data-ccp-props=\"{&quot;201341983&quot;:0,&quot;335559739&quot;:160,&quot;335559740&quot;:259}\">\u00a0<\/span><\/p>\n<p><img loading=\"lazy\" class=\"alignnone size-medium wp-image-8464\" src=\"https:\/\/affordablehousingactivation.org\/web\/app\/uploads\/2022\/05\/ZONA-VERDE-BASICA-300x186.png\" alt=\"\" width=\"300\" height=\"186\" srcset=\"https:\/\/affordablehousingactivation.org\/\/web\/app\/uploads\/2022\/05\/ZONA-VERDE-BASICA-300x186.png 300w, https:\/\/affordablehousingactivation.org\/\/web\/app\/uploads\/2022\/05\/ZONA-VERDE-BASICA.png 567w\" sizes=\"(max-width: 300px) 100vw, 300px\" title=\"\"> \u00a0<img loading=\"lazy\" class=\"alignnone size-medium wp-image-8466\" src=\"https:\/\/affordablehousingactivation.org\/web\/app\/uploads\/2022\/05\/ZONA-VERDE-BASICA-2-300x103.png\" alt=\"\" width=\"300\" height=\"103\" srcset=\"https:\/\/affordablehousingactivation.org\/\/web\/app\/uploads\/2022\/05\/ZONA-VERDE-BASICA-2-300x103.png 300w, https:\/\/affordablehousingactivation.org\/\/web\/app\/uploads\/2022\/05\/ZONA-VERDE-BASICA-2.png 567w\" sizes=\"(max-width: 300px) 100vw, 300px\" title=\"\"><\/p>\n<h2><span data-contrast=\"auto\">OBJETIVOS DEL CASO\u00a0<\/span><span data-ccp-props=\"{&quot;201341983&quot;:0,&quot;335559739&quot;:160,&quot;335559740&quot;:259}\">\u00a0<\/span><\/h2>\n<p><span data-contrast=\"auto\">Los objetivos principales se basan en la rehabilitaci\u00f3n y la reutilizaci\u00f3n de los espacios residenciales abandonados o degradados, entendiendo que juegan un papel fundamental en las pol\u00edticas de vivienda como soluci\u00f3n eficiente, sostenible y de futuro para dar respuesta a las necesidades de vivienda de la poblaci\u00f3n.<\/span><span data-ccp-props=\"{&quot;201341983&quot;:0,&quot;335559739&quot;:160,&quot;335559740&quot;:259}\">\u00a0<\/span><\/p>\n<p><span data-contrast=\"auto\">Esto implica una mejora de las condiciones de accesibilidad, conservaci\u00f3n, eficiencia energ\u00e9tica y salubridad tanto de las edificaciones como de los espacios libres, que en definitiva viene a mejorar el confort de los vecinos en sus viviendas y en su entorno urbano.<\/span><span data-ccp-props=\"{&quot;201341983&quot;:0,&quot;335559739&quot;:160,&quot;335559740&quot;:259}\">\u00a0<\/span><\/p>\n<p><span data-contrast=\"auto\">Adem\u00e1s, de lo anterior, estas operaciones de regeneraci\u00f3n urbana buscan involucrar a los vecinos en los procesos de transformaci\u00f3n de sus barrios, potenciando los lazos asociativos e impulsando el \u00aborgullo de barrio\u00bb, lo cual redundar\u00e1 finalmente en un mejor cuidado, conservaci\u00f3n y valoraci\u00f3n de sus espacios y edificaciones.<\/span><span data-ccp-props=\"{&quot;201341983&quot;:0,&quot;335559739&quot;:160,&quot;335559740&quot;:259}\">\u00a0<\/span><\/p>\n<p><span data-contrast=\"auto\">En 2016 comenz\u00f3 la primera fase que ha supuesto la rehabilitaci\u00f3n de 32 edificios, la pr\u00e1ctica totalidad del barrio, y en el 2021 se inicia la segunda fase de actuaciones que posibilite culminar el proceso de regeneraci\u00f3n urbana del barrio actuando adem\u00e1s en los espacios libres.<\/span><span data-ccp-props=\"{&quot;201341983&quot;:0,&quot;335559739&quot;:160,&quot;335559740&quot;:259}\">\u00a0<\/span><\/p>\n<p><img loading=\"lazy\" class=\"alignnone size-medium wp-image-8488\" src=\"https:\/\/affordablehousingactivation.org\/web\/app\/uploads\/2022\/05\/20-225x300.jpg\" alt=\"\" width=\"225\" height=\"300\" srcset=\"https:\/\/affordablehousingactivation.org\/\/web\/app\/uploads\/2022\/05\/20-225x300.jpg 225w, https:\/\/affordablehousingactivation.org\/\/web\/app\/uploads\/2022\/05\/20-768x1024.jpg 768w, https:\/\/affordablehousingactivation.org\/\/web\/app\/uploads\/2022\/05\/20-1152x1536.jpg 1152w, https:\/\/affordablehousingactivation.org\/\/web\/app\/uploads\/2022\/05\/20-450x600.jpg 450w, https:\/\/affordablehousingactivation.org\/\/web\/app\/uploads\/2022\/05\/20-600x800.jpg 600w, https:\/\/affordablehousingactivation.org\/\/web\/app\/uploads\/2022\/05\/20.jpg 1345w\" sizes=\"(max-width: 225px) 100vw, 225px\" title=\"\"> <img loading=\"lazy\" class=\"alignnone size-medium wp-image-8486\" src=\"https:\/\/affordablehousingactivation.org\/web\/app\/uploads\/2022\/05\/25-218x300.jpg\" alt=\"\" width=\"218\" height=\"300\" srcset=\"https:\/\/affordablehousingactivation.org\/\/web\/app\/uploads\/2022\/05\/25-218x300.jpg 218w, https:\/\/affordablehousingactivation.org\/\/web\/app\/uploads\/2022\/05\/25-744x1024.jpg 744w, https:\/\/affordablehousingactivation.org\/\/web\/app\/uploads\/2022\/05\/25-768x1057.jpg 768w, https:\/\/affordablehousingactivation.org\/\/web\/app\/uploads\/2022\/05\/25-1116x1536.jpg 1116w, https:\/\/affordablehousingactivation.org\/\/web\/app\/uploads\/2022\/05\/25-436x600.jpg 436w, https:\/\/affordablehousingactivation.org\/\/web\/app\/uploads\/2022\/05\/25-600x826.jpg 600w, https:\/\/affordablehousingactivation.org\/\/web\/app\/uploads\/2022\/05\/25.jpg 1263w\" sizes=\"(max-width: 218px) 100vw, 218px\" title=\"\"><\/p>\n<h2><span data-contrast=\"auto\">REHABILITACI\u00d3N <\/span><span data-ccp-props=\"{&quot;201341983&quot;:0,&quot;335559739&quot;:160,&quot;335559740&quot;:259}\">\u00a0<\/span><\/h2>\n<p><span data-contrast=\"auto\">Las actuaciones m\u00e1s relevantes en los edificios han consistido en:<\/span><span data-ccp-props=\"{&quot;201341983&quot;:0,&quot;335559739&quot;:160,&quot;335559740&quot;:259}\">\u00a0<\/span><\/p>\n<ul>\n<li><span data-contrast=\"auto\">Eficiencia energ\u00e9tica, la mayor\u00eda de las edificaciones no presentaban las debidas condiciones de aislamiento en cuanto a ahorro y eficiencia energ\u00e9tica, por lo que se ha actuado sobre la totalidad de la envolvente del edificio, aislando las fachadas con revestimiento continuo que evita los puentes t\u00e9rmicos, y sustituyendo las carpinter\u00edas y el acristalamiento. El sistema SATE proyectado incorpora placas de poliestireno expandido de 8cm de espesor y densidad de entre 15 y 20 Kg\/m3 y una conductividad t\u00e9rmica a 0\u00baC de 0,036 W\/mK, autoextinguible y estabilizado, con reacci\u00f3n al fuego B-s2 d0.\u00a0<\/span><\/li>\n<\/ul>\n<p><span data-contrast=\"auto\">Se completa la actuaci\u00f3n con una ejecuci\u00f3n de cubierta inclinada de panel s\u00e1ndwich con aislamiento t\u00e9rmico dispuesto sobre el forjado horizontal y entre los tabiquillos que conforman la pendiente.<\/span><span data-ccp-props=\"{&quot;201341983&quot;:0,&quot;335559739&quot;:160,&quot;335559740&quot;:259}\">\u00a0<\/span><\/p>\n<p><span data-contrast=\"auto\">Estas obras suponen un salto m\u00ednimo de dos letras (de la G a la E), y un ahorro en demanda de energ\u00eda aproximado al 60%.\u00a0 Se dejan de emitir 1.000 toneladas de CO2 anuales con unas obras t\u00e9cnicamente sencillas que modificar\u00e1n los edificios actualiz\u00e1ndolos a niveles de habitabilidad, funcionalidad, confort y calidad actuales.<\/span><span data-ccp-props=\"{&quot;201341983&quot;:0,&quot;335559739&quot;:160,&quot;335559740&quot;:259}\">\u00a0<\/span><\/p>\n<ul>\n<li><span data-contrast=\"auto\">Otras actuaciones han consistido en la instalaci\u00f3n de 37 nuevos ascensores ya que pr\u00e1cticamente la totalidad de los edificios carec\u00eda de ellos. En cuanto a obras de conservaci\u00f3n se han saneado todas las instalaciones, la fontaner\u00eda y la electricidad de todos los edificios, en salubridad se ha retirado el amianto.<\/span><\/li>\n<\/ul>\n<p><span data-contrast=\"auto\">Actualmente, est\u00e1n en marcha las obras de urbanizaci\u00f3n de la calle Pradoluengo, una de las arterias principales del barrio. Esta v\u00eda tendr\u00e1 nueva pavimentaci\u00f3n, nueva red de recogida de aguas pluviales y una renovaci\u00f3n total del alumbrado. Tambi\u00e9n se realizar\u00e1 un retranqueo de las acometidas de los distintos servicios urbanos para que los edificios residenciales puedan instalar ascensores.\u00a0<\/span><span data-ccp-props=\"{&quot;201341983&quot;:0,&quot;335559739&quot;:160,&quot;335559740&quot;:259}\">\u00a0<\/span><\/p>\n<p><span data-contrast=\"auto\">Tambi\u00e9n se prev\u00e9 habilitar una nueva zona verde en la trasera de la calle Pradoluengo, y que actualmente ocupa un aparcamiento en terrenos sin urbanizar que se suele inundar cuando hay lluvias. El objetivo es que el barrio cuente con un nuevo parque de 3.454 metros, el primero que va a tener este \u00e1mbito.<\/span><span data-ccp-props=\"{&quot;201341983&quot;:0,&quot;335559739&quot;:160,&quot;335559740&quot;:259}\">\u00a0<\/span><\/p>\n<p><img loading=\"lazy\" class=\"alignnone size-medium wp-image-8492\" src=\"https:\/\/affordablehousingactivation.org\/web\/app\/uploads\/2022\/05\/6-1-225x300.jpg\" alt=\"\" width=\"225\" height=\"300\" srcset=\"https:\/\/affordablehousingactivation.org\/\/web\/app\/uploads\/2022\/05\/6-1-225x300.jpg 225w, https:\/\/affordablehousingactivation.org\/\/web\/app\/uploads\/2022\/05\/6-1-768x1024.jpg 768w, https:\/\/affordablehousingactivation.org\/\/web\/app\/uploads\/2022\/05\/6-1-450x600.jpg 450w, https:\/\/affordablehousingactivation.org\/\/web\/app\/uploads\/2022\/05\/6-1-600x800.jpg 600w, https:\/\/affordablehousingactivation.org\/\/web\/app\/uploads\/2022\/05\/6-1.jpg 960w\" sizes=\"(max-width: 225px) 100vw, 225px\" title=\"\"> <img loading=\"lazy\" class=\"alignnone size-medium wp-image-8494\" src=\"https:\/\/affordablehousingactivation.org\/web\/app\/uploads\/2022\/05\/5-1-225x300.jpg\" alt=\"\" width=\"225\" height=\"300\" srcset=\"https:\/\/affordablehousingactivation.org\/\/web\/app\/uploads\/2022\/05\/5-1-225x300.jpg 225w, https:\/\/affordablehousingactivation.org\/\/web\/app\/uploads\/2022\/05\/5-1-768x1024.jpg 768w, https:\/\/affordablehousingactivation.org\/\/web\/app\/uploads\/2022\/05\/5-1-1152x1536.jpg 1152w, https:\/\/affordablehousingactivation.org\/\/web\/app\/uploads\/2022\/05\/5-1-450x600.jpg 450w, https:\/\/affordablehousingactivation.org\/\/web\/app\/uploads\/2022\/05\/5-1-600x800.jpg 600w, https:\/\/affordablehousingactivation.org\/\/web\/app\/uploads\/2022\/05\/5-1.jpg 1512w\" sizes=\"(max-width: 225px) 100vw, 225px\" title=\"\"><\/p>\n<h2><span data-contrast=\"auto\">REGENERACI\u00d3N URBANA <\/span><span data-ccp-props=\"{&quot;201341983&quot;:0,&quot;335559739&quot;:160,&quot;335559740&quot;:259}\">\u00a0<\/span><\/h2>\n<p><span data-contrast=\"auto\">Actualmente, est\u00e1n en marcha las obras de urbanizaci\u00f3n de la calle Pradoluengo, una de las arterias principales del barrio. Esta v\u00eda tendr\u00e1 nueva pavimentaci\u00f3n, nueva red de recogida de aguas pluviales y una renovaci\u00f3n total del alumbrado. Tambi\u00e9n se realizar\u00e1 un retranqueo de las acometidas de los distintos servicios urbanos para que los edificios residenciales puedan instalar ascensores.\u00a0<\/span><span data-ccp-props=\"{&quot;201341983&quot;:0,&quot;335559739&quot;:160,&quot;335559740&quot;:259}\">\u00a0<\/span><\/p>\n<p><span data-contrast=\"auto\">Tambi\u00e9n se prev\u00e9 habilitar una nueva zona verde en la trasera de la calle Pradoluengo, y que actualmente ocupa un aparcamiento en terrenos sin urbanizar que se suele inundar cuando hay lluvias. El objetivo es que el barrio cuente con un nuevo parque de 3.454 metros, el primero que va a tener este \u00e1mbito<\/span><span data-ccp-props=\"{&quot;201341983&quot;:0,&quot;335559739&quot;:160,&quot;335559740&quot;:259}\">\u00a0<\/span><\/p>\n<p><span data-contrast=\"auto\">Las actuaciones de esta segunda intervenci\u00f3n son:\u00a0<\/span><span data-ccp-props=\"{&quot;201341983&quot;:0,&quot;335559739&quot;:160,&quot;335559740&quot;:259}\">\u00a0<\/span><\/p>\n<ul>\n<li><strong> FASE I<\/strong><\/li>\n<\/ul>\n<ol>\n<li><span data-contrast=\"auto\"><strong>Calle Pradoluengo:<\/strong> El objetivo es convertir la calle en una plataforma \u00fanica, mejorando el tr\u00e1nsito peatonal dentro del \u00e1mbito, reordenando las plazas de aparcamiento ampliando aceras delante de las zonas donde se instalar\u00e1n los ascensores de las edificaciones, as\u00ed como la repavimentaci\u00f3n de todo el acerado.<\/span><span data-ccp-props=\"{&quot;201341983&quot;:0,&quot;335559739&quot;:160,&quot;335559740&quot;:259}\">\u00a0<\/span><\/li>\n<li><strong>Calles Medina de Pomar, Garganch\u00f3n, Fuentenebro y Trespaderne.\u00a0\u00a0<\/strong><\/li>\n<li><span data-contrast=\"auto\">En la calle <strong>Medina de Pomar<\/strong> se alinea el nuevo bordillo con la hilera de \u00e1rboles situados en la acera este, dada la representatividad de los mismos en la calle. A partir de esa alineaci\u00f3n se configura el resto de los espacios. Con la nueva configuraci\u00f3n, ambas aceras de la calle son accesibles. Se incorpora un nuevo paso de peatones y se hacen todos elevados para ralentizar el tr\u00e1fico rodado y dar prioridad y continuidad al recorrido peatonal<\/span><span data-ccp-props=\"{&quot;201341983&quot;:0,&quot;335559739&quot;:160,&quot;335559740&quot;:259}\">\u00a0<\/span><\/li>\n<li><span data-contrast=\"auto\">En la <strong>calle Fuentenebro<\/strong>, al ser continuaci\u00f3n de la calle Pradoluengo se transforma en una plataforma \u00fanica con prioridad peatonal.\u00a0 Se generan 19 plazas de aparcamiento y 1 plaza de aparcamiento PMR.<\/span><span data-ccp-props=\"{&quot;201341983&quot;:0,&quot;335559739&quot;:160,&quot;335559740&quot;:259}\">\u00a0<\/span><\/li>\n<li><span data-contrast=\"auto\">En la <strong>calle Garganch\u00f3n<\/strong> igualmente se transforma en una calle de coexistencia con prioridad peatonal. Hay que se\u00f1alar que en esta calle hay instaladas rampas y escaleras de acceso a los portales de los bloques de vivienda. Se generan 38 plazas de aparcamiento y 5 plaza de PMR.<\/span><span data-ccp-props=\"{&quot;201341983&quot;:0,&quot;335559739&quot;:160,&quot;335559740&quot;:259}\">\u00a0<\/span><\/li>\n<li><span data-contrast=\"auto\">En la <strong>calle Trespaderne<\/strong>, se dimensiona la acera y el carril bus para mejorar su accesibilidad. Se desplaza el paso de peatones central para colocarlo m\u00e1s pr\u00f3ximo al camino central del Parque y por encima de la salida de aparcamiento. El paso se protege con orejetas salvo en la acera del recorrido de los autobuses. Se generan 10 plazas de aparcamiento.<\/span><span data-ccp-props=\"{&quot;201341983&quot;:0,&quot;335559739&quot;:160,&quot;335559740&quot;:259}\">\u00a0<\/span><\/li>\n<li><span data-contrast=\"auto\">La <strong>Plazoleta<\/strong> entre Garganch\u00f3n y Trespaderne, se mantienen todos los \u00e1rboles y se crea un camino central de hormig\u00f3n que la atraviesa. Aprovechando las sombras de los \u00e1rboles, se proyecta la colocaci\u00f3n de mont\u00edculos para sentarse y crear as\u00ed \u00e1reas de estancia.<\/span><span data-ccp-props=\"{&quot;201341983&quot;:0,&quot;335559739&quot;:160,&quot;335559740&quot;:259}\">\u00a0<\/span><\/li>\n<\/ol>\n<p><img loading=\"lazy\" class=\"alignnone size-medium wp-image-8468\" src=\"https:\/\/affordablehousingactivation.org\/web\/app\/uploads\/2022\/05\/PLANO-CON-ACTUACIONES-300x203.jpg\" alt=\"\" width=\"300\" height=\"203\" srcset=\"https:\/\/affordablehousingactivation.org\/\/web\/app\/uploads\/2022\/05\/PLANO-CON-ACTUACIONES-300x203.jpg 300w, https:\/\/affordablehousingactivation.org\/\/web\/app\/uploads\/2022\/05\/PLANO-CON-ACTUACIONES-1024x694.jpg 1024w, https:\/\/affordablehousingactivation.org\/\/web\/app\/uploads\/2022\/05\/PLANO-CON-ACTUACIONES-768x520.jpg 768w, https:\/\/affordablehousingactivation.org\/\/web\/app\/uploads\/2022\/05\/PLANO-CON-ACTUACIONES-886x600.jpg 886w, https:\/\/affordablehousingactivation.org\/\/web\/app\/uploads\/2022\/05\/PLANO-CON-ACTUACIONES-600x406.jpg 600w, https:\/\/affordablehousingactivation.org\/\/web\/app\/uploads\/2022\/05\/PLANO-CON-ACTUACIONES.jpg 1144w\" sizes=\"(max-width: 300px) 100vw, 300px\" title=\"\"><\/p>\n<ul>\n<li><strong> FASE II:\u00a0<\/strong><\/li>\n<\/ul>\n<p><span data-contrast=\"auto\">Urbanizaci\u00f3n APR 21.02. Se crea una zona verde que ser\u00e1 el epicentro del Barrio como espacio de referencia, de estancia y de pulm\u00f3n para el barrio. En el centro como hito una fuente de agua que aporta confort en los meses m\u00e1s calurosos y reduce el llamado efecto \u00abisla de calor\u00bb. Conc\u00e9ntricamente a este espacio se generan distintos espacios hacia el este y oeste del parque (\u00e1reas de descanso, \u00e1reas de juegos infantiles, \u00e1rea para la pr\u00e1ctica del patinaje y deporte de ruedas, &#8230;). Adem\u00e1s, un camino de hormig\u00f3n desactivado, con un ancho de 4 m, cubierto por p\u00e9rgolas ajardinadas como elementos de soleamiento atraviesa el Parque y facilita la comunicaci\u00f3n con el resto de las \u00e1reas del barrio.<\/span><span data-ccp-props=\"{&quot;201341983&quot;:0,&quot;335559739&quot;:160,&quot;335559740&quot;:259}\">\u00a0<\/span><\/p>\n<p><span data-contrast=\"auto\">La zona V\u00eda P\u00fablica Local este (Aparcamiento), se generan 24 plazas de aparcamiento y dos plazas PMR.\u00a0<\/span><span data-ccp-props=\"{&quot;201341983&quot;:0,&quot;335559739&quot;:160,&quot;335559740&quot;:259}\">\u00a0<\/span><\/p>\n<p><span data-contrast=\"auto\">El \u00e1rea de Defensa de la Autov\u00eda es un camino con \u00e1reas de estancia con elementos como mesas de ajedrez y bancos para ofrecer a los vecinos un recorrido de encuentro entre la sombra de la vegetaci\u00f3n existente y la nueva vegetaci\u00f3n.<\/span><span data-ccp-props=\"{&quot;201341983&quot;:0,&quot;335559739&quot;:160,&quot;335559740&quot;:259}\">\u00a0<\/span><\/p>\n<p><span data-contrast=\"auto\">Por \u00faltimo, la zona V\u00eda P\u00fablica Local oeste (Bulevar), se colocan bandas de bancos a ambos lados. La pavimentaci\u00f3n y mobiliario siguen la misma l\u00ednea que el Parque.\u00a0<\/span><span data-ccp-props=\"{&quot;201341983&quot;:0,&quot;335559739&quot;:160,&quot;335559740&quot;:259}\">\u00a0<\/span><\/p>\n<p><span data-contrast=\"auto\">&#8211; Soterramiento CT y l\u00edneas de Uni\u00f3n Fenosa<\/span><span data-ccp-props=\"{&quot;201341983&quot;:0,&quot;335559739&quot;:160,&quot;335559740&quot;:259}\">\u00a0<\/span><\/p>\n<p><strong>Con todas estas actuaciones se consigue:\u00a0<\/strong><\/p>\n<ul>\n<li>CREAR \u00c1REAS DE ESTANCIA QUE EST\u00c9N CONECTADAS POR UN ITINERARIO PEATONAL ACCESIBLE: Las personas con discapacidad que sean usuarias de perros gu\u00eda o perros de asistencia gozar\u00e1n plenamente del derecho a hacer uso de los espacios p\u00fablicos urbanizados, sin que por esta causa puedan ver limitada su libertad de circulaci\u00f3n y acceso.<\/li>\n<\/ul>\n<p>Todas las instalaciones, actividades y servicios disponibles en parques y jardines est\u00e1n conectadas entre s\u00ed y con los accesos mediante, al menos, un itinerario peatonal accesible.<\/p>\n<p>Se prev\u00e9n \u00e1reas de descanso a lo largo del itinerario peatonal accesible en intervalos no superiores a 50 m, que disponen de bancos accesibles.<\/p>\n<ul>\n<li><span data-contrast=\"auto\">MOBILIARIO URBANO ADECUADO Los elementos de mobiliario urbano de uso p\u00fablico se han dise\u00f1ado y ubicados para que puedan ser utilizados de forma aut\u00f3noma y segura por todas las personas, respondiendo a las siguientes caracter\u00edsticas: su instalaci\u00f3n, de forma fija o eventual, en las \u00e1reas de uso peatonal no invadir\u00e1 el itinerario peatonal accesible.<\/span><span data-ccp-props=\"{&quot;201341983&quot;:0,&quot;335559739&quot;:160,&quot;335559740&quot;:259}\">\u00a0<\/span><\/li>\n<li><span data-contrast=\"auto\">PAVIMENTACION ADECUADA.Como se ha ido mencionado a lo largo de este apartado, se han tenido en cuenta los diferentes pavimentos seg\u00fan el uso asignado para cada \u00e1rea.<\/span><span data-ccp-props=\"{&quot;201341983&quot;:0,&quot;335559739&quot;:160,&quot;335559740&quot;:259}\">\u00a0<\/span><\/li>\n<li><span data-contrast=\"auto\">FACTOR VERDE.Se ha tenido en cuenta la plantaci\u00f3n de nuevas especies vegetales aut\u00f3ctonas para generar peque\u00f1os \u201cbosques\u201d que sirvan como elementos de templado del clima y regulen las temperaturas.<\/span><span data-ccp-props=\"{&quot;201341983&quot;:0,&quot;335559739&quot;:160,&quot;335559740&quot;:259}\">\u00a0<\/span><\/li>\n<\/ul>\n<p><span data-contrast=\"auto\">La vivienda asequible, digna y adecuada tambi\u00e9n debe ser sostenible, saludable y de calidad , garantizando los servicios y las infraestructuras de calidad es el lema de apertura de esto FORO DE VIVIENDA, y en este mismo\u00a0 sentido\u00a0 el art\u00edculo 47 de la constituci\u00f3n Espa\u00f1ola establece\u00a0 que \u00abTodos los espa\u00f1oles tienen derecho a disfrutar de una vivienda digna y adecuada. Los poderes p\u00fablicos promover\u00e1n las condiciones necesarias y establecer\u00e1n las normas pertinentes para hacer efectivo este derecho, regulando la utilizaci\u00f3n del suelo de acuerdo con el inter\u00e9s general para impedir la especulaci\u00f3n.\u00bb El caso del Barrio del aeropuerto es un claro ejemplo de c\u00f3mo la rehabilitaci\u00f3n y los esfuerzos e impulsos generados a trav\u00e9s de las pol\u00edticas p\u00fablicas es posible alcanzar los objetivos perseguidos en este Forum Internacional.<\/span><span data-ccp-props=\"{&quot;201341983&quot;:0,&quot;335559739&quot;:160,&quot;335559740&quot;:259}\">\u00a0<\/span><\/p>\n<p><span data-contrast=\"auto\">El caso de \u00e9xito que se expone presenta una soluci\u00f3n real de actuaci\u00f3n en un barrio vulnerable desde el punto de vista social, econ\u00f3mico y ambiental, que va desde la regeneraci\u00f3n del barrio hasta la rehabilitaci\u00f3n de los edificios y las viviendas de los ciudadanos.<\/span><span data-ccp-props=\"{&quot;201341983&quot;:0,&quot;335559739&quot;:160,&quot;335559740&quot;:259}\">\u00a0<\/span><\/p>\n<p><span data-contrast=\"auto\">\u00a0A trav\u00e9s del proceso rehabilitador se consigue mejorar las condiciones de habitabilidad de las viviendas y su entorno edificado mejorando par\u00e1metros tales como el confort t\u00e9rmico, la calidad del aire, el factor verde, la mejora en la accesibilidad o la salubridad.\u00a0\u00a0 El proceso de rehabilitaci\u00f3n y las pol\u00edticas empleadas para ello est\u00e1n adem\u00e1s aunadas con:<\/span><span data-ccp-props=\"{&quot;201341983&quot;:0,&quot;335559739&quot;:160,&quot;335559740&quot;:259}\">\u00a0<\/span><\/p>\n<ul>\n<li><span data-contrast=\"auto\"> los objetivos de la Agenda Urbana Espa\u00f1ola, en concreto el objetivo n\u00famero 2, EVITAR LA DISPERSION URBANA Y REVITALIZAR LA CIUDAD EXISTENTE, el objetivo n\u00famero 8, GARANTIZAR EL ACCESO A LA VIVIENDA y el objetivo Numero 10 MEJORAR LOS INSTRUMENTOS DE INTERVENCION Y LA GOBERNANZA.\u00a0\u00a0<\/span><\/li>\n<li><span data-contrast=\"auto\"> dan cumplimiento a los OBJETIVOS DE DESARROLLO SOSTENIBLES, en concreto el 11 IMPULSAR CIUDADES Y COMUNIDADES SOSTENIBLES y ACCESIBLES,\u00a0<\/span><\/li>\n<li><span data-contrast=\"auto\"> y por \u00faltimo y no por ello menos importante persigue dar cumplimiento a los objetivos de neutralidad clim\u00e1tica y des-carbonizaci\u00f3n expresados en el Plan Nacional Integrado\u00a0 de Energ\u00eda y Clima (PNIEC) la Estrategia largo Plazo para la Rehabilitaci\u00f3n Energ\u00e9tica en el sector de la edificaci\u00f3n Espa\u00f1ola (ERESEE) y que ha durante la creciente pandemia alcanzo un grado de difusi\u00f3n y relevancia superior al de los \u00faltimos a\u00f1os, QUE ha puesto de manifiesto y magnificado las diferencias sociales durante los confinamientos debido en gran medida a las condiciones de las viviendas existentes.<\/span><\/li>\n<\/ul>\n<p><span data-contrast=\"auto\">En el caso expuesto quedan ejemplarizados todas las mejoras en los instrumentos de intervenci\u00f3n y la gobernanza:\u00a0<\/span><span data-ccp-props=\"{&quot;201341983&quot;:0,&quot;335559739&quot;:160,&quot;335559740&quot;:259}\">\u00a0<\/span><\/p>\n<ul>\n<li><span data-contrast=\"auto\">Simplificando la gesti\u00f3n. <\/span><span data-ccp-props=\"{&quot;201341983&quot;:0,&quot;335559739&quot;:160,&quot;335559740&quot;:259}\">\u00a0<\/span><\/li>\n<li><span data-contrast=\"auto\">Asegurar la participaci\u00f3n ciudadana y generar confianza en el proyecto<\/span><span data-ccp-props=\"{&quot;201341983&quot;:0,&quot;335559739&quot;:160,&quot;335559740&quot;:259}\">\u00a0<\/span><\/li>\n<li><span data-contrast=\"auto\">Impulsar la capacitaci\u00f3n Local y mejorando la financiaci\u00f3n<\/span><span data-ccp-props=\"{&quot;201341983&quot;:0,&quot;335559739&quot;:160,&quot;335559740&quot;:259}\">\u00a0<\/span><\/li>\n<li><span data-contrast=\"auto\">Amplificar la comunicaci\u00f3n y la difusi\u00f3n. <\/span><span data-ccp-props=\"{&quot;201341983&quot;:0,&quot;335559739&quot;:160,&quot;335559740&quot;:259}\">\u00a0<\/span><\/li>\n<\/ul>\n<p><span data-contrast=\"auto\">No hay que olvidar por otra parte que la rehabilitaci\u00f3n de la ciudad existente es un claro motor de creaci\u00f3n de empleo que impulsa la actividad econ\u00f3mica del\u00a0 propio entorno rehabilitado, generando por tanto un h\u00e1bitat favorable en todos los sentidos y\u00a0 mitigando los DESAJUSTES de calidad de vivienda existentes entre distintas zonas de la ciudad.\u00a0<\/span><span data-ccp-props=\"{&quot;201341983&quot;:0,&quot;335559739&quot;:160,&quot;335559740&quot;:259}\">\u00a0<\/span><\/p>\n<p><span data-contrast=\"auto\">Desde el punto de vista de la FINANCIACION, los mecanismos puestos a disposici\u00f3n del barrio a trav\u00e9s de las distintos programas de subvenciones as\u00ed como los acuerdos y protocolos suscritos por el \u00c1rea Delegada de vivienda del Ayuntamiento de Madrid con el Instituto de Cr\u00e9dito Oficial (ICO) y con algunas entidades financieras que est\u00e1n interesadas en colaborar para fomentar el acceso a la financiaci\u00f3n de las obras de rehabilitaci\u00f3n y regeneraci\u00f3n urbana en la ciudad de Madrid\u00a0 han resultado muy eficaces para cimentar la asequibilidad de este tipo de actuaciones.<\/span><span data-ccp-props=\"{&quot;201341983&quot;:0,&quot;335559739&quot;:160,&quot;335559740&quot;:259}\">\u00a0<\/span><\/p>\n<p><img loading=\"lazy\" class=\"alignnone size-medium wp-image-8478\" src=\"https:\/\/affordablehousingactivation.org\/web\/app\/uploads\/2022\/05\/CALLE-SALINAS-DE-ROSIO-FEBRERO-2022-300x225.png\" alt=\"\" width=\"300\" height=\"225\" srcset=\"https:\/\/affordablehousingactivation.org\/\/web\/app\/uploads\/2022\/05\/CALLE-SALINAS-DE-ROSIO-FEBRERO-2022-300x225.png 300w, https:\/\/affordablehousingactivation.org\/\/web\/app\/uploads\/2022\/05\/CALLE-SALINAS-DE-ROSIO-FEBRERO-2022.png 567w\" sizes=\"(max-width: 300px) 100vw, 300px\" title=\"\"><\/p>\n<p><span data-contrast=\"auto\">A continuaci\u00f3n, concretamos las medidas que el \u00c1rea Delegada de Vivienda a trav\u00e9s de DG Vivienda, Rehabilitaci\u00f3n y Regeneraci\u00f3n ha puesto en marcha en el proyecto de BARRIO DEL AEROPUERTO y que son un ejemplo de las empleadas en otros barrios de la ciudad: <\/span><span data-ccp-props=\"{&quot;201341983&quot;:0,&quot;335559739&quot;:160,&quot;335559740&quot;:259}\">\u00a0<\/span><\/p>\n<h2><span data-contrast=\"auto\">DIFUSI\u00d3N DEL PROYECTO Y LOS MECANISMOS Y POL\u00cdTICAS DE AYUDA <\/span><span data-ccp-props=\"{&quot;201341983&quot;:0,&quot;335559739&quot;:160,&quot;335559740&quot;:259}\">\u00a0<\/span><\/h2>\n<ul>\n<li><span data-contrast=\"auto\">A trav\u00e9s de la web www.transformamadrid.es. los vecinos tienen en un \u00fanico portal toda la informaci\u00f3n relevante sobre los procesos de adaptabilidad, rehabilitaci\u00f3n y regeneraci\u00f3n urbana. <\/span><span data-ccp-props=\"{&quot;201341983&quot;:0,&quot;335559739&quot;:160,&quot;335559740&quot;:259}\">\u00a0<\/span><\/li>\n<li><span data-contrast=\"auto\">A trav\u00e9s de tr\u00edpticos y v\u00eddeos explicativos, as\u00ed como una gu\u00eda r\u00e1pida y un compendio de preguntas frecuentes se intenta salvar la dificultad del lenguaje jur\u00eddico en las convocatorias.<\/span><span data-ccp-props=\"{&quot;201341983&quot;:0,&quot;335559739&quot;:160,&quot;335559740&quot;:259}\">\u00a0<\/span><\/li>\n<\/ul>\n<h2><span data-contrast=\"auto\">SIMPLIFICACI\u00d3N EN LA GESTI\u00d3N DE LAS AYUDAS PARA LA REHABILITACI\u00d3N DE LAS VIVIENDAS<\/span><span data-ccp-props=\"{&quot;201341983&quot;:0,&quot;335559739&quot;:160,&quot;335559740&quot;:259}\">\u00a0<\/span><\/h2>\n<ul>\n<li><span data-contrast=\"auto\">Se han puesto a disposici\u00f3n modelos unificados de documentos para solicitar las ayudas de financiaci\u00f3n a las actuaciones, no exigiendo la presentaci\u00f3n de todos aquellos documentos que no sean imprescindibles, eliminando as\u00ed un gran volumen de documentaci\u00f3n a aportar.<\/span><span data-ccp-props=\"{&quot;201341983&quot;:0,&quot;335559739&quot;:160,&quot;335559740&quot;:259}\">\u00a0<\/span><\/li>\n<li><span data-contrast=\"auto\">Se han unificado convocatorias de ayudas por tipolog\u00eda (Plan ADAPTA para vivienda, el Plan REHABILITA para edificios de vivienda y sus zonas comunes y TRANSFORMA TU BARRIO para la gestion de ayudas a barrios completos), se pretende abarcar las tres escalas del \u00e1mbito urbana: la vivienda, el edificio y el barrio vulnerable. Una inversi\u00f3n municipal que llega a los 131,5 mill \u20ac a sumar a las cantidades mencionadas en los planes estatales en los \u00faltimos tres a\u00f1os, 2020, 2021 y 2022. Estas ayudas son compatibles con otros planes de otras Administraciones Publicas<\/span><span data-ccp-props=\"{&quot;201341983&quot;:0,&quot;335559739&quot;:160,&quot;335559740&quot;:259}\">\u00a0<\/span><\/li>\n<\/ul>\n<h2><span data-contrast=\"auto\">MEDICI\u00d3N Y DIFUSI\u00d3N DE RESULTADOS<\/span><span data-ccp-props=\"{&quot;201341983&quot;:0,&quot;335559739&quot;:160,&quot;335559740&quot;:259}\">\u00a0<\/span><\/h2>\n<p><span data-contrast=\"auto\">Para ganar la confianza en los resultados a obtener es fundamental poder medir y difundir los resultados, para ello se ha creado el\u00a0 Plan de monitorizaci\u00f3n: ESTRATEGIA HABITA MADRID, un plan estrat\u00e9gico para medir los h\u00e1bitos de consumo energ\u00e9tico y hacer la vivienda m\u00e1s confortable y que adem\u00e1s persigue mostrar datos reales que demuestren la implicaci\u00f3n de la rehabilitaci\u00f3n del sector residencial en los objetivos de descarbonizaci\u00f3n ambiental fijados en las distintas hojas de ruta nacionales e internacionales (Agenda 2030, el Pacto Verde Europeo (2019) y la Ley Clim\u00e1tica Europea obliga a conseguir la neutralidad clim\u00e1tica a partir de 2050 etc) En concreto en el Barrio del aeropuerto se est\u00e1 monitorizando un edificio con 3 portales y un total de 15 viviendas de las cuales se van a monitorizar 4 de ellas. Los interesados han realizado las encuestas llevadas a cabo por el Instituto Eduardo Torroja. Tienen contratados los equipos de monitorizaci\u00f3n, pero a\u00fan no se han instalado. <\/span><span data-ccp-props=\"{&quot;201341983&quot;:0,&quot;335559739&quot;:160,&quot;335559740&quot;:259}\">\u00a0<\/span><\/p>\n<h2><span data-contrast=\"auto\">ACOMPA\u00d1AMIENTO EN EL PROCESO<\/span><span data-ccp-props=\"{&quot;201341983&quot;:0,&quot;335559739&quot;:160,&quot;335559740&quot;:259}\">\u00a0<\/span><\/h2>\n<p><span data-contrast=\"auto\">Se ha creado una oficina espec\u00edfica, Oficina Verde con el objetivo de crear un punto de encuentro y de referencia para todos en materia energ\u00e9tica, un punto de informaci\u00f3n de las ayudas p\u00fablicas, un altavoz para convencer de la importancia de la eficiencia energ\u00e9tica en el tejido residencial de la capital y con el objetivo de que la ciudadan\u00eda de Madrid hago un uso m\u00e1s racional de la energ\u00eda en sus hogares.<\/span><span data-ccp-props=\"{&quot;201341983&quot;:0,&quot;335559739&quot;:160,&quot;335559740&quot;:259}\">\u00a0<\/span><\/p>\n<h2><span data-contrast=\"auto\">FINANCIACI\u00d3N P\u00daBLICO PRIVADA <\/span><span data-ccp-props=\"{&quot;201341983&quot;:0,&quot;335559739&quot;:160,&quot;335559740&quot;:259}\">\u00a0<\/span><\/h2>\n<p><span data-contrast=\"auto\">-Colaboraci\u00f3n p\u00fablico privada en la financiaci\u00f3n a trav\u00e9s de protocolos y acuerdos con el Instituto de Cr\u00e9dito Oficial (ICO) y con algunas entidades financieras que est\u00e1n interesadas en colaborar para fomentar el acceso a la financiaci\u00f3n de las obras de rehabilitaci\u00f3n y regeneraci\u00f3n urbana en la ciudad de Madrid.<\/span><span data-ccp-props=\"{&quot;201341983&quot;:0,&quot;335559739&quot;:160,&quot;335559740&quot;:259}\">\u00a0<\/span><\/p>\n<p><span data-contrast=\"auto\">Por \u00faltimo, mencionar la oportunidad de continuidad de este tipo de pol\u00edticas que brinda la irrupci\u00f3n de los fondos europeos en el \u00e1mbito del Plan de Recuperaci\u00f3n, Transformaci\u00f3n y Resiliencia de Espa\u00f1a destinados prioritariamente a la rehabilitaci\u00f3n en t\u00e9rminos de sostenibilidad y mejora de la eficiencia energ\u00e9tica de nuestras viviendas y entornos urbanos. El impulso de estas l\u00edneas de pol\u00edtica de vivienda y regeneraci\u00f3n urbana en este escenario se presenta como una oportunidad y necesidad de regeneraci\u00f3n al mismo tiempo.<\/span><span data-ccp-props=\"{&quot;201341983&quot;:0,&quot;335559739&quot;:160,&quot;335559740&quot;:259}\">\u00a0<\/span><\/p>\n<h2>EVOLUCI\u00d3N<\/h2>\n<p><strong>Marzo 2019<\/strong><\/p>\n<p><img loading=\"lazy\" class=\"alignnone size-medium wp-image-8474\" src=\"https:\/\/affordablehousingactivation.org\/web\/app\/uploads\/2022\/05\/EVOLUCION-MARZO-2019-300x144.png\" alt=\"\" width=\"300\" height=\"144\" srcset=\"https:\/\/affordablehousingactivation.org\/\/web\/app\/uploads\/2022\/05\/EVOLUCION-MARZO-2019-300x144.png 300w, https:\/\/affordablehousingactivation.org\/\/web\/app\/uploads\/2022\/05\/EVOLUCION-MARZO-2019-1024x493.png 1024w, https:\/\/affordablehousingactivation.org\/\/web\/app\/uploads\/2022\/05\/EVOLUCION-MARZO-2019-768x370.png 768w, https:\/\/affordablehousingactivation.org\/\/web\/app\/uploads\/2022\/05\/EVOLUCION-MARZO-2019-900x433.png 900w, https:\/\/affordablehousingactivation.org\/\/web\/app\/uploads\/2022\/05\/EVOLUCION-MARZO-2019-600x289.png 600w, https:\/\/affordablehousingactivation.org\/\/web\/app\/uploads\/2022\/05\/EVOLUCION-MARZO-2019.png 1090w\" sizes=\"(max-width: 300px) 100vw, 300px\" title=\"\"><\/p>\n<p><strong>Marzo 2021<\/strong><\/p>\n<p><img loading=\"lazy\" class=\"alignnone size-medium wp-image-8472\" src=\"https:\/\/affordablehousingactivation.org\/web\/app\/uploads\/2022\/05\/EVOLUCION-MARZO-2021-300x144.png\" alt=\"\" width=\"300\" height=\"144\" srcset=\"https:\/\/affordablehousingactivation.org\/\/web\/app\/uploads\/2022\/05\/EVOLUCION-MARZO-2021-300x144.png 300w, https:\/\/affordablehousingactivation.org\/\/web\/app\/uploads\/2022\/05\/EVOLUCION-MARZO-2021-1024x493.png 1024w, https:\/\/affordablehousingactivation.org\/\/web\/app\/uploads\/2022\/05\/EVOLUCION-MARZO-2021-768x370.png 768w, https:\/\/affordablehousingactivation.org\/\/web\/app\/uploads\/2022\/05\/EVOLUCION-MARZO-2021-900x433.png 900w, https:\/\/affordablehousingactivation.org\/\/web\/app\/uploads\/2022\/05\/EVOLUCION-MARZO-2021-600x289.png 600w, https:\/\/affordablehousingactivation.org\/\/web\/app\/uploads\/2022\/05\/EVOLUCION-MARZO-2021.png 1090w\" sizes=\"(max-width: 300px) 100vw, 300px\" title=\"\"><\/p>\n<p><strong>Marzo 2022<\/strong><\/p>\n<p><img loading=\"lazy\" class=\"alignnone size-medium wp-image-8470\" src=\"https:\/\/affordablehousingactivation.org\/web\/app\/uploads\/2022\/05\/EVOLUCION-MARZO-2022-300x144.png\" alt=\"\" width=\"300\" height=\"144\" srcset=\"https:\/\/affordablehousingactivation.org\/\/web\/app\/uploads\/2022\/05\/EVOLUCION-MARZO-2022-300x144.png 300w, https:\/\/affordablehousingactivation.org\/\/web\/app\/uploads\/2022\/05\/EVOLUCION-MARZO-2022-1024x493.png 1024w, https:\/\/affordablehousingactivation.org\/\/web\/app\/uploads\/2022\/05\/EVOLUCION-MARZO-2022-768x370.png 768w, https:\/\/affordablehousingactivation.org\/\/web\/app\/uploads\/2022\/05\/EVOLUCION-MARZO-2022-900x433.png 900w, https:\/\/affordablehousingactivation.org\/\/web\/app\/uploads\/2022\/05\/EVOLUCION-MARZO-2022-600x289.png 600w, https:\/\/affordablehousingactivation.org\/\/web\/app\/uploads\/2022\/05\/EVOLUCION-MARZO-2022.png 1090w\" sizes=\"(max-width: 300px) 100vw, 300px\" title=\"\"><\/p>\n<div style=\"width: 800px;\" class=\"wp-video\"><!--[if lt IE 9]><script>document.createElement('video');<\/script><![endif]-->\n<video class=\"wp-video-shortcode\" id=\"video-8463-1\" width=\"800\" height=\"450\" preload=\"metadata\" controls=\"controls\"><source type=\"video\/mp4\" src=\"https:\/\/affordablehousingactivation.org\/web\/app\/uploads\/2022\/05\/20220418_131619.mp4?_=1\" \/><a href=\"https:\/\/affordablehousingactivation.org\/web\/app\/uploads\/2022\/05\/20220418_131619.mp4\">https:\/\/affordablehousingactivation.org\/web\/app\/uploads\/2022\/05\/20220418_131619.mp4<\/a><\/video><\/div>\n<p><img loading=\"lazy\" class=\"alignnone size-medium wp-image-8476\" src=\"https:\/\/affordablehousingactivation.org\/web\/app\/uploads\/2022\/05\/emvs-1-300x193.jpg\" alt=\"\" width=\"300\" height=\"193\" srcset=\"https:\/\/affordablehousingactivation.org\/\/web\/app\/uploads\/2022\/05\/emvs-1-300x193.jpg 300w, https:\/\/affordablehousingactivation.org\/\/web\/app\/uploads\/2022\/05\/emvs-1.jpg 400w\" sizes=\"(max-width: 300px) 100vw, 300px\" title=\"\"><\/p>\n","protected":false},"excerpt":{"rendered":"<p>Se trata de un caso de regeneraci\u00f3n urbana integral, es decir, en el cual se a\u00fana la rehabilitaci\u00f3n de las edificaciones con le regeneraci\u00f3n de los espacios libres degradados para reactivar la actividad en el barrio, mejorando la afecci\u00f3n y vinculaci\u00f3n al mismo de sus habitantes.\u00a0<\/p>\n","protected":false},"featured_media":8480,"parent":0,"template":"","meta":{"_price":"","_stock":"","_tribe_ticket_header":"","_tribe_default_ticket_provider":"","_tribe_ticket_capacity":"0","_ticket_start_date":"","_ticket_end_date":"","_tribe_ticket_show_description":"","_tribe_ticket_show_not_going":false,"_tribe_ticket_use_global_stock":"","_tribe_ticket_global_stock_level":"","_global_stock_mode":"","_global_stock_cap":"","_tribe_rsvp_for_event":"","_tribe_ticket_going_count":"","_tribe_ticket_not_going_count":"","_tribe_tickets_list":[],"_tribe_ticket_has_attendee_info_fields":false},"barrera":[],"acf":[],"_links":{"self":[{"href":"https:\/\/affordablehousingactivation.org\/es\/wp-json\/wp\/v2\/exemplary_case\/8463"}],"collection":[{"href":"https:\/\/affordablehousingactivation.org\/es\/wp-json\/wp\/v2\/exemplary_case"}],"about":[{"href":"https:\/\/affordablehousingactivation.org\/es\/wp-json\/wp\/v2\/types\/exemplary_case"}],"wp:featuredmedia":[{"embeddable":true,"href":"https:\/\/affordablehousingactivation.org\/es\/wp-json\/wp\/v2\/media\/8480"}],"wp:attachment":[{"href":"https:\/\/affordablehousingactivation.org\/es\/wp-json\/wp\/v2\/media?parent=8463"}],"wp:term":[{"taxonomy":"barrera","embeddable":true,"href":"https:\/\/affordablehousingactivation.org\/es\/wp-json\/wp\/v2\/barrera?post=8463"}],"curies":[{"name":"wp","href":"https:\/\/api.w.org\/{rel}","templated":true}]}}