{"id":8511,"date":"2022-05-07T12:56:01","date_gmt":"2022-05-07T10:56:01","guid":{"rendered":"https:\/\/affordablehousingactivation.org\/?post_type=exemplary_case&#038;p=8511"},"modified":"2022-05-07T12:56:01","modified_gmt":"2022-05-07T10:56:01","slug":"affordable-bio-houses","status":"publish","type":"exemplary_case","link":"https:\/\/affordablehousingactivation.org\/es\/casos-de-exito\/affordable-bio-houses\/","title":{"rendered":"AFFORDABLE BIO \u2013 HOUSES"},"content":{"rendered":"<p><span data-contrast=\"auto\">Las viviendas est\u00e1n planteadas para la ciudad de Santa Cruz de la Sierra Bolivia, que en este tiempo es una de las ciudades con mayor crecimiento urbano en el mundo.<\/span><span data-ccp-props=\"{}\">\u00a0<\/span><\/p>\n<p><span data-contrast=\"auto\">Una vivienda asequible para el usuario, deber\u00eda serlo tanto en costos de construcci\u00f3n como en costos de servicio b\u00e1sicos (consumo energ\u00e9tico y consumo de agua) la vivienda nos brinda protecci\u00f3n a lo largo de nuestras vidas y si le sumamos la posibilidad de contribuir a nuestra seguridad alimentaria tendr\u00edamos en ella un refugio seguro en tiempos de crisis clim\u00e1tica, sanitarias y sociales.\u00a0 Y esto podemos lograrlo si incorporamos en el programa arquitect\u00f3nico sistemas bioclim\u00e1ticos y espacios verdes para los huertos ya sean verticales u horizontales con sistema hidrop\u00f3nico, es decir que los cultivos pueden crecer sin necesidad de estar en la superficie del suelo.<\/span><span data-ccp-props=\"{}\">\u00a0<\/span><\/p>\n<p><span data-contrast=\"auto\">La propuesta est\u00e1 planteada para la ciudad de Santa Cruz de la Sierra &#8211; Bolivia, en un \u00e1rea habitacional donde las parcelas tienen una dimensi\u00f3n de 12mt de ancho x 30mt de fondo (360m2), es una dimensi\u00f3n muy habitual en la ciudad y en muchas ocasiones las familias llegan a compartir la parcela con sus allegados, creando micro n\u00facleos familiares en el mismo sitio, mayormente con un caos funcional y sin una previa planificaci\u00f3n.<\/span><span data-ccp-props=\"{}\">\u00a0<\/span><\/p>\n<p><span data-contrast=\"auto\">Esta Realidad es el punto de partida para generar la propuesta AFFORDABLE BIO-HOUSES posibilitando la creaci\u00f3n de 4 viviendas bioclim\u00e1ticas, asequibles y sustentables de 37 m2 de superficie construida y 77 m2 de terreno propio por cada parcela de 360m2. Logrando crear un espacio urbano eco- sostenible que se articula a la trama urbana de la zona.<\/span><span data-ccp-props=\"{}\">\u00a0<\/span><\/p>\n<p><span data-contrast=\"auto\">Las viviendas se enfocan en crear un equilibrio entre los espacios internos y externos, rescatamos la experiencia que nos dej\u00f3 la emergencia sanitaria mundial, valorando los espacios abiertos y verdes, que sean capaces de convertirse en el punto focal del proyecto.<\/span><span data-ccp-props=\"{}\">\u00a0<\/span><\/p>\n<p><span data-contrast=\"auto\">Las viviendas est\u00e1n planteadas para familias en pareja o personas independientes, internamente la vivienda se resuelve en 3 \u00e1reas: \u00c1rea h\u00fameda, Espacio intermedio, Dormitorio.<\/span><span data-ccp-props=\"{}\">\u00a0<\/span><\/p>\n<p><span data-contrast=\"auto\">Antes de ingresar a la vivienda se encuentra el Hall de acceso que es un espacio semi-cubierto de transici\u00f3n entre el exterior y el interior.<\/span><span data-ccp-props=\"{}\">\u00a0<\/span><\/p>\n<ul>\n<li><span data-contrast=\"auto\">P\u00f3rtico Huerto Vertical Hidrop\u00f3nico<\/span><span data-ccp-props=\"{}\">\u00a0<\/span><\/li>\n<li><span data-contrast=\"auto\">Hall semi-cubierto<\/span><span data-ccp-props=\"{}\">\u00a0<\/span><\/li>\n<li><span data-contrast=\"auto\">Cocina tipo Barra<\/span><span data-ccp-props=\"{}\">\u00a0<\/span><\/li>\n<li><span data-contrast=\"auto\">Lavadora<\/span><span data-ccp-props=\"{}\">\u00a0<\/span><\/li>\n<li><span data-contrast=\"auto\">Ba\u00f1o<\/span><span data-ccp-props=\"{}\">\u00a0<\/span><\/li>\n<li><span data-contrast=\"auto\">Espacio intermedio <\/span><span data-ccp-props=\"{}\">\u00a0<\/span><\/li>\n<li><span data-contrast=\"auto\">Dormitorio<\/span><span data-ccp-props=\"{}\">\u00a0<\/span><\/li>\n<\/ul>\n<p><img loading=\"lazy\" class=\"alignnone size-medium wp-image-8518\" src=\"https:\/\/affordablehousingactivation.org\/web\/app\/uploads\/2022\/05\/1_Imagen-Instagram-300x300.jpg\" alt=\"\" width=\"300\" height=\"300\" srcset=\"https:\/\/affordablehousingactivation.org\/\/web\/app\/uploads\/2022\/05\/1_Imagen-Instagram-300x300.jpg 300w, https:\/\/affordablehousingactivation.org\/\/web\/app\/uploads\/2022\/05\/1_Imagen-Instagram-1024x1024.jpg 1024w, https:\/\/affordablehousingactivation.org\/\/web\/app\/uploads\/2022\/05\/1_Imagen-Instagram-150x150.jpg 150w, https:\/\/affordablehousingactivation.org\/\/web\/app\/uploads\/2022\/05\/1_Imagen-Instagram-768x768.jpg 768w, https:\/\/affordablehousingactivation.org\/\/web\/app\/uploads\/2022\/05\/1_Imagen-Instagram-600x600.jpg 600w, https:\/\/affordablehousingactivation.org\/\/web\/app\/uploads\/2022\/05\/1_Imagen-Instagram-100x100.jpg 100w, https:\/\/affordablehousingactivation.org\/\/web\/app\/uploads\/2022\/05\/1_Imagen-Instagram.jpg 1080w\" sizes=\"(max-width: 300px) 100vw, 300px\" title=\"\"><\/p>\n<p><span data-contrast=\"auto\">Se propone un p\u00f3rtico frontal\u00a0 que enmarca la vivienda y sirve para el desarrollo de un huerto vertical con un sistema hidrop\u00f3nico formado por tuber\u00edas de PVC que se conectan al tanque que recicla el agua de lluvia y por medio de una peque\u00f1a bomba que se alimenta de la energ\u00eda solar, el agua con la soluci\u00f3n nutritiva se bombea\u00a0 a los cultivos y recircula continuamente , este sistema que no necesita el sustrato o suelo mantiene en funcionamiento el cultivo de varios vegetales como (tomates, pepinos, pimentones, acelgas, cebollines, lechugas, etc.)\u00a0\u00a0<\/span><span data-ccp-props=\"{}\">\u00a0<\/span><\/p>\n<p><span data-contrast=\"auto\">Adem\u00e1s brinda un hermoso espacio verde que se convierte en la fachada principal de las viviendas, sirviendo como un p\u00f3rtico de ingreso y a la vez un espacio para desconectarse de la rutina y buscar alivio y salud emocional.\u00a0<\/span><span data-ccp-props=\"{}\">\u00a0<\/span><\/p>\n<p><span data-contrast=\"auto\">Las viviendas contemplan sobre las cubiertas la instalaci\u00f3n de paneles solares para su consumo energ\u00e9tico y el excedente distribuirlo a la red p\u00fablica, que a mediano plazo podr\u00eda generarles ingresos extras a los ocupantes de las viviendas, los desag\u00fces pluviales de la cubierta derivan y almacenan el agua de lluvia a unos tanques de reserva instalados en c\u00e1maras subterr\u00e1neas cerca del \u00e1rea sanitaria. El agua de lluvia se recicla para el suministro de lavadoras, inodoros y alimentar los huertos verticales hidrop\u00f3nicos que aportan a la seguridad alimentaria de sus ocupantes.<\/span><span data-ccp-props=\"{}\">\u00a0<\/span><\/p>\n<p><span data-contrast=\"auto\">Arquitectura Yngrid Echalar Guti\u00e9rrez, oficina de arquitectura con sede en Santa Cruz- Bolivia desarrolla sus proyectos arquitect\u00f3nicos alineados con los 17 Objetivos de Desarrollo Sostenible de la Agenda 2030 lanzada por ONU- HABITAT, mencionamos algunos de ellos que se incorporan al proyecto AFFORDABLE BIO-HOUSES<\/span><span data-ccp-props=\"{}\">\u00a0<\/span><\/p>\n<ol>\n<li><span data-contrast=\"auto\"> Hambre Cero<\/span><\/li>\n<li><span data-contrast=\"auto\"> Salud y Bienestar<\/span><\/li>\n<li><span data-contrast=\"auto\"> Ciudades y Comunidades Sostenibles<\/span><\/li>\n<li><span data-contrast=\"auto\"> Acci\u00f3n por el Clima<\/span><\/li>\n<\/ol>\n<p><span data-contrast=\"auto\">Al enmarcar el proyecto dentro de estos objetivos, se logra contribuir a que la vivienda digna y asequible sea nuestra aliada para contribuir a mejorar la calidad de vida de los ciudadanos y contribuir al cuidado del medioambiente.<\/span><span data-ccp-props=\"{}\">\u00a0<\/span><\/p>\n<p><img loading=\"lazy\" class=\"alignnone size-medium wp-image-8514\" src=\"https:\/\/affordablehousingactivation.org\/web\/app\/uploads\/2022\/05\/2_Imagen-Instagram-300x300.jpg\" alt=\"\" width=\"300\" height=\"300\" srcset=\"https:\/\/affordablehousingactivation.org\/\/web\/app\/uploads\/2022\/05\/2_Imagen-Instagram-300x300.jpg 300w, https:\/\/affordablehousingactivation.org\/\/web\/app\/uploads\/2022\/05\/2_Imagen-Instagram-1024x1024.jpg 1024w, https:\/\/affordablehousingactivation.org\/\/web\/app\/uploads\/2022\/05\/2_Imagen-Instagram-150x150.jpg 150w, https:\/\/affordablehousingactivation.org\/\/web\/app\/uploads\/2022\/05\/2_Imagen-Instagram-768x768.jpg 768w, https:\/\/affordablehousingactivation.org\/\/web\/app\/uploads\/2022\/05\/2_Imagen-Instagram-600x600.jpg 600w, https:\/\/affordablehousingactivation.org\/\/web\/app\/uploads\/2022\/05\/2_Imagen-Instagram-100x100.jpg 100w, https:\/\/affordablehousingactivation.org\/\/web\/app\/uploads\/2022\/05\/2_Imagen-Instagram.jpg 1080w\" sizes=\"(max-width: 300px) 100vw, 300px\" title=\"\"><\/p>\n<h2><b><span data-contrast=\"auto\">Objetivos<\/span><\/b><\/h2>\n<p><span data-contrast=\"auto\">Adquirir una vivienda econ\u00f3mica y con una reducci\u00f3n de costos significativos en el consumo de servicios b\u00e1sicos como el agua o la energ\u00eda. Gracias a sus conceptos bioclim\u00e1ticos aplicados al proyecto.<\/span><span data-ccp-props=\"{}\">\u00a0<\/span><\/p>\n<ul>\n<li><span data-contrast=\"auto\">Permitir el cultivo de alimentos en casa, por medio de los huertos verticales hidrop\u00f3nicos, contribuyendo a incrementar la seguridad alimentaria de sus ocupantes y reducir el costo de vida de los usuarios <\/span><span data-ccp-props=\"{}\">\u00a0<\/span><\/li>\n<li><span data-contrast=\"auto\">Garantizar el derecho a poseer espacios abiertos, donde puedan conectarse f\u00edsicamente y visualmente con el suelo, cielo y el sol, elementos universales que componen nuestro h\u00e1bitat. <\/span><span data-ccp-props=\"{}\">\u00a0<\/span><\/li>\n<li><span data-contrast=\"auto\">Optimizar el fraccionamiento de las parcelas, para desarrollar viviendas con espacios verdes adaptadas al clima y a las costumbres locales de convivencia. (vida al aire libre y\/o en el patio).<\/span><span data-ccp-props=\"{}\">\u00a0<\/span><\/li>\n<\/ul>\n<p><span data-contrast=\"auto\">El proyecto plantea el dise\u00f1o de viviendas asequibles y sustentables siguiendo la linea que plantea el Foro, el valor a\u00f1adido es implementar en este tipo de viviendas los huertos para el cultivo de vegetales ya sean verticales u horizontales con sistema hidrop\u00f3nico.\u00a0<\/span><span data-ccp-props=\"{}\">\u00a0<\/span><\/p>\n<p><span data-contrast=\"auto\">Logrando que la vivienda sea una aliada para reducir nuestro costo de vida, aportando insumos para garantizar nuestra seguridad alimentaria. y tambi\u00e9n reduciendo el costo en el consumo mensual o anual de servicios b\u00e1sicos como la energ\u00eda y el agua.<\/span><span data-ccp-props=\"{}\">\u00a0<\/span><\/p>\n<p><span data-contrast=\"auto\">De igual manera reconectar al usuario con la vida en exteriores, disfrutar los espacios abiertos en la vivienda.<\/span><span data-ccp-props=\"{}\">\u00a0<\/span><\/p>\n<h2><b><span data-contrast=\"auto\">Autora<\/span><\/b><\/h2>\n<p><span data-contrast=\"auto\">Yngrid Echalar Guti\u00e9rrez (1981) arquitecta boliviana, obtuvo su licenciatura en la UPSA Universidad Privada de Santa Cruz de la Sierra \u2013 Bolivia y su Postgrado en Arquitectura Bioclim\u00e1tica en la UPC Universitat Polit\u00e8cnica de Catalunya \u2013 Barcelona, Espa\u00f1a. Adem\u00e1s posee un diplomado en Gesti\u00f3n de Proyectos en la UCB Universidad Cat\u00f3lica Boliviana.\u00a0<\/span><span data-ccp-props=\"{}\">\u00a0<\/span><\/p>\n<p><span data-contrast=\"auto\">Es miembro de la Fundaci\u00f3n Arquitectura Contempor\u00e1nea (C\u00f3rdoba Espa\u00f1a) y miembro del PMI Madrid. Project Management Institute.\u00a0<\/span><span data-ccp-props=\"{}\">\u00a0<\/span><\/p>\n<p><span data-contrast=\"auto\">Fundo su propio estudio de arquitectura el a\u00f1o 2013:\u00a0 Arquitectura Yngrid Echalar Guti\u00e9rrez, con sede en Santa Cruz de la Sierra Bolivia.<\/span><span data-ccp-props=\"{}\">\u00a0<\/span><\/p>\n<h2><b><span data-contrast=\"auto\">Organizaci\u00f3n<\/span><\/b><\/h2>\n<ul>\n<li><span data-contrast=\"auto\">Arquitectura Yngrid Echalar Guti\u00e9rrez: Empresa Privada.<\/span><span data-ccp-props=\"{}\">\u00a0<\/span><\/li>\n<\/ul>\n<p><span data-contrast=\"auto\">Estudio de arquitectura fundado el a\u00f1o 2013 por la arquitecta Yngrid Echalar Guti\u00e9rrez (1981)\u00a0 en la ciudad de Santa Cruz de la Sierra &#8211; Bolivia.<\/span><span data-ccp-props=\"{}\">\u00a0<\/span><\/p>\n<p><span data-contrast=\"auto\">La oficina tiene experiencia en el Desarrollo y Dise\u00f1o de arquitectura comercial, habitacional y cultural de varias escalas. Con un enfoque Global en la Investigaci\u00f3n y el Desarrollo de Proyectos Arquitect\u00f3nicos y Urbanos, para la creaci\u00f3n e investigaci\u00f3n de nuevas tipolog\u00edas, an\u00e1lisis y conceptualizaci\u00f3n del futuro de la arquitectura.<\/span><span data-ccp-props=\"{}\">\u00a0<\/span><\/p>\n<p><span data-contrast=\"auto\">La oficina Arquitectura Yngrid Echalar Guti\u00e9rrez recientemente ha sido admitida como miembro de la iniciativa de la comisi\u00f3n europea New European Bauhaus para participar de manera activa en la co-creaci\u00f3n de proyectos e iniciativas, alineados con el acuerdo verde europeo.<\/span><span data-ccp-props=\"{}\">\u00a0<\/span><\/p>\n","protected":false},"excerpt":{"rendered":"<p>AFFORDABLE BIO \u2013 HOUSES es una propuesta de dise\u00f1o arquitect\u00f3nico y urbano, de viviendas asequibles bioclim\u00e1ticas con la incorporaci\u00f3n de huertos verticales hidrop\u00f3nicos,\u00a0 desarrolladas en una sola planta de 37m2 y 77m2 de terreno con un \u00edndice ocupacional del terreno del 48% dando prioridad a los espacios al aire libre con derecho al contacto f\u00edsico con el suelo, y contacto visual con el cielo y el sol.<\/p>\n","protected":false},"featured_media":8512,"parent":0,"template":"","meta":{"_price":"","_stock":"","_tribe_ticket_header":"","_tribe_default_ticket_provider":"","_tribe_ticket_capacity":"0","_ticket_start_date":"","_ticket_end_date":"","_tribe_ticket_show_description":"","_tribe_ticket_show_not_going":false,"_tribe_ticket_use_global_stock":"","_tribe_ticket_global_stock_level":"","_global_stock_mode":"","_global_stock_cap":"","_tribe_rsvp_for_event":"","_tribe_ticket_going_count":"","_tribe_ticket_not_going_count":"","_tribe_tickets_list":[],"_tribe_ticket_has_attendee_info_fields":false},"barrera":[121],"acf":[],"_links":{"self":[{"href":"https:\/\/affordablehousingactivation.org\/es\/wp-json\/wp\/v2\/exemplary_case\/8511"}],"collection":[{"href":"https:\/\/affordablehousingactivation.org\/es\/wp-json\/wp\/v2\/exemplary_case"}],"about":[{"href":"https:\/\/affordablehousingactivation.org\/es\/wp-json\/wp\/v2\/types\/exemplary_case"}],"wp:featuredmedia":[{"embeddable":true,"href":"https:\/\/affordablehousingactivation.org\/es\/wp-json\/wp\/v2\/media\/8512"}],"wp:attachment":[{"href":"https:\/\/affordablehousingactivation.org\/es\/wp-json\/wp\/v2\/media?parent=8511"}],"wp:term":[{"taxonomy":"barrera","embeddable":true,"href":"https:\/\/affordablehousingactivation.org\/es\/wp-json\/wp\/v2\/barrera?post=8511"}],"curies":[{"name":"wp","href":"https:\/\/api.w.org\/{rel}","templated":true}]}}