{"id":8542,"date":"2022-05-07T13:11:05","date_gmt":"2022-05-07T11:11:05","guid":{"rendered":"https:\/\/affordablehousingactivation.org\/?post_type=exemplary_case&#038;p=8542"},"modified":"2022-05-07T13:12:03","modified_gmt":"2022-05-07T11:12:03","slug":"carabanchel-34","status":"publish","type":"exemplary_case","link":"https:\/\/affordablehousingactivation.org\/es\/casos-de-exito\/carabanchel-34\/","title":{"rendered":"CARABANCHEL 34"},"content":{"rendered":"<p><span data-contrast=\"auto\">La visita que se propone a este <\/span><b><span data-contrast=\"auto\">edificio promovido \u00edntegramente por la EMVS<\/span><\/b><span data-contrast=\"auto\">, es posiblemente una visita al futuro.<\/span><span data-ccp-props=\"{&quot;201341983&quot;:0,&quot;335559740&quot;:259}\">\u00a0<\/span><\/p>\n<p><span data-contrast=\"auto\">Carabanchel 34 es una apuesta absolutamente innovadora, un tipo de construcci\u00f3n de vanguardia que agrupa las viviendas ordenadamente en una pastilla edificatoria con doble orientaci\u00f3n.<\/span><span data-ccp-props=\"{&quot;201341983&quot;:0,&quot;335559740&quot;:259}\">\u00a0<\/span><\/p>\n<p><span data-contrast=\"auto\">La vivienda de 1 dormitorio dispone de zona de d\u00eda formada por cocina, tendedero y estar comedor, y la zona de noche que la integran un ba\u00f1o y un dormitorio. La vivienda de 2 dormitorios dispone de zona de d\u00eda formada por cocina, tendedero y estar-comedor y la zona de noche que la integran un ba\u00f1o y dos dormitorios. La vivienda de 3 dormitorios dispone de zona de d\u00eda formada por cocina, tendedero y estar-comedor y la zona de noche que la integran un dormitorio principal con ba\u00f1o incorporado y dos dormitorios y un ba\u00f1o.\u00a0<\/span><span data-ccp-props=\"{&quot;201341983&quot;:0,&quot;335559740&quot;:259}\">\u00a0<\/span><\/p>\n<p><img loading=\"lazy\" class=\"alignnone size-medium wp-image-8534\" src=\"https:\/\/affordablehousingactivation.org\/web\/app\/uploads\/2022\/05\/CARABANCHEL-34-II-FASE-007-300x200.jpg\" alt=\"\" width=\"300\" height=\"200\" srcset=\"https:\/\/affordablehousingactivation.org\/\/web\/app\/uploads\/2022\/05\/CARABANCHEL-34-II-FASE-007-300x200.jpg 300w, https:\/\/affordablehousingactivation.org\/\/web\/app\/uploads\/2022\/05\/CARABANCHEL-34-II-FASE-007-1024x683.jpg 1024w, https:\/\/affordablehousingactivation.org\/\/web\/app\/uploads\/2022\/05\/CARABANCHEL-34-II-FASE-007-768x512.jpg 768w, https:\/\/affordablehousingactivation.org\/\/web\/app\/uploads\/2022\/05\/CARABANCHEL-34-II-FASE-007-900x600.jpg 900w, https:\/\/affordablehousingactivation.org\/\/web\/app\/uploads\/2022\/05\/CARABANCHEL-34-II-FASE-007-600x400.jpg 600w, https:\/\/affordablehousingactivation.org\/\/web\/app\/uploads\/2022\/05\/CARABANCHEL-34-II-FASE-007.jpg 1500w\" sizes=\"(max-width: 300px) 100vw, 300px\" title=\"\"> <img loading=\"lazy\" class=\"alignnone size-medium wp-image-8532\" src=\"https:\/\/affordablehousingactivation.org\/web\/app\/uploads\/2022\/05\/CARABANCHEL-34-II-FASE-009-300x200.jpg\" alt=\"\" width=\"300\" height=\"200\" srcset=\"https:\/\/affordablehousingactivation.org\/\/web\/app\/uploads\/2022\/05\/CARABANCHEL-34-II-FASE-009-300x200.jpg 300w, https:\/\/affordablehousingactivation.org\/\/web\/app\/uploads\/2022\/05\/CARABANCHEL-34-II-FASE-009-1024x683.jpg 1024w, https:\/\/affordablehousingactivation.org\/\/web\/app\/uploads\/2022\/05\/CARABANCHEL-34-II-FASE-009-768x512.jpg 768w, https:\/\/affordablehousingactivation.org\/\/web\/app\/uploads\/2022\/05\/CARABANCHEL-34-II-FASE-009-900x600.jpg 900w, https:\/\/affordablehousingactivation.org\/\/web\/app\/uploads\/2022\/05\/CARABANCHEL-34-II-FASE-009-600x400.jpg 600w, https:\/\/affordablehousingactivation.org\/\/web\/app\/uploads\/2022\/05\/CARABANCHEL-34-II-FASE-009.jpg 1500w\" sizes=\"(max-width: 300px) 100vw, 300px\" title=\"\"><\/p>\n<p><b><span data-contrast=\"auto\">En nuestra visita al edificio, recorreremos tanto las zonas comunes, como una vivienda de las diferentes tipolog\u00edas<\/span><\/b><span data-contrast=\"auto\">.\u00a0\u00a0<\/span><span data-ccp-props=\"{&quot;201341983&quot;:0,&quot;335559740&quot;:259}\">\u00a0<\/span><\/p>\n<p><span data-contrast=\"auto\">Las caracter\u00edsticas del edificio proyectado son:<\/span><span data-ccp-props=\"{&quot;201341983&quot;:0,&quot;335559740&quot;:259}\">\u00a0<\/span><\/p>\n<ul>\n<li><span data-contrast=\"auto\">Alto grado de confort t\u00e9rmico interior, tanto en la estaci\u00f3n fr\u00eda como en la c\u00e1lida. Rango de confort de 20-25\u02daC.<\/span><span data-ccp-props=\"{&quot;201341983&quot;:0,&quot;335559740&quot;:259}\">\u00a0<\/span><\/li>\n<li><span data-contrast=\"auto\">Aire de calidad excepcional garantizado durante 24 horas al d\u00eda.<\/span><span data-ccp-props=\"{&quot;201341983&quot;:0,&quot;335559740&quot;:259}\">\u00a0<\/span><\/li>\n<li><span data-contrast=\"auto\">Calidad en la construcci\u00f3n para evitar o minimizar los puentes t\u00e9rmicos, infiltraciones no deseadas, condensaciones superficiales etc. <\/span><span data-ccp-props=\"{&quot;201341983&quot;:0,&quot;335559740&quot;:259}\">\u00a0<\/span><\/li>\n<li><span data-contrast=\"auto\">Precios asequibles de construcci\u00f3n.<\/span><span data-ccp-props=\"{&quot;201341983&quot;:0,&quot;335559740&quot;:259}\">\u00a0<\/span><\/li>\n<li><span data-contrast=\"auto\">Reducci\u00f3n de las facturas de consumo energ\u00e9tico.<\/span><span data-ccp-props=\"{&quot;201341983&quot;:0,&quot;335559740&quot;:259}\">\u00a0<\/span><\/li>\n<li><span data-contrast=\"auto\">Durabilidad en el tiempo de las soluciones constructivas. Garant\u00eda de un buen funcionamiento durante muchos a\u00f1os con medidas m\u00ednimas de mantenimiento.<\/span><span data-ccp-props=\"{&quot;201341983&quot;:0,&quot;335559740&quot;:259}\">\u00a0<\/span><\/li>\n<li><span data-contrast=\"auto\">No requiere comportamientos espec\u00edficos del usuario para lograr un correcto funcionamiento.<\/span><span data-ccp-props=\"{&quot;201341983&quot;:0,&quot;335559740&quot;:259}\">\u00a0<\/span><\/li>\n<li><span data-contrast=\"auto\">Niveles elevados de satisfacci\u00f3n por parte del usuario \/ propietario. <\/span><span data-ccp-props=\"{&quot;201341983&quot;:0,&quot;335559740&quot;:259}\">\u00a0<\/span><\/li>\n<\/ul>\n<p><img loading=\"lazy\" class=\"alignnone size-medium wp-image-8540\" src=\"https:\/\/affordablehousingactivation.org\/web\/app\/uploads\/2022\/05\/C34-300x199.jpg\" alt=\"\" width=\"300\" height=\"199\" srcset=\"https:\/\/affordablehousingactivation.org\/\/web\/app\/uploads\/2022\/05\/C34-300x199.jpg 300w, https:\/\/affordablehousingactivation.org\/\/web\/app\/uploads\/2022\/05\/C34-1024x678.jpg 1024w, https:\/\/affordablehousingactivation.org\/\/web\/app\/uploads\/2022\/05\/C34-768x509.jpg 768w, https:\/\/affordablehousingactivation.org\/\/web\/app\/uploads\/2022\/05\/C34-900x596.jpg 900w, https:\/\/affordablehousingactivation.org\/\/web\/app\/uploads\/2022\/05\/C34-600x397.jpg 600w, https:\/\/affordablehousingactivation.org\/\/web\/app\/uploads\/2022\/05\/C34.jpg 1099w\" sizes=\"(max-width: 300px) 100vw, 300px\" title=\"\"> <img loading=\"lazy\" class=\"alignnone size-medium wp-image-8538\" src=\"https:\/\/affordablehousingactivation.org\/web\/app\/uploads\/2022\/05\/CARABANCHEL-34-II-FASE-002-300x200.jpg\" alt=\"\" width=\"300\" height=\"200\" srcset=\"https:\/\/affordablehousingactivation.org\/\/web\/app\/uploads\/2022\/05\/CARABANCHEL-34-II-FASE-002-300x200.jpg 300w, https:\/\/affordablehousingactivation.org\/\/web\/app\/uploads\/2022\/05\/CARABANCHEL-34-II-FASE-002-1024x683.jpg 1024w, https:\/\/affordablehousingactivation.org\/\/web\/app\/uploads\/2022\/05\/CARABANCHEL-34-II-FASE-002-768x512.jpg 768w, https:\/\/affordablehousingactivation.org\/\/web\/app\/uploads\/2022\/05\/CARABANCHEL-34-II-FASE-002-900x600.jpg 900w, https:\/\/affordablehousingactivation.org\/\/web\/app\/uploads\/2022\/05\/CARABANCHEL-34-II-FASE-002-600x400.jpg 600w, https:\/\/affordablehousingactivation.org\/\/web\/app\/uploads\/2022\/05\/CARABANCHEL-34-II-FASE-002.jpg 1500w\" sizes=\"(max-width: 300px) 100vw, 300px\" title=\"\"><\/p>\n<h2><b><span data-contrast=\"auto\">Otros datos de inter\u00e9s<\/span><\/b><\/h2>\n<p><span data-contrast=\"auto\">\u00a02.645.690,34 \u20ac IVA inc.<\/span><span data-ccp-props=\"{&quot;201341983&quot;:0,&quot;335559740&quot;:259}\">\u00a0<\/span><\/p>\n<p><strong>Proyecto\u00a0<\/strong><\/p>\n<p><span data-contrast=\"auto\">Ruiz-Larrea &amp; Asociados<\/span><span data-ccp-props=\"{&quot;201341983&quot;:0,&quot;335559740&quot;:259}\">\u00a0<\/span><\/p>\n<ul>\n<li><span data-contrast=\"auto\">(C\u00e9sar Ruiz-Larrea<\/span><span data-ccp-props=\"{&quot;201341983&quot;:0,&quot;335559740&quot;:259}\">\u00a0<\/span><\/li>\n<li><span data-contrast=\"auto\">Antonio G\u00f3mez<\/span><span data-ccp-props=\"{&quot;201341983&quot;:0,&quot;335559740&quot;:259}\">\u00a0<\/span><\/li>\n<li><span data-contrast=\"auto\">Gorka \u00c1lvarez<\/span><span data-ccp-props=\"{&quot;201341983&quot;:0,&quot;335559740&quot;:259}\">\u00a0<\/span><\/li>\n<li><span data-contrast=\"auto\">Miguel D\u00edaz)<\/span><span data-ccp-props=\"{&quot;201341983&quot;:0,&quot;335559740&quot;:259}\">\u00a0<\/span><\/li>\n<\/ul>\n<p><strong>Empresa constructora\u00a0<\/strong><\/p>\n<p><span data-contrast=\"auto\">MARCO OBRA P\u00daBLICA, S.A.<\/span><span data-ccp-props=\"{&quot;201341983&quot;:0,&quot;335559740&quot;:259}\">\u00a0<\/span><\/p>\n<p><strong>Programa de viviendas\u00a0<\/strong><\/p>\n<p><span data-contrast=\"auto\">1D, 2D y 3D (5\/1 adaptada + 15 + 5)<\/span><span data-ccp-props=\"{&quot;201341983&quot;:0,&quot;335559740&quot;:259}\">\u00a0<\/span><\/p>\n<p><strong>Calificaci\u00f3n de vivienda protegida\u00a0<\/strong><\/p>\n<p><span data-contrast=\"auto\">VPPA<\/span><\/p>\n<p><img loading=\"lazy\" class=\"alignnone size-medium wp-image-8477\" src=\"https:\/\/affordablehousingactivation.org\/web\/app\/uploads\/2022\/05\/emvs-1-300x193.jpg\" alt=\"\" width=\"300\" height=\"193\" srcset=\"https:\/\/affordablehousingactivation.org\/\/web\/app\/uploads\/2022\/05\/emvs-1-300x193.jpg 300w, https:\/\/affordablehousingactivation.org\/\/web\/app\/uploads\/2022\/05\/emvs-1.jpg 400w\" sizes=\"(max-width: 300px) 100vw, 300px\" title=\"\"><\/p>\n","protected":false},"excerpt":{"rendered":"<p>Visitamos un edificio residencial multifamiliar de 25 viviendas de 1, 2 y 3 dormitorios y zonas comunes construidas bajo los est\u00e1ndares de Passivhaus y proyectada conforme al CTE. <\/p>\n","protected":false},"featured_media":8531,"parent":0,"template":"","meta":{"_price":"","_stock":"","_tribe_ticket_header":"","_tribe_default_ticket_provider":"","_tribe_ticket_capacity":"0","_ticket_start_date":"","_ticket_end_date":"","_tribe_ticket_show_description":"","_tribe_ticket_show_not_going":false,"_tribe_ticket_use_global_stock":"","_tribe_ticket_global_stock_level":"","_global_stock_mode":"","_global_stock_cap":"","_tribe_rsvp_for_event":"","_tribe_ticket_going_count":"","_tribe_ticket_not_going_count":"","_tribe_tickets_list":[],"_tribe_ticket_has_attendee_info_fields":false},"barrera":[],"acf":[],"_links":{"self":[{"href":"https:\/\/affordablehousingactivation.org\/es\/wp-json\/wp\/v2\/exemplary_case\/8542"}],"collection":[{"href":"https:\/\/affordablehousingactivation.org\/es\/wp-json\/wp\/v2\/exemplary_case"}],"about":[{"href":"https:\/\/affordablehousingactivation.org\/es\/wp-json\/wp\/v2\/types\/exemplary_case"}],"wp:featuredmedia":[{"embeddable":true,"href":"https:\/\/affordablehousingactivation.org\/es\/wp-json\/wp\/v2\/media\/8531"}],"wp:attachment":[{"href":"https:\/\/affordablehousingactivation.org\/es\/wp-json\/wp\/v2\/media?parent=8542"}],"wp:term":[{"taxonomy":"barrera","embeddable":true,"href":"https:\/\/affordablehousingactivation.org\/es\/wp-json\/wp\/v2\/barrera?post=8542"}],"curies":[{"name":"wp","href":"https:\/\/api.w.org\/{rel}","templated":true}]}}