{"id":8550,"date":"2022-05-07T13:20:34","date_gmt":"2022-05-07T11:20:34","guid":{"rendered":"https:\/\/affordablehousingactivation.org\/?post_type=exemplary_case&#038;p=8550"},"modified":"2022-05-07T13:22:31","modified_gmt":"2022-05-07T11:22:31","slug":"district-heating-vallecas-ecobarrio","status":"publish","type":"exemplary_case","link":"https:\/\/affordablehousingactivation.org\/es\/casos-de-exito\/district-heating-vallecas-ecobarrio\/","title":{"rendered":"DISTRICT HEATING VALLECAS (ECOBARRIO)"},"content":{"rendered":"<p><span data-contrast=\"auto\">En 1997, el estado de deterioro de sus edificios determin\u00f3 la demolici\u00f3n de los mismos, sustituy\u00e9ndose el conjunto de \u201clas Colonias\u201d por una nueva ordenaci\u00f3n a trav\u00e9s de un Plan Especial.<\/span><span data-ccp-props=\"{&quot;201341983&quot;:0,&quot;335551550&quot;:6,&quot;335551620&quot;:6,&quot;335559740&quot;:259}\">\u00a0<\/span><\/p>\n<p><span data-contrast=\"auto\">Simult\u00e1neamente, se llev\u00f3 a t\u00e9rmino un proceso de realojo de los residentes de \u201clas Colonias\u201d. El objetivo era la construcci\u00f3n de m\u00e1s de 2.000 viviendas de protecci\u00f3n p\u00fablica distribuidas en 20 edificios, que dispondr\u00edan de un sistema de calefacci\u00f3n y agua caliente sanitaria (ACS) centralizado, lo que se conoce como District Heating (DH) <\/span><b><span data-contrast=\"auto\">y de un sistema de recogida neum\u00e1tica de residuos urbanos (RNRU), con buzones de recogida instalados en los edificios (central de recogida de basuras). <\/span><\/b><span data-contrast=\"auto\">En aquel momento era un sistema pionero de producci\u00f3n de ACS en conjuntos residenciales al confiarse esta producci\u00f3n a calderas de alta eficiencia y a pilas de hidr\u00f3geno.<\/span><\/p>\n<p><span data-contrast=\"auto\">Posteriormente, en el a\u00f1o 2009, se iniciaron las obras de urbanizaci\u00f3n, que contemplaban la construcci\u00f3n de los viales con las instalaciones urbanas generales (electricidad, agua, gas, telefon\u00eda y alumbrado p\u00fablico) <\/span><b><span data-contrast=\"auto\">y las especiales (redes de distribuci\u00f3n de agua caliente y de recogida de<\/span><\/b><span data-contrast=\"auto\">\u00a0<\/span><span data-ccp-props=\"{&quot;201341983&quot;:0,&quot;335551550&quot;:6,&quot;335551620&quot;:6,&quot;335559740&quot;:259}\">\u00a0<\/span><\/p>\n<p><b><span data-contrast=\"auto\">residuos urbanos desde las centrales a las parcelas de los futuros edificios).<\/span><\/b><span data-contrast=\"auto\"> Del mismo modo, se inici\u00f3 la construcci\u00f3n de los edificios de ambas centrales, incluyendo las chimeneas correspondientes para la evacuaci\u00f3n de los gases producidos por la combusti\u00f3n de las calderas. La idea era que bajo las chimeneas hubiese una zona de uso vecinal con juegos para ni\u00f1os y espacios para los mayores.<\/span><span data-ccp-props=\"{&quot;201341983&quot;:0,&quot;335551550&quot;:6,&quot;335551620&quot;:6,&quot;335559740&quot;:259}\">\u00a0<\/span><\/p>\n<p><span data-contrast=\"auto\">Finalmente, toda las Colonias fueron urbanizadas y las centrales construidas. En la central de generaci\u00f3n se instalaron solamente dos (2) calderas de condensaci\u00f3n, (de las seis (6) inicialmente previstas) y dos (2) pilas de hidr\u00f3geno (de las tambi\u00e9n seis (6) inicialmente previstas) adem\u00e1s del resto de instalaciones asociadas. Sin embargo, la crisis econ\u00f3mica oblig\u00f3 a paralizar la construcci\u00f3n de los edificios a los que dar\u00eda servicio el DH, lo que provoc\u00f3 que no pudiera ponerse en marcha la central.<\/span><span data-ccp-props=\"{&quot;201341983&quot;:0,&quot;335551550&quot;:6,&quot;335551620&quot;:6,&quot;335559740&quot;:259}\">\u00a0<\/span><\/p>\n<p><span data-contrast=\"auto\">En 2016 se retom\u00f3 la actividad constructora por parte de Empresa Municipal de la Vivienda y Suelo de Madrid (en adelante, EMVS) y se empezaron a construir los nuevos edificios de \u201clas Colonias\u201d. Todos ellos deber\u00e1n recibir el suministro de calefacci\u00f3n y ACS a trav\u00e9s del DH.\u00a0<\/span><span data-ccp-props=\"{&quot;201341983&quot;:0,&quot;335551550&quot;:6,&quot;335551620&quot;:6,&quot;335559740&quot;:259}\">\u00a0<\/span><\/p>\n<p><span data-contrast=\"auto\">La ejecuci\u00f3n del proyecto de puesta en marcha del DH se adjudic\u00f3 a la empresa constructora, UTE Ferrovial Servicios \u2013 Siemsa Industria, en fecha 19 de Julio de 2018.\u00a0<\/span><span data-ccp-props=\"{&quot;201341983&quot;:0,&quot;335551550&quot;:6,&quot;335551620&quot;:6,&quot;335559740&quot;:259}\">\u00a0<\/span><\/p>\n<p><img loading=\"lazy\" class=\"alignnone size-medium wp-image-8546\" src=\"https:\/\/affordablehousingactivation.org\/web\/app\/uploads\/2022\/05\/ECOBARRIO-225x300.jpg\" alt=\"\" width=\"225\" height=\"300\" srcset=\"https:\/\/affordablehousingactivation.org\/\/web\/app\/uploads\/2022\/05\/ECOBARRIO-225x300.jpg 225w, https:\/\/affordablehousingactivation.org\/\/web\/app\/uploads\/2022\/05\/ECOBARRIO-768x1024.jpg 768w, https:\/\/affordablehousingactivation.org\/\/web\/app\/uploads\/2022\/05\/ECOBARRIO-1152x1536.jpg 1152w, https:\/\/affordablehousingactivation.org\/\/web\/app\/uploads\/2022\/05\/ECOBARRIO-450x600.jpg 450w, https:\/\/affordablehousingactivation.org\/\/web\/app\/uploads\/2022\/05\/ECOBARRIO-600x800.jpg 600w, https:\/\/affordablehousingactivation.org\/\/web\/app\/uploads\/2022\/05\/ECOBARRIO.jpg 1350w\" sizes=\"(max-width: 225px) 100vw, 225px\" title=\"\"><\/p>\n<p><span data-contrast=\"auto\">Las pruebas y comprobaciones iniciales realizadas para analizar el estado e idoneidad de la red de distribuci\u00f3n existente resultaron en la obligatoriedad de acometer una nueva Red de Calor. En consecuencia, se realiz\u00f3 un nuevo c\u00e1lculo y dise\u00f1o de la red, tomando como base las nuevas solicitaciones energ\u00e9ticas demandadas por las direcciones facultativas de las Promociones asociadas a la central de calor y a adapt\u00e1ndose a la nueva normativa (C\u00f3digo T\u00e9cnico de la Edificaci\u00f3n)\u00a0<\/span><span data-ccp-props=\"{&quot;201341983&quot;:0,&quot;335551550&quot;:6,&quot;335551620&quot;:6,&quot;335559740&quot;:259}\">\u00a0<\/span><\/p>\n<p><span data-contrast=\"auto\">El control de todo el sistema, incluyendo los equipos del DH, as\u00ed como las instalaciones interiores de las Promociones, se realizar\u00e1 de forma centralizada desde el edifico de la Central. Para ello, se ha unificado el sistema de control y la conexi\u00f3n a la Red de Calor de todas las Promociones.\u00a0<\/span><span data-ccp-props=\"{&quot;201341983&quot;:0,&quot;335551550&quot;:6,&quot;335551620&quot;:6,&quot;335559740&quot;:259}\">\u00a0<\/span><\/p>\n<p><b><span data-contrast=\"auto\">A d\u00eda de hoy,<\/span><\/b><span data-contrast=\"auto\"> la Nueva Red de Calor est\u00e1 ejecutada, y se est\u00e1n realizando pruebas de funcionamiento en promociones ya terminadas. Se prev\u00e9 que, a comienzos de 2021, el DH este dando suministro de calefacci\u00f3n y ACS a cinco promociones de la Colonias.<\/span><span data-ccp-props=\"{&quot;201341983&quot;:0,&quot;335551550&quot;:6,&quot;335551620&quot;:6,&quot;335559740&quot;:259}\">\u00a0<\/span><\/p>\n<p><span data-contrast=\"auto\">Se est\u00e1 trabajando en el pliego que englobar\u00e1 la Explotaci\u00f3n y el Mantenimiento de las instalaciones tanto del DH como de las Promociones.\u00a0\u00a0<\/span><span data-ccp-props=\"{&quot;201341983&quot;:0,&quot;335551550&quot;:6,&quot;335551620&quot;:6,&quot;335559740&quot;:259}\">\u00a0<\/span><\/p>\n<p><img loading=\"lazy\" class=\"alignnone size-medium wp-image-8544\" src=\"https:\/\/affordablehousingactivation.org\/web\/app\/uploads\/2022\/05\/Listado-1-300x201.jpg\" alt=\"\" width=\"300\" height=\"201\" srcset=\"https:\/\/affordablehousingactivation.org\/\/web\/app\/uploads\/2022\/05\/Listado-1-300x201.jpg 300w, https:\/\/affordablehousingactivation.org\/\/web\/app\/uploads\/2022\/05\/Listado-1-1024x685.jpg 1024w, https:\/\/affordablehousingactivation.org\/\/web\/app\/uploads\/2022\/05\/Listado-1-768x514.jpg 768w, https:\/\/affordablehousingactivation.org\/\/web\/app\/uploads\/2022\/05\/Listado-1-897x600.jpg 897w, https:\/\/affordablehousingactivation.org\/\/web\/app\/uploads\/2022\/05\/Listado-1-600x401.jpg 600w, https:\/\/affordablehousingactivation.org\/\/web\/app\/uploads\/2022\/05\/Listado-1.jpg 1405w\" sizes=\"(max-width: 300px) 100vw, 300px\" title=\"\"><\/p>\n<h2><b><span data-contrast=\"auto\">Otros datos de inter\u00e9s<\/span><\/b><\/h2>\n<ul>\n<li><a href=\"https:\/\/www.madridiario.es\/ecobarrio-vallecas-construccion-viviendas\" target=\"_blank\" rel=\"noopener\"><span data-contrast=\"none\">https:\/\/www.madridiario.es\/ecobarrio-vallecas-construccion-viviendas<\/span><\/a><span data-ccp-props=\"{&quot;134233117&quot;:true,&quot;134233118&quot;:true,&quot;201341983&quot;:2,&quot;335551550&quot;:6,&quot;335551620&quot;:6,&quot;335559740&quot;:336}\">\u00a0<\/span><\/li>\n<li><a href=\"https:\/\/www.elmundo.es\/madrid\/2016\/12\/19\/5856d001468aeb9f2e8b45d5.html\" target=\"_blank\" rel=\"noopener\"><span data-contrast=\"none\">https:\/\/www.elmundo.es\/madrid\/2016\/12\/19\/5856d001468aeb9f2e8b45d5.html<\/span><\/a><span data-ccp-props=\"{&quot;134233117&quot;:true,&quot;134233118&quot;:true,&quot;201341983&quot;:2,&quot;335551550&quot;:6,&quot;335551620&quot;:6,&quot;335559740&quot;:336}\">\u00a0<\/span><\/li>\n<li><a href=\"https:\/\/www.madridiario.es\/noticia\/410048\/distritos\/el-72-de-familias-del-ecobarrio-de-vallecas-han-sido-realojadas-en-el-ambito.html\" target=\"_blank\" rel=\"noopener\">https:\/\/www.madridiario.es\/noticia\/410048\/distritos\/el-72-de-familias-del-ecobarrio-de-vallecas-han-sido-realojadas-en-el-ambito.html<\/a><\/li>\n<\/ul>\n<p><img loading=\"lazy\" class=\"alignnone size-medium wp-image-8477\" src=\"https:\/\/affordablehousingactivation.org\/web\/app\/uploads\/2022\/05\/emvs-1-300x193.jpg\" alt=\"\" width=\"300\" height=\"193\" srcset=\"https:\/\/affordablehousingactivation.org\/\/web\/app\/uploads\/2022\/05\/emvs-1-300x193.jpg 300w, https:\/\/affordablehousingactivation.org\/\/web\/app\/uploads\/2022\/05\/emvs-1.jpg 400w\" sizes=\"(max-width: 300px) 100vw, 300px\" title=\"\"><\/p>\n","protected":false},"excerpt":{"rendered":"<p>Las Colonias Municipales de San Francisco Javier y Nuestra Se\u00f1ora de los \u00c1ngeles (en adelante, \u201clas Colonias\u201d), situadas en el distrito de Vallecas, fueron construidas entre 1956 y 1958.  <\/p>\n","protected":false},"featured_media":8549,"parent":0,"template":"","meta":{"_price":"","_stock":"","_tribe_ticket_header":"","_tribe_default_ticket_provider":"","_tribe_ticket_capacity":"0","_ticket_start_date":"","_ticket_end_date":"","_tribe_ticket_show_description":"","_tribe_ticket_show_not_going":false,"_tribe_ticket_use_global_stock":"","_tribe_ticket_global_stock_level":"","_global_stock_mode":"","_global_stock_cap":"","_tribe_rsvp_for_event":"","_tribe_ticket_going_count":"","_tribe_ticket_not_going_count":"","_tribe_tickets_list":[],"_tribe_ticket_has_attendee_info_fields":false},"barrera":[121],"acf":[],"_links":{"self":[{"href":"https:\/\/affordablehousingactivation.org\/es\/wp-json\/wp\/v2\/exemplary_case\/8550"}],"collection":[{"href":"https:\/\/affordablehousingactivation.org\/es\/wp-json\/wp\/v2\/exemplary_case"}],"about":[{"href":"https:\/\/affordablehousingactivation.org\/es\/wp-json\/wp\/v2\/types\/exemplary_case"}],"wp:featuredmedia":[{"embeddable":true,"href":"https:\/\/affordablehousingactivation.org\/es\/wp-json\/wp\/v2\/media\/8549"}],"wp:attachment":[{"href":"https:\/\/affordablehousingactivation.org\/es\/wp-json\/wp\/v2\/media?parent=8550"}],"wp:term":[{"taxonomy":"barrera","embeddable":true,"href":"https:\/\/affordablehousingactivation.org\/es\/wp-json\/wp\/v2\/barrera?post=8550"}],"curies":[{"name":"wp","href":"https:\/\/api.w.org\/{rel}","templated":true}]}}