{"id":9470,"date":"2022-05-24T12:29:47","date_gmt":"2022-05-24T10:29:47","guid":{"rendered":"https:\/\/affordablehousingactivation.org\/?post_type=exemplary_case&#038;p=9470"},"modified":"2022-05-24T12:30:51","modified_gmt":"2022-05-24T10:30:51","slug":"ciclo-ciudades-y-comunidades-sostenibles-de-canarias-acceso-a-la-vivienda-evento-celebrado-el-18-de-febrero-de-2021","status":"publish","type":"exemplary_case","link":"https:\/\/affordablehousingactivation.org\/es\/casos-de-exito\/ciclo-ciudades-y-comunidades-sostenibles-de-canarias-acceso-a-la-vivienda-evento-celebrado-el-18-de-febrero-de-2021\/","title":{"rendered":"Ciclo \u00abCiudades y comunidades sostenibles de Canarias. Acceso a la vivienda\u00bb. Evento celebrado el 18 de febrero de 2021"},"content":{"rendered":"<p><strong>Reflexiones sobre los retos que presentan los ODS para garantizar el acceso a la vivienda.\u00a0<\/strong><\/p>\n<h2><span data-contrast=\"none\">Objetivos<\/span><\/h2>\n<p><span data-contrast=\"auto\">Diversificar los programas de vivienda p\u00fablica. Equilibrar la tenencia de vivienda en propiedad y en alquiler. Mejorar el mercado del alquiler, cuantitativa y cualitativamente. Evitar la gentrificaci\u00f3n que a menudo producen las pol\u00edticas de rehabilitaci\u00f3n, regeneraci\u00f3n y renovaci\u00f3n urbanas. Garantizar la coherencia y necesaria conciliaci\u00f3n entre los planes y programas de vivienda. Garantizar la cohesi\u00f3n social. Mejorar las condiciones de financiaci\u00f3n para el acceso a la vivienda.<\/span><span data-ccp-props=\"{&quot;201341983&quot;:0,&quot;335559739&quot;:160,&quot;335559740&quot;:259}\">\u00a0<\/span><\/p>\n<p><span data-contrast=\"auto\">Se trata de identificar los efectos y consecuencias de la emergencia clim\u00e1tica en nuestras islas. Cada tema del ciclo proporciona material de debate sobre las metas m\u00e1s relevantes para nuestro contexto geogr\u00e1fico de las establecidas en el ODS-11, Ciudades y comunidades sostenibles. Temario del ciclo: Se basa en las metas ODS-11, se han agrupado algunas con caracter\u00edsticas comunes y se han creado 7 bloques tem\u00e1ticos y una \u00faltima jornada de conclusiones, celebrada durante la s\u00e9ptima Semana de la Arquitectura organizada por el Colegio de Arquitectos de Gran Canaria, 2021. Acceso a la vivienda Transporte p\u00fablico Urbanizaci\u00f3n inclusiva y sostenible Patrimonio natural y cultural Planificaci\u00f3n de infraestructuras sostenibles Acceso a zonas verdes y espacios p\u00fablicos seguros V\u00ednculos zonas urbanas, periurbanas y rurales Conclusiones durante la semana de la Arquitectura<\/span><span data-ccp-props=\"{&quot;201341983&quot;:0,&quot;335559739&quot;:160,&quot;335559740&quot;:259}\">\u00a0<\/span><\/p>\n<h2>Streaming link<\/h2>\n<ul>\n<li><a href=\"https:\/\/www.youtube.com\/watch?v=mnT6iZYMIps&amp;list=PL1KofncEh9P3rwou7SlccszqaGICh7mK9&amp;index=1\" target=\"_blank\" rel=\"noopener\">https:\/\/www.youtube.com\/watch?v=mnT6iZYMIps&amp;list=PL1KofncEh9P3rwou7SlccszqaGICh7mK9&amp;index=1<\/a><\/li>\n<\/ul>\n<p><iframe loading=\"lazy\" title=\"1. Acceso a la vivienda\" width=\"800\" height=\"450\" src=\"https:\/\/www.youtube.com\/embed\/mnT6iZYMIps?list=PL1KofncEh9P3rwou7SlccszqaGICh7mK9\" frameborder=\"0\" allow=\"accelerometer; autoplay; clipboard-write; encrypted-media; gyroscope; picture-in-picture\" allowfullscreen><\/iframe><\/p>\n<h2><span data-contrast=\"auto\">Ponentes<\/span><\/h2>\n<ul>\n<li><span data-contrast=\"auto\"><strong>Vicente Boissier Dom\u00ednguez<\/strong>, Decano del Colegio Oficial de Arquitectos de Gran Canaria<\/span><span data-ccp-props=\"{&quot;201341983&quot;:0,&quot;335559739&quot;:160,&quot;335559740&quot;:259}\">\u00a0<\/span><\/li>\n<li><span data-contrast=\"auto\"><strong>Carmelo Ram\u00edrez Rodr\u00edguez<\/strong>. Gerente de Fomentas, empresa municipal de vivienda y suelo de la ciudad de Telde.<\/span><span data-ccp-props=\"{&quot;201341983&quot;:0,&quot;335559739&quot;:160,&quot;335559740&quot;:259}\">\u00a0<\/span><\/li>\n<li><span data-contrast=\"auto\"><strong>Candelaria Delgado Toledo<\/strong>. Presidenta del Colegio Oficial de Trabajadores Sociales de Tenerife.<\/span><span data-ccp-props=\"{&quot;201341983&quot;:0,&quot;335559739&quot;:160,&quot;335559740&quot;:259}\">\u00a0<\/span><\/li>\n<li><span data-contrast=\"auto\"><strong>Jos\u00e9 Antonio Aguilera N\u00fa\u00f1ez<\/strong>. Director de negocio estrat\u00e9gico e instituciones del Deutsche Bank.<\/span><span data-ccp-props=\"{&quot;201341983&quot;:0,&quot;335559739&quot;:160,&quot;335559740&quot;:259}\">\u00a0<\/span><\/li>\n<\/ul>\n<h2>M\u00e1s informaci\u00f3n<\/h2>\n<ul>\n<li><a href=\"https:\/\/eventos.arquitectosgrancanaria.es\/2021\/02\/12\/210212_cycs_acceso_vivienda\/\" target=\"_blank\" rel=\"noopener\"><span data-contrast=\"none\">https:\/\/eventos.arquitectosgrancanaria.es\/2021\/02\/12\/210212_cycs_acceso_vivienda\/<\/span><\/a><span data-ccp-props=\"{&quot;201341983&quot;:0,&quot;335559739&quot;:160,&quot;335559740&quot;:259}\">\u00a0<\/span><\/li>\n<\/ul>\n<p><span data-contrast=\"auto\"><strong>Organizado por:<\/strong> <\/span><span data-contrast=\"none\">Colegio Oficial de Arquitectos de Gran Canaria<\/span><span data-ccp-props=\"{&quot;201341983&quot;:0,&quot;335559739&quot;:160,&quot;335559740&quot;:259}\">\u00a0<\/span><\/p>\n","protected":false},"excerpt":{"rendered":"<p>Reflexiones sobre los retos que presentan los ODS para garantizar el acceso a la vivienda.\u00a0 Objetivos Diversificar los programas de vivienda p\u00fablica. Equilibrar la tenencia de vivienda en propiedad y [&hellip;]<\/p>\n","protected":false},"featured_media":9475,"parent":0,"template":"","meta":{"_price":"","_stock":"","_tribe_ticket_header":"","_tribe_default_ticket_provider":"","_tribe_ticket_capacity":"0","_ticket_start_date":"","_ticket_end_date":"","_tribe_ticket_show_description":"","_tribe_ticket_show_not_going":false,"_tribe_ticket_use_global_stock":"","_tribe_ticket_global_stock_level":"","_global_stock_mode":"","_global_stock_cap":"","_tribe_rsvp_for_event":"","_tribe_ticket_going_count":"","_tribe_ticket_not_going_count":"","_tribe_tickets_list":[],"_tribe_ticket_has_attendee_info_fields":false},"barrera":[113,117,116,114,119,120],"acf":[],"_links":{"self":[{"href":"https:\/\/affordablehousingactivation.org\/es\/wp-json\/wp\/v2\/exemplary_case\/9470"}],"collection":[{"href":"https:\/\/affordablehousingactivation.org\/es\/wp-json\/wp\/v2\/exemplary_case"}],"about":[{"href":"https:\/\/affordablehousingactivation.org\/es\/wp-json\/wp\/v2\/types\/exemplary_case"}],"wp:featuredmedia":[{"embeddable":true,"href":"https:\/\/affordablehousingactivation.org\/es\/wp-json\/wp\/v2\/media\/9475"}],"wp:attachment":[{"href":"https:\/\/affordablehousingactivation.org\/es\/wp-json\/wp\/v2\/media?parent=9470"}],"wp:term":[{"taxonomy":"barrera","embeddable":true,"href":"https:\/\/affordablehousingactivation.org\/es\/wp-json\/wp\/v2\/barrera?post=9470"}],"curies":[{"name":"wp","href":"https:\/\/api.w.org\/{rel}","templated":true}]}}