{"id":9681,"date":"2022-06-09T22:19:44","date_gmt":"2022-06-09T20:19:44","guid":{"rendered":"https:\/\/affordablehousingactivation.org\/?post_type=exemplary_case&#038;p=9681"},"modified":"2022-06-09T22:21:34","modified_gmt":"2022-06-09T20:21:34","slug":"22-homes","status":"publish","type":"exemplary_case","link":"https:\/\/affordablehousingactivation.org\/es\/casos-de-exito\/22-homes\/","title":{"rendered":"22 homes"},"content":{"rendered":"<ul>\n<li><strong>Pel\u00edcula colectiva, testimonio significativo y \u00fanico de la arquitectura vista desde las propias ventanas, realizada por futuros arquitectos.<\/strong><\/li>\n<\/ul>\n<p><span data-contrast=\"auto\">En la segunda edici\u00f3n del taller audiovisual, dentro del curso Arquitectura y Cine a cargo del profesor Antonio Pizza, la directora Maria Mauti, con el fot\u00f3grafo Ciro Frank Schiappa les propuso a los estudiantes trabajar sobre el Cementerio de Igualada, obra maestra del arquitecto catal\u00e1n Enric Miralles, en los veinte a\u00f1os desde su desaparici\u00f3n. Poco despu\u00e9s, lleg\u00f3 la noticia que hab\u00edan cerrado\u00a0 Igualada. Empezaban los d\u00edas del confinamiento global.<\/span><span data-ccp-props=\"{&quot;469777462&quot;:[560,1120,1680,2240,2800,3360,3920,4480,5040,5600,6160,6720],&quot;469777927&quot;:[0,0,0,0,0,0,0,0,0,0,0,0],&quot;469777928&quot;:[1,1,1,1,1,1,1,1,1,1,1,1]}\">\u00a0<\/span><\/p>\n<p><span data-contrast=\"auto\">Esta experiencia in\u00e9dita dio lugar a la producci\u00f3n de una pel\u00edcula colectiva, &#8217;22 Homes&#8217; (&#8217;22 Casas&#8217;), un testimonio significativo y \u00fanico de la arquitectura vista desde las propias ventanas, realizada por los futuros arquitectos.<\/span><span data-ccp-props=\"{&quot;469777462&quot;:[560,1120,1680,2240,2800,3360,3920,4480,5040,5600,6160,6720],&quot;469777927&quot;:[0,0,0,0,0,0,0,0,0,0,0,0],&quot;469777928&quot;:[1,1,1,1,1,1,1,1,1,1,1,1]}\">\u00a0<\/span><\/p>\n<p><span data-contrast=\"auto\">El proyecto de taller interdisciplinar de Elisava y ETSAB, realizado antes y durante el confinamiento global, se ha presentado el pasado 7 de mayo 2021 en el espl\u00e9ndido escenario del Auditorio de la Fundaci\u00f3 Joan Mir\u00f3 de Barcelona, organizado con la Fundaci\u00f3 Mies van der Rohe dentro del marco de la Semana de Arquitectura y como evento colateral del Festival Internacional BARQ.<\/span><span data-ccp-props=\"{}\">\u00a0<\/span><\/p>\n<h2><span data-contrast=\"auto\">Autores\/responsables del caso<\/span><\/h2>\n<ul>\n<li><span data-contrast=\"auto\">Pizza Antonio<\/span><span data-ccp-props=\"{&quot;469777462&quot;:[560,1120,1680,2240,2800,3360,3920,4480,5040,5600,6160,6720],&quot;469777927&quot;:[0,0,0,0,0,0,0,0,0,0,0,0],&quot;469777928&quot;:[1,1,1,1,1,1,1,1,1,1,1,1]}\">\u00a0<\/span><\/li>\n<li><span data-contrast=\"auto\">Mauti Maria<\/span><span data-ccp-props=\"{&quot;469777462&quot;:[560,1120,1680,2240,2800,3360,3920,4480,5040,5600,6160,6720],&quot;469777927&quot;:[0,0,0,0,0,0,0,0,0,0,0,0],&quot;469777928&quot;:[1,1,1,1,1,1,1,1,1,1,1,1]}\">\u00a0<\/span><\/li>\n<li><span data-contrast=\"auto\">Amanatidi, Xenia,\u00a0<\/span><span data-ccp-props=\"{&quot;469777462&quot;:[560,1120,1680,2240,2800,3360,3920,4480,5040,5600,6160,6720],&quot;469777927&quot;:[0,0,0,0,0,0,0,0,0,0,0,0],&quot;469777928&quot;:[1,1,1,1,1,1,1,1,1,1,1,1]}\">\u00a0<\/span><\/li>\n<li><span data-contrast=\"auto\">Aristiz\u00e1bal, Valeria,\u00a0<\/span><span data-ccp-props=\"{&quot;469777462&quot;:[560,1120,1680,2240,2800,3360,3920,4480,5040,5600,6160,6720],&quot;469777927&quot;:[0,0,0,0,0,0,0,0,0,0,0,0],&quot;469777928&quot;:[1,1,1,1,1,1,1,1,1,1,1,1]}\">\u00a0<\/span><\/li>\n<li><span data-contrast=\"auto\">C\u00e1rdenas, M\u00f3nica,\u00a0<\/span><span data-ccp-props=\"{&quot;469777462&quot;:[560,1120,1680,2240,2800,3360,3920,4480,5040,5600,6160,6720],&quot;469777927&quot;:[0,0,0,0,0,0,0,0,0,0,0,0],&quot;469777928&quot;:[1,1,1,1,1,1,1,1,1,1,1,1]}\">\u00a0<\/span><\/li>\n<li><span data-contrast=\"auto\">Costa, Melissa,\u00a0<\/span><span data-ccp-props=\"{&quot;469777462&quot;:[560,1120,1680,2240,2800,3360,3920,4480,5040,5600,6160,6720],&quot;469777927&quot;:[0,0,0,0,0,0,0,0,0,0,0,0],&quot;469777928&quot;:[1,1,1,1,1,1,1,1,1,1,1,1]}\">\u00a0<\/span><\/li>\n<li><span data-contrast=\"auto\">Fern\u00e1ndez, Rom\u00e1n,\u00a0<\/span><span data-ccp-props=\"{&quot;469777462&quot;:[560,1120,1680,2240,2800,3360,3920,4480,5040,5600,6160,6720],&quot;469777927&quot;:[0,0,0,0,0,0,0,0,0,0,0,0],&quot;469777928&quot;:[1,1,1,1,1,1,1,1,1,1,1,1]}\">\u00a0<\/span><\/li>\n<li><span data-contrast=\"auto\">Gallego, Helena,\u00a0<\/span><span data-ccp-props=\"{&quot;469777462&quot;:[560,1120,1680,2240,2800,3360,3920,4480,5040,5600,6160,6720],&quot;469777927&quot;:[0,0,0,0,0,0,0,0,0,0,0,0],&quot;469777928&quot;:[1,1,1,1,1,1,1,1,1,1,1,1]}\">\u00a0<\/span><\/li>\n<li><span data-contrast=\"auto\">Gual, Toni,\u00a0<\/span><span data-ccp-props=\"{&quot;469777462&quot;:[560,1120,1680,2240,2800,3360,3920,4480,5040,5600,6160,6720],&quot;469777927&quot;:[0,0,0,0,0,0,0,0,0,0,0,0],&quot;469777928&quot;:[1,1,1,1,1,1,1,1,1,1,1,1]}\">\u00a0<\/span><\/li>\n<li><span data-contrast=\"auto\">Herzog, Louisa,<\/span><span data-ccp-props=\"{&quot;469777462&quot;:[560,1120,1680,2240,2800,3360,3920,4480,5040,5600,6160,6720],&quot;469777927&quot;:[0,0,0,0,0,0,0,0,0,0,0,0],&quot;469777928&quot;:[1,1,1,1,1,1,1,1,1,1,1,1]}\">\u00a0<\/span><\/li>\n<li><span data-contrast=\"auto\">Lattes, L\u00e9a,\u00a0<\/span><span data-ccp-props=\"{&quot;469777462&quot;:[560,1120,1680,2240,2800,3360,3920,4480,5040,5600,6160,6720],&quot;469777927&quot;:[0,0,0,0,0,0,0,0,0,0,0,0],&quot;469777928&quot;:[1,1,1,1,1,1,1,1,1,1,1,1]}\">\u00a0<\/span><\/li>\n<li><span data-contrast=\"auto\">Fortuny, Georgina,\u00a0<\/span><span data-ccp-props=\"{&quot;469777462&quot;:[560,1120,1680,2240,2800,3360,3920,4480,5040,5600,6160,6720],&quot;469777927&quot;:[0,0,0,0,0,0,0,0,0,0,0,0],&quot;469777928&quot;:[1,1,1,1,1,1,1,1,1,1,1,1]}\">\u00a0<\/span><\/li>\n<li><span data-contrast=\"auto\">Iampieri, Arianna,\u00a0<\/span><span data-ccp-props=\"{&quot;469777462&quot;:[560,1120,1680,2240,2800,3360,3920,4480,5040,5600,6160,6720],&quot;469777927&quot;:[0,0,0,0,0,0,0,0,0,0,0,0],&quot;469777928&quot;:[1,1,1,1,1,1,1,1,1,1,1,1]}\">\u00a0<\/span><\/li>\n<li><span data-contrast=\"auto\">Mart\u00ednez, Gorka,\u00a0<\/span><span data-ccp-props=\"{&quot;469777462&quot;:[560,1120,1680,2240,2800,3360,3920,4480,5040,5600,6160,6720],&quot;469777927&quot;:[0,0,0,0,0,0,0,0,0,0,0,0],&quot;469777928&quot;:[1,1,1,1,1,1,1,1,1,1,1,1]}\">\u00a0<\/span><\/li>\n<li><span data-contrast=\"auto\">Mi\u00f1arro, Sergio,\u00a0<\/span><span data-ccp-props=\"{&quot;469777462&quot;:[560,1120,1680,2240,2800,3360,3920,4480,5040,5600,6160,6720],&quot;469777927&quot;:[0,0,0,0,0,0,0,0,0,0,0,0],&quot;469777928&quot;:[1,1,1,1,1,1,1,1,1,1,1,1]}\">\u00a0<\/span><\/li>\n<li><span data-contrast=\"auto\">Ortiz, Ricardo,\u00a0<\/span><span data-ccp-props=\"{&quot;469777462&quot;:[560,1120,1680,2240,2800,3360,3920,4480,5040,5600,6160,6720],&quot;469777927&quot;:[0,0,0,0,0,0,0,0,0,0,0,0],&quot;469777928&quot;:[1,1,1,1,1,1,1,1,1,1,1,1]}\">\u00a0<\/span><\/li>\n<li><span data-contrast=\"auto\">Ouassini, Ghita,\u00a0<\/span><span data-ccp-props=\"{&quot;469777462&quot;:[560,1120,1680,2240,2800,3360,3920,4480,5040,5600,6160,6720],&quot;469777927&quot;:[0,0,0,0,0,0,0,0,0,0,0,0],&quot;469777928&quot;:[1,1,1,1,1,1,1,1,1,1,1,1]}\">\u00a0<\/span><\/li>\n<li><span data-contrast=\"auto\">Rom\u00e1n, Leire,\u00a0<\/span><span data-ccp-props=\"{&quot;469777462&quot;:[560,1120,1680,2240,2800,3360,3920,4480,5040,5600,6160,6720],&quot;469777927&quot;:[0,0,0,0,0,0,0,0,0,0,0,0],&quot;469777928&quot;:[1,1,1,1,1,1,1,1,1,1,1,1]}\">\u00a0<\/span><\/li>\n<li><span data-contrast=\"auto\">Rosal, Guillem,\u00a0<\/span><span data-ccp-props=\"{&quot;469777462&quot;:[560,1120,1680,2240,2800,3360,3920,4480,5040,5600,6160,6720],&quot;469777927&quot;:[0,0,0,0,0,0,0,0,0,0,0,0],&quot;469777928&quot;:[1,1,1,1,1,1,1,1,1,1,1,1]}\">\u00a0<\/span><\/li>\n<li><span data-contrast=\"auto\">Rossi, Roberto,\u00a0<\/span><span data-ccp-props=\"{&quot;469777462&quot;:[560,1120,1680,2240,2800,3360,3920,4480,5040,5600,6160,6720],&quot;469777927&quot;:[0,0,0,0,0,0,0,0,0,0,0,0],&quot;469777928&quot;:[1,1,1,1,1,1,1,1,1,1,1,1]}\">\u00a0<\/span><\/li>\n<li><span data-contrast=\"auto\">Roth, Carla,\u00a0<\/span><span data-ccp-props=\"{&quot;469777462&quot;:[560,1120,1680,2240,2800,3360,3920,4480,5040,5600,6160,6720],&quot;469777927&quot;:[0,0,0,0,0,0,0,0,0,0,0,0],&quot;469777928&quot;:[1,1,1,1,1,1,1,1,1,1,1,1]}\">\u00a0<\/span><\/li>\n<li><span data-contrast=\"auto\">Sabarich, Carla,\u00a0<\/span><span data-ccp-props=\"{&quot;469777462&quot;:[560,1120,1680,2240,2800,3360,3920,4480,5040,5600,6160,6720],&quot;469777927&quot;:[0,0,0,0,0,0,0,0,0,0,0,0],&quot;469777928&quot;:[1,1,1,1,1,1,1,1,1,1,1,1]}\">\u00a0<\/span><\/li>\n<li><span data-contrast=\"auto\">Segerholm, Alma,\u00a0<\/span><span data-ccp-props=\"{&quot;469777462&quot;:[560,1120,1680,2240,2800,3360,3920,4480,5040,5600,6160,6720],&quot;469777927&quot;:[0,0,0,0,0,0,0,0,0,0,0,0],&quot;469777928&quot;:[1,1,1,1,1,1,1,1,1,1,1,1]}\">\u00a0<\/span><\/li>\n<li><span data-contrast=\"auto\">Tiepolo, Aran<\/span><span data-ccp-props=\"{}\">\u00a0<\/span><\/li>\n<\/ul>\n<h2><span data-contrast=\"auto\">Entidades organizadoras<\/span><\/h2>\n<ul>\n<li><span data-contrast=\"auto\">Elisava\u00a0<\/span><span data-ccp-props=\"{&quot;469777462&quot;:[560,1120,1680,2240,2800,3360,3920,4480,5040,5600,6160,6720],&quot;469777927&quot;:[0,0,0,0,0,0,0,0,0,0,0,0],&quot;469777928&quot;:[1,1,1,1,1,1,1,1,1,1,1,1]}\">\u00a0<\/span><\/li>\n<li><span data-contrast=\"auto\">ETSAB<\/span><span data-ccp-props=\"{&quot;469777462&quot;:[560,1120,1680,2240,2800,3360,3920,4480,5040,5600,6160,6720],&quot;469777927&quot;:[0,0,0,0,0,0,0,0,0,0,0,0],&quot;469777928&quot;:[1,1,1,1,1,1,1,1,1,1,1,1]}\">\u00a0<\/span><\/li>\n<li><span data-contrast=\"auto\">Fundaci\u00f3 Joan Mir\u00f3 de Barcelona<\/span><span data-ccp-props=\"{&quot;469777462&quot;:[560,1120,1680,2240,2800,3360,3920,4480,5040,5600,6160,6720],&quot;469777927&quot;:[0,0,0,0,0,0,0,0,0,0,0,0],&quot;469777928&quot;:[1,1,1,1,1,1,1,1,1,1,1,1]}\">\u00a0<\/span><\/li>\n<li><span data-contrast=\"auto\">Fundaci\u00f3 Mies van der Rohe\u00a0<\/span><span data-ccp-props=\"{&quot;469777462&quot;:[560,1120,1680,2240,2800,3360,3920,4480,5040,5600,6160,6720],&quot;469777927&quot;:[0,0,0,0,0,0,0,0,0,0,0,0],&quot;469777928&quot;:[1,1,1,1,1,1,1,1,1,1,1,1]}\">\u00a0<\/span><\/li>\n<li><span data-contrast=\"auto\">Semana de Arquitectura\u00a0\u00a0<\/span><span data-ccp-props=\"{&quot;469777462&quot;:[560,1120,1680,2240,2800,3360,3920,4480,5040,5600,6160,6720],&quot;469777927&quot;:[0,0,0,0,0,0,0,0,0,0,0,0],&quot;469777928&quot;:[1,1,1,1,1,1,1,1,1,1,1,1]}\">\u00a0<\/span><\/li>\n<li><span data-contrast=\"auto\">Festival Internacional BARQ<\/span><span data-ccp-props=\"{&quot;469777462&quot;:[560,1120,1680,2240,2800,3360,3920,4480,5040,5600,6160,6720],&quot;469777927&quot;:[0,0,0,0,0,0,0,0,0,0,0,0],&quot;469777928&quot;:[1,1,1,1,1,1,1,1,1,1,1,1]}\">\u00a0<\/span><\/li>\n<\/ul>\n<p><img loading=\"lazy\" class=\" wp-image-9684\" src=\"https:\/\/affordablehousingactivation.org\/web\/app\/uploads\/2022\/06\/D611_ETSAB_portada-300x134.jpg\" alt=\"\" width=\"640\" height=\"286\" srcset=\"https:\/\/affordablehousingactivation.org\/\/web\/app\/uploads\/2022\/06\/D611_ETSAB_portada-300x134.jpg 300w, https:\/\/affordablehousingactivation.org\/\/web\/app\/uploads\/2022\/06\/D611_ETSAB_portada-1024x456.jpg 1024w, https:\/\/affordablehousingactivation.org\/\/web\/app\/uploads\/2022\/06\/D611_ETSAB_portada-768x342.jpg 768w, https:\/\/affordablehousingactivation.org\/\/web\/app\/uploads\/2022\/06\/D611_ETSAB_portada-1536x684.jpg 1536w, https:\/\/affordablehousingactivation.org\/\/web\/app\/uploads\/2022\/06\/D611_ETSAB_portada-2048x911.jpg 2048w, https:\/\/affordablehousingactivation.org\/\/web\/app\/uploads\/2022\/06\/D611_ETSAB_portada-900x401.jpg 900w, https:\/\/affordablehousingactivation.org\/\/web\/app\/uploads\/2022\/06\/D611_ETSAB_portada-600x267.jpg 600w\" sizes=\"(max-width: 640px) 100vw, 640px\" title=\"\"><\/p>\n<h2><span data-contrast=\"auto\">Link<\/span><\/h2>\n<ul>\n<li><a href=\"https:\/\/fundacion.arquia.com\/es-es\/mediateca\/filmoteca\/p\/Documentales\/Detalle\/611\" target=\"_blank\" rel=\"noopener\"><span data-contrast=\"none\">https:\/\/fundacion.arquia.com\/es-es\/mediateca\/filmoteca\/p\/Documentales\/Detalle\/611<\/span><\/a><span data-ccp-props=\"{}\">\u00a0<\/span><\/li>\n<\/ul>\n<p><span data-contrast=\"auto\"><strong>Organiza<\/strong>: <\/span><span data-contrast=\"none\">Fundacion Arquia<\/span><span data-ccp-props=\"{}\">\u00a0<\/span><\/p>\n","protected":false},"excerpt":{"rendered":"<p>Pel\u00edcula colectiva, testimonio significativo y \u00fanico de la arquitectura vista desde las propias ventanas, realizada por futuros arquitectos. En la segunda edici\u00f3n del taller audiovisual, dentro del curso Arquitectura y [&hellip;]<\/p>\n","protected":false},"featured_media":9682,"parent":0,"template":"","meta":{"_price":"","_stock":"","_tribe_ticket_header":"","_tribe_default_ticket_provider":"","_tribe_ticket_capacity":"0","_ticket_start_date":"","_ticket_end_date":"","_tribe_ticket_show_description":"","_tribe_ticket_show_not_going":false,"_tribe_ticket_use_global_stock":"","_tribe_ticket_global_stock_level":"","_global_stock_mode":"","_global_stock_cap":"","_tribe_rsvp_for_event":"","_tribe_ticket_going_count":"","_tribe_ticket_not_going_count":"","_tribe_tickets_list":[],"_tribe_ticket_has_attendee_info_fields":false},"barrera":[113],"acf":[],"_links":{"self":[{"href":"https:\/\/affordablehousingactivation.org\/es\/wp-json\/wp\/v2\/exemplary_case\/9681"}],"collection":[{"href":"https:\/\/affordablehousingactivation.org\/es\/wp-json\/wp\/v2\/exemplary_case"}],"about":[{"href":"https:\/\/affordablehousingactivation.org\/es\/wp-json\/wp\/v2\/types\/exemplary_case"}],"wp:featuredmedia":[{"embeddable":true,"href":"https:\/\/affordablehousingactivation.org\/es\/wp-json\/wp\/v2\/media\/9682"}],"wp:attachment":[{"href":"https:\/\/affordablehousingactivation.org\/es\/wp-json\/wp\/v2\/media?parent=9681"}],"wp:term":[{"taxonomy":"barrera","embeddable":true,"href":"https:\/\/affordablehousingactivation.org\/es\/wp-json\/wp\/v2\/barrera?post=9681"}],"curies":[{"name":"wp","href":"https:\/\/api.w.org\/{rel}","templated":true}]}}