{"id":129,"date":"2021-12-09T16:51:05","date_gmt":"2021-12-09T15:51:05","guid":{"rendered":"https:\/\/affordablehousingactivation.org\/?post_type=experts&#038;p=129"},"modified":"2022-03-25T14:13:29","modified_gmt":"2022-03-25T13:13:29","slug":"carlos-salle-2","status":"publish","type":"experts","link":"https:\/\/affordablehousingactivation.org\/es\/experts\/carlos-salle-2\/","title":{"rendered":"Carlos Sall\u00e9 Alonso"},"content":{"rendered":"<p><span data-contrast=\"none\">Naci\u00f3 en David (Panam\u00e1), de padres espa\u00f1oles. Ingeniero Industrial (Escuela T\u00e9cnica Superior de Ingenieros Industriales-Universidad Polit\u00e9cnica de Madrid) e Ingeniero T\u00e9cnico el\u00e9ctrico por el ICAI de la Universidad Pontifica de Comillas.<\/span><span data-ccp-props=\"{&quot;134233117&quot;:true,&quot;134233118&quot;:true,&quot;201341983&quot;:0,&quot;335551550&quot;:6,&quot;335551620&quot;:6,&quot;335559740&quot;:240}\">\u00a0<\/span><\/p>\n<p><span data-contrast=\"none\">Trabaj\u00f3 en Red El\u00e9ctrica de Espa\u00f1a y en la Compa\u00f1\u00eda Operadora del Mercado El\u00e9ctrico y fue director de Energ\u00eda El\u00e9ctrica en el regulador energ\u00e9tico, la Comisi\u00f3n Nacional de Energ\u00eda (CNE).<\/span><span data-ccp-props=\"{&quot;134233117&quot;:true,&quot;134233118&quot;:true,&quot;201341983&quot;:0,&quot;335551550&quot;:6,&quot;335551620&quot;:6,&quot;335559740&quot;:240}\">\u00a0<\/span><\/p>\n<p><span data-contrast=\"none\">Tambi\u00e9n fue director Asociado del \u00c1rea de Energ\u00eda de la consultora NERA. Entre 2001 y 2014 fue director de Regulaci\u00f3n del Grupo Iberdrola, y entre 2015 y finales de 2020 fue director de Pol\u00edticas Energ\u00e9ticas y Cambio Clim\u00e1tico del Grupo, con dependencia directa del presidente, trabajando en la estrategia y posicionamiento sobre cambio clim\u00e1tico del Grupo a nivel internacional, en especial en la ONU, en las COPs.<\/span><\/p>\n<p><span data-contrast=\"none\">Ha sido adem\u00e1s, presidente de la Comisi\u00f3n de Energ\u00eda de la C\u00e1mara de Comercio de Espa\u00f1a y miembro del Business Advisory Board del centro de Alianzas P\u00fablico-Privadas (PPP)\u202fde UNECE (Naciones Unidas).<\/span><span data-ccp-props=\"{&quot;134233117&quot;:true,&quot;134233118&quot;:true,&quot;201341983&quot;:0,&quot;335551550&quot;:6,&quot;335551620&quot;:6,&quot;335559740&quot;:240}\">\u00a0<\/span><\/p>\n<p><span data-contrast=\"none\">Fue uno de los fundadores de la ONG Energ\u00eda Sin Fronteras, siendo en la actualidad voluntario en la misma. Tambi\u00e9n es voluntario de ACNUR. En la actualidad act\u00faa como experto independiente en regulaci\u00f3n y transici\u00f3n energ\u00e9tica.<\/span><span data-ccp-props=\"{&quot;134233117&quot;:true,&quot;134233118&quot;:true,&quot;201341983&quot;:0,&quot;335551550&quot;:6,&quot;335551620&quot;:6,&quot;335559740&quot;:240}\">\u00a0<\/span><\/p>\n","protected":false},"featured_media":1705,"template":"","meta":{"_price":"","_stock":"","_tribe_ticket_header":"","_tribe_default_ticket_provider":"","_tribe_ticket_capacity":"0","_ticket_start_date":"","_ticket_end_date":"","_tribe_ticket_show_description":"","_tribe_ticket_show_not_going":false,"_tribe_ticket_use_global_stock":"","_tribe_ticket_global_stock_level":"","_global_stock_mode":"","_global_stock_cap":"","_tribe_rsvp_for_event":"","_tribe_ticket_going_count":"","_tribe_ticket_not_going_count":"","_tribe_tickets_list":[],"_tribe_ticket_has_attendee_info_fields":false},"categories":[],"barrera":[],"pais":[],"acf":[],"_links":{"self":[{"href":"https:\/\/affordablehousingactivation.org\/es\/wp-json\/wp\/v2\/experts\/129"}],"collection":[{"href":"https:\/\/affordablehousingactivation.org\/es\/wp-json\/wp\/v2\/experts"}],"about":[{"href":"https:\/\/affordablehousingactivation.org\/es\/wp-json\/wp\/v2\/types\/experts"}],"wp:featuredmedia":[{"embeddable":true,"href":"https:\/\/affordablehousingactivation.org\/es\/wp-json\/wp\/v2\/media\/1705"}],"wp:attachment":[{"href":"https:\/\/affordablehousingactivation.org\/es\/wp-json\/wp\/v2\/media?parent=129"}],"wp:term":[{"taxonomy":"category","embeddable":true,"href":"https:\/\/affordablehousingactivation.org\/es\/wp-json\/wp\/v2\/categories?post=129"},{"taxonomy":"barrera","embeddable":true,"href":"https:\/\/affordablehousingactivation.org\/es\/wp-json\/wp\/v2\/barrera?post=129"},{"taxonomy":"pais","embeddable":true,"href":"https:\/\/affordablehousingactivation.org\/es\/wp-json\/wp\/v2\/pais?post=129"}],"curies":[{"name":"wp","href":"https:\/\/api.w.org\/{rel}","templated":true}]}}