{"id":2112,"date":"2022-03-17T11:47:21","date_gmt":"2022-03-17T10:47:21","guid":{"rendered":"https:\/\/affordablehousingactivation.org\/?post_type=experts&#038;p=2112"},"modified":"2022-05-11T17:25:23","modified_gmt":"2022-05-11T15:25:23","slug":"saskia-sassen","status":"publish","type":"experts","link":"https:\/\/affordablehousingactivation.org\/es\/experts\/saskia-sassen\/","title":{"rendered":"Saskia Sassen"},"content":{"rendered":"<p><span data-contrast=\"auto\">Saskia Sassen es catedr\u00e1tica de Sociolog\u00eda en la Universidad de Columbia y miembro de su Comit\u00e9 de Pensamiento Global, que presidi\u00f3 de 2009 a 2015.\u00a0<\/span><span data-ccp-props=\"{&quot;201341983&quot;:0,&quot;335559739&quot;:160,&quot;335559740&quot;:259}\">\u00a0<\/span><\/p>\n<p><span data-contrast=\"auto\">Experta en ciudades e inmigraci\u00f3n. Los Estados en la econom\u00eda mundial, la desigualdad, el g\u00e9nero y la digitalizaci\u00f3n son variables clave en su trabajo. <\/span><span data-ccp-props=\"{&quot;201341983&quot;:0,&quot;335559739&quot;:160,&quot;335559740&quot;:259}\">\u00a0<\/span><\/p>\n<p><span data-contrast=\"auto\">Nacida en los Pa\u00edses Bajos, creci\u00f3 en Argentina e Italia, estudi\u00f3 en Francia, se cri\u00f3 en cinco idiomas y comenz\u00f3 su vida profesional en Estados Unidos. <\/span><span data-ccp-props=\"{&quot;201341983&quot;:0,&quot;335559739&quot;:160,&quot;335559740&quot;:259}\">\u00a0<\/span><\/p>\n<p><span data-contrast=\"auto\">Es autora de ocho libros y editora o coeditora de tres. En conjunto, sus libros est\u00e1n traducidos a m\u00e1s de veinte idiomas. Ha recibido numerosos premios y honores, entre ellos doce doctorados honoris causa, m\u00faltiples conferencias nombradas, el Premio Pr\u00edncipe de Asturias de Ciencias Sociales 2013, la elecci\u00f3n como Miembro Extranjero de la Real Academia de las Ciencias de los Pa\u00edses Bajos y el nombramiento como Caballero de la Orden de las Artes y las Letras por el gobierno franc\u00e9s.\u00a0\u00a0<\/span><span data-ccp-props=\"{&quot;201341983&quot;:0,&quot;335559739&quot;:160,&quot;335559740&quot;:259}\">\u00a0<\/span><\/p>\n","protected":false},"featured_media":8943,"template":"","meta":{"_price":"","_stock":"","_tribe_ticket_header":"","_tribe_default_ticket_provider":"","_tribe_ticket_capacity":"0","_ticket_start_date":"","_ticket_end_date":"","_tribe_ticket_show_description":"","_tribe_ticket_show_not_going":false,"_tribe_ticket_use_global_stock":"","_tribe_ticket_global_stock_level":"","_global_stock_mode":"","_global_stock_cap":"","_tribe_rsvp_for_event":"","_tribe_ticket_going_count":"","_tribe_ticket_not_going_count":"","_tribe_tickets_list":[],"_tribe_ticket_has_attendee_info_fields":false},"categories":[],"barrera":[113],"pais":[],"acf":[],"_links":{"self":[{"href":"https:\/\/affordablehousingactivation.org\/es\/wp-json\/wp\/v2\/experts\/2112"}],"collection":[{"href":"https:\/\/affordablehousingactivation.org\/es\/wp-json\/wp\/v2\/experts"}],"about":[{"href":"https:\/\/affordablehousingactivation.org\/es\/wp-json\/wp\/v2\/types\/experts"}],"wp:featuredmedia":[{"embeddable":true,"href":"https:\/\/affordablehousingactivation.org\/es\/wp-json\/wp\/v2\/media\/8943"}],"wp:attachment":[{"href":"https:\/\/affordablehousingactivation.org\/es\/wp-json\/wp\/v2\/media?parent=2112"}],"wp:term":[{"taxonomy":"category","embeddable":true,"href":"https:\/\/affordablehousingactivation.org\/es\/wp-json\/wp\/v2\/categories?post=2112"},{"taxonomy":"barrera","embeddable":true,"href":"https:\/\/affordablehousingactivation.org\/es\/wp-json\/wp\/v2\/barrera?post=2112"},{"taxonomy":"pais","embeddable":true,"href":"https:\/\/affordablehousingactivation.org\/es\/wp-json\/wp\/v2\/pais?post=2112"}],"curies":[{"name":"wp","href":"https:\/\/api.w.org\/{rel}","templated":true}]}}