{"id":2165,"date":"2022-03-17T17:21:51","date_gmt":"2022-03-17T16:21:51","guid":{"rendered":"https:\/\/affordablehousingactivation.org\/?post_type=experts&#038;p=2165"},"modified":"2022-04-21T14:01:23","modified_gmt":"2022-04-21T12:01:23","slug":"tan-pei-ing","status":"publish","type":"experts","link":"https:\/\/affordablehousingactivation.org\/es\/experts\/tan-pei-ing\/","title":{"rendered":"Pe\u00ed Ing Tan"},"content":{"rendered":"<p><span class=\"TextRun SCXW17700746 BCX0\" lang=\"ES\" xml:lang=\"ES\" data-contrast=\"none\"><span class=\"NormalTextRun SCXW17700746 BCX0\">Pei Ing Tan, la primera mujer presidenta del Instituto de Arquitectos de Malasia (PAM), tambi\u00e9n se desempe\u00f1\u00f3 como presidenta y actualmente es asesora del Consejo Regional de Arquitectos de Asia (ARCASIA). Tambi\u00e9n es miembro de la Junta de Arquitectos de Malasia, as\u00ed como del Comit\u00e9 Nacional de Equidad de G\u00e9nero del Instituto Australiano de Arquitectos (2020-2021), adem\u00e1s de ser miembro del Consejo del Cap\u00edtulo Internacional. La Sra. Tan ha servido a la UIA en varias capacidades, como miembro del Consejo de la Regi\u00f3n IV, adem\u00e1s de ser miembro de la Comisi\u00f3n de Pr\u00e1ctica Profesional y el comit\u00e9 Internacional de Mujeres en la Arquitectura.<\/span><\/span><span class=\"EOP SCXW17700746 BCX0\" data-ccp-props=\"{&quot;201341983&quot;:0,&quot;335551550&quot;:6,&quot;335551620&quot;:6,&quot;335559739&quot;:160,&quot;335559740&quot;:259}\">\u00a0<\/span><\/p>\n","protected":false},"featured_media":5864,"template":"","meta":{"_price":"","_stock":"","_tribe_ticket_header":"","_tribe_default_ticket_provider":"","_tribe_ticket_capacity":"0","_ticket_start_date":"","_ticket_end_date":"","_tribe_ticket_show_description":"","_tribe_ticket_show_not_going":false,"_tribe_ticket_use_global_stock":"","_tribe_ticket_global_stock_level":"","_global_stock_mode":"","_global_stock_cap":"","_tribe_rsvp_for_event":"","_tribe_ticket_going_count":"","_tribe_ticket_not_going_count":"","_tribe_tickets_list":[],"_tribe_ticket_has_attendee_info_fields":false},"categories":[],"barrera":[],"pais":[],"acf":[],"_links":{"self":[{"href":"https:\/\/affordablehousingactivation.org\/es\/wp-json\/wp\/v2\/experts\/2165"}],"collection":[{"href":"https:\/\/affordablehousingactivation.org\/es\/wp-json\/wp\/v2\/experts"}],"about":[{"href":"https:\/\/affordablehousingactivation.org\/es\/wp-json\/wp\/v2\/types\/experts"}],"wp:featuredmedia":[{"embeddable":true,"href":"https:\/\/affordablehousingactivation.org\/es\/wp-json\/wp\/v2\/media\/5864"}],"wp:attachment":[{"href":"https:\/\/affordablehousingactivation.org\/es\/wp-json\/wp\/v2\/media?parent=2165"}],"wp:term":[{"taxonomy":"category","embeddable":true,"href":"https:\/\/affordablehousingactivation.org\/es\/wp-json\/wp\/v2\/categories?post=2165"},{"taxonomy":"barrera","embeddable":true,"href":"https:\/\/affordablehousingactivation.org\/es\/wp-json\/wp\/v2\/barrera?post=2165"},{"taxonomy":"pais","embeddable":true,"href":"https:\/\/affordablehousingactivation.org\/es\/wp-json\/wp\/v2\/pais?post=2165"}],"curies":[{"name":"wp","href":"https:\/\/api.w.org\/{rel}","templated":true}]}}