{"id":2244,"date":"2022-03-18T12:36:19","date_gmt":"2022-03-18T11:36:19","guid":{"rendered":"https:\/\/affordablehousingactivation.org\/?post_type=experts&#038;p=2244"},"modified":"2022-03-25T14:04:56","modified_gmt":"2022-03-25T13:04:56","slug":"luis-fernandez-galiano","status":"publish","type":"experts","link":"https:\/\/affordablehousingactivation.org\/es\/experts\/luis-fernandez-galiano\/","title":{"rendered":"Luis Fern\u00e1ndez-Galiano"},"content":{"rendered":"<p><span data-contrast=\"auto\">Doctor arquitecto y catedr\u00e1tico de Proyectos en la Escuela de Arquitectura de la Universidad Polit\u00e9cnica de Madrid.<\/span><span data-ccp-props=\"{&quot;201341983&quot;:0,&quot;335559739&quot;:160,&quot;335559740&quot;:259}\">\u00a0<\/span><\/p>\n<p><span data-contrast=\"auto\">Director de las revistas AV\/Arquitectura Viva desde 1985.Miembro de n\u00famero de la Real Academia de Bellas Artes de San Fernando y de la Real Academia de Doctores.<\/span><span data-ccp-props=\"{&quot;201341983&quot;:0,&quot;335559739&quot;:160,&quot;335559740&quot;:259}\">\u00a0<\/span><\/p>\n<p><span data-contrast=\"auto\">Entre 1993 y 2006 estuvo a cargo de la p\u00e1gina semanal de arquitectura del diario El Pa\u00eds, donde actualmente colabora en la secci\u00f3n de Opini\u00f3n. International Fellow del RIBA, Cullinan Professor en la Universidad de Rice, Franke Fellow en la Universidad de Yale, investigador visitante en el Centro Getty de Los \u00c1ngeles y cr\u00edtico visitante en Harvard y Princeton, as\u00ed como en el Instituto Berlage.<\/span><span data-ccp-props=\"{&quot;201341983&quot;:0,&quot;335559739&quot;:160,&quot;335559740&quot;:259}\">\u00a0<\/span><\/p>\n<p><span data-contrast=\"auto\">Ha dirigido cursos de las universidades Men\u00e9ndez Pelayo y Complutense y tambi\u00e9n de los congresos internacionales de arquitectura \u2018M\u00e1s por menos\u2019 (2010) y \u2018Lo com\u00fan\u2019 (2012). Presidente del jurado en la 9\u00aa Bienal de Arquitectura de Venecia, experto, jurado del premio europeo Mies van der Rohe y de numerosos concursos internacionales en Europa, Am\u00e9rica y Asia, incluyendo los de la Biblioteca Nacional de M\u00e9xico, el Museo Nacional de Arte de China y la Biblioteca Nacional de Israel, en este \u00faltimo caso como presidente.<\/span><span data-ccp-props=\"{&quot;201341983&quot;:0,&quot;335559739&quot;:160,&quot;335559740&quot;:259}\">\u00a0<\/span><\/p>\n<p><span data-contrast=\"auto\">Comisario de las exposiciones El espacio privado, Eurasia Extrema (en Tokio y en Madrid), Bucky Fuller &amp; Spaceship Earth y Jean Prouv\u00e9: belleza fabricada (estas dos \u00faltimas con Norman Foster), as\u00ed como de Spain mon amour (en la 13\u00aa Bienal de Arquitectura de Venecia y en Madrid) y The Architect is Present.<\/span><span data-ccp-props=\"{&quot;201341983&quot;:0,&quot;335559739&quot;:160,&quot;335559740&quot;:259}\">\u00a0<\/span><\/p>\n<p><span data-contrast=\"auto\">Entre sus libros se cuentan La quimera moderna, El fuego y la memoria (publicado en ingl\u00e9s con el t\u00edtulo Fire and Memory), Spain Builds (con el MoMA en la versi\u00f3n inglesa, y presentado en su versi\u00f3n china con simposios en Shangh\u00e1i y Pek\u00edn), Atlas, arquitecturas del siglo XXI, una serie de cuatro vol\u00famenes.<\/span><span data-ccp-props=\"{&quot;201341983&quot;:0,&quot;335559739&quot;:160,&quot;335559740&quot;:259}\">\u00a0<\/span><\/p>\n","protected":false},"featured_media":2518,"template":"","meta":{"_price":"","_stock":"","_tribe_ticket_header":"","_tribe_default_ticket_provider":"","_tribe_ticket_capacity":"0","_ticket_start_date":"","_ticket_end_date":"","_tribe_ticket_show_description":"","_tribe_ticket_show_not_going":false,"_tribe_ticket_use_global_stock":"","_tribe_ticket_global_stock_level":"","_global_stock_mode":"","_global_stock_cap":"","_tribe_rsvp_for_event":"","_tribe_ticket_going_count":"","_tribe_ticket_not_going_count":"","_tribe_tickets_list":[],"_tribe_ticket_has_attendee_info_fields":false},"categories":[],"barrera":[],"pais":[],"acf":[],"_links":{"self":[{"href":"https:\/\/affordablehousingactivation.org\/es\/wp-json\/wp\/v2\/experts\/2244"}],"collection":[{"href":"https:\/\/affordablehousingactivation.org\/es\/wp-json\/wp\/v2\/experts"}],"about":[{"href":"https:\/\/affordablehousingactivation.org\/es\/wp-json\/wp\/v2\/types\/experts"}],"wp:featuredmedia":[{"embeddable":true,"href":"https:\/\/affordablehousingactivation.org\/es\/wp-json\/wp\/v2\/media\/2518"}],"wp:attachment":[{"href":"https:\/\/affordablehousingactivation.org\/es\/wp-json\/wp\/v2\/media?parent=2244"}],"wp:term":[{"taxonomy":"category","embeddable":true,"href":"https:\/\/affordablehousingactivation.org\/es\/wp-json\/wp\/v2\/categories?post=2244"},{"taxonomy":"barrera","embeddable":true,"href":"https:\/\/affordablehousingactivation.org\/es\/wp-json\/wp\/v2\/barrera?post=2244"},{"taxonomy":"pais","embeddable":true,"href":"https:\/\/affordablehousingactivation.org\/es\/wp-json\/wp\/v2\/pais?post=2244"}],"curies":[{"name":"wp","href":"https:\/\/api.w.org\/{rel}","templated":true}]}}