{"id":2259,"date":"2022-03-18T13:03:03","date_gmt":"2022-03-18T12:03:03","guid":{"rendered":"https:\/\/affordablehousingactivation.org\/?post_type=experts&#038;p=2259"},"modified":"2022-03-24T11:23:50","modified_gmt":"2022-03-24T10:23:50","slug":"elena-szolgayova","status":"publish","type":"experts","link":"https:\/\/affordablehousingactivation.org\/es\/experts\/elena-szolgayova\/","title":{"rendered":"Elena Szolgayov\u00e1"},"content":{"rendered":"<p><span data-contrast=\"none\">Elena es arquitecta, urbanista y responsable de pol\u00edticas con una larga experiencia en investigaci\u00f3n; 2003-2019 directora general de la Direcci\u00f3n General de Pol\u00edtica de Vivienda y Desarrollo Urbano del Ministerio de Transporte y Construcci\u00f3n de Eslovaquia.\u00a0<\/span><span data-ccp-props=\"{&quot;134233117&quot;:true,&quot;134233118&quot;:true,&quot;335551550&quot;:6,&quot;335551620&quot;:6}\">\u00a0<\/span><\/p>\n<p><span data-contrast=\"none\">Durante m\u00e1s de dos d\u00e9cadas ha participado en la elaboraci\u00f3n de las visiones de las pol\u00edticas globales, europeas y nacionales de vivienda y urbanismo, y fue una de las personas que dirigi\u00f3 el proceso de adopci\u00f3n de la Carta de las Naciones Unidas de Ginebra sobre la vivienda sostenible. Particip\u00f3 en la Mesa de H\u00e1bitat III y en la Unidad de Pol\u00edtica de Vivienda durante el proceso preparatorio de la Nueva Agenda Urbana.\u00a0<\/span><span data-ccp-props=\"{&quot;134233117&quot;:true,&quot;134233118&quot;:true,&quot;335551550&quot;:6,&quot;335551620&quot;:6}\">\u00a0<\/span><\/p>\n<p><span data-contrast=\"none\">Ha sido una de las coordinadoras de la Asociaci\u00f3n para la Vivienda en el marco de la Agenda Urbana de la UE. Elena ocup\u00f3 entre 2013 y 2019 la presidencia del Comit\u00e9 de Vivienda y Ordenaci\u00f3n del Territorio de la CEPE. Desde 2020 act\u00faa como copresidenta de la iniciativa Housing 2030, a la que se han unido la CEPE, Housing Europe y ONU-H\u00e1bitat.<\/span><span data-ccp-props=\"{&quot;134233117&quot;:true,&quot;134233118&quot;:true,&quot;335551550&quot;:6,&quot;335551620&quot;:6}\">\u00a0<\/span><\/p>\n","protected":false},"featured_media":2501,"template":"","meta":{"_price":"","_stock":"","_tribe_ticket_header":"","_tribe_default_ticket_provider":"","_tribe_ticket_capacity":"0","_ticket_start_date":"","_ticket_end_date":"","_tribe_ticket_show_description":"","_tribe_ticket_show_not_going":false,"_tribe_ticket_use_global_stock":"","_tribe_ticket_global_stock_level":"","_global_stock_mode":"","_global_stock_cap":"","_tribe_rsvp_for_event":"","_tribe_ticket_going_count":"","_tribe_ticket_not_going_count":"","_tribe_tickets_list":[],"_tribe_ticket_has_attendee_info_fields":false},"categories":[],"barrera":[116],"pais":[],"acf":[],"_links":{"self":[{"href":"https:\/\/affordablehousingactivation.org\/es\/wp-json\/wp\/v2\/experts\/2259"}],"collection":[{"href":"https:\/\/affordablehousingactivation.org\/es\/wp-json\/wp\/v2\/experts"}],"about":[{"href":"https:\/\/affordablehousingactivation.org\/es\/wp-json\/wp\/v2\/types\/experts"}],"wp:featuredmedia":[{"embeddable":true,"href":"https:\/\/affordablehousingactivation.org\/es\/wp-json\/wp\/v2\/media\/2501"}],"wp:attachment":[{"href":"https:\/\/affordablehousingactivation.org\/es\/wp-json\/wp\/v2\/media?parent=2259"}],"wp:term":[{"taxonomy":"category","embeddable":true,"href":"https:\/\/affordablehousingactivation.org\/es\/wp-json\/wp\/v2\/categories?post=2259"},{"taxonomy":"barrera","embeddable":true,"href":"https:\/\/affordablehousingactivation.org\/es\/wp-json\/wp\/v2\/barrera?post=2259"},{"taxonomy":"pais","embeddable":true,"href":"https:\/\/affordablehousingactivation.org\/es\/wp-json\/wp\/v2\/pais?post=2259"}],"curies":[{"name":"wp","href":"https:\/\/api.w.org\/{rel}","templated":true}]}}