{"id":2268,"date":"2022-04-22T11:15:16","date_gmt":"2022-04-22T09:15:16","guid":{"rendered":"https:\/\/affordablehousingactivation.org\/?post_type=experts&#038;p=2268"},"modified":"2022-04-22T12:21:44","modified_gmt":"2022-04-22T10:21:44","slug":"odile-decq","status":"publish","type":"experts","link":"https:\/\/affordablehousingactivation.org\/es\/experts\/odile-decq\/","title":{"rendered":"Odile Decq"},"content":{"rendered":"<p>La arquitecta Odile Decq ha visto crecer cada vez m\u00e1s su notoriedad y el \u00e9xito de su empresa fundada en 1978. Su obra es un universo completo, en el que la arquitectura, el dise\u00f1o, el arte y el urbanismo se unen, se desaf\u00edan y se responden mutuamente. Su estilo directo, su personalidad asertiva se corresponden con su arquitectura de geometr\u00edas audaces y sus creaciones innovadoras en todos los \u00e1mbitos en los que se expresa.<\/p>\n<p>El reconocimiento internacional le lleg\u00f3 muy pronto, en 1990, con motivo de su primer gran encargo: Banque Populaire de l&#8217;Ouest en Rennes. Los 10 premios nacionales e internacionales, as\u00ed como las publicaciones que acompa\u00f1aron a la construcci\u00f3n de este edificio, subrayaron entonces el nacimiento de una nueva esperanza surgida de la revuelta punk que desafiaba a las convenciones polvorientas. Entre las realizaciones arquitect\u00f3nicas de esta mujer pionera y apasionada, mencionemos el Museo de Arte Contempor\u00e1neo de Roma (MACRO), la sede de GL Events en Lyon, el FRAC Bretagne en Rennes, el Museo Arqueol\u00f3gico de Tangshan en China, el \u00abCargo\u00bb, una incubadora de start-ups en Par\u00eds, \u00abLe Twist\u00bb, un edificio de oficinas en Par\u00eds, casas privadas muy singulares, que ella compara con obras de arte, y su \u00faltimo proyecto, una torre residencial en Barcelona \u00abAntares\u00bb. Hace m\u00e1s de 20 a\u00f1os, entr\u00f3 en el campo del dise\u00f1o creando una serie de muebles, sillones y mesas para la sede de la UNESCO en Par\u00eds con el editor Domeau &amp; Peres. Desde entonces, cada uno de sus proyectos ha sido objeto de nuevas creaciones, como las nuevas l\u00e1mparas desarrolladas en el cat\u00e1logo de Luceplan.<\/p>\n<p>Siempre ha sido una apasionada y coleccionista del arte contempor\u00e1neo, y en 2007 se atrevi\u00f3 con una obra de arte durante su primera exposici\u00f3n en la galer\u00eda Polaris de Par\u00eds. A partir de entonces, trata de reinvertir en el arte sus propias investigaciones sobre la arquitectura y se aleja progresivamente de ella, manteniendo a veces un v\u00ednculo. As\u00ed, las carteras de serigraf\u00edas realizadas para el editor Bernard Chauveau con motivo de la realizaci\u00f3n del Macro, el Frac Bretagne o el restaurante Phantom en la \u00d3pera Garnier son deconstrucciones gr\u00e1ficas de los elementos de los proyectos; lo mismo ocurre con la serie de l\u00e1minas ALOD realizadas en 2016.<\/p>\n<p>Despu\u00e9s de crear el stand de la galer\u00eda Oniris para Art Paris en 2010, expuso en su galer\u00eda en 2017 y realiz\u00f3 fotos y m\u00f3viles en esta ocasi\u00f3n. Finalmente, la Galer\u00eda Philippe Gravier de Par\u00eds le ofreci\u00f3 crear un conjunto de mesas y l\u00e1mparas para Design Miami Art Basel en 2019 y para la FIAC el \u00abPavillon Noir\u00bb construido Place de la Concorde en Par\u00eds en octubre del mismo a\u00f1o.<\/p>\n<p>Los premios internacionales son numerosos: en 1996 un Le\u00f3n de Oro en la Bienal de Venecia reconoce su trabajo como \u00abVoces Emergentes\u00bb; en 2016 el Premio Jane Drew le fue otorgado por The Architects Journal de Londres para reconocer a una personalidad \u00abque posea una fuerza creativa, que abogue por ir m\u00e1s all\u00e1 de las reglas y por la igualdad\u00bb. En 2017, recibi\u00f3 en Nueva York el prestigioso \u00abLifetime Achievement Award\u00bb de Architizer por toda su obra construida , as\u00ed como por \u00absu compromiso y su contribuci\u00f3n al debate sobre la arquitectura\u00bb. En 2018, recibi\u00f3 el t\u00edtulo de Honorary Fellow del Royal Architecture Institute of Canada (RIAC), el mismo a\u00f1o en octubre el ECC Architecture Award otorgado por el Centro Cultural Europeo de Venecia, y en noviembre el t\u00edtulo de Honorary Fellow del Royal Institute of the Architects of Ireland (RIAI).<\/p>\n<p>En 2015 fue nombrada Doctora Honoris Causa en arquitectura por la Universidad Laval de Quebec. En Francia es \u00abChevalier de La L\u00e9gion d&#8217;Honneur\u00bb, \u00abCommandeur de l&#8217;Ordre des Arts et des Lettres\u00bb y \u00abCommandeur de l&#8217;Ordre du M\u00e9rite\u00bb. Despu\u00e9s de haber ense\u00f1ado desde principios de los a\u00f1os 90 en Par\u00eds y en muchos pa\u00edses, luego dirigi\u00f3 la ESA en Par\u00eds durante 5 a\u00f1os, finalmente fund\u00f3 su propia escuela de arquitectura en 2014 con el fin de renovar, mover las l\u00edneas y considerar la evoluci\u00f3n generacional de los estudiantes de arquitectura del siglo XXI, \u00abConfluence Institute for Innovation and Creative Strategies in Architecture\u00bb, originalmente con sede en Lyon. Su escuela fue acreditada por el \u00abRoyal Institute of British Architects\u00bb (RIBA) en 2017 y tiene su sede en Par\u00eds desde septiembre de 2019.<\/p>\n","protected":false},"featured_media":2694,"template":"","meta":{"_price":"","_stock":"","_tribe_ticket_header":"","_tribe_default_ticket_provider":"","_tribe_ticket_capacity":"0","_ticket_start_date":"","_ticket_end_date":"","_tribe_ticket_show_description":"","_tribe_ticket_show_not_going":false,"_tribe_ticket_use_global_stock":"","_tribe_ticket_global_stock_level":"","_global_stock_mode":"","_global_stock_cap":"","_tribe_rsvp_for_event":"","_tribe_ticket_going_count":"","_tribe_ticket_not_going_count":"","_tribe_tickets_list":[],"_tribe_ticket_has_attendee_info_fields":false},"categories":[],"barrera":[117],"pais":[],"acf":[],"_links":{"self":[{"href":"https:\/\/affordablehousingactivation.org\/es\/wp-json\/wp\/v2\/experts\/2268"}],"collection":[{"href":"https:\/\/affordablehousingactivation.org\/es\/wp-json\/wp\/v2\/experts"}],"about":[{"href":"https:\/\/affordablehousingactivation.org\/es\/wp-json\/wp\/v2\/types\/experts"}],"wp:featuredmedia":[{"embeddable":true,"href":"https:\/\/affordablehousingactivation.org\/es\/wp-json\/wp\/v2\/media\/2694"}],"wp:attachment":[{"href":"https:\/\/affordablehousingactivation.org\/es\/wp-json\/wp\/v2\/media?parent=2268"}],"wp:term":[{"taxonomy":"category","embeddable":true,"href":"https:\/\/affordablehousingactivation.org\/es\/wp-json\/wp\/v2\/categories?post=2268"},{"taxonomy":"barrera","embeddable":true,"href":"https:\/\/affordablehousingactivation.org\/es\/wp-json\/wp\/v2\/barrera?post=2268"},{"taxonomy":"pais","embeddable":true,"href":"https:\/\/affordablehousingactivation.org\/es\/wp-json\/wp\/v2\/pais?post=2268"}],"curies":[{"name":"wp","href":"https:\/\/api.w.org\/{rel}","templated":true}]}}