{"id":2284,"date":"2022-03-18T13:36:49","date_gmt":"2022-03-18T12:36:49","guid":{"rendered":"https:\/\/affordablehousingactivation.org\/?post_type=experts&#038;p=2284"},"modified":"2022-04-20T22:44:53","modified_gmt":"2022-04-20T20:44:53","slug":"ishtiaque-zahir-titas-faia","status":"publish","type":"experts","link":"https:\/\/affordablehousingactivation.org\/es\/experts\/ishtiaque-zahir-titas-faia\/","title":{"rendered":"Ishtiaque Zahir Titas Faia"},"content":{"rendered":"<p><span class=\"TextRun SCXW14313460 BCX0\" lang=\"ES-ES\" xml:lang=\"ES-ES\" data-contrast=\"auto\"><span class=\"NormalTextRun SpellingErrorV2 SCXW14313460 BCX0\">Ishtiaque<\/span><span class=\"NormalTextRun SCXW14313460 BCX0\"> Zahir Titas, arquitecto y dise\u00f1ador urbano de Bangladesh, es el primer vicepresidente y miembro del Consejo de la Uni\u00f3n Internacional de Arquitectos (UIA) de la Regi\u00f3n IV. Es miembro honorario del Instituto Americano de Arquitectos (FAIA) y cofundador de VITTI, un estudio galardonado en Dhaka desde hace 31 a\u00f1os. Hizo un m\u00e1ster en arquitectura en la UEL de Londres. Los proyectos que ha realizado van desde peque\u00f1as viviendas hasta grandes proyectos de desarrollo urbano. El dise\u00f1o de la sostenibilidad a trav\u00e9s de un proceso participativo y el dise\u00f1o de espacios p\u00fablicos son los puntos clave de su inter\u00e9s.<\/span><\/span><\/p>\n<p><span class=\"TextRun SCXW14313460 BCX0\" lang=\"ES-ES\" xml:lang=\"ES-ES\" data-contrast=\"auto\"><span class=\"NormalTextRun SCXW14313460 BCX0\">Cree que la sostenibilidad deber\u00eda ser el n\u00facleo de todas las obras de desarrollo y que la arquitectura deber\u00eda centrarse m\u00e1s en la investigaci\u00f3n y la innovaci\u00f3n. Represent\u00f3 a la UIA en <\/span><span class=\"NormalTextRun ContextualSpellingAndGrammarErrorV2 SCXW14313460 BCX0\">ONU<\/span><span class=\"NormalTextRun SCXW14313460 BCX0\">-H\u00e1bitat, defendiendo los intereses de los profesionales en la Nueva Agenda Urbana (NUA). En la 7\u00aa reuni\u00f3n plenaria de la conferencia H\u00e1bitat III, celebrada en Quito en 2016, realiz\u00f3 la declaraci\u00f3n oficial y trabaj\u00f3 como experto de la Unidad de Pol\u00edticas. Como codirector de la Comisi\u00f3n de la UIA sobre los ODS, habl\u00f3 y organiz\u00f3 m\u00faltiples eventos paralelos en H\u00e1bitat III, el WUF9 en 2018, el WUF10 en 2020, en la COP21 en Par\u00eds, la COP 24 en Katowice y la COP26 en Glasgow.<\/span><\/span><span class=\"EOP SCXW14313460 BCX0\" data-ccp-props=\"{&quot;201341983&quot;:0,&quot;335551550&quot;:6,&quot;335551620&quot;:6,&quot;335559739&quot;:160,&quot;335559740&quot;:259}\">\u00a0<\/span><\/p>\n","protected":false},"featured_media":2696,"template":"","meta":{"_price":"","_stock":"","_tribe_ticket_header":"","_tribe_default_ticket_provider":"","_tribe_ticket_capacity":"0","_ticket_start_date":"","_ticket_end_date":"","_tribe_ticket_show_description":"","_tribe_ticket_show_not_going":false,"_tribe_ticket_use_global_stock":"","_tribe_ticket_global_stock_level":"","_global_stock_mode":"","_global_stock_cap":"","_tribe_rsvp_for_event":"","_tribe_ticket_going_count":"","_tribe_ticket_not_going_count":"","_tribe_tickets_list":[],"_tribe_ticket_has_attendee_info_fields":false},"categories":[],"barrera":[119],"pais":[],"acf":[],"_links":{"self":[{"href":"https:\/\/affordablehousingactivation.org\/es\/wp-json\/wp\/v2\/experts\/2284"}],"collection":[{"href":"https:\/\/affordablehousingactivation.org\/es\/wp-json\/wp\/v2\/experts"}],"about":[{"href":"https:\/\/affordablehousingactivation.org\/es\/wp-json\/wp\/v2\/types\/experts"}],"wp:featuredmedia":[{"embeddable":true,"href":"https:\/\/affordablehousingactivation.org\/es\/wp-json\/wp\/v2\/media\/2696"}],"wp:attachment":[{"href":"https:\/\/affordablehousingactivation.org\/es\/wp-json\/wp\/v2\/media?parent=2284"}],"wp:term":[{"taxonomy":"category","embeddable":true,"href":"https:\/\/affordablehousingactivation.org\/es\/wp-json\/wp\/v2\/categories?post=2284"},{"taxonomy":"barrera","embeddable":true,"href":"https:\/\/affordablehousingactivation.org\/es\/wp-json\/wp\/v2\/barrera?post=2284"},{"taxonomy":"pais","embeddable":true,"href":"https:\/\/affordablehousingactivation.org\/es\/wp-json\/wp\/v2\/pais?post=2284"}],"curies":[{"name":"wp","href":"https:\/\/api.w.org\/{rel}","templated":true}]}}