{"id":2300,"date":"2022-03-18T14:09:25","date_gmt":"2022-03-18T13:09:25","guid":{"rendered":"https:\/\/affordablehousingactivation.org\/?post_type=experts&#038;p=2300"},"modified":"2022-04-21T00:00:32","modified_gmt":"2022-04-20T22:00:32","slug":"michelle-norris","status":"publish","type":"experts","link":"https:\/\/affordablehousingactivation.org\/es\/experts\/michelle-norris\/","title":{"rendered":"Michelle Norris"},"content":{"rendered":"<p><span data-contrast=\"auto\">Michelle Norris es catedr\u00e1tica de Pol\u00edtica Social y directora del Instituto Geary de Pol\u00edticas P\u00fablicas del University College de Dubl\u00edn.<\/span><span data-ccp-props=\"{&quot;201341983&quot;:0,&quot;335559739&quot;:160,&quot;335559740&quot;:259}\">\u00a0<\/span><\/p>\n<p><span data-contrast=\"auto\">Sus intereses docentes y de investigaci\u00f3n se centran en la pol\u00edtica de vivienda y la regeneraci\u00f3n urbana, especialmente en<\/span><span data-ccp-props=\"{&quot;201341983&quot;:0,&quot;335559739&quot;:160,&quot;335559740&quot;:259}\">\u00a0<\/span><\/p>\n<ul>\n<li><span data-contrast=\"auto\">la gesti\u00f3n y financiaci\u00f3n de la vivienda social<\/span><span data-ccp-props=\"{&quot;201341983&quot;:0,&quot;335559739&quot;:160,&quot;335559740&quot;:259}\">\u00a0<\/span><\/li>\n<li><span data-contrast=\"auto\">la regeneraci\u00f3n de las viviendas sociales y de las zonas urbanas deprimidas<\/span><span data-ccp-props=\"{&quot;201341983&quot;:0,&quot;335559739&quot;:160,&quot;335559740&quot;:259}\">\u00a0<\/span><\/li>\n<\/ul>\n<p><span data-contrast=\"auto\">Ha dirigido m\u00e1s de 30 proyectos de investigaci\u00f3n sobre estos temas y ha realizado 200 publicaciones sobre los resultados.<\/span><span data-ccp-props=\"{&quot;201341983&quot;:0,&quot;335559739&quot;:160,&quot;335559740&quot;:259}\">\u00a0<\/span><\/p>\n<p><span data-contrast=\"auto\">Tiene fuertes v\u00ednculos con los responsables pol\u00edticos en Irlanda y a nivel internacional. En 2011 y de nuevo en 2016 fue nombrada por el Taoiseach como miembro independiente del Consejo Nacional Econ\u00f3mico y Social. En 2018 fue nombrada por el Ministro de Vivienda para el consejo interino de la Agencia de Desarrollo del Suelo. Entre 2012 y 2021 presidi\u00f3 el consejo de la Agencia de Financiaci\u00f3n de la Vivienda, una agencia gubernamental que financia viviendas sociales y asequibles en Irlanda. En 2021 fue una de las tres autoras principales del informe Housing2030 sobre c\u00f3mo los responsables pol\u00edticos mejoran los resultados de la vivienda asequible. Este informe fue encargado por la Comisi\u00f3n Econ\u00f3mica para Europa de las Naciones Unidas, ONU-H\u00e1bitat y Housing Europe.<\/span><span data-ccp-props=\"{&quot;201341983&quot;:0,&quot;335559739&quot;:160,&quot;335559740&quot;:259}\">\u00a0<\/span><\/p>\n<p><span data-ccp-props=\"{&quot;201341983&quot;:0,&quot;335559739&quot;:160,&quot;335559740&quot;:259}\">\u00a0<\/span><\/p>\n","protected":false},"featured_media":2508,"template":"","meta":{"_price":"","_stock":"","_tribe_ticket_header":"","_tribe_default_ticket_provider":"","_tribe_ticket_capacity":"0","_ticket_start_date":"","_ticket_end_date":"","_tribe_ticket_show_description":"","_tribe_ticket_show_not_going":false,"_tribe_ticket_use_global_stock":"","_tribe_ticket_global_stock_level":"","_global_stock_mode":"","_global_stock_cap":"","_tribe_rsvp_for_event":"","_tribe_ticket_going_count":"","_tribe_ticket_not_going_count":"","_tribe_tickets_list":[],"_tribe_ticket_has_attendee_info_fields":false},"categories":[],"barrera":[120],"pais":[],"acf":[],"_links":{"self":[{"href":"https:\/\/affordablehousingactivation.org\/es\/wp-json\/wp\/v2\/experts\/2300"}],"collection":[{"href":"https:\/\/affordablehousingactivation.org\/es\/wp-json\/wp\/v2\/experts"}],"about":[{"href":"https:\/\/affordablehousingactivation.org\/es\/wp-json\/wp\/v2\/types\/experts"}],"wp:featuredmedia":[{"embeddable":true,"href":"https:\/\/affordablehousingactivation.org\/es\/wp-json\/wp\/v2\/media\/2508"}],"wp:attachment":[{"href":"https:\/\/affordablehousingactivation.org\/es\/wp-json\/wp\/v2\/media?parent=2300"}],"wp:term":[{"taxonomy":"category","embeddable":true,"href":"https:\/\/affordablehousingactivation.org\/es\/wp-json\/wp\/v2\/categories?post=2300"},{"taxonomy":"barrera","embeddable":true,"href":"https:\/\/affordablehousingactivation.org\/es\/wp-json\/wp\/v2\/barrera?post=2300"},{"taxonomy":"pais","embeddable":true,"href":"https:\/\/affordablehousingactivation.org\/es\/wp-json\/wp\/v2\/pais?post=2300"}],"curies":[{"name":"wp","href":"https:\/\/api.w.org\/{rel}","templated":true}]}}