{"id":2652,"date":"2022-03-21T16:57:09","date_gmt":"2022-03-21T15:57:09","guid":{"rendered":"https:\/\/affordablehousingactivation.org\/?post_type=experts&#038;p=2652"},"modified":"2022-04-20T18:31:39","modified_gmt":"2022-04-20T16:31:39","slug":"william-o-rodriguez","status":"publish","type":"experts","link":"https:\/\/affordablehousingactivation.org\/es\/experts\/william-o-rodriguez\/","title":{"rendered":"William O. Rodr\u00edguez"},"content":{"rendered":"<p aria-level=\"1\"><span data-contrast=\"none\">El Lcdo. Rodr\u00edguez Rodr\u00edguez posee un bachillerato en Administraci\u00f3n de Empresas con concentraci\u00f3n en Gerencia de la UPR y un juris doctor de la Universidad Interamericana de Puerto Rico. Es abogado y notario p\u00fablico admitido en la jurisdicci\u00f3n de Puerto Rico con m\u00e1s de 10 a\u00f1os de experiencia en asuntos gubernamentales y litigios civiles. Se destac\u00f3 en la Divisi\u00f3n de Pol\u00edtica P\u00fablica y Recursos Extraordinarios del Departamento de Justicia.<\/span><span data-ccp-props=\"{&quot;335551550&quot;:6,&quot;335551620&quot;:6,&quot;335559738&quot;:240}\">\u00a0<\/span><\/p>\n<p aria-level=\"1\"><span data-contrast=\"none\">En el 2010 comenz\u00f3 a trabajar como ayudante ejecutivo en la Administraci\u00f3n de Vivienda P\u00fablica de Puerto Rico. En el 2017 fue nombrado subadministrador de la Administraci\u00f3n de Vivienda P\u00fablica y desde el 2019, se desempe\u00f1a como su Administrador. Ha estado a cargo de la administraci\u00f3n del segundo sistema de vivienda p\u00fablica m\u00e1s grande de la naci\u00f3n americana. Dentro de sus logros, se encuentra la reingenier\u00eda de procesos dentro de la AVP junto a su automatizaci\u00f3n, redundando en mayor eficiencia en el desembolso de fondos federales.\u00a0<\/span><span data-ccp-props=\"{&quot;335551550&quot;:6,&quot;335551620&quot;:6,&quot;335559738&quot;:240}\">\u00a0<\/span><\/p>\n","protected":false},"featured_media":2654,"template":"","meta":{"_price":"","_stock":"","_tribe_ticket_header":"","_tribe_default_ticket_provider":"","_tribe_ticket_capacity":"0","_ticket_start_date":"","_ticket_end_date":"","_tribe_ticket_show_description":"","_tribe_ticket_show_not_going":false,"_tribe_ticket_use_global_stock":"","_tribe_ticket_global_stock_level":"","_global_stock_mode":"","_global_stock_cap":"","_tribe_rsvp_for_event":"","_tribe_ticket_going_count":"","_tribe_ticket_not_going_count":"","_tribe_tickets_list":[],"_tribe_ticket_has_attendee_info_fields":false},"categories":[],"barrera":[113],"pais":[],"acf":[],"_links":{"self":[{"href":"https:\/\/affordablehousingactivation.org\/es\/wp-json\/wp\/v2\/experts\/2652"}],"collection":[{"href":"https:\/\/affordablehousingactivation.org\/es\/wp-json\/wp\/v2\/experts"}],"about":[{"href":"https:\/\/affordablehousingactivation.org\/es\/wp-json\/wp\/v2\/types\/experts"}],"wp:featuredmedia":[{"embeddable":true,"href":"https:\/\/affordablehousingactivation.org\/es\/wp-json\/wp\/v2\/media\/2654"}],"wp:attachment":[{"href":"https:\/\/affordablehousingactivation.org\/es\/wp-json\/wp\/v2\/media?parent=2652"}],"wp:term":[{"taxonomy":"category","embeddable":true,"href":"https:\/\/affordablehousingactivation.org\/es\/wp-json\/wp\/v2\/categories?post=2652"},{"taxonomy":"barrera","embeddable":true,"href":"https:\/\/affordablehousingactivation.org\/es\/wp-json\/wp\/v2\/barrera?post=2652"},{"taxonomy":"pais","embeddable":true,"href":"https:\/\/affordablehousingactivation.org\/es\/wp-json\/wp\/v2\/pais?post=2652"}],"curies":[{"name":"wp","href":"https:\/\/api.w.org\/{rel}","templated":true}]}}