{"id":2700,"date":"2022-03-21T18:11:29","date_gmt":"2022-03-21T17:11:29","guid":{"rendered":"https:\/\/affordablehousingactivation.org\/?post_type=experts&#038;p=2700"},"modified":"2022-03-21T18:11:29","modified_gmt":"2022-03-21T17:11:29","slug":"guldehan-atay","status":"publish","type":"experts","link":"https:\/\/affordablehousingactivation.org\/es\/experts\/guldehan-atay\/","title":{"rendered":"G\u00fcldehan Atay\u200b"},"content":{"rendered":"<p><span data-contrast=\"auto\">Graduada en el Programa de Arquitectura de la MSFAU (Universidad de Bellas Artes Mimar Sinan) con su licenciatura, obtuvo el t\u00edtulo de m\u00e1ster en el Programa de Dise\u00f1o y Teor\u00eda de la Construcci\u00f3n en la MSFAU, con la tesis titulada \u00abExamen de la relaci\u00f3n ni\u00f1o-espacio-juego en la educaci\u00f3n primaria\u00bb. En 2009 particip\u00f3 en el estudio de dise\u00f1o en el Departamento de Arquitectura de G\u00e9nova en el marco del Programa Erasmus. En 2011 se gradu\u00f3 en el Programa de Doctorado con la tesis titulada \u00abParticipaci\u00f3n del usuario en la producci\u00f3n arquitect\u00f3nica\u00bb.\u00a0\u00a0<\/span><span data-ccp-props=\"{&quot;201341983&quot;:0,&quot;335559739&quot;:160,&quot;335559740&quot;:259}\">\u00a0<\/span><\/p>\n<p><span data-contrast=\"auto\">Ha sido profesora en el programa de grado y postgrado de MSFAU-Arquitectura desde 2002. Es responsable del estudio de dise\u00f1o de los diferentes niveles del programa de arquitectura. Es profesora de programas de postgrado y coordina las tesis de m\u00e1ster y doctorado. Sigue produciendo de forma acad\u00e9mica.\u00a0<\/span><span data-ccp-props=\"{&quot;201341983&quot;:0,&quot;335559739&quot;:160,&quot;335559740&quot;:259}\">\u00a0<\/span><\/p>\n","protected":false},"featured_media":2701,"template":"","meta":{"_price":"","_stock":"","_tribe_ticket_header":"","_tribe_default_ticket_provider":"","_tribe_ticket_capacity":"0","_ticket_start_date":"","_ticket_end_date":"","_tribe_ticket_show_description":"","_tribe_ticket_show_not_going":false,"_tribe_ticket_use_global_stock":"","_tribe_ticket_global_stock_level":"","_global_stock_mode":"","_global_stock_cap":"","_tribe_rsvp_for_event":"","_tribe_ticket_going_count":"","_tribe_ticket_not_going_count":"","_tribe_tickets_list":[],"_tribe_ticket_has_attendee_info_fields":false},"categories":[],"barrera":[119],"pais":[],"acf":[],"_links":{"self":[{"href":"https:\/\/affordablehousingactivation.org\/es\/wp-json\/wp\/v2\/experts\/2700"}],"collection":[{"href":"https:\/\/affordablehousingactivation.org\/es\/wp-json\/wp\/v2\/experts"}],"about":[{"href":"https:\/\/affordablehousingactivation.org\/es\/wp-json\/wp\/v2\/types\/experts"}],"wp:featuredmedia":[{"embeddable":true,"href":"https:\/\/affordablehousingactivation.org\/es\/wp-json\/wp\/v2\/media\/2701"}],"wp:attachment":[{"href":"https:\/\/affordablehousingactivation.org\/es\/wp-json\/wp\/v2\/media?parent=2700"}],"wp:term":[{"taxonomy":"category","embeddable":true,"href":"https:\/\/affordablehousingactivation.org\/es\/wp-json\/wp\/v2\/categories?post=2700"},{"taxonomy":"barrera","embeddable":true,"href":"https:\/\/affordablehousingactivation.org\/es\/wp-json\/wp\/v2\/barrera?post=2700"},{"taxonomy":"pais","embeddable":true,"href":"https:\/\/affordablehousingactivation.org\/es\/wp-json\/wp\/v2\/pais?post=2700"}],"curies":[{"name":"wp","href":"https:\/\/api.w.org\/{rel}","templated":true}]}}