{"id":3017,"date":"2022-03-24T11:33:15","date_gmt":"2022-03-24T10:33:15","guid":{"rendered":"https:\/\/affordablehousingactivation.org\/?post_type=experts&#038;p=3017"},"modified":"2022-04-20T21:08:19","modified_gmt":"2022-04-20T19:08:19","slug":"cheryl-durst","status":"publish","type":"experts","link":"https:\/\/affordablehousingactivation.org\/es\/experts\/cheryl-durst\/","title":{"rendered":"Cheryl Durst"},"content":{"rendered":"<p><span class=\"TextRun Highlight SCXW56654774 BCX0\" lang=\"ES-ES\" xml:lang=\"ES-ES\" data-contrast=\"none\"><span class=\"NormalTextRun SCXW56654774 BCX0\">Comunicadora excepcional, innovadora y l\u00edder visionaria, <\/span><span class=\"NormalTextRun SCXW56654774 BCX0\">Cheryl<\/span> <span class=\"NormalTextRun SpellingErrorV2 SCXW56654774 BCX0\">Durst<\/span><span class=\"NormalTextRun SCXW56654774 BCX0\"> ha estimulado el progreso, impulsado el cambio y fomentado la expansi\u00f3n de la industria del dise\u00f1o de interiores. Como vicepresidenta ejecutiva y consejera delegada de la Asociaci\u00f3n Internacional de Dise\u00f1o de Interiores (IIDA), <\/span><span class=\"NormalTextRun SCXW56654774 BCX0\">Cheryl<\/span><span class=\"NormalTextRun SCXW56654774 BCX0\"> se ha comprometido a lograr un amplio reconocimiento del valor del dise\u00f1o y su importante papel en la sociedad a trav\u00e9s de la funcionalidad y el compromiso en los espacios de trabajo cotidianos y el entorno construido. Demostrando su activa participaci\u00f3n en la conexi\u00f3n de los profesionales de la industria, incluyendo dise\u00f1adores, fabricantes, clientes, usuarios finales y empleadores, ha trabajado para promover la comprensi\u00f3n de c\u00f3mo el dise\u00f1o impacta en el comportamiento humano y afecta a todos los aspectos de los espacios compartidos. En 1997, <\/span><span class=\"NormalTextRun SCXW56654774 BCX0\">Cheryl<\/span><span class=\"NormalTextRun SCXW56654774 BCX0\"> se uni\u00f3 a IIDA como <\/span><span class=\"NormalTextRun SCXW56654774 BCX0\">directora<\/span><span class=\"NormalTextRun SCXW56654774 BCX0\"> Senior de Educaci\u00f3n y Desarrollo Profesional.<\/span><\/span><\/p>\n<p><span class=\"TextRun Highlight SCXW56654774 BCX0\" lang=\"ES-ES\" xml:lang=\"ES-ES\" data-contrast=\"none\"><span class=\"NormalTextRun SCXW56654774 BCX0\">Ascendida a <\/span><span class=\"NormalTextRun SCXW56654774 BCX0\">vicepresidenta<\/span><span class=\"NormalTextRun SCXW56654774 BCX0\"> Ejecutiva y Directora General en 1998, comenz\u00f3 la tarea de reconstruir y redefinir la organizaci\u00f3n, que estaba al borde de <\/span><span class=\"NormalTextRun SCXW56654774 BCX0\">la quiebra y el cierre debido a la mala gesti\u00f3n de la organizaci\u00f3n. A pesar de este importante reto, <\/span><span class=\"NormalTextRun SCXW56654774 BCX0\">Cheryl<\/span><span class=\"NormalTextRun SCXW56654774 BCX0\"> puso en marcha una agresiva estrategia de reconversi\u00f3n fiscal y de cambio de rumbo. Gracias a sus esfuerzos, revivi\u00f3 la asociaci\u00f3n y la reposicion\u00f3 como una empresa rentable, integrada en la comunidad del dise\u00f1o de interiores y dedicada a promover la profesi\u00f3n del dise\u00f1o de interiores. Hoy en d\u00eda, con 15.000 miembros en 58 pa\u00edses, <\/span><span class=\"NormalTextRun SCXW56654774 BCX0\">Cheryl<\/span><span class=\"NormalTextRun SCXW56654774 BCX0\"> supervisa la direcci\u00f3n estrat\u00e9gica de IIDA, dirige y publica <\/span><span class=\"NormalTextRun SpellingErrorV2 SCXW56654774 BCX0\">Perspective<\/span><span class=\"NormalTextRun SCXW56654774 BCX0\">, la revista de liderazgo de la <\/span><span class=\"NormalTextRun ContextualSpellingAndGrammarErrorV2 SCXW56654774 BCX0\">asociaci\u00f3n,<\/span><span class=\"NormalTextRun SCXW56654774 BCX0\"> gestiona un equipo de 25 profesionales, lidera la Junta Directiva Internacional de 10 miembros, y dirige todos los esfuerzos program\u00e1ticos y de divulgaci\u00f3n, incluyendo m\u00e1s de una docena de concursos de dise\u00f1o global, que reconocen la excelencia mundial en el dise\u00f1o de interiores.<\/span><\/span><span class=\"EOP SCXW56654774 BCX0\" data-ccp-props=\"{&quot;335559739&quot;:160,&quot;335559740&quot;:259}\">\u00a0<\/span><\/p>\n","protected":false},"featured_media":3042,"template":"","meta":{"_price":"","_stock":"","_tribe_ticket_header":"","_tribe_default_ticket_provider":"","_tribe_ticket_capacity":"0","_ticket_start_date":"","_ticket_end_date":"","_tribe_ticket_show_description":"","_tribe_ticket_show_not_going":false,"_tribe_ticket_use_global_stock":"","_tribe_ticket_global_stock_level":"","_global_stock_mode":"","_global_stock_cap":"","_tribe_rsvp_for_event":"","_tribe_ticket_going_count":"","_tribe_ticket_not_going_count":"","_tribe_tickets_list":[],"_tribe_ticket_has_attendee_info_fields":false},"categories":[],"barrera":[117],"pais":[],"acf":[],"_links":{"self":[{"href":"https:\/\/affordablehousingactivation.org\/es\/wp-json\/wp\/v2\/experts\/3017"}],"collection":[{"href":"https:\/\/affordablehousingactivation.org\/es\/wp-json\/wp\/v2\/experts"}],"about":[{"href":"https:\/\/affordablehousingactivation.org\/es\/wp-json\/wp\/v2\/types\/experts"}],"wp:featuredmedia":[{"embeddable":true,"href":"https:\/\/affordablehousingactivation.org\/es\/wp-json\/wp\/v2\/media\/3042"}],"wp:attachment":[{"href":"https:\/\/affordablehousingactivation.org\/es\/wp-json\/wp\/v2\/media?parent=3017"}],"wp:term":[{"taxonomy":"category","embeddable":true,"href":"https:\/\/affordablehousingactivation.org\/es\/wp-json\/wp\/v2\/categories?post=3017"},{"taxonomy":"barrera","embeddable":true,"href":"https:\/\/affordablehousingactivation.org\/es\/wp-json\/wp\/v2\/barrera?post=3017"},{"taxonomy":"pais","embeddable":true,"href":"https:\/\/affordablehousingactivation.org\/es\/wp-json\/wp\/v2\/pais?post=3017"}],"curies":[{"name":"wp","href":"https:\/\/api.w.org\/{rel}","templated":true}]}}