{"id":3092,"date":"2022-03-24T17:18:11","date_gmt":"2022-03-24T16:18:11","guid":{"rendered":"https:\/\/affordablehousingactivation.org\/?post_type=experts&#038;p=3092"},"modified":"2022-04-20T23:56:04","modified_gmt":"2022-04-20T21:56:04","slug":"christoph-schmid","status":"publish","type":"experts","link":"https:\/\/affordablehousingactivation.org\/es\/experts\/christoph-schmid\/","title":{"rendered":"Christoph Schmid\u202f"},"content":{"rendered":"<p><span data-contrast=\"auto\">Profesor de Derecho Econ\u00f3mico Constitucional, Comercial y Privado Europeo\u202f.<\/span><\/p>\n<p><span data-contrast=\"auto\">El se\u00f1or Schmid cuenta con una larga experiencia derecho privado y comercial europeo, derecho comparado y teor\u00eda jur\u00eddica, v\u00ednculos interdisciplinarios con la ciencia pol\u00edtica y la teor\u00eda de la integraci\u00f3n. Proyectos de investigaci\u00f3n actuales sobre la gobernanza judicial en la UE, en particular el papel del Tribunal de Justicia de las Comunidades Europeas en el derecho privado, as\u00ed como sobre el derecho de arrendamiento en Europa.\u202f<\/span><span data-ccp-props=\"{&quot;134233117&quot;:true,&quot;134233118&quot;:true}\">\u00a0<\/span><\/p>\n<p><span data-contrast=\"auto\">Desde 2007 forma parte de los profesores visitantes en las Universidades de La Laguna y Tarragona (Espa\u00f1a); Trento y Sassari (Italia).\u202f<\/span><span data-ccp-props=\"{&quot;134233117&quot;:true,&quot;134233118&quot;:true}\">\u00a0<\/span><\/p>\n<p><span data-contrast=\"auto\">Desde agosto de 2005 es director de ZERP y profesor (W3) de Derecho Constitucional Europeo Privado, Comercial y Econ\u00f3mico y de Derecho Comparado en la Universidad de Bremen\u202f<\/span><span data-ccp-props=\"{&quot;134233117&quot;:true,&quot;134233118&quot;:true}\">\u00a0<\/span><\/p>\n<p><span data-contrast=\"auto\">Tambi\u00e9n ha desarrollado funciones como Comisario del Departamento de Asuntos Internacionales y Erasmus, coordinador en Bremen del programa \u00abHanse Law School\u00bb (programa de licenciatura y m\u00e1ster en Derecho Europeo y Comparado, junto con las universidades de Oldenburg y Groningen) y ha sido presidente del Comit\u00e9 de Examen (2013-2018)\u202f.<\/span><\/p>\n","protected":false},"featured_media":3113,"template":"","meta":{"_price":"","_stock":"","_tribe_ticket_header":"","_tribe_default_ticket_provider":"","_tribe_ticket_capacity":"0","_ticket_start_date":"","_ticket_end_date":"","_tribe_ticket_show_description":"","_tribe_ticket_show_not_going":false,"_tribe_ticket_use_global_stock":"","_tribe_ticket_global_stock_level":"","_global_stock_mode":"","_global_stock_cap":"","_tribe_rsvp_for_event":"","_tribe_ticket_going_count":"","_tribe_ticket_not_going_count":"","_tribe_tickets_list":[],"_tribe_ticket_has_attendee_info_fields":false},"categories":[],"barrera":[120],"pais":[],"acf":[],"_links":{"self":[{"href":"https:\/\/affordablehousingactivation.org\/es\/wp-json\/wp\/v2\/experts\/3092"}],"collection":[{"href":"https:\/\/affordablehousingactivation.org\/es\/wp-json\/wp\/v2\/experts"}],"about":[{"href":"https:\/\/affordablehousingactivation.org\/es\/wp-json\/wp\/v2\/types\/experts"}],"wp:featuredmedia":[{"embeddable":true,"href":"https:\/\/affordablehousingactivation.org\/es\/wp-json\/wp\/v2\/media\/3113"}],"wp:attachment":[{"href":"https:\/\/affordablehousingactivation.org\/es\/wp-json\/wp\/v2\/media?parent=3092"}],"wp:term":[{"taxonomy":"category","embeddable":true,"href":"https:\/\/affordablehousingactivation.org\/es\/wp-json\/wp\/v2\/categories?post=3092"},{"taxonomy":"barrera","embeddable":true,"href":"https:\/\/affordablehousingactivation.org\/es\/wp-json\/wp\/v2\/barrera?post=3092"},{"taxonomy":"pais","embeddable":true,"href":"https:\/\/affordablehousingactivation.org\/es\/wp-json\/wp\/v2\/pais?post=3092"}],"curies":[{"name":"wp","href":"https:\/\/api.w.org\/{rel}","templated":true}]}}