{"id":686,"date":"2022-03-03T11:51:28","date_gmt":"2022-03-03T10:51:28","guid":{"rendered":"https:\/\/affordablehousingactivation.org\/?post_type=experts&#038;p=686"},"modified":"2022-03-03T11:51:28","modified_gmt":"2022-03-03T10:51:28","slug":"jaime-ruiz-huescar","status":"publish","type":"experts","link":"https:\/\/affordablehousingactivation.org\/es\/experts\/jaime-ruiz-huescar\/","title":{"rendered":"Jaime Ruiz Huescar"},"content":{"rendered":"<p>Jaime Ruiz es Co-Fundador y CEO de CITIES FORUM, una organizaci\u00f3n internacional de expertos en desarrollo urbano sostenible y ciudades inteligentes. Fue coordinador de proyectos Smart City y responsable t\u00e9cnico de movilidad el\u00e9ctrica en el Ayuntamiento de Murcia durante 4 a\u00f1os y coordinador de uno de los grupos de trabajo de la RECI (La red espa\u00f1ola de ciudades inteligentes).<\/p>\n<p>Jaime est\u00e1 al frente de diferentes proyectos internacionales en el \u00e1mbito Smart City orientados a proporcionar asesoramiento, capacitaci\u00f3n y acompa\u00f1amiento t\u00e9cnico a ciudades Europeas y Latinoamericanas, al tiempo que coordina la participaci\u00f3n de CITIES FORUM como partner en varios proyectos financiados por la comisi\u00f3n europea. Jaime es evaluador experto de proyectos de movilidad el\u00e9ctrica para la Comisi\u00f3n Europea, y ha sido jurado de diferentes premios internacionales como los european CIVITAS AWARDS en 2020 2021 o los Glomo Awards en el Mobile World Congress de 2019.<\/p>\n<p>Finalmente dirige MOVIEL\u00c9CTRICA, un portal de difusi\u00f3n de la movilidad el\u00e9ctrica que tambi\u00e9n organiza una de las mayores ferias de movilidad el\u00e9ctrica de Espa\u00f1a.<\/p>\n","protected":false},"featured_media":1452,"template":"","meta":{"_price":"","_stock":"","_tribe_ticket_header":"","_tribe_default_ticket_provider":"","_tribe_ticket_capacity":"0","_ticket_start_date":"","_ticket_end_date":"","_tribe_ticket_show_description":"","_tribe_ticket_show_not_going":false,"_tribe_ticket_use_global_stock":"","_tribe_ticket_global_stock_level":"","_global_stock_mode":"","_global_stock_cap":"","_tribe_rsvp_for_event":"","_tribe_ticket_going_count":"","_tribe_ticket_not_going_count":"","_tribe_tickets_list":[],"_tribe_ticket_has_attendee_info_fields":false},"categories":[],"barrera":[],"pais":[],"acf":[],"_links":{"self":[{"href":"https:\/\/affordablehousingactivation.org\/es\/wp-json\/wp\/v2\/experts\/686"}],"collection":[{"href":"https:\/\/affordablehousingactivation.org\/es\/wp-json\/wp\/v2\/experts"}],"about":[{"href":"https:\/\/affordablehousingactivation.org\/es\/wp-json\/wp\/v2\/types\/experts"}],"wp:featuredmedia":[{"embeddable":true,"href":"https:\/\/affordablehousingactivation.org\/es\/wp-json\/wp\/v2\/media\/1452"}],"wp:attachment":[{"href":"https:\/\/affordablehousingactivation.org\/es\/wp-json\/wp\/v2\/media?parent=686"}],"wp:term":[{"taxonomy":"category","embeddable":true,"href":"https:\/\/affordablehousingactivation.org\/es\/wp-json\/wp\/v2\/categories?post=686"},{"taxonomy":"barrera","embeddable":true,"href":"https:\/\/affordablehousingactivation.org\/es\/wp-json\/wp\/v2\/barrera?post=686"},{"taxonomy":"pais","embeddable":true,"href":"https:\/\/affordablehousingactivation.org\/es\/wp-json\/wp\/v2\/pais?post=686"}],"curies":[{"name":"wp","href":"https:\/\/api.w.org\/{rel}","templated":true}]}}