{"id":723,"date":"2022-03-03T13:02:53","date_gmt":"2022-03-03T12:02:53","guid":{"rendered":"https:\/\/affordablehousingactivation.org\/?post_type=experts&#038;p=723"},"modified":"2022-03-16T10:12:27","modified_gmt":"2022-03-16T09:12:27","slug":"sergio-nasarre","status":"publish","type":"experts","link":"https:\/\/affordablehousingactivation.org\/es\/experts\/sergio-nasarre\/","title":{"rendered":"Sergio Nasarre"},"content":{"rendered":"<p><span data-contrast=\"auto\">Sergio Nasarre Aznar (Tarragona, 1974) es Catedr\u00e1tico de Derecho Civil en la Universidad Rovira i Virgili y director de su C\u00e1tedra UNESCO de Vivienda. Es Doctor europeo en Derecho y M\u00e1ster en Econom\u00eda Inmobiliaria por la Universidad de Cambridge. Desde 2008 es Acad\u00e9mico Correspondiente de la Real Academia de Jurisprudencia y Legislaci\u00f3n.\u00a0<\/span><span data-ccp-props=\"{&quot;201341983&quot;:0,&quot;335551550&quot;:6,&quot;335551620&quot;:6,&quot;335559739&quot;:0,&quot;335559740&quot;:240}\">\u00a0<\/span><\/p>\n<p><span data-contrast=\"auto\">Le ha sido concedido el Premio ICREA a la excelencia de la investigaci\u00f3n 2016-2020. Consultor en varios organismos internacionales como la Comisi\u00f3n Europea, la FAO o Amnist\u00eda Internacional. Entre 2018 y 2020 fue asesor del Ministerio alem\u00e1n del Interior, de la Construcci\u00f3n y de la Comunidad para la implementaci\u00f3n de pol\u00edticas de vivienda en Europa en su Presidencia europea en 2020.\u00a0<\/span><span data-ccp-props=\"{&quot;201341983&quot;:0,&quot;335551550&quot;:6,&quot;335551620&quot;:6,&quot;335559739&quot;:0,&quot;335559740&quot;:240}\">\u00a0<\/span><\/p>\n<p><span data-contrast=\"auto\">Los a\u00f1os 2020 y 2021, asesor del Proyecto de prospectiva \u201cEspa\u00f1a 2050\u201d de la Presidencia del Gobierno. Ha sido Magistrado Suplente en la Audiencia Provincial de Tarragona durante 15 a\u00f1os (2004-2018).\u00a0<\/span><\/p>\n<p><span data-contrast=\"auto\">Es autor de cinco libros sobre vivienda, el mercado hipotecario y el derecho de da\u00f1os, siendo los \u00faltimos \u201c<\/span><i><span data-contrast=\"auto\">Los a\u00f1os de la crisis de la vivienda<\/span><\/i><span data-contrast=\"auto\">\u201d (2020) y \u201cLa gran apuesta\u201d (2021). Ha coordinado nueve m\u00e1s y es autor de 120 trabajos cient\u00edficos en 12 pa\u00edses, al tiempo que ha impartido m\u00e1s de 220 conferencias en otros 23. Ha participado en la elaboraci\u00f3n de cinco normas relacionadas con la vivienda.<\/span><\/p>\n<p><span data-contrast=\"auto\">Adem\u00e1s, es investigador principal o ha participado en m\u00e1s de 40 proyectos de investigaci\u00f3n competitivos, como en algunos de la Comisi\u00f3n Europea y del Parlamento Europeo en materia de arrendamientos, desahucios y sinhogarismo, adquisici\u00f3n transnacional de inmuebles, consumidores hipotecarios y econom\u00eda colaborativa. <\/span><span data-ccp-props=\"{&quot;201341983&quot;:0,&quot;335551550&quot;:6,&quot;335551620&quot;:6,&quot;335559739&quot;:0,&quot;335559740&quot;:240}\">\u00a0<\/span><\/p>\n","protected":false},"featured_media":1679,"template":"","meta":{"_price":"","_stock":"","_tribe_ticket_header":"","_tribe_default_ticket_provider":"","_tribe_ticket_capacity":"0","_ticket_start_date":"","_ticket_end_date":"","_tribe_ticket_show_description":"","_tribe_ticket_show_not_going":false,"_tribe_ticket_use_global_stock":"","_tribe_ticket_global_stock_level":"","_global_stock_mode":"","_global_stock_cap":"","_tribe_rsvp_for_event":"","_tribe_ticket_going_count":"","_tribe_ticket_not_going_count":"","_tribe_tickets_list":[],"_tribe_ticket_has_attendee_info_fields":false},"categories":[],"barrera":[120],"pais":[],"acf":[],"_links":{"self":[{"href":"https:\/\/affordablehousingactivation.org\/es\/wp-json\/wp\/v2\/experts\/723"}],"collection":[{"href":"https:\/\/affordablehousingactivation.org\/es\/wp-json\/wp\/v2\/experts"}],"about":[{"href":"https:\/\/affordablehousingactivation.org\/es\/wp-json\/wp\/v2\/types\/experts"}],"wp:featuredmedia":[{"embeddable":true,"href":"https:\/\/affordablehousingactivation.org\/es\/wp-json\/wp\/v2\/media\/1679"}],"wp:attachment":[{"href":"https:\/\/affordablehousingactivation.org\/es\/wp-json\/wp\/v2\/media?parent=723"}],"wp:term":[{"taxonomy":"category","embeddable":true,"href":"https:\/\/affordablehousingactivation.org\/es\/wp-json\/wp\/v2\/categories?post=723"},{"taxonomy":"barrera","embeddable":true,"href":"https:\/\/affordablehousingactivation.org\/es\/wp-json\/wp\/v2\/barrera?post=723"},{"taxonomy":"pais","embeddable":true,"href":"https:\/\/affordablehousingactivation.org\/es\/wp-json\/wp\/v2\/pais?post=723"}],"curies":[{"name":"wp","href":"https:\/\/api.w.org\/{rel}","templated":true}]}}