{"id":729,"date":"2022-03-03T13:33:02","date_gmt":"2022-03-03T12:33:02","guid":{"rendered":"https:\/\/affordablehousingactivation.org\/?post_type=experts&#038;p=729"},"modified":"2022-03-10T13:59:13","modified_gmt":"2022-03-10T12:59:13","slug":"daniel-lopez-perez","status":"publish","type":"experts","link":"https:\/\/affordablehousingactivation.org\/es\/experts\/daniel-lopez-perez\/","title":{"rendered":"Daniel L\u00f3pez-P\u00e9rez"},"content":{"rendered":"<p><span data-contrast=\"none\">Daniel L\u00f3pez-P\u00e9rez es profesor asociado de Arquitectura y miembro fundador del Programa de Arquitectura de la Universidad de San Diego. Tiene un doctorado por la Universidad de Princeton, un master en Dise\u00f1o Arquitect\u00f3nico Avanzado por la Universidad de Columbia con honores y un diploma AA por la Architectural Association.\u00a0<\/span><span data-ccp-props=\"{&quot;201341983&quot;:0,&quot;335559685&quot;:-5,&quot;335559731&quot;:4,&quot;335559739&quot;:5,&quot;335559740&quot;:259,&quot;335559991&quot;:10}\">\u00a0<\/span><\/p>\n<p><span data-contrast=\"none\">Los estudios de L\u00f3pez-P\u00e9rez se centran en la historiograf\u00eda de la arquitectura moderna y su relaci\u00f3n con cuestiones de tecnolog\u00eda, investigaci\u00f3n del dise\u00f1o, modelos de pedagog\u00eda del dise\u00f1o y cultura material y medioambiental. Ha recibido numerosas becas y premios de investigaci\u00f3n y publicaci\u00f3n, como la Fundaci\u00f3n Graham, el Consejo Nacional para la Cultura y las Artes de M\u00e9xico (CONACULTA), la Fundaci\u00f3n Barr Ferree de la Universidad de Princeton y el premio Faculty Undergraduate Research Mentor de la Universidad de San Diego.\u00a0<\/span><span data-ccp-props=\"{&quot;201341983&quot;:0,&quot;335559685&quot;:-5,&quot;335559731&quot;:4,&quot;335559739&quot;:5,&quot;335559740&quot;:259,&quot;335559991&quot;:10}\">\u00a0<\/span><\/p>\n<p><span data-contrast=\"none\">Su obra ha sido expuesta y presentada a nivel nacional e internacional en instituciones como la Universidad del Sur de California; la Universidad de California, Los \u00c1ngeles; la Escuela de Dise\u00f1o de Harvard; Storefront, Nueva York; el Centro Canadiense de Arquitectura, Montreal; el Museo Tamayo, Ciudad de M\u00e9xico; el Tec de Monterrey, Campus Guadalajara; la Bienal de Venecia; la Universidad de Ciencias Aplicadas, Bochum; la Bauhaus-Universit\u00e4t, Weimar; la Universidad Alvar Aalto Jyvaskyla, Finlandia; y la Universidad Nacional de Busan, Corea del Sur.<\/span><span data-ccp-props=\"{&quot;201341983&quot;:0,&quot;335559685&quot;:-5,&quot;335559731&quot;:4,&quot;335559739&quot;:5,&quot;335559740&quot;:259,&quot;335559991&quot;:10}\">\u00a0<\/span><\/p>\n","protected":false},"featured_media":1686,"template":"","meta":{"_price":"","_stock":"","_tribe_ticket_header":"","_tribe_default_ticket_provider":"","_tribe_ticket_capacity":"0","_ticket_start_date":"","_ticket_end_date":"","_tribe_ticket_show_description":"","_tribe_ticket_show_not_going":false,"_tribe_ticket_use_global_stock":"","_tribe_ticket_global_stock_level":"","_global_stock_mode":"","_global_stock_cap":"","_tribe_rsvp_for_event":"","_tribe_ticket_going_count":"","_tribe_ticket_not_going_count":"","_tribe_tickets_list":[],"_tribe_ticket_has_attendee_info_fields":false},"categories":[],"barrera":[],"pais":[],"acf":[],"_links":{"self":[{"href":"https:\/\/affordablehousingactivation.org\/es\/wp-json\/wp\/v2\/experts\/729"}],"collection":[{"href":"https:\/\/affordablehousingactivation.org\/es\/wp-json\/wp\/v2\/experts"}],"about":[{"href":"https:\/\/affordablehousingactivation.org\/es\/wp-json\/wp\/v2\/types\/experts"}],"wp:featuredmedia":[{"embeddable":true,"href":"https:\/\/affordablehousingactivation.org\/es\/wp-json\/wp\/v2\/media\/1686"}],"wp:attachment":[{"href":"https:\/\/affordablehousingactivation.org\/es\/wp-json\/wp\/v2\/media?parent=729"}],"wp:term":[{"taxonomy":"category","embeddable":true,"href":"https:\/\/affordablehousingactivation.org\/es\/wp-json\/wp\/v2\/categories?post=729"},{"taxonomy":"barrera","embeddable":true,"href":"https:\/\/affordablehousingactivation.org\/es\/wp-json\/wp\/v2\/barrera?post=729"},{"taxonomy":"pais","embeddable":true,"href":"https:\/\/affordablehousingactivation.org\/es\/wp-json\/wp\/v2\/pais?post=729"}],"curies":[{"name":"wp","href":"https:\/\/api.w.org\/{rel}","templated":true}]}}