{"id":7831,"date":"2022-05-03T16:29:32","date_gmt":"2022-05-03T14:29:32","guid":{"rendered":"https:\/\/affordablehousingactivation.org\/experts\/javier-buron-2\/"},"modified":"2022-05-03T20:32:14","modified_gmt":"2022-05-03T18:32:14","slug":"javier-buron-2","status":"publish","type":"experts","link":"https:\/\/affordablehousingactivation.org\/es\/experts\/javier-buron-2\/","title":{"rendered":"Javier Bur\u00f3n"},"content":{"rendered":"<p>Ha sido consultor de pol\u00edticas p\u00fablicas, abogado especializado en derecho p\u00fablico (Cuatrecasas Gon\u00e7alves Pereira), Subsecretario de Vivienda y Director de Planificaci\u00f3n del Gobierno Vasco, asesor jur\u00eddico y econ\u00f3mico de diputados en el Parlamento Vasco y en el Congreso de los Diputados.<\/p>\n<p>Estudi\u00f3 en el North Andover High School (MA USA), en la Universidad de Deusto (licenciatura en Derecho, econom\u00eda y m\u00e1ster en impuestos), en la KU Leuven (LLM) y en la Universidad del Pa\u00eds Vasco (m\u00e1ster en Administraci\u00f3n de Empresas y doctorando -a\u00fan en curso- en Derecho Constitucional).<\/p>\n<p>Colaborador en diferentes periodos de la AVS (Asociaci\u00f3n Espa\u00f1ola de Vivienda P\u00fablica), GHS (Asociaci\u00f3n Catalana de Profesionales de la Vivienda Social), ENHR (European Network of Housing Research), Eurocities Housing Working Group y Housing Europe (Asociaci\u00f3n Europea de Vivienda Social).<\/p>\n<p>Profesor y conferenciante ocasional en los \u00e1mbitos de la reforma administrativa y la vivienda en diferentes universidades.<\/p>\n","protected":false},"featured_media":7949,"template":"","meta":{"_price":"","_stock":"","_tribe_ticket_header":"","_tribe_default_ticket_provider":"","_tribe_ticket_capacity":"0","_ticket_start_date":"","_ticket_end_date":"","_tribe_ticket_show_description":"","_tribe_ticket_show_not_going":false,"_tribe_ticket_use_global_stock":"","_tribe_ticket_global_stock_level":"","_global_stock_mode":"","_global_stock_cap":"","_tribe_rsvp_for_event":"","_tribe_ticket_going_count":"","_tribe_ticket_not_going_count":"","_tribe_tickets_list":[],"_tribe_ticket_has_attendee_info_fields":false},"categories":[],"barrera":[113],"pais":[],"acf":[],"_links":{"self":[{"href":"https:\/\/affordablehousingactivation.org\/es\/wp-json\/wp\/v2\/experts\/7831"}],"collection":[{"href":"https:\/\/affordablehousingactivation.org\/es\/wp-json\/wp\/v2\/experts"}],"about":[{"href":"https:\/\/affordablehousingactivation.org\/es\/wp-json\/wp\/v2\/types\/experts"}],"wp:featuredmedia":[{"embeddable":true,"href":"https:\/\/affordablehousingactivation.org\/es\/wp-json\/wp\/v2\/media\/7949"}],"wp:attachment":[{"href":"https:\/\/affordablehousingactivation.org\/es\/wp-json\/wp\/v2\/media?parent=7831"}],"wp:term":[{"taxonomy":"category","embeddable":true,"href":"https:\/\/affordablehousingactivation.org\/es\/wp-json\/wp\/v2\/categories?post=7831"},{"taxonomy":"barrera","embeddable":true,"href":"https:\/\/affordablehousingactivation.org\/es\/wp-json\/wp\/v2\/barrera?post=7831"},{"taxonomy":"pais","embeddable":true,"href":"https:\/\/affordablehousingactivation.org\/es\/wp-json\/wp\/v2\/pais?post=7831"}],"curies":[{"name":"wp","href":"https:\/\/api.w.org\/{rel}","templated":true}]}}