{"id":7843,"date":"2022-05-03T16:29:32","date_gmt":"2022-05-03T14:29:32","guid":{"rendered":"https:\/\/affordablehousingactivation.org\/experts\/manuel-blanco-lage-2\/"},"modified":"2022-05-11T18:04:48","modified_gmt":"2022-05-11T16:04:48","slug":"manuel-blanco-lage-2","status":"publish","type":"experts","link":"https:\/\/affordablehousingactivation.org\/es\/experts\/manuel-blanco-lage-2\/","title":{"rendered":"Manuel Blanco-Lage"},"content":{"rendered":"<p>Es Doctor en Arquitectura y actualmente afronta su segundo mandato como director de la ETSAM. Profesor de Composici\u00f3n Arquitect\u00f3nica en la Escuela T\u00e9cnica Superior de Arquitectura de Madrid de la Universidad Polit\u00e9cnica de Madrid, imparte clases de An\u00e1lisis de la Arquitectura y An\u00e1lisis de la Imagen de la Ciudad. Tambi\u00e9n ha sido director del Centro Superior de Dise\u00f1o de Moda de Madrid desde 2013 hasta 2017 y actualmente es su director general. Adem\u00e1s, dirige el Grupo de Investigaci\u00f3n y el programa de doctorado \u00abArquitectura, Dise\u00f1o, Moda y Sociedad\u00bb.<\/p>\n<p>Fue el primer director del Museo Nacional de Arquitectura y Urbanismo de Espa\u00f1a, 2007. En 2006 fue comisario del Pabell\u00f3n de Espa\u00f1a en la X Bienal de Arquitectura de Venecia con Espa\u00f1a [f] Nosotras, las Ciudades. Tambi\u00e9n ha sido ganador del concurso de Museograf\u00eda del Museo de las Colecciones Reales, siendo el responsable del proyecto de las dos salas de exposiciones. Adem\u00e1s, ha sido patrono de la Fundaci\u00f3n Asociaci\u00f3n de Dise\u00f1adores de Madrid DIMAD y miembro del ICAM Confederaci\u00f3n Internacional de Museos de Arquitectura. Director I Congreso Internacional de Archivos de Arquitectura.<\/p>\n","protected":false},"featured_media":8965,"template":"","meta":{"_price":"","_stock":"","_tribe_ticket_header":"","_tribe_default_ticket_provider":"","_tribe_ticket_capacity":"0","_ticket_start_date":"","_ticket_end_date":"","_tribe_ticket_show_description":"","_tribe_ticket_show_not_going":false,"_tribe_ticket_use_global_stock":"","_tribe_ticket_global_stock_level":"","_global_stock_mode":"","_global_stock_cap":"","_tribe_rsvp_for_event":"","_tribe_ticket_going_count":"","_tribe_ticket_not_going_count":"","_tribe_tickets_list":[],"_tribe_ticket_has_attendee_info_fields":false},"categories":[],"barrera":[115],"pais":[],"acf":[],"_links":{"self":[{"href":"https:\/\/affordablehousingactivation.org\/es\/wp-json\/wp\/v2\/experts\/7843"}],"collection":[{"href":"https:\/\/affordablehousingactivation.org\/es\/wp-json\/wp\/v2\/experts"}],"about":[{"href":"https:\/\/affordablehousingactivation.org\/es\/wp-json\/wp\/v2\/types\/experts"}],"wp:featuredmedia":[{"embeddable":true,"href":"https:\/\/affordablehousingactivation.org\/es\/wp-json\/wp\/v2\/media\/8965"}],"wp:attachment":[{"href":"https:\/\/affordablehousingactivation.org\/es\/wp-json\/wp\/v2\/media?parent=7843"}],"wp:term":[{"taxonomy":"category","embeddable":true,"href":"https:\/\/affordablehousingactivation.org\/es\/wp-json\/wp\/v2\/categories?post=7843"},{"taxonomy":"barrera","embeddable":true,"href":"https:\/\/affordablehousingactivation.org\/es\/wp-json\/wp\/v2\/barrera?post=7843"},{"taxonomy":"pais","embeddable":true,"href":"https:\/\/affordablehousingactivation.org\/es\/wp-json\/wp\/v2\/pais?post=7843"}],"curies":[{"name":"wp","href":"https:\/\/api.w.org\/{rel}","templated":true}]}}