{"id":8770,"date":"2022-05-10T16:15:23","date_gmt":"2022-05-10T14:15:23","guid":{"rendered":"https:\/\/affordablehousingactivation.org\/?post_type=experts&#038;p=8770"},"modified":"2022-05-13T16:48:33","modified_gmt":"2022-05-13T14:48:33","slug":"david-lucas","status":"publish","type":"experts","link":"https:\/\/affordablehousingactivation.org\/es\/experts\/david-lucas\/","title":{"rendered":"David Lucas Parr\u00f3n"},"content":{"rendered":"<p>David es Doctor en Derecho por la Universidad Carlos III de Madrid, en la especialidad de Derecho P\u00fablico Estatal, Licenciado en Derecho por la Universidad Complutense de Madrid, M\u00e1ster en Pol\u00edtica Territorial y Urbana por la Universidad Carlos III de Madrid, en la especialidad de Gesti\u00f3n Urbana, y M\u00e1ster en Derecho P\u00fablico por la Universidad Carlos III de Madrid (mejor expediente acad\u00e9mico y premio extraordinario).<\/p>\n<p>Ha sido Senador electo por Madrid en la XII legislatura, Alcalde de M\u00f3stoles, Portavoz del PSOE en el Ayuntamiento de Madrid, Teniente de Alcalde de Getafe, Presidente de la Delegaci\u00f3n Espa\u00f1ola en el Congreso de Poderes Locales y Regionales del Consejo de Europa y Presidente de la Comisi\u00f3n de Relaciones Internacionales de la Federaci\u00f3n Espa\u00f1ola de Municipios y Provincias, responsable de la implementaci\u00f3n de la Agenda 2030 en los municipios espa\u00f1oles.<\/p>\n<p>Ha sido miembro del Comit\u00e9 Directivo del Consejo de Municipios y Regiones de Europa, del Comit\u00e9 Directivo y de la Mesa Ejecutiva de Ciudades y Gobiernos Locales Unidos y de la Red Interparlamentaria de la OCDE. Ha sido presidente de la Asociaci\u00f3n de Municipios del Sur, Vicepresidente de la Federaci\u00f3n de Municipios de Madrid y Presidente de la Comisi\u00f3n de Hacienda de esta federaci\u00f3n. Ha sido profesor de Derecho Financiero y Tributario y de Historia del Derecho en la Universidad Carlos III de Madrid, profesor de Derecho Financiero y de Derecho Constitucional en la Universidad de Nebrija y profesor de Ciencia Pol\u00edtica y de Gesti\u00f3n y Administraci\u00f3n P\u00fablica en la Universidad Complutense.<\/p>\n","protected":false},"featured_media":9084,"template":"","meta":{"_price":"","_stock":"","_tribe_ticket_header":"","_tribe_default_ticket_provider":"","_tribe_ticket_capacity":"0","_ticket_start_date":"","_ticket_end_date":"","_tribe_ticket_show_description":"","_tribe_ticket_show_not_going":false,"_tribe_ticket_use_global_stock":"","_tribe_ticket_global_stock_level":"","_global_stock_mode":"","_global_stock_cap":"","_tribe_rsvp_for_event":"","_tribe_ticket_going_count":"","_tribe_ticket_not_going_count":"","_tribe_tickets_list":[],"_tribe_ticket_has_attendee_info_fields":false},"categories":[],"barrera":[114],"pais":[],"acf":[],"_links":{"self":[{"href":"https:\/\/affordablehousingactivation.org\/es\/wp-json\/wp\/v2\/experts\/8770"}],"collection":[{"href":"https:\/\/affordablehousingactivation.org\/es\/wp-json\/wp\/v2\/experts"}],"about":[{"href":"https:\/\/affordablehousingactivation.org\/es\/wp-json\/wp\/v2\/types\/experts"}],"wp:featuredmedia":[{"embeddable":true,"href":"https:\/\/affordablehousingactivation.org\/es\/wp-json\/wp\/v2\/media\/9084"}],"wp:attachment":[{"href":"https:\/\/affordablehousingactivation.org\/es\/wp-json\/wp\/v2\/media?parent=8770"}],"wp:term":[{"taxonomy":"category","embeddable":true,"href":"https:\/\/affordablehousingactivation.org\/es\/wp-json\/wp\/v2\/categories?post=8770"},{"taxonomy":"barrera","embeddable":true,"href":"https:\/\/affordablehousingactivation.org\/es\/wp-json\/wp\/v2\/barrera?post=8770"},{"taxonomy":"pais","embeddable":true,"href":"https:\/\/affordablehousingactivation.org\/es\/wp-json\/wp\/v2\/pais?post=8770"}],"curies":[{"name":"wp","href":"https:\/\/api.w.org\/{rel}","templated":true}]}}