{"id":8789,"date":"2022-05-10T17:22:28","date_gmt":"2022-05-10T15:22:28","guid":{"rendered":"https:\/\/affordablehousingactivation.org\/?post_type=experts&#038;p=8789"},"modified":"2022-05-18T22:54:15","modified_gmt":"2022-05-18T20:54:15","slug":"francesca-cesa-bianchi","status":"publish","type":"experts","link":"https:\/\/affordablehousingactivation.org\/es\/experts\/francesca-cesa-bianchi\/","title":{"rendered":"Francesca Cesa Bianchi"},"content":{"rendered":"<p>Se gradu\u00f3 en 2005 en arquitectura en el Polit\u00e9cnico de Mil\u00e1n. En 2008 realiz\u00f3 un m\u00e1ster de primer nivel sobre vivienda colectiva en la Escuela Polit\u00e9cnica de Madrid. Desde 2006, en el marco de su colaboraci\u00f3n con diferentes estudios de arquitectura en Mil\u00e1n y Madrid, gestiona complejos proyectos polivalentes desde la fase de concurso, pasando por el dise\u00f1o conceptual, preliminar y de detalle, hasta la documentaci\u00f3n de la construcci\u00f3n.<\/p>\n<p>Francesca Cesa Bianchi es actualmente socia de SBA (desde 2019) y directora de proyectos; coordina proyectos de regeneraci\u00f3n urbana y arquitectura en M\u00e9xico, Rusia, Pa\u00edses Bajos, Egipto y Qatar. Desde 2015 ha desempe\u00f1ado un papel clave en la gesti\u00f3n de todos los proyectos arquitect\u00f3nicos y planes estrat\u00e9gicos en Albania.<\/p>\n","protected":false},"featured_media":8788,"template":"","meta":{"_price":"","_stock":"","_tribe_ticket_header":"","_tribe_default_ticket_provider":"","_tribe_ticket_capacity":"0","_ticket_start_date":"","_ticket_end_date":"","_tribe_ticket_show_description":"","_tribe_ticket_show_not_going":false,"_tribe_ticket_use_global_stock":"","_tribe_ticket_global_stock_level":"","_global_stock_mode":"","_global_stock_cap":"","_tribe_rsvp_for_event":"","_tribe_ticket_going_count":"","_tribe_ticket_not_going_count":"","_tribe_tickets_list":[],"_tribe_ticket_has_attendee_info_fields":false},"categories":[],"barrera":[121],"pais":[],"acf":[],"_links":{"self":[{"href":"https:\/\/affordablehousingactivation.org\/es\/wp-json\/wp\/v2\/experts\/8789"}],"collection":[{"href":"https:\/\/affordablehousingactivation.org\/es\/wp-json\/wp\/v2\/experts"}],"about":[{"href":"https:\/\/affordablehousingactivation.org\/es\/wp-json\/wp\/v2\/types\/experts"}],"wp:featuredmedia":[{"embeddable":true,"href":"https:\/\/affordablehousingactivation.org\/es\/wp-json\/wp\/v2\/media\/8788"}],"wp:attachment":[{"href":"https:\/\/affordablehousingactivation.org\/es\/wp-json\/wp\/v2\/media?parent=8789"}],"wp:term":[{"taxonomy":"category","embeddable":true,"href":"https:\/\/affordablehousingactivation.org\/es\/wp-json\/wp\/v2\/categories?post=8789"},{"taxonomy":"barrera","embeddable":true,"href":"https:\/\/affordablehousingactivation.org\/es\/wp-json\/wp\/v2\/barrera?post=8789"},{"taxonomy":"pais","embeddable":true,"href":"https:\/\/affordablehousingactivation.org\/es\/wp-json\/wp\/v2\/pais?post=8789"}],"curies":[{"name":"wp","href":"https:\/\/api.w.org\/{rel}","templated":true}]}}