{"id":8935,"date":"2022-05-11T17:12:16","date_gmt":"2022-05-11T15:12:16","guid":{"rendered":"https:\/\/affordablehousingactivation.org\/?post_type=experts&#038;p=8935"},"modified":"2022-05-11T17:17:33","modified_gmt":"2022-05-11T15:17:33","slug":"washington-fajardo","status":"publish","type":"experts","link":"https:\/\/affordablehousingactivation.org\/es\/experts\/washington-fajardo\/","title":{"rendered":"Washington Fajardo"},"content":{"rendered":"<p>Arquitecto y urbanista licenciado por la Facultad de Arquitectura y Urbanismo de la Universidad Federal de R\u00edo de Janeiro &#8211; UFRJ.<\/p>\n<p>Es autor del dise\u00f1o arquitect\u00f3nico de la Arena Carioca en Pavuna; autor del dise\u00f1o arquitect\u00f3nico de la revitalizaci\u00f3n de Imperator &#8211; Centro Cultural Jo\u00e3o Nogueira, en M\u00e9ier; concibi\u00f3 el mecanismo que dedic\u00f3 el 3% del valor de los CEPACs para el Patrimonio Cultural en el Puerto; cre\u00f3 el edicto Pro-APAC reconocido en 2014 con el Premio Rodrigo Melo Franco de Andrade (IPHAN), y cre\u00f3 el Laboratorio Abierto de Arqueolog\u00eda Urbana.<\/p>\n<p>Desde 2015, es asesor del Consejo de Arquitectura y Urbanismo de R\u00edo de Janeiro &#8211; CAU-RJ. En 2016, fue seleccionado como comisario del pabell\u00f3n de Brasil en la Bienal Internacional de Arquitectura de Venecia. En 2018, se convirti\u00f3 en un Loeb Fellowship en la Harvard Graduate School of Design. Adem\u00e1s, desde enero de 2021, es el secretario municipal de Urbanismo de R\u00edo de Janeiro, as\u00ed como presidente del Instituto Pereira Passos.<\/p>\n","protected":false},"featured_media":8936,"template":"","meta":{"_price":"","_stock":"","_tribe_ticket_header":"","_tribe_default_ticket_provider":"","_tribe_ticket_capacity":"0","_ticket_start_date":"","_ticket_end_date":"","_tribe_ticket_show_description":"","_tribe_ticket_show_not_going":false,"_tribe_ticket_use_global_stock":"","_tribe_ticket_global_stock_level":"","_global_stock_mode":"","_global_stock_cap":"","_tribe_rsvp_for_event":"","_tribe_ticket_going_count":"","_tribe_ticket_not_going_count":"","_tribe_tickets_list":[],"_tribe_ticket_has_attendee_info_fields":false},"categories":[],"barrera":[121],"pais":[],"acf":[],"_links":{"self":[{"href":"https:\/\/affordablehousingactivation.org\/es\/wp-json\/wp\/v2\/experts\/8935"}],"collection":[{"href":"https:\/\/affordablehousingactivation.org\/es\/wp-json\/wp\/v2\/experts"}],"about":[{"href":"https:\/\/affordablehousingactivation.org\/es\/wp-json\/wp\/v2\/types\/experts"}],"wp:featuredmedia":[{"embeddable":true,"href":"https:\/\/affordablehousingactivation.org\/es\/wp-json\/wp\/v2\/media\/8936"}],"wp:attachment":[{"href":"https:\/\/affordablehousingactivation.org\/es\/wp-json\/wp\/v2\/media?parent=8935"}],"wp:term":[{"taxonomy":"category","embeddable":true,"href":"https:\/\/affordablehousingactivation.org\/es\/wp-json\/wp\/v2\/categories?post=8935"},{"taxonomy":"barrera","embeddable":true,"href":"https:\/\/affordablehousingactivation.org\/es\/wp-json\/wp\/v2\/barrera?post=8935"},{"taxonomy":"pais","embeddable":true,"href":"https:\/\/affordablehousingactivation.org\/es\/wp-json\/wp\/v2\/pais?post=8935"}],"curies":[{"name":"wp","href":"https:\/\/api.w.org\/{rel}","templated":true}]}}