{"id":1089,"date":"2022-04-29T17:03:06","date_gmt":"2022-04-29T15:03:06","guid":{"rendered":"https:\/\/affordablehousingactivation.org\/?post_type=tribe_events&#038;p=1089"},"modified":"2022-05-03T17:39:34","modified_gmt":"2022-05-03T15:39:34","slug":"el-modelo-vienes-viviendas-para-la-ciudad-del-siglo-xxi","status":"publish","type":"tribe_events","link":"https:\/\/affordablehousingactivation.org\/es\/event\/el-modelo-vienes-viviendas-para-la-ciudad-del-siglo-xxi\/","title":{"rendered":"\u00abEl modelo vien\u00e9s &#8211; Viviendas para la ciudad del siglo XXI\u00bb"},"content":{"rendered":"<p><span data-contrast=\"auto\">Viena desempe\u00f1a un papel pionero en el debate global sobre nuevas estrategias y puesta en pr\u00e1ctica de modelos de viviendas asequibles y desarrollos urbanos de vanguardia. Gracias a sus ideas innovadoras, especialmente en materia de vivienda social, la ciudad de Viena desempe\u00f1a desde hace mucho tiempo un papel pionero en el debate global sobre nuevas estrategias de dise\u00f1o y puesta en pr\u00e1ctica de modelos de viviendas y desarrollos urbanos de vanguardia.\u00a0<\/span><span data-ccp-props=\"{&quot;201341983&quot;:0,&quot;335551550&quot;:6,&quot;335551620&quot;:6,&quot;335559739&quot;:0,&quot;335559740&quot;:360}\">\u00a0<\/span><\/p>\n<p><span data-contrast=\"auto\">A partir de aspectos urban\u00edsticos y sociales no s\u00f3lo se han realizado proyectos de calidad excepcional en toda la ciudad, sino que tambi\u00e9n se han revitalizado barrios enteros o creado otros nuevos. Estos conceptos, cuyas ra\u00edces hist\u00f3ricas se remontan a la \u00abViena Roja\u00bb, representan oportunidades din\u00e1micas para mejorar la calidad de vida en la metr\u00f3polis contempor\u00e1nea mediante la creaci\u00f3n de entornos vitales mod\u00e9licos.<\/span><span data-ccp-props=\"{&quot;201341983&quot;:0,&quot;335551550&quot;:6,&quot;335551620&quot;:6,&quot;335559739&quot;:0,&quot;335559740&quot;:360}\">\u00a0<\/span><\/p>\n<p><span data-contrast=\"auto\">El evento (charlas y debate inaugural) tiene como objetivo dar a conocer y debatir el modelo vien\u00e9s de vivienda social, as\u00ed como fomentar el intercambio y aprendizaje mutuo sobre estrategias sostenibles e innovadoras para disponer de viviendas asequibles en entornos urbanos. Despu\u00e9s de la conferencia y el debate, desarrollados en ingl\u00e9s, tendr\u00e1 lugar la apertura de la exposici\u00f3n.<\/span><span data-ccp-props=\"{&quot;201341983&quot;:0,&quot;335551550&quot;:6,&quot;335551620&quot;:6,&quot;335559739&quot;:0,&quot;335559740&quot;:360}\">\u00a0<\/span><\/p>\n<p><span data-contrast=\"auto\">Con motivo de la apertura de la exposici\u00f3n, la arquitecta <strong>Katharina Bayer<\/strong> del estudio de arquitectura austr\u00edaco einszueins architektur, especializado en vivienda social participativa y la arquitecta y catedr\u00e1tica <strong>Carmen Espegel Alonso<\/strong>, directora del grupo de investigaci\u00f3n en vivienda colectiva (ETSAM), impartir\u00e1n una charla inaugural el jueves 5 de mayo a las 18:30 horas, seguida de un debate abierto con los ponentes.<\/span><\/p>\n<p><span data-contrast=\"auto\">El evento tiene como objetivo dar a conocer y debatir el modelo vien\u00e9s, as\u00ed como fomentar el intercambio y aprendizaje mutuo sobre estrategias sostenibles e innovadoras para disponer de viviendas asequibles en entornos urbanos. Despu\u00e9s de la conferencia y el debate, desarrollados en ingl\u00e9s, tendr\u00e1 lugar la apertura<\/span><span data-ccp-props=\"{&quot;201341983&quot;:0,&quot;335551550&quot;:6,&quot;335551620&quot;:6,&quot;335559739&quot;:0,&quot;335559740&quot;:360}\">\u00a0<\/span><span data-contrast=\"auto\">de la exposici\u00f3n.<\/span><span data-ccp-props=\"{&quot;201341983&quot;:0,&quot;335551550&quot;:6,&quot;335551620&quot;:6,&quot;335559739&quot;:0,&quot;335559740&quot;:360}\">\u00a0<\/span><\/p>\n<ul>\n<li><span data-contrast=\"auto\">Fecha: Jueves 05\/05\/2022<\/span><span data-ccp-props=\"{&quot;201341983&quot;:0,&quot;335559739&quot;:0,&quot;335559740&quot;:360}\">\u00a0<\/span><\/li>\n<li><span data-contrast=\"auto\">Lugar: Sala Triangular, Colegio de Arquitectos de Madrid (COAM), Madrid, Espa\u00f1a.<\/span><span data-ccp-props=\"{&quot;201341983&quot;:0,&quot;335559739&quot;:0,&quot;335559740&quot;:360}\">\u00a0<\/span><\/li>\n<li><span data-contrast=\"auto\">Formato: H\u00edbrido.<\/span><span data-ccp-props=\"{&quot;201341983&quot;:0,&quot;335559739&quot;:0,&quot;335559740&quot;:480}\">\u00a0<\/span><\/li>\n<li><span data-contrast=\"auto\">Organizado por: <\/span><span data-contrast=\"none\">Guiding Architects Barcelona<\/span><span data-ccp-props=\"{&quot;201341983&quot;:0,&quot;335559739&quot;:0,&quot;335559740&quot;:480}\">\u00a0<\/span><\/li>\n<\/ul>\n<h2>Link de acceso:<\/h2>\n<p><a href=\"https:\/\/youtu.be\/gghW2lDYBMU\" target=\"_blank\" rel=\"noopener\">https:\/\/youtu.be\/gghW2lDYBMU<\/a><\/p>\n<h2>Programa:<\/h2>\n<p><strong>18:30 &#8211; INAUGURACI\u00d3N\u00a0\u00a0<\/strong><\/p>\n<ul>\n<li><span data-contrast=\"auto\">Bienvenida (COAM y\/o Lorenzo Karasz)\u00a0<\/span><span data-ccp-props=\"{&quot;201341983&quot;:0,&quot;335559739&quot;:0,&quot;335559740&quot;:480}\">\u00a0<\/span><\/li>\n<li><span data-contrast=\"auto\">Presentaci\u00f3n exposici\u00f3n e introducci\u00f3n invitados (Lorenzo Karasz)\u00a0<\/span><span data-ccp-props=\"{&quot;201341983&quot;:0,&quot;335559739&quot;:0,&quot;335559740&quot;:480}\">\u00a0<\/span><\/li>\n<li><span data-contrast=\"auto\">Ponencia de Katharina Bayer <\/span><a href=\"https:\/\/www.einszueins.at\/\" target=\"_blank\" rel=\"noopener\"><span data-contrast=\"none\">(einzueins Architektur<\/span><\/a><span data-contrast=\"auto\">)<\/span><span data-ccp-props=\"{&quot;201341983&quot;:0,&quot;335559739&quot;:0,&quot;335559740&quot;:480}\">\u00a0<\/span><\/li>\n<li><span data-contrast=\"auto\">Ponencia de <\/span><a href=\"http:\/\/dpa-etsam.aq.upm.es\/dpaa\/blog\/investigador\/carmenespegelalonso\" target=\"_blank\" rel=\"noopener\"><span data-contrast=\"none\">Carmen Espegel (ETSAM, directora grupo de investigaci\u00f3n en vivienda colectiva)<\/span><\/a><span data-contrast=\"auto\">\u00a0<\/span><span data-ccp-props=\"{&quot;201341983&quot;:0,&quot;335559739&quot;:0,&quot;335559740&quot;:480}\">\u00a0<\/span><\/li>\n<li><span data-contrast=\"auto\">Debate ponentes + Lorenzo Karasz<\/span><span data-ccp-props=\"{&quot;201341983&quot;:0,&quot;335559739&quot;:0,&quot;335559740&quot;:480}\">\u00a0<\/span><\/li>\n<\/ul>\n<p><span data-contrast=\"auto\"><strong>20:00 \u2013 C\u00d3CTEL<\/strong> | Entrada Sala Triangular a continuaci\u00f3n del debate habr\u00e1 un peque\u00f1o catering y quedar\u00e1 abierta la exposici\u00f3n.<\/span><span data-ccp-props=\"{&quot;201341983&quot;:0,&quot;335559739&quot;:0,&quot;335559740&quot;:480}\">\u00a0<\/span><\/p>\n<div class=\"text-center my-5\"><a class=\"btn btn-danger btn-pill btn-wide\" href=\"https:\/\/www.coam.org\/es\/inscripciones-web\/223640\" target=\"_blank\" rel=\"noopener\">Inscribirse<\/a><\/div>\n","protected":false},"excerpt":{"rendered":"<p>Debate inaugural de la exposici\u00f3n con ponencias de arquitectos invitados austriacos y espa\u00f1oles en el marco de la vivienda social. <\/p>\n","protected":false},"author":4,"featured_media":1097,"template":"","meta":{"_price":"","_stock":"","_tribe_ticket_header":"","_tribe_default_ticket_provider":"Tribe__Tickets_Plus__Commerce__WooCommerce__Main","_tribe_ticket_capacity":"0","_ticket_start_date":"","_ticket_end_date":"","_tribe_ticket_show_description":"","_tribe_ticket_show_not_going":false,"_tribe_ticket_use_global_stock":"","_tribe_ticket_global_stock_level":"","_global_stock_mode":"","_global_stock_cap":"","_tribe_rsvp_for_event":"","_tribe_ticket_going_count":"","_tribe_ticket_not_going_count":"","_tribe_tickets_list":[],"_tribe_ticket_has_attendee_info_fields":false,"_tribe_events_status":"","_tribe_events_status_reason":"","_tribe_events_is_hybrid":"","_tribe_events_is_virtual":"","_tribe_events_virtual_video_source":"","_tribe_events_virtual_embed_video":"","_tribe_events_virtual_linked_button_text":"","_tribe_events_virtual_linked_button":"","_tribe_events_virtual_show_embed_at":"","_tribe_events_virtual_show_embed_to":"","_tribe_events_virtual_show_on_event":"","_tribe_events_virtual_show_on_views":"","_tribe_events_virtual_url":""},"tags":[],"tribe_events_cat":[142],"barrera":[113,117,116,114,119,120],"acf":[],"ticketed":false,"_links":{"self":[{"href":"https:\/\/affordablehousingactivation.org\/es\/wp-json\/wp\/v2\/tribe_events\/1089"}],"collection":[{"href":"https:\/\/affordablehousingactivation.org\/es\/wp-json\/wp\/v2\/tribe_events"}],"about":[{"href":"https:\/\/affordablehousingactivation.org\/es\/wp-json\/wp\/v2\/types\/tribe_events"}],"author":[{"embeddable":true,"href":"https:\/\/affordablehousingactivation.org\/es\/wp-json\/wp\/v2\/users\/4"}],"version-history":[{"count":24,"href":"https:\/\/affordablehousingactivation.org\/es\/wp-json\/wp\/v2\/tribe_events\/1089\/revisions"}],"predecessor-version":[{"id":5663,"href":"https:\/\/affordablehousingactivation.org\/es\/wp-json\/wp\/v2\/tribe_events\/1089\/revisions\/5663"}],"wp:featuredmedia":[{"embeddable":true,"href":"https:\/\/affordablehousingactivation.org\/es\/wp-json\/wp\/v2\/media\/1097"}],"wp:attachment":[{"href":"https:\/\/affordablehousingactivation.org\/es\/wp-json\/wp\/v2\/media?parent=1089"}],"wp:term":[{"taxonomy":"post_tag","embeddable":true,"href":"https:\/\/affordablehousingactivation.org\/es\/wp-json\/wp\/v2\/tags?post=1089"},{"taxonomy":"tribe_events_cat","embeddable":true,"href":"https:\/\/affordablehousingactivation.org\/es\/wp-json\/wp\/v2\/tribe_events_cat?post=1089"},{"taxonomy":"barrera","embeddable":true,"href":"https:\/\/affordablehousingactivation.org\/es\/wp-json\/wp\/v2\/barrera?post=1089"}],"curies":[{"name":"wp","href":"https:\/\/api.w.org\/{rel}","templated":true}]}}