{"id":2000,"date":"2022-03-16T15:47:14","date_gmt":"2022-03-16T14:47:14","guid":{"rendered":"https:\/\/affordablehousingactivation.org\/?post_type=tribe_events&#038;p=2000"},"modified":"2022-05-04T14:01:00","modified_gmt":"2022-05-04T12:01:00","slug":"asertos-programme-community-regeneration-of-vulnerable-neighbourhoods","status":"publish","type":"tribe_events","link":"https:\/\/affordablehousingactivation.org\/es\/event\/asertos-programme-community-regeneration-of-vulnerable-neighbourhoods\/","title":{"rendered":"Programa Asertos, regeneraci\u00f3n comunitaria de barrios vulnerados"},"content":{"rendered":"<p><span data-contrast=\"auto\">El objetivo es comunicar las acciones de regeneraci\u00f3n comunitaria del Barrio del Cementerio, llevadas a cabo durante 2021, y descubrir los recursos presentes en el territorio a diferentes niveles. A trav\u00e9s de las voces de las personas que trabajan directamente con el programa Asertos, tanto vecinales como t\u00e9cnicas, se busca una conexi\u00f3n con entidades sociales, p\u00fablicas y privadas que puedan estar interesadas por la situaci\u00f3n social del barrio, poniendo el foco en la administraci\u00f3n p\u00fablica local y auton\u00f3mica. Tambi\u00e9n interesa una puesta en valor a nivel internacional, escala presente desde el inicio del desarrollo del proyecto a trav\u00e9s de la asociaci\u00f3n francesa Quatorze y de la participaci\u00f3n al proyecto europeo PASI (Erasmus+).<\/span><span data-ccp-props=\"{&quot;134233117&quot;:true,&quot;134233118&quot;:true,&quot;201341983&quot;:0,&quot;335559740&quot;:240}\">\u00a0<\/span><\/p>\n<p><span data-contrast=\"auto\">Presentaci\u00f3n del documental el d\u00eda 2 de junio de 2022, en las instalaciones Puerta Ferrisa de la Agencia Local de Desarrollo Econ\u00f3mico y Social del Ayuntamiento de Alicante (Impulsalicante). El evento se articula alrededor de la presentaci\u00f3n y proyecci\u00f3n p\u00fablica del trabajo documental grabado en el Barrio del Cementerio, acompa\u00f1ando al programa Asertos de regeneraci\u00f3n comunitaria de zonas vulneradas. Se buscar\u00e1n espacios de interacci\u00f3n entre las personas del barrio, entidades sociales y administraciones p\u00fablicas, mediante una mesa redonda y momentos de intercambio informal.<\/span><span data-ccp-props=\"{&quot;134233117&quot;:true,&quot;134233118&quot;:true,&quot;201341983&quot;:0,&quot;335559740&quot;:240}\">\u00a0<\/span><\/p>\n<p><span data-contrast=\"auto\">El evento estar\u00e1 compuesto de las siguientes partes:<\/span><span data-ccp-props=\"{&quot;134233117&quot;:true,&quot;134233118&quot;:true,&quot;201341983&quot;:0,&quot;335559740&quot;:240}\">\u00a0<\/span><\/p>\n<ol>\n<li><span data-contrast=\"auto\">\u00a0Recepci\u00f3n del evento e inscripci\u00f3n de las personas asistentes. Duraci\u00f3n aproximada: 10 minutos.<\/span><span data-ccp-props=\"{&quot;134233117&quot;:true,&quot;134233118&quot;:true,&quot;201341983&quot;:0,&quot;335559740&quot;:240}\">\u00a0<\/span><\/li>\n<li><span data-contrast=\"auto\">Presentaci\u00f3n del documental por parte de la productora\/realizadora y del coordinador del programa Asertos. Duraci\u00f3n aproximada: 20 minutos.<\/span><span data-ccp-props=\"{&quot;134233117&quot;:true,&quot;134233118&quot;:true,&quot;201341983&quot;:0,&quot;335559740&quot;:240}\">\u00a0<\/span><\/li>\n<li><span data-contrast=\"auto\">Reproducci\u00f3n del v\u00eddeo documental. Duraci\u00f3n aproximada: 20 minutos.<\/span><span data-ccp-props=\"{&quot;134233117&quot;:true,&quot;134233118&quot;:true,&quot;201341983&quot;:0,&quot;335559740&quot;:240}\">\u00a0<\/span><\/li>\n<li><span data-contrast=\"auto\">Presentaci\u00f3n de las personas participantes a la mesa redonda. Duraci\u00f3n aproximada: 10 minutos.<\/span><span data-ccp-props=\"{&quot;134233117&quot;:true,&quot;134233118&quot;:true,&quot;201341983&quot;:0,&quot;335559740&quot;:240}\">\u00a0<\/span><\/li>\n<li><span data-contrast=\"auto\">Debate abierto al p\u00fablico de la mesa redonda. Duraci\u00f3n aproximada: una hora.<\/span><span data-ccp-props=\"{&quot;134233117&quot;:true,&quot;134233118&quot;:true,&quot;201341983&quot;:0,&quot;335559740&quot;:240}\">\u00a0<\/span><\/li>\n<li><span data-contrast=\"auto\">Intercambio informal a partir de un vino de honor, con concierto de artistas del barrio. Duraci\u00f3n aproximada: una hora.<\/span><span data-ccp-props=\"{&quot;134233117&quot;:true,&quot;134233118&quot;:true,&quot;201341983&quot;:0,&quot;335559740&quot;:240}\">\u00a0<\/span><\/li>\n<\/ol>\n<p><span data-contrast=\"auto\">Las personas que presentar\u00e1n y moderar\u00e1n el evento ser\u00e1n:\u00a0<\/span><span data-ccp-props=\"{&quot;134233117&quot;:true,&quot;134233118&quot;:true,&quot;201341983&quot;:0,&quot;335559740&quot;:240}\">\u00a0<\/span><\/p>\n<ul>\n<li><span data-contrast=\"auto\">Neus Maronas Morant<\/span><span data-ccp-props=\"{&quot;134233117&quot;:true,&quot;134233118&quot;:true,&quot;201341983&quot;:0,&quot;335559740&quot;:240}\">\u00a0<\/span><\/li>\n<li><span data-contrast=\"auto\">Marga Herrero Aguilar (ALDES)<\/span><span data-ccp-props=\"{&quot;134233117&quot;:true,&quot;134233118&quot;:true,&quot;201341983&quot;:0,&quot;335559740&quot;:240}\">\u00a0<\/span><\/li>\n<li><span data-contrast=\"auto\">Esmeralda Mart\u00ednez Salvador\u00a0<\/span><span data-ccp-props=\"{&quot;134233117&quot;:true,&quot;134233118&quot;:true,&quot;201341983&quot;:0,&quot;335559740&quot;:240}\">\u00a0<\/span><\/li>\n<\/ul>\n<p><span data-contrast=\"auto\">Las personas que participar\u00e1n en la mesa redonda ser\u00e1n:<\/span><span data-ccp-props=\"{&quot;134233117&quot;:true,&quot;134233118&quot;:true,&quot;201341983&quot;:0,&quot;335559740&quot;:240}\">\u00a0<\/span><\/p>\n<ul>\n<li><span data-contrast=\"auto\">No\u00e9 Hidalgo Ripoll (Moe)\u00a0<\/span><span data-ccp-props=\"{&quot;134233117&quot;:true,&quot;134233118&quot;:true,&quot;201341983&quot;:0,&quot;335559740&quot;:240}\">\u00a0<\/span><\/li>\n<li><span data-contrast=\"auto\">Francisca Alc\u00e1zar Nortes (Paqui)\u00a0<\/span><span data-ccp-props=\"{&quot;134233117&quot;:true,&quot;134233118&quot;:true,&quot;201341983&quot;:0,&quot;335559740&quot;:240}\">\u00a0<\/span><\/li>\n<li><span data-contrast=\"auto\">Nasreddine Bouyahia (Dino)<\/span><span data-ccp-props=\"{&quot;134233117&quot;:true,&quot;134233118&quot;:true,&quot;201341983&quot;:0,&quot;335559740&quot;:240}\">\u00a0<\/span><\/li>\n<li><span data-contrast=\"auto\">Tania Ruiz Otazo\u00a0<\/span><span data-ccp-props=\"{&quot;134233117&quot;:true,&quot;134233118&quot;:true,&quot;201341983&quot;:0,&quot;335559740&quot;:240}\">\u00a0<\/span><\/li>\n<li><span data-contrast=\"auto\">Gonzalo Heredia \/ Manuel Torres Rodr\u00edguez\u00a0<\/span><span data-ccp-props=\"{&quot;134233117&quot;:true,&quot;134233118&quot;:true,&quot;201341983&quot;:0,&quot;335559740&quot;:240}\">\u00a0<\/span><\/li>\n<li><span data-contrast=\"auto\">Sento Oncina Climent\u00a0<\/span><span data-ccp-props=\"{&quot;134233117&quot;:true,&quot;134233118&quot;:true,&quot;201341983&quot;:0,&quot;335559740&quot;:240}\">\u00a0<\/span><\/li>\n<li><span data-contrast=\"auto\">Carlos Zamora Vicente\u00a0<\/span><span data-ccp-props=\"{&quot;134233117&quot;:true,&quot;134233118&quot;:true,&quot;201341983&quot;:0,&quot;335559740&quot;:240}\">\u00a0<\/span><\/li>\n<li><span data-contrast=\"auto\">Daniel Millor Vela<\/span><span data-ccp-props=\"{&quot;134233117&quot;:true,&quot;134233118&quot;:true,&quot;201341983&quot;:0,&quot;335559740&quot;:240}\">\u00a0<\/span><\/li>\n<\/ul>\n<p><strong>Organizado por: <\/strong><span data-contrast=\"none\">ONGs Quatorze, Arquitectura Sin Fronteras Espa\u00f1a (Demarcaci\u00f3n Levante) y G.R.A.M.A.<\/span><span data-contrast=\"none\">\u202f<\/span><span data-ccp-props=\"{&quot;134233117&quot;:true,&quot;134233118&quot;:true,&quot;201341983&quot;:0,&quot;335559740&quot;:240}\">\u00a0<\/span><\/p>\n","protected":false},"excerpt":{"rendered":"<p>V\u00eddeo documental y memorias anuales del programa, centrados en el primer proyecto piloto en el Barrio del Cementerio de Alicante. Regeneraci\u00f3n comunitaria de los territorios en situaci\u00f3n de vulnerabilidad, a trav\u00e9s de la promoci\u00f3n de viviendas asequibles y espacios comunitarios.<\/p>\n","protected":false},"author":5,"featured_media":2897,"template":"","meta":{"_price":"","_stock":"","_tribe_ticket_header":"","_tribe_default_ticket_provider":"Tribe__Tickets_Plus__Commerce__WooCommerce__Main","_tribe_ticket_capacity":"0","_ticket_start_date":"","_ticket_end_date":"","_tribe_ticket_show_description":"","_tribe_ticket_show_not_going":false,"_tribe_ticket_use_global_stock":"","_tribe_ticket_global_stock_level":"","_global_stock_mode":"","_global_stock_cap":"","_tribe_rsvp_for_event":"","_tribe_ticket_going_count":"","_tribe_ticket_not_going_count":"","_tribe_tickets_list":[],"_tribe_ticket_has_attendee_info_fields":false,"_tribe_events_status":"","_tribe_events_status_reason":"","_tribe_events_is_hybrid":"","_tribe_events_is_virtual":"","_tribe_events_virtual_video_source":"","_tribe_events_virtual_embed_video":"","_tribe_events_virtual_linked_button_text":"","_tribe_events_virtual_linked_button":"","_tribe_events_virtual_show_embed_at":"","_tribe_events_virtual_show_embed_to":"","_tribe_events_virtual_show_on_event":"","_tribe_events_virtual_show_on_views":"","_tribe_events_virtual_url":""},"tags":[],"tribe_events_cat":[142],"barrera":[119],"acf":[],"ticketed":false,"_links":{"self":[{"href":"https:\/\/affordablehousingactivation.org\/es\/wp-json\/wp\/v2\/tribe_events\/2000"}],"collection":[{"href":"https:\/\/affordablehousingactivation.org\/es\/wp-json\/wp\/v2\/tribe_events"}],"about":[{"href":"https:\/\/affordablehousingactivation.org\/es\/wp-json\/wp\/v2\/types\/tribe_events"}],"author":[{"embeddable":true,"href":"https:\/\/affordablehousingactivation.org\/es\/wp-json\/wp\/v2\/users\/5"}],"version-history":[{"count":12,"href":"https:\/\/affordablehousingactivation.org\/es\/wp-json\/wp\/v2\/tribe_events\/2000\/revisions"}],"predecessor-version":[{"id":7976,"href":"https:\/\/affordablehousingactivation.org\/es\/wp-json\/wp\/v2\/tribe_events\/2000\/revisions\/7976"}],"wp:featuredmedia":[{"embeddable":true,"href":"https:\/\/affordablehousingactivation.org\/es\/wp-json\/wp\/v2\/media\/2897"}],"wp:attachment":[{"href":"https:\/\/affordablehousingactivation.org\/es\/wp-json\/wp\/v2\/media?parent=2000"}],"wp:term":[{"taxonomy":"post_tag","embeddable":true,"href":"https:\/\/affordablehousingactivation.org\/es\/wp-json\/wp\/v2\/tags?post=2000"},{"taxonomy":"tribe_events_cat","embeddable":true,"href":"https:\/\/affordablehousingactivation.org\/es\/wp-json\/wp\/v2\/tribe_events_cat?post=2000"},{"taxonomy":"barrera","embeddable":true,"href":"https:\/\/affordablehousingactivation.org\/es\/wp-json\/wp\/v2\/barrera?post=2000"}],"curies":[{"name":"wp","href":"https:\/\/api.w.org\/{rel}","templated":true}]}}