{"id":5407,"date":"2022-04-13T04:38:53","date_gmt":"2022-04-13T02:38:53","guid":{"rendered":"https:\/\/affordablehousingactivation.org\/?post_type=tribe_events&#038;p=5407"},"modified":"2022-04-21T13:05:13","modified_gmt":"2022-04-21T11:05:13","slug":"como-financiar-la-produccion-de-vivienda-asequible","status":"publish","type":"tribe_events","link":"https:\/\/affordablehousingactivation.org\/es\/event\/como-financiar-la-produccion-de-vivienda-asequible\/","title":{"rendered":"\u00bfC\u00f3mo Financiar La Producci\u00f3n de Vivienda Asequible?"},"content":{"rendered":"<p><span class=\"TextRun SCXW140638931 BCX0\" lang=\"ES-ES\" xml:lang=\"ES-ES\" data-contrast=\"auto\"><span class=\"NormalTextRun SCXW140638931 BCX0\">En el <\/span><span class=\"NormalTextRun SpellingErrorV2 SCXW140638931 BCX0\">a\u0301mbito<\/span><span class=\"NormalTextRun SCXW140638931 BCX0\"> de AHA FORUM 2022, que se celebra del 18 al 20 de mayo dedicado a la <\/span><span class=\"NormalTextRun SpellingErrorV2 SCXW140638931 BCX0\">problema\u0301tica<\/span><span class=\"NormalTextRun SCXW140638931 BCX0\"> de la accesibilidad a la vivienda en el mundo, ASPRIMA, CSCAE, <\/span><span class=\"NormalTextRun SpellingErrorV2 SCXW140638931 BCX0\">Planner<\/span> <span class=\"NormalTextRun SpellingErrorV2 SCXW140638931 BCX0\">Exhibitions<\/span><span class=\"NormalTextRun SCXW140638931 BCX0\"> y Grupo <\/span><span class=\"NormalTextRun SpellingErrorV2 SCXW140638931 BCX0\">Iberinmo<\/span><span class=\"NormalTextRun SCXW140638931 BCX0\"> proponen una <\/span><span class=\"NormalTextRun SpellingErrorV2 SCXW140638931 BCX0\">discusio\u0301n<\/span><span class=\"NormalTextRun SCXW140638931 BCX0\"> de primer nivel sobre este importante asunto con actores protagonistas de la esfera <\/span><span class=\"NormalTextRun SpellingErrorV2 SCXW140638931 BCX0\">pu\u0301blica<\/span><span class=\"NormalTextRun SCXW140638931 BCX0\"> y privada en <\/span><span class=\"NormalTextRun SpellingErrorV2 SCXW140638931 BCX0\">Espan\u0303a<\/span><span class=\"NormalTextRun SCXW140638931 BCX0\">.\u00a0<\/span><\/span><span class=\"EOP SCXW140638931 BCX0\" data-ccp-props=\"{}\">\u00a0<\/span><\/p>\n<ul>\n<li><em>22 de abril | 9h00\u00a0\u00a0<\/em><\/li>\n<li><em>Conferencia \u00bfComo financiar la producci\u00f3n de vivienda asequible?\u00a0\u00a0<\/em><\/li>\n<li><em>Horario: de 9h00 a 13h00 \u00a0<\/em><\/li>\n<li><em>Local: Auditorio de la CEOE, c\/ Diego de Le\u00f3n 50, Madrid.\u00a0\u00a0<\/em><\/li>\n<li><em>Coorganiza: ASPRIMA | SIMAPRO | OBSERVATORIO INMOBILIARIO\u00a0\u00a0<\/em><\/li>\n<\/ul>\n<h2><span data-contrast=\"auto\">Programa:<\/span> <span data-ccp-props=\"{}\">\u00a0<\/span><\/h2>\n<p><strong>08:30 &#8211; Registro de participantes\u00a0\u00a0<\/strong><\/p>\n<p><strong>09:00 &#8211; Bienvenida\u00a0\u00a0<\/strong><\/p>\n<ul>\n<li><span data-contrast=\"auto\">Juan Antonio G\u00f3mez-Pintado, Presidente de ASPRIMA\u00a0\u00a0<\/span><span data-ccp-props=\"{}\">\u00a0<\/span><\/li>\n<li><span data-contrast=\"auto\">\u00c1ngela Baldellou, Directora ejecutiva de AHA Forum 2022\u00a0<\/span><span data-ccp-props=\"{}\">\u00a0<\/span><\/li>\n<\/ul>\n<p><strong><span class=\"TextRun SCXW168200613 BCX0\" lang=\"ES-ES\" xml:lang=\"ES-ES\" data-contrast=\"auto\"><span class=\"NormalTextRun SCXW168200613 BCX0\">09:20 &#8211; \u00bfD\u00f3nde estamos? Un r\u00e1pido diagn\u00f3stico de las pol\u00edticas de vivienda asequible en Espa\u00f1a\u00a0<\/span><\/span><span class=\"EOP SCXW168200613 BCX0\" data-ccp-props=\"{}\">\u00a0<\/span> <\/strong><\/p>\n<p><em><span class=\"TextRun SCXW200325579 BCX0\" lang=\"ES-ES\" xml:lang=\"ES-ES\" data-contrast=\"auto\"><span class=\"NormalTextRun SCXW200325579 BCX0\">\u00bfEs compatible ayudar al alquiler y a la compra de vivienda asequible? \u00bfQu\u00e9 necesita el mercado inmobiliario para dar soluci\u00f3n al problema social de acceso a la vivienda? \u00bfC\u00f3mo se podr\u00eda aprovechar el suelo finalista de reserva para estos fines?\u00a0<\/span><\/span><span class=\"EOP SCXW200325579 BCX0\" data-ccp-props=\"{}\">\u00a0<\/span><\/em><\/p>\n<ul>\n<li data-leveltext=\"\uf0b7\" data-font=\"Symbol\" data-listid=\"11\" aria-setsize=\"-1\" data-aria-posinset=\"1\" data-aria-level=\"1\"><span data-contrast=\"auto\">Carolina Roca, vicepresidenta de ASPRIMA\u00a0<\/span><span data-ccp-props=\"{}\">\u00a0<\/span><\/li>\n<\/ul>\n<p><span data-contrast=\"auto\"><span class=\"TextRun SCXW211160158 BCX0\" lang=\"ES-ES\" xml:lang=\"ES-ES\" data-contrast=\"auto\"><span class=\"NormalTextRun SCXW211160158 BCX0\"><strong>09:40 &#8211; El papel del inversor en vivienda asequible<\/strong> <\/span><\/span><\/span><\/p>\n<p><em><span class=\"TextRun SCXW99754707 BCX0\" lang=\"ES-ES\" xml:lang=\"ES-ES\" data-contrast=\"auto\"><span class=\"NormalTextRun SCXW99754707 BCX0\">\u00bfQui\u00e9nes son los inversores en Vivienda asequible en Europa? \u00bfQu\u00e9 nivel de retornos buscan? \u00bfPor qu\u00e9 invertir en vivienda asequible?\u00a0<\/span><\/span><span class=\"EOP SCXW99754707 BCX0\" data-ccp-props=\"{}\">\u00a0<\/span><\/em><\/p>\n<ul>\n<li data-leveltext=\"\uf0b7\" data-font=\"Symbol\" data-listid=\"10\" aria-setsize=\"-1\" data-aria-posinset=\"1\" data-aria-level=\"1\"><span class=\"TextRun SCXW256783577 BCX0\" lang=\"ES-ES\" xml:lang=\"ES-ES\" data-contrast=\"auto\"><span class=\"NormalTextRun SCXW256783577 BCX0\">Javier Rodr\u00edguez Heredia, Senior <\/span><span class=\"NormalTextRun SpellingErrorV2 SCXW256783577 BCX0\">Managing<\/span> <span class=\"NormalTextRun SpellingErrorV2 SCXW256783577 BCX0\">Partner<\/span><span class=\"NormalTextRun SCXW256783577 BCX0\">, Head <\/span><span class=\"NormalTextRun SpellingErrorV2 SCXW256783577 BCX0\">of<\/span><span class=\"NormalTextRun SCXW256783577 BCX0\"> Real Estate de Azora<\/span><\/span><span class=\"EOP SCXW256783577 BCX0\" data-ccp-props=\"{}\">\u00a0<\/span><\/li>\n<\/ul>\n<p><span data-contrast=\"auto\"><span class=\"TextRun SCXW113075777 BCX0\" lang=\"ES-ES\" xml:lang=\"ES-ES\" data-contrast=\"auto\"><span class=\"NormalTextRun SCXW113075777 BCX0\"><strong>10:00 &#8211; La contribuci\u00f3n del promotor inmobiliario<\/strong> <\/span><\/span><\/span><\/p>\n<p><em><span class=\"TextRun SCXW119088138 BCX0\" lang=\"ES-ES\" xml:lang=\"ES-ES\" data-contrast=\"auto\"><span class=\"NormalTextRun SCXW119088138 BCX0\">\u00bfCu\u00e1l es el papel del promotor inmobiliario en buscar soluciones de vivienda asequible? Nuevos modelos constructivos y la industrializaci\u00f3n de la construcci\u00f3n \u00bfQu\u00e9 impacto tiene la gesti\u00f3n de suelo en la cadena productiva de la vivienda?\u00a0<\/span><\/span><span class=\"EOP SCXW119088138 BCX0\" data-ccp-props=\"{}\">\u00a0<\/span><\/em><\/p>\n<ul>\n<li data-leveltext=\"\uf0b7\" data-font=\"Symbol\" data-listid=\"8\" aria-setsize=\"-1\" data-aria-posinset=\"2\" data-aria-level=\"1\"><span class=\"TextRun SCXW145685210 BCX0\" lang=\"ES-ES\" xml:lang=\"ES-ES\" data-contrast=\"auto\"><span class=\"NormalTextRun SCXW145685210 BCX0\">Jaume <\/span><span class=\"NormalTextRun SpellingErrorV2 SCXW145685210 BCX0\">Borr\u00e0s<\/span><span class=\"NormalTextRun SCXW145685210 BCX0\">, <\/span><span class=\"NormalTextRun ContextualSpellingAndGrammarErrorV2 SCXW145685210 BCX0\">Director<\/span><span class=\"NormalTextRun SCXW145685210 BCX0\"> de Negocio de <\/span><span class=\"NormalTextRun SpellingErrorV2 SCXW145685210 BCX0\">Culmia<\/span><span class=\"NormalTextRun SCXW145685210 BCX0\">\u00a0<\/span><\/span><span class=\"EOP SCXW145685210 BCX0\" data-ccp-props=\"{}\">\u00a0<\/span><\/li>\n<\/ul>\n<p><strong><span class=\"TextRun SCXW122024614 BCX0\" lang=\"ES-ES\" xml:lang=\"ES-ES\" data-contrast=\"auto\"><span class=\"NormalTextRun SCXW122024614 BCX0\">10:20 &#8211; Modelos de financiaci\u00f3n y el papel de BEI\u00a0<\/span><\/span><span class=\"EOP SCXW122024614 BCX0\" data-ccp-props=\"{}\">\u00a0<\/span><\/strong><\/p>\n<p><em><span class=\"TextRun SCXW172311967 BCX0\" lang=\"ES-ES\" xml:lang=\"ES-ES\" data-contrast=\"auto\"><span class=\"NormalTextRun SCXW172311967 BCX0\">\u00bfC\u00f3mo apoya el BEI la vivienda asequible en Europa? \u00bfLa financiaci\u00f3n de largo plazo est\u00e1 disponible para invertir en vivienda asequible? Requisitos de acceso a su financiaci\u00f3n.\u00a0<\/span><\/span><span class=\"EOP SCXW172311967 BCX0\" data-ccp-props=\"{}\">\u00a0<\/span><\/em><\/p>\n<ul>\n<li data-leveltext=\"\uf0b7\" data-font=\"Symbol\" data-listid=\"7\" aria-setsize=\"-1\" data-aria-posinset=\"1\" data-aria-level=\"1\"><span data-contrast=\"auto\"><span class=\"TextRun SCXW53677289 BCX0\" lang=\"ES-ES\" xml:lang=\"ES-ES\" data-contrast=\"auto\"><span class=\"NormalTextRun SCXW53677289 BCX0\">Alex Saz-Carranza, Senior Loan <\/span><span class=\"NormalTextRun SpellingErrorV2 SCXW53677289 BCX0\">Officer<\/span><span class=\"NormalTextRun SCXW53677289 BCX0\"> \u2013 <\/span><span class=\"NormalTextRun SpellingErrorV2 SCXW53677289 BCX0\">Public<\/span><span class=\"NormalTextRun SCXW53677289 BCX0\"> Sector <\/span><span class=\"NormalTextRun SpellingErrorV2 SCXW53677289 BCX0\">Spain<\/span><span class=\"NormalTextRun SCXW53677289 BCX0\">, BEI \u2013 Banco Europeo Inversiones\u00a0<\/span><\/span><span class=\"EOP SCXW53677289 BCX0\" data-ccp-props=\"{}\">\u00a0<\/span> <\/span><span data-ccp-props=\"{}\">\u00a0<\/span><\/li>\n<\/ul>\n<p><strong><span class=\"TextRun SCXW11711103 BCX0\" lang=\"ES-ES\" xml:lang=\"ES-ES\" data-contrast=\"auto\"><span class=\"NormalTextRun SCXW11711103 BCX0\">10:40 &#8211; Pausa para caf\u00e9<\/span><\/span><\/strong><\/p>\n<p><strong><span class=\"TextRun SCXW125026008 BCX0\" lang=\"ES-ES\" xml:lang=\"ES-ES\" data-contrast=\"auto\"><span class=\"NormalTextRun SCXW125026008 BCX0\">11:10 &#8211; El papel de los actores p\u00fablicos \u2013 estado central, gobiernos regionales y ayuntamientos. Las pol\u00edticas y el pensamiento p\u00fablico sobre vivienda asequible<\/span><\/span><\/strong><\/p>\n<p><em><span class=\"TextRun SCXW93683812 BCX0\" lang=\"ES-ES\" xml:lang=\"ES-ES\" data-contrast=\"auto\"><span class=\"NormalTextRun SCXW93683812 BCX0\">\u00bfLa responsabilidad de pol\u00edtica local y la visi\u00f3n nacional, como se concilian? Puntos de mejora en la coordinaci\u00f3n y colaboraci\u00f3n entre administraciones.\u00a0<\/span><\/span><\/em><\/p>\n<ul>\n<li><span data-contrast=\"auto\">Javier Mart\u00edn Ramiro, director general de Vivienda y Suelo en el Ministerio de Transportes, Movilidad y Agenda Urbana\u00a0<\/span><span data-ccp-props=\"{}\">\u00a0<\/span><\/li>\n<li><span data-contrast=\"auto\">Jos\u00e9 Mar\u00eda Garc\u00eda G\u00f3mez, Viceconsejero de Vivienda y Ordenaci\u00f3n del Territorio, Comunidad de Madrid\u00a0<\/span><span data-ccp-props=\"{}\">\u00a0<\/span><\/li>\n<li><span data-contrast=\"auto\">Mariano Fuentes Sedano, Delegado del \u00c1rea de Gobierno de Desarrollo Urbano, Ayuntamiento de Madrid\u00a0<\/span><span data-ccp-props=\"{}\">\u00a0<\/span><\/li>\n<\/ul>\n<p><strong><span class=\"TextRun SCXW232319777 BCX0\" lang=\"ES-ES\" xml:lang=\"ES-ES\" data-contrast=\"auto\"><span class=\"NormalTextRun SCXW232319777 BCX0\">11:55 &#8211; Debate moderado por Roger Cooke\u00a0<\/span><\/span><span class=\"EOP SCXW232319777 BCX0\" data-ccp-props=\"{}\">\u00a0<\/span><\/strong><\/p>\n<ul>\n<li><span data-contrast=\"auto\">Javier Mart\u00edn Ramiro, director general de Vivienda y Suelo en el Ministerio de Transportes, Movilidad y Agenda Urbana\u00a0<\/span><span data-ccp-props=\"{}\">\u00a0<\/span><\/li>\n<li><span data-contrast=\"auto\">Jos\u00e9 Mar\u00eda Garc\u00eda G\u00f3mez, Viceconsejero de Vivienda y Ordenaci\u00f3n del Territorio, Comunidad de Madrid\u00a0<\/span><span data-ccp-props=\"{}\">\u00a0<\/span><\/li>\n<li><span data-contrast=\"auto\">Mariano Fuentes Sedano, Delegado del \u00c1rea de Gobierno de Desarrollo Urbano, Ayuntamiento de Madrid\u00a0<\/span><span data-ccp-props=\"{}\">\u00a0<\/span><\/li>\n<li><span data-contrast=\"auto\">Alex Saz-Carranza, Senior Loan Officer \u2013 Public Sector Spain, BEI \u2013 Banco Europeo Inversiones\u00a0<\/span><span data-ccp-props=\"{}\">\u00a0<\/span><\/li>\n<li><span data-contrast=\"auto\">Carolina Roca, vicepresidenta de ASPRIMA\u00a0<\/span><span data-ccp-props=\"{}\">\u00a0<\/span><\/li>\n<\/ul>\n<p><strong>12:55 &#8211; Conclusiones por Eloy Boh\u00faa\u00a0\u00a0<\/strong><\/p>\n<p><strong>13:00 &#8211; Cierre de la Conferencia<\/strong><span data-ccp-props=\"{}\">\u00a0<\/span><\/p>\n<h2><span data-contrast=\"auto\">Organizado por:<\/span><span data-ccp-props=\"{}\">\u00a0<\/span><\/h2>\n<p><span data-contrast=\"auto\"><strong>ASPRIMA:<\/strong> Organizaci\u00f3n empresarial independiente cuyo objetivo principal es defender los intereses profesionales de las empresas inmobiliarias, buscando siempre el di\u00e1logo con las Administraciones P\u00fablicas.<\/span><span data-ccp-props=\"{&quot;335559737&quot;:116,&quot;335559738&quot;:2,&quot;335559740&quot;:244,&quot;469777462&quot;:[205],&quot;469777927&quot;:[0],&quot;469777928&quot;:[1]}\">\u00a0<\/span><\/p>\n<p><strong>IBERINMO &#8211; OBSERVATORIO INMOBILIARIO<\/strong><span data-ccp-props=\"{&quot;469777462&quot;:[560,1120,1680,2240,2800,3360,3920,4480,5040,5600,6160,6720],&quot;469777927&quot;:[0,0,0,0,0,0,0,0,0,0,0,0],&quot;469777928&quot;:[1,1,1,1,1,1,1,1,1,1,1,1]}\"> \u00a0<\/span><span data-contrast=\"auto\">(empresa privada)<\/span><span data-ccp-props=\"{&quot;335559737&quot;:116,&quot;335559738&quot;:2,&quot;335559740&quot;:244,&quot;469777462&quot;:[205],&quot;469777927&quot;:[0],&quot;469777928&quot;:[1]}\">\u00a0<\/span><\/p>\n","protected":false},"excerpt":{"rendered":"<p>Cada vez es ma\u0301s perentoria la necesidad de activar mecanismos pu\u0301blicos y privados para financiar la produccio\u0301n, a gran escala, de vivienda digna y asequible en re\u0301gimen de compra y de alquiler, en la proporcio\u0301n adecuada, destinada a facilitar la emancipacio\u0301n de los jo\u0301venes y a familias de clase media y baja.\u00a0\u00a0<\/p>\n","protected":false},"author":393,"featured_media":5405,"template":"","meta":{"_price":"","_stock":"","_tribe_ticket_header":"","_tribe_default_ticket_provider":"Tribe__Tickets_Plus__Commerce__WooCommerce__Main","_tribe_ticket_capacity":"0","_ticket_start_date":"","_ticket_end_date":"","_tribe_ticket_show_description":"","_tribe_ticket_show_not_going":false,"_tribe_ticket_use_global_stock":"","_tribe_ticket_global_stock_level":"","_global_stock_mode":"","_global_stock_cap":"","_tribe_rsvp_for_event":"","_tribe_ticket_going_count":"","_tribe_ticket_not_going_count":"","_tribe_tickets_list":[],"_tribe_ticket_has_attendee_info_fields":false,"_tribe_events_status":"","_tribe_events_status_reason":"","_tribe_events_is_hybrid":"","_tribe_events_is_virtual":"","_tribe_events_virtual_video_source":"","_tribe_events_virtual_embed_video":"","_tribe_events_virtual_linked_button_text":"","_tribe_events_virtual_linked_button":"","_tribe_events_virtual_show_embed_at":"","_tribe_events_virtual_show_embed_to":"","_tribe_events_virtual_show_on_event":"","_tribe_events_virtual_show_on_views":"","_tribe_events_virtual_url":""},"tags":[],"tribe_events_cat":[142],"barrera":[113,116,114],"acf":[],"ticketed":false,"_links":{"self":[{"href":"https:\/\/affordablehousingactivation.org\/es\/wp-json\/wp\/v2\/tribe_events\/5407"}],"collection":[{"href":"https:\/\/affordablehousingactivation.org\/es\/wp-json\/wp\/v2\/tribe_events"}],"about":[{"href":"https:\/\/affordablehousingactivation.org\/es\/wp-json\/wp\/v2\/types\/tribe_events"}],"author":[{"embeddable":true,"href":"https:\/\/affordablehousingactivation.org\/es\/wp-json\/wp\/v2\/users\/393"}],"version-history":[{"count":3,"href":"https:\/\/affordablehousingactivation.org\/es\/wp-json\/wp\/v2\/tribe_events\/5407\/revisions"}],"predecessor-version":[{"id":5844,"href":"https:\/\/affordablehousingactivation.org\/es\/wp-json\/wp\/v2\/tribe_events\/5407\/revisions\/5844"}],"wp:featuredmedia":[{"embeddable":true,"href":"https:\/\/affordablehousingactivation.org\/es\/wp-json\/wp\/v2\/media\/5405"}],"wp:attachment":[{"href":"https:\/\/affordablehousingactivation.org\/es\/wp-json\/wp\/v2\/media?parent=5407"}],"wp:term":[{"taxonomy":"post_tag","embeddable":true,"href":"https:\/\/affordablehousingactivation.org\/es\/wp-json\/wp\/v2\/tags?post=5407"},{"taxonomy":"tribe_events_cat","embeddable":true,"href":"https:\/\/affordablehousingactivation.org\/es\/wp-json\/wp\/v2\/tribe_events_cat?post=5407"},{"taxonomy":"barrera","embeddable":true,"href":"https:\/\/affordablehousingactivation.org\/es\/wp-json\/wp\/v2\/barrera?post=5407"}],"curies":[{"name":"wp","href":"https:\/\/api.w.org\/{rel}","templated":true}]}}