{"id":5751,"date":"2022-04-20T13:42:07","date_gmt":"2022-04-20T11:42:07","guid":{"rendered":"https:\/\/affordablehousingactivation.org\/event\/5725\/"},"modified":"2022-05-04T16:45:21","modified_gmt":"2022-05-04T14:45:21","slug":"5725","status":"publish","type":"tribe_events","link":"https:\/\/affordablehousingactivation.org\/es\/event\/5725\/","title":{"rendered":"MORE ARCHITECTS \u2013 a proposal of CAU BRASIL to foster decent housing for all\u00a0"},"content":{"rendered":"<p>Mostrar las acciones de la CAU en este \u00e1mbito, tal como se describe en <a href=\"https:\/\/caubr.gov.br\/moradiadigna\/\" target=\"_blank\" rel=\"noopener\">https:\/\/caubr.gov.br\/moradiadigna\/ <\/a><\/p>\n<p><span class=\"TextRun SCXW120124679 BCX0\" lang=\"ES-ES\" xml:lang=\"ES-ES\" data-contrast=\"auto\"><span class=\"NormalTextRun SCXW120124679 BCX0\">En Brasil, existe una Ley Federal que garantiza asistencia t\u00e9cnica p\u00fablica y gratuita a familias de bajos ingresos para el dise\u00f1o y construcci\u00f3n de viviendas sociales, pero el gobierno en <\/span><span class=\"NormalTextRun SCXW120124679 BCX0\">geral<\/span><span class=\"NormalTextRun SCXW120124679 BCX0\"> no ha destinado recursos a proyectos ni ha priorizado la implementaci\u00f3n de esta Ley. El evento mostrar\u00e1 el CAU como referente para la consecuci\u00f3n de estos objetivos, ilustrando la importancia de los consejos profesionales y los organismos reguladores de la arquitectura y el urbanismo como actores en la financiaci\u00f3n de ATHIS (Asistencia T\u00e9cnica para Vivienda de Inter\u00e9s Social) y mejoramientos de viviendas.<\/span><\/span><span class=\"EOP SCXW120124679 BCX0\" data-ccp-props=\"{}\">\u00a0<\/span><\/p>\n<p><span data-contrast=\"auto\">Entre 2015 y 2021, CAU fue uno de los principales agentes de financiaci\u00f3n de vivienda en el pa\u00eds, con m\u00e1s de 200 acciones y m\u00e1s de 9 millones de reales invertidos. El programa MAIS ARQUITETOS, prioridad de la actual administraci\u00f3n, tiene como objetivo sensibilizar a la sociedad sobre la vivienda digna como un derecho de todos. El a\u00f1o pasado, destin\u00f3 1 mill\u00f3n de reales a 9 proyectos repartidos por todo Brasil, en todas sus regiones. En esta presentaci\u00f3n, pretendemos difundir los resultados preliminares del trabajo en curso y llevar este proyecto a la AHA, que puede ser replicado y adaptado en todo el mundo.\u00a0<\/span><\/p>\n<p><span data-contrast=\"auto\">Algunos de los proyectos seleccionados se resumen en los siguientes <strong>v\u00eddeos<\/strong>:<\/span><\/p>\n<p><a href=\"https:\/\/www.youtube.com\/watch?v=KlY6MthUjNo\" target=\"_blank\" rel=\"noopener\">https:\/\/www.youtube.com\/watch?v=KlY6MthUjNo<\/a><\/p>\n<p><iframe loading=\"lazy\" title=\"CAU BRASIL: Edital de Patroc\u00ednio ATHIS: Projeto \u201cComunidade quilombola Toca Santa Cruz (SC)\u201d\" width=\"800\" height=\"450\" src=\"https:\/\/www.youtube.com\/embed\/KlY6MthUjNo?feature=oembed\" frameborder=\"0\" allow=\"accelerometer; autoplay; clipboard-write; encrypted-media; gyroscope; picture-in-picture\" allowfullscreen><\/iframe><\/p>\n<p><a href=\"https:\/\/www.youtube.com\/watch?v=U7cnU-rffog\" target=\"_blank\" rel=\"noopener\">https:\/\/www.youtube.com\/watch?v=U7cnU-rffog<\/a><\/p>\n<p><iframe loading=\"lazy\" title=\"CAU BRASIL: Edital de Patroc\u00ednio ATHIS: Projeto \u201cUni\u00e3o por Moradia Popular da Para\u00edba (Terras Belas)\" width=\"800\" height=\"450\" src=\"https:\/\/www.youtube.com\/embed\/U7cnU-rffog?feature=oembed\" frameborder=\"0\" allow=\"accelerometer; autoplay; clipboard-write; encrypted-media; gyroscope; picture-in-picture\" allowfullscreen><\/iframe><\/p>\n<p><a href=\"https:\/\/www.youtube.com\/watch?v=s79bIKLFGWA\" target=\"_blank\" rel=\"noopener\">https:\/\/www.youtube.com\/watch?v=s79bIKLFGWA<\/a><\/p>\n<p><iframe loading=\"lazy\" title=\"CAU BRASIL: Edital de Patroc\u00ednio ATHIS: Projeto \u201cGrupo de Pesquisa e Extens\u00e3o Perif\u00e9rico (UNB - DF)\" width=\"800\" height=\"450\" src=\"https:\/\/www.youtube.com\/embed\/s79bIKLFGWA?feature=oembed\" frameborder=\"0\" allow=\"accelerometer; autoplay; clipboard-write; encrypted-media; gyroscope; picture-in-picture\" allowfullscreen><\/iframe><\/p>\n<h2><span data-ccp-props=\"{}\">Streaming Link:<\/span><\/h2>\n<p><a href=\"https:\/\/youtu.be\/Z4dyjYO7n8Y\" target=\"_blank\" rel=\"noopener\">https:\/\/youtu.be\/Z4dyjYO7n8Y<\/a><\/p>\n<h2><span data-contrast=\"auto\">Programa<\/span><span data-ccp-props=\"{}\">\u00a0<\/span><\/h2>\n<ul>\n<li><span data-contrast=\"auto\">Discurso de apertura de la presidenta Nadia Somekh<\/span><\/li>\n<li><span data-contrast=\"auto\">Presentaci\u00f3n general del programa M\u00c1S ARQUITECTOS\/MORE<\/span><span data-ccp-props=\"{&quot;469777462&quot;:[560,1120,1680,2240,2800,3360,3920,4480,5040,5600,6160,6720],&quot;469777927&quot;:[0,0,0,0,0,0,0,0,0,0,0,0],&quot;469777928&quot;:[1,1,1,1,1,1,1,1,1,1,1,1]}\">\u00a0<\/span><span data-contrast=\"auto\">ARCHITECTS\/MAIS ARQUITETOS &#8211; 10 minutos<\/span><span data-ccp-props=\"{&quot;335559685&quot;:560,&quot;469777462&quot;:[560,1120,1680,2240,2800,3360,3920,4480,5040,5600,6160,6720],&quot;469777927&quot;:[0,0,0,0,0,0,0,0,0,0,0,0],&quot;469777928&quot;:[1,1,1,1,1,1,1,1,1,1,1,1]}\">\u00a0<\/span><\/li>\n<li><span data-contrast=\"auto\">Introducci\u00f3n al Aviso de Promoci\u00f3n de Asistencia T\u00e9cnica 2021<\/span><\/li>\n<li><span data-contrast=\"auto\">Presentaci\u00f3n de resultados <\/span><span data-ccp-props=\"{&quot;469777462&quot;:[560,1120,1680,2240,2800,3360,3920,4480,5040,5600,6160,6720],&quot;469777927&quot;:[0,0,0,0,0,0,0,0,0,0,0,0],&quot;469777928&quot;:[1,1,1,1,1,1,1,1,1,1,1,1]}\">\u00a0<\/span><\/li>\n<li><span data-contrast=\"auto\">Comentarios de Camila Jordan <\/span><span data-ccp-props=\"{&quot;469777462&quot;:[560,1120,1680,2240,2800,3360,3920,4480,5040,5600,6160,6720],&quot;469777927&quot;:[0,0,0,0,0,0,0,0,0,0,0,0],&quot;469777928&quot;:[1,1,1,1,1,1,1,1,1,1,1,1]}\">\u00a0<\/span><\/li>\n<li><span data-contrast=\"auto\">Comentarios de Elisabete Fran\u00e7a <\/span><span data-ccp-props=\"{&quot;469777462&quot;:[560,1120,1680,2240,2800,3360,3920,4480,5040,5600,6160,6720],&quot;469777927&quot;:[0,0,0,0,0,0,0,0,0,0,0,0],&quot;469777928&quot;:[1,1,1,1,1,1,1,1,1,1,1,1]}\">\u00a0<\/span><\/li>\n<li><span data-contrast=\"auto\">Comentarios de S\u00e9rgio Magalh\u00e3es <\/span><span data-ccp-props=\"{&quot;469777462&quot;:[560,1120,1680,2240,2800,3360,3920,4480,5040,5600,6160,6720],&quot;469777927&quot;:[0,0,0,0,0,0,0,0,0,0,0,0],&quot;469777928&quot;:[1,1,1,1,1,1,1,1,1,1,1,1]}\">\u00a0<\/span><\/li>\n<li><span data-contrast=\"auto\">Cierre<\/span><\/li>\n<\/ul>\n<h2><span data-contrast=\"auto\">Ponentes:<\/span><span data-ccp-props=\"{}\">\u00a0<\/span><\/h2>\n<ul>\n<li><span data-contrast=\"auto\">Ana Cristina Lima Barreiros<\/span><span data-ccp-props=\"{}\">\u00a0<\/span><\/li>\n<li><span data-contrast=\"auto\">Camila Jordan<\/span><span data-ccp-props=\"{}\">\u00a0<\/span><\/li>\n<li><span data-contrast=\"auto\">Elisabete Fran\u00e7a\u00a0<\/span><span data-ccp-props=\"{}\">\u00a0<\/span><\/li>\n<li><span data-contrast=\"auto\">N\u00e1dia Somekh<\/span><span data-ccp-props=\"{}\">\u00a0<\/span><\/li>\n<li><span data-contrast=\"auto\">Sergio <\/span><span data-contrast=\"auto\">Magalh\u00e3es<\/span><span data-ccp-props=\"{}\">\u00a0<\/span><\/li>\n<li><span data-contrast=\"auto\">Equipo 1: laboratorio de la Ciudad-Bel\u00e9m<\/span><span data-ccp-props=\"{}\">\u00a0<\/span><\/li>\n<li><span data-contrast=\"auto\">Equipo 2: Universidad Brasilia-Brasilia<\/span><span data-ccp-props=\"{}\">\u00a0<\/span><\/li>\n<li><span data-contrast=\"auto\">Equipo 3: Asociaci\u00f3n \u201cFuturo Melhor\u201d- Sao Paulo<\/span><span data-ccp-props=\"{}\">\u00a0<\/span><\/li>\n<li><span data-contrast=\"auto\">Equipo 4: Uni\u00f3n por la Vivienda Popular- Conde, Estado de Para\u00edba<\/span><span data-ccp-props=\"{}\">\u00a0<\/span><\/li>\n<li><span data-contrast=\"auto\">Equipo 5: Instituto de Arquitectos de Brasil-Maring\u00e1<\/span><span data-ccp-props=\"{}\">\u00a0<\/span><\/li>\n<li><span data-contrast=\"auto\">Equipo 6: Centro Socio-pastoral Nuestra Se\u00f1ora de la Concepci\u00f3n- Natal<\/span><span data-ccp-props=\"{}\">\u00a0<\/span><\/li>\n<li><span data-contrast=\"auto\">Equipo 7: <\/span><span data-contrast=\"auto\">Pan\u00e3 Arquitetura Social<\/span><span data-ccp-props=\"{}\">\u00a0<\/span><\/li>\n<li><span data-contrast=\"auto\">Equipo 8: Sindicato de Arquitectos de Santa Catarina<\/span><span data-ccp-props=\"{}\">\u00a0<\/span><\/li>\n<li><span data-contrast=\"auto\">Equipo 9: Taramela Asistencia T\u00e9cnica<\/span><span data-ccp-props=\"{}\">\u00a0<\/span><\/li>\n<\/ul>\n<p><span data-contrast=\"auto\">Organizado por:\u00a0<\/span><span data-ccp-props=\"{}\">\u00a0<\/span><\/p>\n<p><span data-contrast=\"auto\"><strong>El Consejo de Arquitectura y Urbanismo de Brasil (CAU Brasil), <\/strong>autarqu\u00eda federal que tiene la funci\u00f3n de orientar, disciplinar y fiscalizar el ejercicio de la profesi\u00f3n de arquitectura y urbanismo. Es tambi\u00e9n obligaci\u00f3n del Consejo velar por la fiel observancia de los principios de \u00e9tica y disciplina de clase en todo el territorio nacional, as\u00ed como procurar el perfeccionamiento de la pr\u00e1ctica de la arquitectura y el urbanismo.<\/span><span data-ccp-props=\"{&quot;469777462&quot;:[560,1120,1680,2240,2800,3360,3920,4480,5040,5600,6160,6720],&quot;469777927&quot;:[0,0,0,0,0,0,0,0,0,0,0,0],&quot;469777928&quot;:[1,1,1,1,1,1,1,1,1,1,1,1]}\">\u00a0<\/span><\/p>\n<p><span data-contrast=\"auto\"><strong>La Comisi\u00f3n de Pol\u00edtica Profesional del CAU Brasil (CPP &#8211; CAU\/BR)<\/strong>, responsable de debatir y deliberar sobre los siguientes aspectos de la actividad profesional de los arquitectos y urbanistas: Cuestiones legislativas, normativas o contenciosas relacionadas con la pol\u00edtica profesional; Lineamientos para la implementaci\u00f3n y difusi\u00f3n de acciones<\/span><span data-ccp-props=\"{}\">\u00a0<\/span><\/p>\n","protected":false},"excerpt":{"rendered":"<p>Este evento persigue sensibilizar a los ponentes brasile\u00f1os del Foro AHA (Sergio Magalh\u00e3es, Elisabete Fran\u00e7a y Camila Jordan) sobre la importancia de CAU BRASIL para el financiamiento de acciones de ATHIS (Asistencia T\u00e9cnica para Vivienda de Inter\u00e9s Social) y mejoramientos de viviendas. <\/p>\n","protected":false},"author":392,"featured_media":5732,"template":"","meta":{"_price":"","_stock":"","_tribe_ticket_header":"","_tribe_default_ticket_provider":"Tribe__Tickets_Plus__Commerce__WooCommerce__Main","_tribe_ticket_capacity":"0","_ticket_start_date":"","_ticket_end_date":"","_tribe_ticket_show_description":"","_tribe_ticket_show_not_going":false,"_tribe_ticket_use_global_stock":"","_tribe_ticket_global_stock_level":"","_global_stock_mode":"","_global_stock_cap":"","_tribe_rsvp_for_event":"","_tribe_ticket_going_count":"","_tribe_ticket_not_going_count":"","_tribe_tickets_list":[],"_tribe_ticket_has_attendee_info_fields":false,"_tribe_events_status":"","_tribe_events_status_reason":"","_tribe_events_is_hybrid":"","_tribe_events_is_virtual":"","_tribe_events_virtual_video_source":"","_tribe_events_virtual_embed_video":"","_tribe_events_virtual_linked_button_text":"","_tribe_events_virtual_linked_button":"","_tribe_events_virtual_show_embed_at":"","_tribe_events_virtual_show_embed_to":"","_tribe_events_virtual_show_on_event":"","_tribe_events_virtual_show_on_views":"","_tribe_events_virtual_url":""},"tags":[],"tribe_events_cat":[142],"barrera":[116],"acf":[],"ticketed":false,"_links":{"self":[{"href":"https:\/\/affordablehousingactivation.org\/es\/wp-json\/wp\/v2\/tribe_events\/5751"}],"collection":[{"href":"https:\/\/affordablehousingactivation.org\/es\/wp-json\/wp\/v2\/tribe_events"}],"about":[{"href":"https:\/\/affordablehousingactivation.org\/es\/wp-json\/wp\/v2\/types\/tribe_events"}],"author":[{"embeddable":true,"href":"https:\/\/affordablehousingactivation.org\/es\/wp-json\/wp\/v2\/users\/392"}],"version-history":[{"count":3,"href":"https:\/\/affordablehousingactivation.org\/es\/wp-json\/wp\/v2\/tribe_events\/5751\/revisions"}],"predecessor-version":[{"id":7999,"href":"https:\/\/affordablehousingactivation.org\/es\/wp-json\/wp\/v2\/tribe_events\/5751\/revisions\/7999"}],"wp:featuredmedia":[{"embeddable":true,"href":"https:\/\/affordablehousingactivation.org\/es\/wp-json\/wp\/v2\/media\/5732"}],"wp:attachment":[{"href":"https:\/\/affordablehousingactivation.org\/es\/wp-json\/wp\/v2\/media?parent=5751"}],"wp:term":[{"taxonomy":"post_tag","embeddable":true,"href":"https:\/\/affordablehousingactivation.org\/es\/wp-json\/wp\/v2\/tags?post=5751"},{"taxonomy":"tribe_events_cat","embeddable":true,"href":"https:\/\/affordablehousingactivation.org\/es\/wp-json\/wp\/v2\/tribe_events_cat?post=5751"},{"taxonomy":"barrera","embeddable":true,"href":"https:\/\/affordablehousingactivation.org\/es\/wp-json\/wp\/v2\/barrera?post=5751"}],"curies":[{"name":"wp","href":"https:\/\/api.w.org\/{rel}","templated":true}]}}