{"id":5882,"date":"2022-04-20T15:46:53","date_gmt":"2022-04-20T13:46:53","guid":{"rendered":"https:\/\/affordablehousingactivation.org\/event\/sources-of-lack-of-housing-affordability-an-evidence-from-differente-countries\/"},"modified":"2022-05-17T10:29:03","modified_gmt":"2022-05-17T08:29:03","slug":"sources-of-lack-of-housing-affordability-an-evidence-from-differente-countries","status":"publish","type":"tribe_events","link":"https:\/\/affordablehousingactivation.org\/es\/event\/sources-of-lack-of-housing-affordability-an-evidence-from-differente-countries\/","title":{"rendered":"Causas de la falta de asequibilidad de la vivienda: una evidencia de diferentes pa\u00edses"},"content":{"rendered":"<p><em>Un evento paralelo que forma parte del Foro Internacional de la Uni\u00f3n Internacional de Arquitectos (UIA): Activaci\u00f3n de la Vivienda Asequible (AHA).<\/em><\/p>\n<p><span data-ccp-props=\"{&quot;201341983&quot;:0,&quot;335551550&quot;:6,&quot;335551620&quot;:6,&quot;335559739&quot;:160,&quot;335559740&quot;:240}\">El panel pone en com\u00fan los casos reales de Escocia, Irlanda, Grecia y Espa\u00f1a, y otros pa\u00edses de Europa del Este. Tambi\u00e9n discutir\u00e1 las posibles soluciones financieras para reducir la dependencia de este problema.\u00a0 <\/span><\/p>\n<h2>Expertos que participan:<\/h2>\n<ul>\n<li><span data-contrast=\"auto\">Mary Taylor, REM<\/span><span data-ccp-props=\"{&quot;201341983&quot;:2,&quot;335559685&quot;:542,&quot;335559737&quot;:6425,&quot;335559738&quot;:2,&quot;335559739&quot;:200,&quot;335559740&quot;:550}\">\u00a0<\/span><\/li>\n<li><span data-contrast=\"auto\">Conor O&#8217;Toole, ESRI and REM (remote)<\/span><\/li>\n<li><span data-contrast=\"auto\">Ra\u00fal Garcia-Rodriguez, Deloitte and REM<\/span><\/li>\n<li><span data-contrast=\"auto\">Ram\u00f3n Riera, FIABCI, Spain<\/span><span data-ccp-props=\"{&quot;201341983&quot;:0,&quot;335559685&quot;:542,&quot;335559737&quot;:4273,&quot;335559739&quot;:200,&quot;335559740&quot;:240}\">\u00a0<\/span><\/li>\n<li><span data-contrast=\"auto\">Nikolaos Triatafyllopoulos, Thessaly Un. And REM (remote)<\/span><\/li>\n<li><span data-contrast=\"auto\">Paloma Taltavull, Alicante univ and REM<\/span><span data-ccp-props=\"{&quot;201341983&quot;:0,&quot;335559685&quot;:542,&quot;335559737&quot;:2624,&quot;335559739&quot;:200,&quot;335559740&quot;:240}\">\u00a0<\/span><\/li>\n<\/ul>\n<p><span data-contrast=\"auto\">Experto invitado: Helena Beunza, Beunza Associates<\/span><span data-ccp-props=\"{&quot;201341983&quot;:0,&quot;335559739&quot;:160,&quot;335559740&quot;:240}\">\u00a0<\/span><\/p>\n<p><strong><span class=\"NormalTextRun SCXW153234052 BCX0\">Tiempo: Unas 2 horas en total, incluyendo el debate y las preguntas.<\/span><\/strong><\/p>\n<h2><span data-contrast=\"auto\">Temas sobre la asequibilidad de la vivienda:<\/span><span data-ccp-props=\"{&quot;201341983&quot;:0,&quot;335559739&quot;:160,&quot;335559740&quot;:240}\">\u00a0<\/span><\/h2>\n<ul>\n<li>Alcance del problema: poblaci\u00f3n, cohortes m\u00e1s afectadas.<\/li>\n<li>Principales impulsores: el origen del problema<\/li>\n<li>Efectos de la carencia en la asequibilidad de la vivienda<\/li>\n<li>Pobreza energ\u00e9tica<\/li>\n<li>Cuestiones normativas<\/li>\n<li>Posibles soluciones: \u00bfapoyo del gobierno o del mercado?<\/li>\n<li>El papel de la financiaci\u00f3n<\/li>\n<li>Estudio de caso: Libro \u00abLa ciudad que necesitamos es asequible<\/li>\n<\/ul>\n<h2><span class=\"TextRun SCXW214982358 BCX0\" lang=\"EN-US\" xml:lang=\"EN-US\" data-contrast=\"auto\"><span class=\"NormalTextRun SpellingErrorV2Themed SCXW214982358 BCX0\">P<\/span><span class=\"NormalTextRun SpellingErrorV2Themed SCXW214982358 BCX0\">r<\/span><span class=\"NormalTextRun SpellingErrorV2Themed SCXW214982358 BCX0\">o<\/span><span class=\"NormalTextRun SpellingErrorV2Themed SCXW214982358 BCX0\">g<\/span><span class=\"NormalTextRun SpellingErrorV2Themed SCXW214982358 BCX0\">r<\/span><span class=\"NormalTextRun SpellingErrorV2Themed SCXW214982358 BCX0\">a<\/span><span class=\"NormalTextRun SpellingErrorV2Themed SCXW214982358 BCX0\">ma<\/span><\/span><\/h2>\n<p><em>Martes 17 de mayo de 2022, de 10:00 a 12:00 horas CET\u00a0<\/em><\/p>\n<p><strong>10:00 &#8211; 10:15\u00a0 Apertura y bienvenida\u00a0<\/strong><\/p>\n<p>D\u00f1a. Helena Beunza, Vicesecretaria General de Vivienda de Espa\u00f1a, miembro de la Mesa del Comit\u00e9 de Desarrollo Urbano, Vivienda y Ordenaci\u00f3n del Territorio, de la Comisi\u00f3n Econ\u00f3mica para Europa de las Naciones Unidas (CEPE).<\/p>\n<p><strong>10:15 \u2013 11:35\u00a0 Panel.\u00a0<\/strong><\/p>\n<p>Moderadora: Sra. Paloma Taltavull, Presidenta del Grupo Asesor Inmobiliario, Vivienda y Ordenaci\u00f3n del Territorio, de la Comisi\u00f3n Econ\u00f3mica para Europa de las Naciones Unidas (CEPE).<\/p>\n<p><strong>Panelistas:\u00a0<\/strong><\/p>\n<ul>\n<li><span data-contrast=\"auto\">Mary Taylor, REM member.<\/span><span data-ccp-props=\"{&quot;201341983&quot;:0,&quot;335559685&quot;:683,&quot;335559737&quot;:-20,&quot;335559739&quot;:200,&quot;335559740&quot;:240}\">\u00a0<\/span><\/li>\n<li><span data-contrast=\"auto\">Conor O&#8217;Toole, ESRI and REM (remote)<\/span><span data-ccp-props=\"{&quot;201341983&quot;:0,&quot;335559685&quot;:683,&quot;335559737&quot;:-20,&quot;335559738&quot;:1,&quot;335559739&quot;:200,&quot;335559740&quot;:240}\">\u00a0<\/span><\/li>\n<li><span data-contrast=\"auto\">Ra\u00fal Garcia-Rodriguez, Deloitte and REM (remote)<\/span><span data-ccp-props=\"{&quot;201341983&quot;:0,&quot;335559685&quot;:683,&quot;335559737&quot;:-20,&quot;335559738&quot;:1,&quot;335559739&quot;:200,&quot;335559740&quot;:240}\">\u00a0<\/span><\/li>\n<li><span data-contrast=\"auto\">Ram\u00f3n Riera, FIABCI, Spain<\/span><span data-ccp-props=\"{&quot;201341983&quot;:0,&quot;335559685&quot;:683,&quot;335559737&quot;:-20,&quot;335559738&quot;:1,&quot;335559739&quot;:200,&quot;335559740&quot;:240}\">\u00a0<\/span><\/li>\n<li><span data-contrast=\"auto\">Nikolaos Triatafyllopoulos, Thessaly Un. <\/span><span data-contrast=\"auto\">And REM (remote)<\/span><span data-ccp-props=\"{&quot;201341983&quot;:0,&quot;335559685&quot;:683,&quot;335559737&quot;:-20,&quot;335559738&quot;:1,&quot;335559739&quot;:200,&quot;335559740&quot;:240}\">\u00a0<\/span><\/li>\n<\/ul>\n<p><strong>Temas sobre la asequibilidad de la vivienda para el debate:<\/strong><\/p>\n<ul>\n<li>Alcance del problema: poblaci\u00f3n, cohortes m\u00e1s afectadas.<\/li>\n<li>Principales impulsores: el origen del problema<\/li>\n<li>Efectos de la carencia en la asequibilidad de la vivienda<\/li>\n<li>Pobreza energ\u00e9tica<\/li>\n<li>Cuestiones normativas Posibles soluciones: \u00bfapoyo del gobierno o del mercado?<\/li>\n<li>El papel de la financiaci\u00f3n<\/li>\n<li>Estudio de caso: Libro \u00abLa ciudad que necesitamos es asequible<\/li>\n<\/ul>\n<p><strong>11:35 \u2013 11:45\u00a0 \u00a0 Preguntas y Respuestas<\/strong><\/p>\n<p><strong>11:45 \u2013 12:00\u00a0 \u00a0 Pr\u00f3logos e invitaci\u00f3n para asistir a la sesi\u00f3n de 3 d\u00edas de la AHA\u00a0<\/strong><\/p>\n<p><span data-ccp-props=\"{&quot;201341983&quot;:0,&quot;335551550&quot;:6,&quot;335551620&quot;:6,&quot;335559685&quot;:542,&quot;335559737&quot;:39,&quot;335559739&quot;:200,&quot;335559740&quot;:237}\">D\u00f1a. Helena Beunza, Vicesecretaria General de Vivienda de Espa\u00f1a, miembro de la Mesa del Comit\u00e9 de Desarrollo Urbano, Vivienda y Ordenaci\u00f3n del Territorio, de la Comisi\u00f3n Econ\u00f3mica para Europa de las Naciones Unidas (CEPE). <\/span><\/p>\n<p><span data-contrast=\"auto\"><strong>Venue:<\/strong> <\/span><span data-contrast=\"auto\">\u2018Sala triangular\u2019, COAM headquarter, Hortaleza Street number 63, 28004 Madrid<\/span><span data-ccp-props=\"{&quot;201341983&quot;:0,&quot;335551550&quot;:6,&quot;335551620&quot;:6,&quot;335559685&quot;:542,&quot;335559737&quot;:570,&quot;335559739&quot;:200,&quot;335559740&quot;:240}\">\u00a0<\/span><\/p>\n<h2>Breve nota de las biograf\u00edas<\/h2>\n<p><a class=\"btn btn-danger btn-pill btn-wide\" href=\"https:\/\/affordablehousingactivation.org\/web\/app\/uploads\/2022\/04\/BRIEF-NOTE-OF-BIOGRAPHIES.pdf\" target=\"_blank\" rel=\"noopener\">PDF<\/a><\/p>\n<h2>Streaming link:<\/h2>\n<ul>\n<li>https:\/\/www.youtube.com\/watch?v=z6O5hu70bDk<\/li>\n<\/ul>\n<p>&nbsp;<\/p>\n<p><img loading=\"lazy\" class=\"alignnone wp-image-8677\" src=\"https:\/\/affordablehousingactivation.org\/web\/app\/uploads\/2022\/04\/Catedra-y-GV-TOTS-y-UA_Color-300x46.png\" alt=\"\" width=\"659\" height=\"101\" srcset=\"https:\/\/affordablehousingactivation.org\/\/web\/app\/uploads\/2022\/04\/Catedra-y-GV-TOTS-y-UA_Color-300x46.png 300w, https:\/\/affordablehousingactivation.org\/\/web\/app\/uploads\/2022\/04\/Catedra-y-GV-TOTS-y-UA_Color-1024x158.png 1024w, https:\/\/affordablehousingactivation.org\/\/web\/app\/uploads\/2022\/04\/Catedra-y-GV-TOTS-y-UA_Color-768x118.png 768w, https:\/\/affordablehousingactivation.org\/\/web\/app\/uploads\/2022\/04\/Catedra-y-GV-TOTS-y-UA_Color-1536x237.png 1536w, https:\/\/affordablehousingactivation.org\/\/web\/app\/uploads\/2022\/04\/Catedra-y-GV-TOTS-y-UA_Color-2048x316.png 2048w, https:\/\/affordablehousingactivation.org\/\/web\/app\/uploads\/2022\/04\/Catedra-y-GV-TOTS-y-UA_Color-900x139.png 900w, https:\/\/affordablehousingactivation.org\/\/web\/app\/uploads\/2022\/04\/Catedra-y-GV-TOTS-y-UA_Color-600x92.png 600w\" sizes=\"(max-width: 659px) 100vw, 659px\" title=\"\"><\/p>\n<p><img loading=\"lazy\" class=\"alignnone wp-image-8815\" src=\"https:\/\/affordablehousingactivation.org\/web\/app\/uploads\/2022\/04\/ESRI-logo-without-full-name-223x300.png\" alt=\"\" width=\"100\" height=\"135\" srcset=\"https:\/\/affordablehousingactivation.org\/\/web\/app\/uploads\/2022\/04\/ESRI-logo-without-full-name-223x300.png 223w, https:\/\/affordablehousingactivation.org\/\/web\/app\/uploads\/2022\/04\/ESRI-logo-without-full-name-762x1024.png 762w, https:\/\/affordablehousingactivation.org\/\/web\/app\/uploads\/2022\/04\/ESRI-logo-without-full-name-768x1031.png 768w, https:\/\/affordablehousingactivation.org\/\/web\/app\/uploads\/2022\/04\/ESRI-logo-without-full-name-447x600.png 447w, https:\/\/affordablehousingactivation.org\/\/web\/app\/uploads\/2022\/04\/ESRI-logo-without-full-name-600x806.png 600w, https:\/\/affordablehousingactivation.org\/\/web\/app\/uploads\/2022\/04\/ESRI-logo-without-full-name.png 889w\" sizes=\"(max-width: 100px) 100vw, 100px\" title=\"\"> <img loading=\"lazy\" class=\"alignnone wp-image-8680\" src=\"https:\/\/affordablehousingactivation.org\/web\/app\/uploads\/2022\/04\/Catedra-y-GV-TOTS-y-UA_Color1-300x46.jpg\" alt=\"\" width=\"620\" height=\"95\" srcset=\"https:\/\/affordablehousingactivation.org\/\/web\/app\/uploads\/2022\/04\/Catedra-y-GV-TOTS-y-UA_Color1-300x46.jpg 300w, https:\/\/affordablehousingactivation.org\/\/web\/app\/uploads\/2022\/04\/Catedra-y-GV-TOTS-y-UA_Color1-1024x158.jpg 1024w, https:\/\/affordablehousingactivation.org\/\/web\/app\/uploads\/2022\/04\/Catedra-y-GV-TOTS-y-UA_Color1-768x118.jpg 768w, https:\/\/affordablehousingactivation.org\/\/web\/app\/uploads\/2022\/04\/Catedra-y-GV-TOTS-y-UA_Color1-1536x237.jpg 1536w, https:\/\/affordablehousingactivation.org\/\/web\/app\/uploads\/2022\/04\/Catedra-y-GV-TOTS-y-UA_Color1-2048x316.jpg 2048w, https:\/\/affordablehousingactivation.org\/\/web\/app\/uploads\/2022\/04\/Catedra-y-GV-TOTS-y-UA_Color1-900x139.jpg 900w, https:\/\/affordablehousingactivation.org\/\/web\/app\/uploads\/2022\/04\/Catedra-y-GV-TOTS-y-UA_Color1-600x92.jpg 600w\" sizes=\"(max-width: 620px) 100vw, 620px\" title=\"\"><\/p>\n<p>&nbsp;<\/p>\n<p><img loading=\"lazy\" class=\"alignnone wp-image-9012\" src=\"https:\/\/affordablehousingactivation.org\/web\/app\/uploads\/2022\/04\/UTH_LOGO_30YEARS_COLOR_EL2b-002-300x79.png\" alt=\"\" width=\"197\" height=\"52\" srcset=\"https:\/\/affordablehousingactivation.org\/\/web\/app\/uploads\/2022\/04\/UTH_LOGO_30YEARS_COLOR_EL2b-002-300x79.png 300w, https:\/\/affordablehousingactivation.org\/\/web\/app\/uploads\/2022\/04\/UTH_LOGO_30YEARS_COLOR_EL2b-002.png 351w\" sizes=\"(max-width: 197px) 100vw, 197px\" title=\"\"><\/p>\n<p><span data-ccp-props=\"{&quot;201341983&quot;:0,&quot;335559739&quot;:160,&quot;335559740&quot;:240}\">\u00a0<\/span><\/p>\n","protected":false},"excerpt":{"rendered":"<p>La idea de este panel es explicar el n\u00facleo de los problemas de asequibilidad de la vivienda en diferentes pa\u00edses desde el conocimiento de los analistas, la definici\u00f3n y el seguimiento de la asequibilidad.<\/p>\n","protected":false},"author":392,"featured_media":8676,"template":"","meta":{"_price":"","_stock":"","_tribe_ticket_header":"","_tribe_default_ticket_provider":"Tribe__Tickets_Plus__Commerce__WooCommerce__Main","_tribe_ticket_capacity":"0","_ticket_start_date":"","_ticket_end_date":"","_tribe_ticket_show_description":"","_tribe_ticket_show_not_going":false,"_tribe_ticket_use_global_stock":"","_tribe_ticket_global_stock_level":"","_global_stock_mode":"","_global_stock_cap":"","_tribe_rsvp_for_event":"","_tribe_ticket_going_count":"","_tribe_ticket_not_going_count":"","_tribe_tickets_list":[],"_tribe_ticket_has_attendee_info_fields":false,"_tribe_events_status":"","_tribe_events_status_reason":"","_tribe_events_is_hybrid":"","_tribe_events_is_virtual":"","_tribe_events_virtual_video_source":"","_tribe_events_virtual_embed_video":"","_tribe_events_virtual_linked_button_text":"","_tribe_events_virtual_linked_button":"","_tribe_events_virtual_show_embed_at":"","_tribe_events_virtual_show_embed_to":"","_tribe_events_virtual_show_on_event":"","_tribe_events_virtual_show_on_views":"","_tribe_events_virtual_url":""},"tags":[],"tribe_events_cat":[142],"barrera":[116,114,120],"acf":[],"ticketed":false,"_links":{"self":[{"href":"https:\/\/affordablehousingactivation.org\/es\/wp-json\/wp\/v2\/tribe_events\/5882"}],"collection":[{"href":"https:\/\/affordablehousingactivation.org\/es\/wp-json\/wp\/v2\/tribe_events"}],"about":[{"href":"https:\/\/affordablehousingactivation.org\/es\/wp-json\/wp\/v2\/types\/tribe_events"}],"author":[{"embeddable":true,"href":"https:\/\/affordablehousingactivation.org\/es\/wp-json\/wp\/v2\/users\/392"}],"version-history":[{"count":9,"href":"https:\/\/affordablehousingactivation.org\/es\/wp-json\/wp\/v2\/tribe_events\/5882\/revisions"}],"predecessor-version":[{"id":9188,"href":"https:\/\/affordablehousingactivation.org\/es\/wp-json\/wp\/v2\/tribe_events\/5882\/revisions\/9188"}],"wp:featuredmedia":[{"embeddable":true,"href":"https:\/\/affordablehousingactivation.org\/es\/wp-json\/wp\/v2\/media\/8676"}],"wp:attachment":[{"href":"https:\/\/affordablehousingactivation.org\/es\/wp-json\/wp\/v2\/media?parent=5882"}],"wp:term":[{"taxonomy":"post_tag","embeddable":true,"href":"https:\/\/affordablehousingactivation.org\/es\/wp-json\/wp\/v2\/tags?post=5882"},{"taxonomy":"tribe_events_cat","embeddable":true,"href":"https:\/\/affordablehousingactivation.org\/es\/wp-json\/wp\/v2\/tribe_events_cat?post=5882"},{"taxonomy":"barrera","embeddable":true,"href":"https:\/\/affordablehousingactivation.org\/es\/wp-json\/wp\/v2\/barrera?post=5882"}],"curies":[{"name":"wp","href":"https:\/\/api.w.org\/{rel}","templated":true}]}}