{"id":7910,"date":"2022-05-03T19:05:27","date_gmt":"2022-05-03T17:05:27","guid":{"rendered":"https:\/\/affordablehousingactivation.org\/?post_type=tribe_events&#038;p=7910"},"modified":"2022-05-04T16:29:27","modified_gmt":"2022-05-04T14:29:27","slug":"valoracion-del-entorno-por-inferencia-estadistica-involucramiento-del-profesional-de-la-arquitectura-para-el-aprovechamiento-de-informacion-estadistica-y-la-identificacion-de-problemas-publicos-2","status":"publish","type":"tribe_events","link":"https:\/\/affordablehousingactivation.org\/es\/event\/valoracion-del-entorno-por-inferencia-estadistica-involucramiento-del-profesional-de-la-arquitectura-para-el-aprovechamiento-de-informacion-estadistica-y-la-identificacion-de-problemas-publicos-2\/","title":{"rendered":"Valoraci\u00f3n del entorno por inferencia estad\u00edstica, involucramiento del profesional de la arquitectura para el aprovechamiento de informaci\u00f3n estad\u00edstica y la identificaci\u00f3n de problemas p\u00fablicos"},"content":{"rendered":"<p><span data-contrast=\"none\">El indicador es un desarrollo en el contexto de elaboraci\u00f3n de la Norma Oficial Mexicana en certificaci\u00f3n de la Discapacidad, actualmente en desarrollo, construida conforme a la Clasificaci\u00f3n Internacional del Funcionamiento de la Discapacidad y de la Salud, el ICE, ha sido dise\u00f1ado como parte de la evaluaci\u00f3n de los factores ambientales de la persona.<\/span><span data-ccp-props=\"{&quot;134233117&quot;:false,&quot;134233118&quot;:false,&quot;201341983&quot;:0,&quot;335551550&quot;:1,&quot;335551620&quot;:1,&quot;335559740&quot;:240}\">\u00a0<\/span><\/p>\n<p><span data-ccp-props=\"{&quot;134233117&quot;:false,&quot;134233118&quot;:false,&quot;201341983&quot;:0,&quot;335551550&quot;:1,&quot;335551620&quot;:1,&quot;335559685&quot;:720,&quot;335559731&quot;:0,&quot;335559737&quot;:0,&quot;335559740&quot;:240}\">12 de mayo &#8211; 18:00 h (ESP)<\/span><\/p>\n<h2><span data-contrast=\"none\">Ponentes:<\/span><span data-ccp-props=\"{&quot;134233117&quot;:false,&quot;134233118&quot;:false,&quot;201341983&quot;:0,&quot;335551550&quot;:1,&quot;335551620&quot;:1,&quot;335559685&quot;:720,&quot;335559731&quot;:0,&quot;335559737&quot;:0,&quot;335559740&quot;:240}\">\u00a0<\/span><\/h2>\n<ul>\n<li><b><span data-contrast=\"none\">Carlos Daigoro Fonce Segura<\/span><\/b><span data-ccp-props=\"{&quot;335559685&quot;:720}\">\u00a0<\/span><\/li>\n<li><b><span data-contrast=\"none\">Benjam\u00edn Ortiz,<\/span><\/b><span data-contrast=\"none\"> Autor del indicador Consejo Nacional de Poblaci\u00f3n CONAPO.<\/span><span data-ccp-props=\"{&quot;335559685&quot;:720}\">\u00a0<\/span><\/li>\n<li><span data-contrast=\"none\">Consejo Nac.de Poblac.M\u00e9xico<\/span><span data-ccp-props=\"{&quot;335559731&quot;:720}\">\u00a0<\/span><\/li>\n<\/ul>\n<h2>Conferencia<\/h2>\n<p><strong>Link al enlace: <\/strong><a href=\"https:\/\/affordablehousingactivation.org\/web\/app\/uploads\/informacion-estadistica-e-indice-de-calidad-del-entorno-mx-en.ppsx\">https:\/\/affordablehousingactivation.org\/web\/app\/uploads\/informacion-estadistica-e-indice-de-calidad-del-entorno-mx-en.ppsx<\/a><\/p>\n<p><span data-ccp-props=\"{&quot;134233117&quot;:false,&quot;134233118&quot;:false,&quot;201341983&quot;:0,&quot;335551550&quot;:1,&quot;335551620&quot;:1,&quot;335559685&quot;:0,&quot;335559731&quot;:0,&quot;335559737&quot;:0,&quot;335559740&quot;:240}\"> <span class=\"TextRun SCXW57869775 BCX0\" lang=\"ES-ES\" xml:lang=\"ES-ES\" data-contrast=\"none\"><span class=\"NormalTextRun SCXW57869775 BCX0\" data-ccp-parastyle=\"Cuerpo\" data-ccp-parastyle-defn=\"{&quot;ObjectId&quot;:&quot;89286f1b-d2f0-4305-902c-d0e05d3b3f50|25&quot;,&quot;ClassId&quot;:1073872969,&quot;Properties&quot;:[469775450,&quot;Cuerpo&quot;,201340122,&quot;2&quot;,134233614,&quot;true&quot;,469778129,&quot;Cuerpo&quot;,335572020,&quot;1&quot;,469777841,&quot;Helvetica Neue&quot;,469777842,&quot;Arial Unicode MS&quot;,469777843,&quot;Arial Unicode MS&quot;,469777844,&quot;Helvetica Neue&quot;,469769226,&quot;Helvetica Neue,Arial Unicode MS&quot;,335551500,&quot;0&quot;,268442635,&quot;22&quot;,335551547,&quot;1034&quot;]}\"><strong>Organizado por:<\/strong> UIA Regi\u00f3n III<\/span><\/span><span class=\"EOP SCXW57869775 BCX0\" data-ccp-props=\"{}\">\u00a0<\/span><\/span><\/p>\n","protected":false},"excerpt":{"rendered":"<p>El Indicador de Calidad del Entorno ICE es una medida resumen desarrollada por el Consejo Nacional de Poblaci\u00f3n, CONAPO que permite identificar mediante una inferencia estad\u00edstica, la intensidad de la barrera que representa la localidad de residencia de la persona, basado en el \u00cdndice de Marginaci\u00f3n, \u00cdndice de equipamiento Urbano y la Condici\u00f3n de Ubicaci\u00f3n Geogr\u00e1fica de dicha localidad.\u00a0\u00a0<\/p>\n","protected":false},"author":392,"featured_media":7994,"template":"","meta":{"_price":"","_stock":"","_tribe_ticket_header":"","_tribe_default_ticket_provider":"Tribe__Tickets_Plus__Commerce__WooCommerce__Main","_tribe_ticket_capacity":"0","_ticket_start_date":"","_ticket_end_date":"","_tribe_ticket_show_description":"","_tribe_ticket_show_not_going":false,"_tribe_ticket_use_global_stock":"","_tribe_ticket_global_stock_level":"","_global_stock_mode":"","_global_stock_cap":"","_tribe_rsvp_for_event":"","_tribe_ticket_going_count":"","_tribe_ticket_not_going_count":"","_tribe_tickets_list":[],"_tribe_ticket_has_attendee_info_fields":false,"_tribe_events_status":"","_tribe_events_status_reason":"","_tribe_events_is_hybrid":"","_tribe_events_is_virtual":"","_tribe_events_virtual_video_source":"","_tribe_events_virtual_embed_video":"","_tribe_events_virtual_linked_button_text":"","_tribe_events_virtual_linked_button":"","_tribe_events_virtual_show_embed_at":"","_tribe_events_virtual_show_embed_to":"","_tribe_events_virtual_show_on_event":"","_tribe_events_virtual_show_on_views":"","_tribe_events_virtual_url":""},"tags":[],"tribe_events_cat":[142],"barrera":[117],"acf":[],"ticketed":false,"_links":{"self":[{"href":"https:\/\/affordablehousingactivation.org\/es\/wp-json\/wp\/v2\/tribe_events\/7910"}],"collection":[{"href":"https:\/\/affordablehousingactivation.org\/es\/wp-json\/wp\/v2\/tribe_events"}],"about":[{"href":"https:\/\/affordablehousingactivation.org\/es\/wp-json\/wp\/v2\/types\/tribe_events"}],"author":[{"embeddable":true,"href":"https:\/\/affordablehousingactivation.org\/es\/wp-json\/wp\/v2\/users\/392"}],"version-history":[{"count":3,"href":"https:\/\/affordablehousingactivation.org\/es\/wp-json\/wp\/v2\/tribe_events\/7910\/revisions"}],"predecessor-version":[{"id":7993,"href":"https:\/\/affordablehousingactivation.org\/es\/wp-json\/wp\/v2\/tribe_events\/7910\/revisions\/7993"}],"wp:featuredmedia":[{"embeddable":true,"href":"https:\/\/affordablehousingactivation.org\/es\/wp-json\/wp\/v2\/media\/7994"}],"wp:attachment":[{"href":"https:\/\/affordablehousingactivation.org\/es\/wp-json\/wp\/v2\/media?parent=7910"}],"wp:term":[{"taxonomy":"post_tag","embeddable":true,"href":"https:\/\/affordablehousingactivation.org\/es\/wp-json\/wp\/v2\/tags?post=7910"},{"taxonomy":"tribe_events_cat","embeddable":true,"href":"https:\/\/affordablehousingactivation.org\/es\/wp-json\/wp\/v2\/tribe_events_cat?post=7910"},{"taxonomy":"barrera","embeddable":true,"href":"https:\/\/affordablehousingactivation.org\/es\/wp-json\/wp\/v2\/barrera?post=7910"}],"curies":[{"name":"wp","href":"https:\/\/api.w.org\/{rel}","templated":true}]}}