{"id":8378,"date":"2022-05-06T16:37:48","date_gmt":"2022-05-06T14:37:48","guid":{"rendered":"https:\/\/affordablehousingactivation.org\/event\/habitacao-acessivel-promocao-e-producao-reflexoes-a-partir-do-contexto-portugues\/"},"modified":"2022-05-27T12:31:24","modified_gmt":"2022-05-27T10:31:24","slug":"habitacao-acessivel-promocao-e-producao-reflexoes-a-partir-do-contexto-portugues","status":"publish","type":"tribe_events","link":"https:\/\/affordablehousingactivation.org\/es\/event\/habitacao-acessivel-promocao-e-producao-reflexoes-a-partir-do-contexto-portugues\/","title":{"rendered":"Habita\u00e7\u00e3o acess\u00edvel, promo\u00e7\u00e3o e produ\u00e7\u00e3o. Reflex\u00f5es a partir do contexto portugu\u00eas."},"content":{"rendered":"<p><span data-contrast=\"none\">A concretiza\u00e7\u00e3o deste direito encontra-se ainda a aguardar efetiva e universal concretiza\u00e7\u00e3o. Num contexto onde habitar \u00e9 tamb\u00e9m o direito hol\u00edstico \u00e0 cidade, enquadrado pela urg\u00eancia de se ter presente a dimens\u00e3o da sustentabilidade social, ambiental e econ\u00f3mica, prop\u00f5e-se discutir heran\u00e7as, estrat\u00e9gias e possibilidades nas respostas ao acesso pleno \u00e0 habita\u00e7\u00e3o. <\/span><span data-ccp-props=\"{&quot;335559685&quot;:1080}\">\u00a0<\/span><\/p>\n<h2><span data-contrast=\"none\">Modera\u00e7\u00e3o:<\/span><span data-ccp-props=\"{&quot;335559685&quot;:1080}\">\u00a0<\/span><\/h2>\n<p><b><span data-contrast=\"none\">Patr\u00edcia Santos Pedrosa,<\/span><\/b><span data-contrast=\"none\">\u202farquiteta, investigadora (CIEG, ISCSP, ULisboa), professora (Universidade Beira Interior), curadora e moderadora da mesa-redonda<\/span><span data-ccp-props=\"{&quot;335559685&quot;:1080}\">\u00a0<\/span><\/p>\n<h2><span data-contrast=\"none\">Oradores:<\/span><span data-ccp-props=\"{&quot;335559685&quot;:1080}\">\u00a0<\/span><\/h2>\n<ul>\n<li><span data-contrast=\"none\"><strong>In\u00eas Lobo<\/strong>, arquiteta e coordenadora da Comiss\u00e3o T\u00e9cnica de Habita\u00e7\u00e3o da Ordem dos Arquitectos. (aguarda confirma\u00e7\u00e3o)<\/span><span data-ccp-props=\"{&quot;335559685&quot;:1080}\">\u00a0<\/span><\/li>\n<li><span data-contrast=\"none\"><strong>Lu\u00eds Mendes<\/strong>, ge\u00f3grafo, Centro de Estudos Geogr\u00e1ficos, IGOT, ULisboa.<\/span><span data-ccp-props=\"{&quot;335559685&quot;:1080}\">\u00a0<\/span><\/li>\n<li><span data-contrast=\"none\"><strong>Filipa Roseta<\/strong>, arquiteta e vereadora da Habita\u00e7\u00e3o e Desenvolvimento Local da C\u00e2mara Municipal de Lisboa.<\/span><span data-ccp-props=\"{&quot;335559685&quot;:1080}\">\u00a0<\/span><\/li>\n<li><span data-contrast=\"none\"><strong>Sandra Marques Pereira<\/strong>, soci\u00f3loga, investigadora Dinamia\u2019CET, ISCTE.<\/span><span data-ccp-props=\"{&quot;335559685&quot;:1080}\">\u00a0<\/span><\/li>\n<\/ul>\n<h2><span data-ccp-props=\"{&quot;335559685&quot;:1080}\">\u00a0<\/span><b><span data-contrast=\"none\">Date and\u202fTime\u202fproposals\u00a0<\/span><\/b><span data-ccp-props=\"{}\">\u00a0<\/span><\/h2>\n<ul>\n<li data-leveltext=\"o\" data-font=\"Courier New\" data-listid=\"1\" aria-setsize=\"-1\" data-aria-posinset=\"1\" data-aria-level=\"2\"><span data-contrast=\"none\">12 de maio\u00a0<\/span><span data-ccp-props=\"{}\">\u00a0<\/span><\/li>\n<li data-leveltext=\"o\" data-font=\"Courier New\" data-listid=\"1\" aria-setsize=\"-1\" data-aria-posinset=\"2\" data-aria-level=\"2\"><span data-contrast=\"none\">11:00 am <\/span><span data-ccp-props=\"{}\">\u00a0<\/span><\/li>\n<\/ul>\n<h2>Streaming link<\/h2>\n<ul>\n<li><a href=\"https:\/\/youtu.be\/yRDMDd-SXiQ\" target=\"_blank\" rel=\"noopener\">https:\/\/youtu.be\/yRDMDd-SXiQ<\/a><\/li>\n<\/ul>\n<p><iframe loading=\"lazy\" title=\"Habita\u00e7\u00e3o Acess\u00edvel | 12\/05\" width=\"800\" height=\"600\" src=\"https:\/\/www.youtube.com\/embed\/yRDMDd-SXiQ?feature=oembed\" frameborder=\"0\" allow=\"accelerometer; autoplay; clipboard-write; encrypted-media; gyroscope; picture-in-picture\" allowfullscreen><\/iframe><\/p>\n<h2><b><span data-contrast=\"none\">Location of the event\u202f\u202f<\/span><\/b><span data-ccp-props=\"{}\">\u00a0<\/span><\/h2>\n<ul>\n<li data-leveltext=\"o\" data-font=\"Courier New\" data-listid=\"1\" aria-setsize=\"-1\" data-aria-posinset=\"1\" data-aria-level=\"2\"><span data-contrast=\"none\">Roca Lisboa Gallery, Lisbon, Portugal<\/span><span data-ccp-props=\"{}\">\u00a0<\/span><\/li>\n<\/ul>\n<h2><b><span data-contrast=\"none\">Organization\u202fRoca Lisboa Gallery\u202f<\/span><\/b><span data-contrast=\"none\">\u202f<\/span><span data-ccp-props=\"{}\">\u00a0<\/span><\/h2>\n<ul>\n<li data-leveltext=\"o\" data-font=\"Courier New\" data-listid=\"1\" aria-setsize=\"-1\" data-aria-posinset=\"1\" data-aria-level=\"2\"><span data-contrast=\"none\">Organization type: publico<\/span><b><span data-contrast=\"none\">\u00a0<\/span><\/b><span data-ccp-props=\"{}\">\u00a0<\/span><\/li>\n<li data-leveltext=\"o\" data-font=\"Courier New\" data-listid=\"1\" aria-setsize=\"-1\" data-aria-posinset=\"2\" data-aria-level=\"2\"><span data-contrast=\"none\">Contact (person):\u202fPatr\u00edcia Santos Pedrosa, arquiteta, investigadora (CIEG, ISCSP, ULisboa), professora (Universidade da Beira Interior), moderadora e curadora da mesa-redonda \/ Artur Silva Marketing &amp; Product Manager, Roca Portugal<\/span><span data-ccp-props=\"{}\">\u00a0<\/span><\/li>\n<\/ul>\n","protected":false},"excerpt":{"rendered":"<p>A Declara\u00e7\u00e3o Universal dos Direitos Humanos, de 1948, reconhece a habita\u00e7\u00e3o como um direito fundamental, e no contexto da Agenda 2030, o Objetivo 11 do Desenvolvimento Sustent\u00e1vel inclui igualmente este direito. A Constitui\u00e7\u00e3o da Rep\u00fablica Portuguesa no seu Artigo 65.\u00ba deixa tamb\u00e9m claro o direito universal \u00e0 habita\u00e7\u00e3o digna.<\/p>\n","protected":false},"author":392,"featured_media":8375,"template":"","meta":{"_price":"","_stock":"","_tribe_ticket_header":"","_tribe_default_ticket_provider":"Tribe__Tickets_Plus__Commerce__WooCommerce__Main","_tribe_ticket_capacity":"0","_ticket_start_date":"","_ticket_end_date":"","_tribe_ticket_show_description":"","_tribe_ticket_show_not_going":false,"_tribe_ticket_use_global_stock":"","_tribe_ticket_global_stock_level":"","_global_stock_mode":"","_global_stock_cap":"","_tribe_rsvp_for_event":"","_tribe_ticket_going_count":"","_tribe_ticket_not_going_count":"","_tribe_tickets_list":[],"_tribe_ticket_has_attendee_info_fields":false,"_tribe_events_status":"","_tribe_events_status_reason":"","_tribe_events_is_hybrid":"","_tribe_events_is_virtual":"","_tribe_events_virtual_video_source":"","_tribe_events_virtual_embed_video":"","_tribe_events_virtual_linked_button_text":"","_tribe_events_virtual_linked_button":"","_tribe_events_virtual_show_embed_at":"","_tribe_events_virtual_show_embed_to":"","_tribe_events_virtual_show_on_event":"","_tribe_events_virtual_show_on_views":"","_tribe_events_virtual_url":""},"tags":[],"tribe_events_cat":[142],"barrera":[119],"acf":[],"ticketed":false,"_links":{"self":[{"href":"https:\/\/affordablehousingactivation.org\/es\/wp-json\/wp\/v2\/tribe_events\/8378"}],"collection":[{"href":"https:\/\/affordablehousingactivation.org\/es\/wp-json\/wp\/v2\/tribe_events"}],"about":[{"href":"https:\/\/affordablehousingactivation.org\/es\/wp-json\/wp\/v2\/types\/tribe_events"}],"author":[{"embeddable":true,"href":"https:\/\/affordablehousingactivation.org\/es\/wp-json\/wp\/v2\/users\/392"}],"version-history":[{"count":1,"href":"https:\/\/affordablehousingactivation.org\/es\/wp-json\/wp\/v2\/tribe_events\/8378\/revisions"}],"predecessor-version":[{"id":9520,"href":"https:\/\/affordablehousingactivation.org\/es\/wp-json\/wp\/v2\/tribe_events\/8378\/revisions\/9520"}],"wp:featuredmedia":[{"embeddable":true,"href":"https:\/\/affordablehousingactivation.org\/es\/wp-json\/wp\/v2\/media\/8375"}],"wp:attachment":[{"href":"https:\/\/affordablehousingactivation.org\/es\/wp-json\/wp\/v2\/media?parent=8378"}],"wp:term":[{"taxonomy":"post_tag","embeddable":true,"href":"https:\/\/affordablehousingactivation.org\/es\/wp-json\/wp\/v2\/tags?post=8378"},{"taxonomy":"tribe_events_cat","embeddable":true,"href":"https:\/\/affordablehousingactivation.org\/es\/wp-json\/wp\/v2\/tribe_events_cat?post=8378"},{"taxonomy":"barrera","embeddable":true,"href":"https:\/\/affordablehousingactivation.org\/es\/wp-json\/wp\/v2\/barrera?post=8378"}],"curies":[{"name":"wp","href":"https:\/\/api.w.org\/{rel}","templated":true}]}}