{"id":8927,"date":"2022-05-11T14:06:07","date_gmt":"2022-05-11T12:06:07","guid":{"rendered":"https:\/\/affordablehousingactivation.org\/event\/exposicion-de-iniciativas-desde-la-escuela-de-arquitectura-de-a-coruna-etsac\/"},"modified":"2022-05-11T14:08:55","modified_gmt":"2022-05-11T12:08:55","slug":"exposicion-de-iniciativas-desde-la-escuela-de-arquitectura-de-a-coruna-etsac","status":"publish","type":"tribe_events","link":"https:\/\/affordablehousingactivation.org\/es\/event\/exposicion-de-iniciativas-desde-la-escuela-de-arquitectura-de-a-coruna-etsac\/","title":{"rendered":"EXPOSICI\u00d3N DE INICIATIVAS DESDE LA ESCUELA DE ARQUITECTURA DE A CORU\u00d1A (ETSAC)"},"content":{"rendered":"<p>&nbsp;<\/p>\n<ul>\n<li><span data-contrast=\"auto\"><strong>Panel 2<\/strong>: Perfectible Housing. Sistemas de construcci\u00f3n alternativos con base en la prefabricaci\u00f3n y el reciclaje<\/span><span data-ccp-props=\"{&quot;201341983&quot;:0,&quot;335559739&quot;:160,&quot;335559740&quot;:259}\">\u00a0<\/span><\/li>\n<li><span data-contrast=\"auto\"><strong>Panel 3<\/strong>: Aprendiendo a ense\u00f1ar: pedagog\u00edas alternativas y transversales<\/span><span data-ccp-props=\"{&quot;201341983&quot;:0,&quot;335559739&quot;:160,&quot;335559740&quot;:259}\">\u00a0<\/span><\/li>\n<li><span data-contrast=\"auto\"><strong>Panel 4<\/strong>: Arquitecturas para el Alzheimer.\u00a0<\/span><span data-ccp-props=\"{&quot;201341983&quot;:0,&quot;335559739&quot;:160,&quot;335559740&quot;:259}\">\u00a0<\/span><\/li>\n<li><span data-contrast=\"auto\"><strong>Panel 5<\/strong>: Econvivencia Cohousing senior. Modelos alternativos de vivienda colectiva<\/span><span data-ccp-props=\"{&quot;201341983&quot;:0,&quot;335559739&quot;:160,&quot;335559740&quot;:259}\">\u00a0<\/span><\/li>\n<li><span data-contrast=\"auto\"><strong>Panel 6<\/strong>: Empty Coru\u00f1a. Estudio sobre el impacto de la crisis financiera de 2018 en el h\u00e1bitat del \u00e1rea urbana de A Coru\u00f1a. Espacios sin gente, gente sin espacios<\/span><span data-ccp-props=\"{&quot;201341983&quot;:0,&quot;335559739&quot;:160,&quot;335559740&quot;:259}\">\u00a0<\/span><\/li>\n<li><span data-contrast=\"auto\"><strong>Panel 7<\/strong>: Kaya Cl\u00ednica. Proyecto interuniversitario de consultor\u00eda en h\u00e1bitat b\u00e1sico mediante procesos de aprendizaje-servicio.<\/span><span data-ccp-props=\"{&quot;201341983&quot;:0,&quot;335559739&quot;:160,&quot;335559740&quot;:259}\">\u00a0<\/span><\/li>\n<li><span data-contrast=\"auto\"><strong>Panel 8<\/strong>: Asentamientos Precarios. Investigaci\u00f3n sobre infravivienda informal en el contexto gallego<\/span><span data-ccp-props=\"{&quot;201341983&quot;:0,&quot;335559739&quot;:160,&quot;335559740&quot;:259}\">\u00a0<\/span><\/li>\n<li><span data-contrast=\"auto\"><strong>Panel 9<\/strong>: Vivienda prefabricada de transici\u00f3n. Soluciones de alojamiento de emergencia<\/span><span data-ccp-props=\"{&quot;201341983&quot;:0,&quot;335559739&quot;:160,&quot;335559740&quot;:259}\">\u00a0<\/span><\/li>\n<li><span data-contrast=\"auto\"><strong>Panel 10<\/strong>: Infraviviendas en el campus. Estudio sobre infraviviendas de promoci\u00f3n privada para estudiantes<\/span><span data-ccp-props=\"{&quot;201341983&quot;:0,&quot;335559739&quot;:160,&quot;335559740&quot;:259}\">\u00a0<\/span><\/li>\n<li><span data-contrast=\"auto\"><strong>Panel 11<\/strong>: panel resumen conjunto con todas las propuestas presentadas<\/span><span data-ccp-props=\"{&quot;201341983&quot;:0,&quot;335559739&quot;:160,&quot;335559740&quot;:259}\">\u00a0<\/span><\/li>\n<\/ul>\n<p><span data-contrast=\"auto\">Las tem\u00e1ticas abordadas en la exposici\u00f3n incluyen el reciclaje urbano, modelos alternativos de habitar en la vejez, arquitecturas para el alzheimer, patrimonio residencial en desuso, iniciativas de aprendizaje-servicio, asentamientos informales y viviendas de transici\u00f3n para situaciones de emergencia (campos de refugiadas\/os, campamentos transitorios,etc.). Se presentan enmarcadas en las l\u00edneas tem\u00e1ticas propuestas para el AHA F\u00f3rum como: \u00abDesajustes\u00bb y \u00abDise\u00f1o urbano y arquitect\u00f3nico\u00bb<\/span><span data-ccp-props=\"{&quot;201341983&quot;:0,&quot;335559739&quot;:160,&quot;335559740&quot;:259}\">\u00a0<\/span><\/p>\n<h2><span data-contrast=\"auto\">PROGRAMA<\/span><span data-ccp-props=\"{&quot;201341983&quot;:0,&quot;335559739&quot;:160,&quot;335559740&quot;:259}\">\u00a0<\/span><\/h2>\n<p><span data-contrast=\"auto\"><strong>18-20 de mayo:<\/strong> Inauguraci\u00f3n de la exposici\u00f3n: Iniciativas desde la Escuela de Arquitectura de A Coru\u00f1a. Compartiendo saberes y habitares<\/span><span data-ccp-props=\"{&quot;201341983&quot;:0,&quot;335559739&quot;:160,&quot;335559740&quot;:259}\">\u00a0<\/span><\/p>\n<p><span data-contrast=\"auto\">La exposici\u00f3n permanecer\u00e1 instalada hasta el comienzo del curso 2022-2023. Se aprovechar\u00e1 el cierre de esta instalaci\u00f3n para conectar con nuevas iniciativas y propuestas de investigaci\u00f3n surgidas en la ETSAC, as\u00ed como para apoyar y valorizar las existente<\/span><span data-ccp-props=\"{&quot;201341983&quot;:0,&quot;335559739&quot;:160,&quot;335559740&quot;:259}\">\u00a0<\/span><\/p>\n<p><span data-contrast=\"auto\">La exposici\u00f3n est\u00e1 dirigida a todo el alumnado y profesorado de la Escola T\u00e9cnica Superior de Arquitectura da Coru\u00f1a (ETSAC) as\u00ed como a las\/os investigadoras\/es vinculados a ella. En cualquier caso, el acceso ser\u00e1 libre para cualquier persona interesada en visitarla, no estando as\u00ed restringida al \u00e1mbito universitario espec\u00edfico de esta escuela.<\/span><span data-ccp-props=\"{&quot;201341983&quot;:0,&quot;335559739&quot;:160,&quot;335559740&quot;:259}\">\u00a0<\/span><\/p>\n<h2><span data-contrast=\"auto\">AUTORES\/ PONENTES:<\/span><span data-ccp-props=\"{&quot;201341983&quot;:0,&quot;335559739&quot;:160,&quot;335559740&quot;:259}\">\u00a0<\/span><\/h2>\n<p><span data-contrast=\"auto\">Autor\u00eda, coordinaci\u00f3n y montaje de la exposici\u00f3n: <strong>Cristina Botana Iglesias<\/strong><\/span><strong>\u00a0<\/strong><\/p>\n<p><span data-contrast=\"auto\">Breve bibliograf\u00eda: Doctora Arquitecta por la ETSAC (2021), m\u00e1ster universitario Ciudad y Urbanismo, con la especialidad de Pol\u00edticas p\u00fablicas y derecho a la ciudad. Actualmente contin\u00faa su labor investigadora de forma independiente en el \u00e1mbito de los asentamientos informales gallegos. \u00daltimas publicaciones: Mujeres Autoconstructoras. Una mirada a los m\u00e1rgenes (CONICET, 2022), La deuda de los Situacionistas con el Pueblo Gitano (Revista INVI, 2022), La construcci\u00f3n de poblados de concentraci\u00f3n en la regi\u00f3n \u00e1rtabra (Revista Antropolog\u00eda Experimental, 2022). Colaboradora y miembro del equipo editor de Cr\u00edtica Urbana. Revista de Estudios Urbanos y Territoriales.<\/span><span data-ccp-props=\"{&quot;201341983&quot;:0,&quot;335559739&quot;:160,&quot;335559740&quot;:259}\">\u00a0<\/span><\/p>\n<p><span data-contrast=\"auto\">Autor\u00edas propias de cada iniciativa expuesta:\u00a0 <strong>Enrique M. Blanco, Patricia Sab\u00edn, Jes\u00fas Llamazares, Bel\u00e9n Vaz, Cristina G\u00aa Font\u00e1n, Pl\u00e1cido Lizancos, Cristina Botana, Patricia Mu\u00f1iz, Xos\u00e9 Lois Mart\u00ednez.<\/strong><\/span><strong>\u00a0<\/strong><\/p>\n<p><span data-contrast=\"auto\">Este evento defiende el trabajo colectivo e interdisciplinar. Desde las entidades organizadoras son conscientes de que tras cada proyecto o investigaci\u00f3n hay equipos de trabajo y personas colaboradoras sin las cuales ser\u00eda imposible su desarrollo.<\/span><span data-ccp-props=\"{&quot;201341983&quot;:0,&quot;335559739&quot;:160,&quot;335559740&quot;:259}\">\u00a0<\/span><\/p>\n<h2><span data-contrast=\"auto\">ENTIDADES IMPLICADAS:<\/span><span data-ccp-props=\"{&quot;201341983&quot;:0,&quot;335559739&quot;:160,&quot;335559740&quot;:259}\">\u00a0<\/span><\/h2>\n<p><span data-contrast=\"auto\">Universidade da Coru\u00f1a <a href=\"https:\/\/www.udc.es\/es\/\" target=\"_blank\" rel=\"noopener\">https:\/\/www.udc.es\/es\/<\/a>\u00a0<\/span><span data-ccp-props=\"{&quot;201341983&quot;:0,&quot;335559739&quot;:160,&quot;335559740&quot;:259}\">\u00a0<\/span><\/p>\n<p><span data-contrast=\"auto\">Escola T\u00e9cnica Superior de Arquitectura da Coru\u00f1a (ETSAC): <a href=\"http:\/\/www.etsa.udc.es\" target=\"_blank\" rel=\"noopener\">http:\/\/www.etsa.udc.es<\/a><\/span><span data-ccp-props=\"{&quot;201341983&quot;:0,&quot;335559739&quot;:160,&quot;335559740&quot;:259}\">\u00a0<\/span><\/p>\n<p><span data-contrast=\"auto\">Promovida por el \u00e1rea de direcci\u00f3n de la ETSAC: <\/span><a href=\"mailto:secretaria.direccion.etsac@udc.gal\"><span data-contrast=\"none\">secretaria.direccion.etsac@udc.gal<\/span><\/a><span data-ccp-props=\"{&quot;201341983&quot;:0,&quot;335559739&quot;:160,&quot;335559740&quot;:259}\">\u00a0<\/span><\/p>\n<h2><span data-contrast=\"auto\">FORMATO<\/span><span data-ccp-props=\"{&quot;201341983&quot;:0,&quot;335559739&quot;:160,&quot;335559740&quot;:259}\">\u00a0<\/span><\/h2>\n<p><span data-contrast=\"auto\">El evento de celebrar\u00e1 de forma presencial.\u00a0<\/span><span data-ccp-props=\"{&quot;201341983&quot;:0,&quot;335559739&quot;:160,&quot;335559740&quot;:259}\">\u00a0<\/span><\/p>\n<p><span data-contrast=\"auto\">Formato: Se instalar\u00e1n los 11 paneles que componen la exposici\u00f3n en una espacio cedido para tal efecto en la Escuela de Arquitectura de A Coru\u00f1a. La exposici\u00f3n permanecer\u00e1 instalada al menos durante 3 meses desde la fecha de apertura.<\/span><\/p>\n","protected":false},"excerpt":{"rendered":"<p>La exposici\u00f3n se compone por 11 paneles en total en formato A1 y A0. El panel 1 ser\u00e1 de presentaci\u00f3n del evento e incluir\u00e1 informaci\u00f3n y contexto acerca del mismo. Los siguientes paneles se detallan a continuaci\u00f3n:\u00a0<\/p>\n","protected":false},"author":392,"featured_media":8924,"template":"","meta":{"_price":"","_stock":"","_tribe_ticket_header":"","_tribe_default_ticket_provider":"Tribe__Tickets_Plus__Commerce__WooCommerce__Main","_tribe_ticket_capacity":"0","_ticket_start_date":"","_ticket_end_date":"","_tribe_ticket_show_description":"","_tribe_ticket_show_not_going":false,"_tribe_ticket_use_global_stock":"","_tribe_ticket_global_stock_level":"","_global_stock_mode":"","_global_stock_cap":"","_tribe_rsvp_for_event":"","_tribe_ticket_going_count":"","_tribe_ticket_not_going_count":"","_tribe_tickets_list":[],"_tribe_ticket_has_attendee_info_fields":false,"_tribe_events_status":"","_tribe_events_status_reason":"","_tribe_events_is_hybrid":"","_tribe_events_is_virtual":"","_tribe_events_virtual_video_source":"","_tribe_events_virtual_embed_video":"","_tribe_events_virtual_linked_button_text":"","_tribe_events_virtual_linked_button":"","_tribe_events_virtual_show_embed_at":"","_tribe_events_virtual_show_embed_to":"","_tribe_events_virtual_show_on_event":"","_tribe_events_virtual_show_on_views":"","_tribe_events_virtual_url":""},"tags":[],"tribe_events_cat":[142],"barrera":[],"acf":[],"ticketed":false,"_links":{"self":[{"href":"https:\/\/affordablehousingactivation.org\/es\/wp-json\/wp\/v2\/tribe_events\/8927"}],"collection":[{"href":"https:\/\/affordablehousingactivation.org\/es\/wp-json\/wp\/v2\/tribe_events"}],"about":[{"href":"https:\/\/affordablehousingactivation.org\/es\/wp-json\/wp\/v2\/types\/tribe_events"}],"author":[{"embeddable":true,"href":"https:\/\/affordablehousingactivation.org\/es\/wp-json\/wp\/v2\/users\/392"}],"version-history":[{"count":1,"href":"https:\/\/affordablehousingactivation.org\/es\/wp-json\/wp\/v2\/tribe_events\/8927\/revisions"}],"predecessor-version":[{"id":8928,"href":"https:\/\/affordablehousingactivation.org\/es\/wp-json\/wp\/v2\/tribe_events\/8927\/revisions\/8928"}],"wp:featuredmedia":[{"embeddable":true,"href":"https:\/\/affordablehousingactivation.org\/es\/wp-json\/wp\/v2\/media\/8924"}],"wp:attachment":[{"href":"https:\/\/affordablehousingactivation.org\/es\/wp-json\/wp\/v2\/media?parent=8927"}],"wp:term":[{"taxonomy":"post_tag","embeddable":true,"href":"https:\/\/affordablehousingactivation.org\/es\/wp-json\/wp\/v2\/tags?post=8927"},{"taxonomy":"tribe_events_cat","embeddable":true,"href":"https:\/\/affordablehousingactivation.org\/es\/wp-json\/wp\/v2\/tribe_events_cat?post=8927"},{"taxonomy":"barrera","embeddable":true,"href":"https:\/\/affordablehousingactivation.org\/es\/wp-json\/wp\/v2\/barrera?post=8927"}],"curies":[{"name":"wp","href":"https:\/\/api.w.org\/{rel}","templated":true}]}}